{"id":3828,"date":"2018-06-29T11:22:13","date_gmt":"2018-06-29T11:22:13","guid":{"rendered":"http:\/\/www.fiestaclasica.org\/?page_id=3828"},"modified":"2021-10-11T20:45:16","modified_gmt":"2021-10-11T20:45:16","slug":"la-fondation","status":"publish","type":"page","link":"https:\/\/www.fiestaclasica.org\/fr\/la-fondation\/","title":{"rendered":"La Fondation"},"content":{"rendered":"[vc_row center_row=\u00a0\u00bbyes\u00a0\u00bb el_id=\u00a0\u00bbintro\u00a0\u00bb][vc_column][vc_raw_js]JTNDc2NyaXB0JTIwdHlwZSUzRCUyMnRleHQlMkZqYXZhc2NyaXB0JTIyJTNFJTBBZG9jdW1lbnQuZ2V0RWxlbWVudEJ5SWQlMjglMjJvdXRlci13cmFwJTIyJTI5LmNsYXNzTmFtZSUyMCUzRCUyMCUyMnBhZ2UtY3VzdG9tJTIwcGFnZS1mdW5kYWNpb24lMjIlM0IlMEElM0MlMkZzY3JpcHQlM0U=[\/vc_raw_js][vc_row_inner][vc_column_inner el_class=\u00a0\u00bbmytext\u00a0\u00bb][vc_column_text]\n<p class=\"p1\">La Fondation Fiesta Cl\u00e1sica est une entit\u00e9 \u00e0 but non lucratif cr\u00e9\u00e9e \u00e0 Saint Domingue en d\u00e9cembre 2015. Elle a pour objet de contribuer au d\u00e9veloppement de la Ville\u00a0Coloniale (intra-muros) de Saint-Domingue et \u00e0 l\u2019\u00e9panouissement de ses habitants en offrant des cours de musique classique aux enfants de milieux d\u00e9favoris\u00e9s.<\/p>\n<p class=\"p1\">Au travers d\u2019une \u00e9cole qui dispense des cours r\u00e9guliers elle souhaite former les jeunes enfants ne disposant pas des ressources n\u00e9cessaires ou qui sont victimes d\u2019exclusion sociale. La Fondation Fiesta Cl\u00e1sica a conclu un accord de coop\u00e9ration p\u00e9dagogique et culturelle avec\u00a0<i>El Sistema<\/i>\u00a0afin d\u2019appliquer en R\u00e9publique Dominicaine la m\u00e9thodologie qui a fait le succ\u00e8s de cette institution depuis plus de 40 ans \u00e0 travers ses ensembles symphoniques et ses choeurs.<\/p>\n<p class=\"p1\">Gr\u00e2ce \u00e0 la contribution philanthropique de ses membres, au soutien \u00e9conomique de ses parrains et \u00e0 l\u2019organisation de concerts de prestige, la Fondation Fiesta Cl\u00e1sica r\u00e9unit les fonds n\u00e9cessaires pour faire fonctionner son centre de formation musicale pour les enfants et les jeunes de la Ville\u00a0Coloniale (intra-muros) de Saint-Domingue.<\/p>\n<p class=\"p1\">Par ailleurs, la Fondation Fiesta Cl\u00e1sica s\u2019attache \u00e0 entretenir les meilleures relations avec les autres acteurs de la sc\u00e8ne musicale dominicaine, participant \u00e0 de nombreuses activit\u00e9s, ateliers et concerts tout au long de l&rsquo;ann\u00e9e.<\/p>\n[\/vc_column_text][\/vc_column_inner][\/vc_row_inner]<div class=\"wpex-slider-preloaderimg wpex-relative\"><img width=\"1280\" height=\"850\" src=\"https:\/\/www.fiestaclasica.org\/wp-content\/uploads\/2018\/08\/fund_04.jpg\" class=\"skip-lazy\" alt=\"\" decoding=\"async\" data-no-lazy=\"1\" srcset=\"https:\/\/www.fiestaclasica.org\/wp-content\/uploads\/2018\/08\/fund_04.jpg 1280w, https:\/\/www.fiestaclasica.org\/wp-content\/uploads\/2018\/08\/fund_04-300x199.jpg 300w, https:\/\/www.fiestaclasica.org\/wp-content\/uploads\/2018\/08\/fund_04-768x510.jpg 768w, https:\/\/www.fiestaclasica.org\/wp-content\/uploads\/2018\/08\/fund_04-1024x680.jpg 1024w\" sizes=\"(max-width: 1280px) 100vw, 1280px\" \/><\/div><div class=\"vcex-module wpex-slider slider-pro vcex-image-slider wpex-clr\" data-loop=\"true\" data-auto-play-delay=\"5000\" data-thumbnails=\"true\" data-animation-speed=\"600\" data-height-animation-duration=\"500\" data-thumbnail-height=\"70\" data-thumbnail-width=\"70\"><div class=\"wpex-slider-slides sp-slides\"><div class=\"wpex-slider-slide sp-slide\"><div class=\"wpex-slider-media\"><img width=\"1280\" height=\"850\" src=\"https:\/\/www.fiestaclasica.org\/wp-content\/uploads\/2018\/08\/fund_04.jpg\" class=\"skip-lazy\" alt=\"\" decoding=\"async\" data-no-lazy=\"1\" srcset=\"https:\/\/www.fiestaclasica.org\/wp-content\/uploads\/2018\/08\/fund_04.jpg 1280w, https:\/\/www.fiestaclasica.org\/wp-content\/uploads\/2018\/08\/fund_04-300x199.jpg 300w, https:\/\/www.fiestaclasica.org\/wp-content\/uploads\/2018\/08\/fund_04-768x510.jpg 768w, https:\/\/www.fiestaclasica.org\/wp-content\/uploads\/2018\/08\/fund_04-1024x680.jpg 1024w\" sizes=\"(max-width: 1280px) 100vw, 1280px\" \/><div class=\"wpex-slider-caption sp-layer sp-padding wpex-clr sp-black\"data-position=\"bottomCenter\" data-show-transition=\"up\" data-hide-transition=\"down\" data-width=\"100%\" data-show-delay=\"500\"><p>Eduardo Abi Harb, Carlianna Rodr\u00edguez, Ram\u00f3n Borrero, Corinne Bouygues Gobbi, Johann Montenegro, Rafael Espinoza, Zaireth P\u00e9rez et Lourdes S\u00e1nchez<\/p>\n<\/div><\/div><\/div><div class=\"wpex-slider-slide sp-slide\"><div class=\"wpex-slider-media\"><img width=\"1280\" height=\"850\" src=\"https:\/\/www.fiestaclasica.org\/wp-content\/uploads\/2018\/08\/fund_03.jpg\" class=\"skip-lazy\" alt=\"\" decoding=\"async\" data-no-lazy=\"1\" srcset=\"https:\/\/www.fiestaclasica.org\/wp-content\/uploads\/2018\/08\/fund_03.jpg 1280w, https:\/\/www.fiestaclasica.org\/wp-content\/uploads\/2018\/08\/fund_03-300x199.jpg 300w, https:\/\/www.fiestaclasica.org\/wp-content\/uploads\/2018\/08\/fund_03-768x510.jpg 768w, https:\/\/www.fiestaclasica.org\/wp-content\/uploads\/2018\/08\/fund_03-1024x680.jpg 1024w\" sizes=\"(max-width: 1280px) 100vw, 1280px\" \/><div class=\"wpex-slider-caption sp-layer sp-padding wpex-clr sp-black\"data-position=\"bottomCenter\" data-show-transition=\"up\" data-hide-transition=\"down\" data-width=\"100%\" data-show-delay=\"500\"><p>Johann Montenegro, Zaireth P\u00e9rez, Rafal Espinoza, Nelsi Giacinti, Ram\u00f3n Borrero, Lourdes S\u00e1nchez, Frank Ferandier-Sicard, Corinne Bouygues Gobbi, Carlianna Rodr\u00edguez, Eduardo Abi Harb, Dominique Mey et Pilar Camarero<\/p>\n<\/div><\/div><\/div><div class=\"wpex-slider-slide sp-slide\"><div class=\"wpex-slider-media\"><img width=\"1280\" height=\"850\" src=\"https:\/\/www.fiestaclasica.org\/wp-content\/uploads\/2018\/08\/fund_06.jpg\" class=\"skip-lazy\" alt=\"\" decoding=\"async\" data-no-lazy=\"1\" srcset=\"https:\/\/www.fiestaclasica.org\/wp-content\/uploads\/2018\/08\/fund_06.jpg 1280w, https:\/\/www.fiestaclasica.org\/wp-content\/uploads\/2018\/08\/fund_06-300x199.jpg 300w, https:\/\/www.fiestaclasica.org\/wp-content\/uploads\/2018\/08\/fund_06-768x510.jpg 768w, https:\/\/www.fiestaclasica.org\/wp-content\/uploads\/2018\/08\/fund_06-1024x680.jpg 1024w\" sizes=\"(max-width: 1280px) 100vw, 1280px\" \/><div class=\"wpex-slider-caption sp-layer sp-padding wpex-clr sp-black\"data-position=\"bottomCenter\" data-show-transition=\"up\" data-hide-transition=\"down\" data-width=\"100%\" data-show-delay=\"500\"><p>Dominique Mey, Corinne Bouygues Gobbi et Frank Ferandier-Sicard<\/p>\n<\/div><\/div><\/div><div class=\"wpex-slider-slide sp-slide\"><div class=\"wpex-slider-media\"><img width=\"1280\" height=\"850\" src=\"https:\/\/www.fiestaclasica.org\/wp-content\/uploads\/2018\/08\/fund_05.jpg\" class=\"skip-lazy\" alt=\"\" decoding=\"async\" data-no-lazy=\"1\" srcset=\"https:\/\/www.fiestaclasica.org\/wp-content\/uploads\/2018\/08\/fund_05.jpg 1280w, https:\/\/www.fiestaclasica.org\/wp-content\/uploads\/2018\/08\/fund_05-300x199.jpg 300w, https:\/\/www.fiestaclasica.org\/wp-content\/uploads\/2018\/08\/fund_05-768x510.jpg 768w, https:\/\/www.fiestaclasica.org\/wp-content\/uploads\/2018\/08\/fund_05-1024x680.jpg 1024w\" sizes=\"(max-width: 1280px) 100vw, 1280px\" \/><div class=\"wpex-slider-caption sp-layer sp-padding wpex-clr sp-black\"data-position=\"bottomCenter\" data-show-transition=\"up\" data-hide-transition=\"down\" data-width=\"100%\" data-show-delay=\"500\"><p>Frank Ferandier-Sicard, Corinne Bouygues Gobbi, Pilar Camarero et Dominique Mey<\/p>\n<\/div><\/div><\/div><div class=\"wpex-slider-slide sp-slide\"><div class=\"wpex-slider-media\"><img width=\"1280\" height=\"850\" src=\"https:\/\/www.fiestaclasica.org\/wp-content\/uploads\/2018\/08\/fund_01.jpg\" class=\"skip-lazy\" alt=\"\" decoding=\"async\" data-no-lazy=\"1\" srcset=\"https:\/\/www.fiestaclasica.org\/wp-content\/uploads\/2018\/08\/fund_01.jpg 1280w, https:\/\/www.fiestaclasica.org\/wp-content\/uploads\/2018\/08\/fund_01-300x199.jpg 300w, https:\/\/www.fiestaclasica.org\/wp-content\/uploads\/2018\/08\/fund_01-768x510.jpg 768w, https:\/\/www.fiestaclasica.org\/wp-content\/uploads\/2018\/08\/fund_01-1024x680.jpg 1024w\" sizes=\"(max-width: 1280px) 100vw, 1280px\" \/><div class=\"wpex-slider-caption sp-layer sp-padding wpex-clr sp-black\"data-position=\"bottomCenter\" data-show-transition=\"up\" data-hide-transition=\"down\" data-width=\"100%\" data-show-delay=\"500\"><p>Loge Cuna de Am\u00e9rica n\u00ba2, Premier nucl\u00e9o de la fondation<\/p>\n<\/div><\/div><\/div><div class=\"wpex-slider-slide sp-slide\"><div class=\"wpex-slider-media\"><img width=\"1280\" height=\"850\" src=\"https:\/\/www.fiestaclasica.org\/wp-content\/uploads\/2018\/08\/fund_02.jpg\" class=\"skip-lazy\" alt=\"\" decoding=\"async\" data-no-lazy=\"1\" srcset=\"https:\/\/www.fiestaclasica.org\/wp-content\/uploads\/2018\/08\/fund_02.jpg 1280w, https:\/\/www.fiestaclasica.org\/wp-content\/uploads\/2018\/08\/fund_02-300x199.jpg 300w, https:\/\/www.fiestaclasica.org\/wp-content\/uploads\/2018\/08\/fund_02-768x510.jpg 768w, https:\/\/www.fiestaclasica.org\/wp-content\/uploads\/2018\/08\/fund_02-1024x680.jpg 1024w\" sizes=\"(max-width: 1280px) 100vw, 1280px\" \/><div class=\"wpex-slider-caption sp-layer sp-padding wpex-clr sp-black\"data-position=\"bottomCenter\" data-show-transition=\"up\" data-hide-transition=\"down\" data-width=\"100%\" data-show-delay=\"500\"><p>Dominique Mey, Corinne Bouygues Gobbi et Frank Ferandier-Sicard<\/p>\n<\/div><\/div><\/div><\/div><div class=\"wpex-slider-thumbnails sp-thumbnails\"><img width=\"1280\" height=\"850\" src=\"https:\/\/www.fiestaclasica.org\/wp-content\/uploads\/2018\/08\/fund_04.jpg\" class=\"wpex-slider-thumbnail sp-thumbnail skip-lazy\" alt=\"\" decoding=\"async\" data-no-lazy=\"1\" srcset=\"https:\/\/www.fiestaclasica.org\/wp-content\/uploads\/2018\/08\/fund_04.jpg 1280w, https:\/\/www.fiestaclasica.org\/wp-content\/uploads\/2018\/08\/fund_04-300x199.jpg 300w, https:\/\/www.fiestaclasica.org\/wp-content\/uploads\/2018\/08\/fund_04-768x510.jpg 768w, https:\/\/www.fiestaclasica.org\/wp-content\/uploads\/2018\/08\/fund_04-1024x680.jpg 1024w\" sizes=\"(max-width: 1280px) 100vw, 1280px\" \/><img width=\"1280\" height=\"850\" src=\"https:\/\/www.fiestaclasica.org\/wp-content\/uploads\/2018\/08\/fund_03.jpg\" class=\"wpex-slider-thumbnail sp-thumbnail skip-lazy\" alt=\"\" decoding=\"async\" data-no-lazy=\"1\" srcset=\"https:\/\/www.fiestaclasica.org\/wp-content\/uploads\/2018\/08\/fund_03.jpg 1280w, https:\/\/www.fiestaclasica.org\/wp-content\/uploads\/2018\/08\/fund_03-300x199.jpg 300w, https:\/\/www.fiestaclasica.org\/wp-content\/uploads\/2018\/08\/fund_03-768x510.jpg 768w, https:\/\/www.fiestaclasica.org\/wp-content\/uploads\/2018\/08\/fund_03-1024x680.jpg 1024w\" sizes=\"(max-width: 1280px) 100vw, 1280px\" \/><img width=\"1280\" height=\"850\" src=\"https:\/\/www.fiestaclasica.org\/wp-content\/uploads\/2018\/08\/fund_06.jpg\" class=\"wpex-slider-thumbnail sp-thumbnail skip-lazy\" alt=\"\" decoding=\"async\" data-no-lazy=\"1\" srcset=\"https:\/\/www.fiestaclasica.org\/wp-content\/uploads\/2018\/08\/fund_06.jpg 1280w, https:\/\/www.fiestaclasica.org\/wp-content\/uploads\/2018\/08\/fund_06-300x199.jpg 300w, https:\/\/www.fiestaclasica.org\/wp-content\/uploads\/2018\/08\/fund_06-768x510.jpg 768w, https:\/\/www.fiestaclasica.org\/wp-content\/uploads\/2018\/08\/fund_06-1024x680.jpg 1024w\" sizes=\"(max-width: 1280px) 100vw, 1280px\" \/><img width=\"1280\" height=\"850\" src=\"https:\/\/www.fiestaclasica.org\/wp-content\/uploads\/2018\/08\/fund_05.jpg\" class=\"wpex-slider-thumbnail sp-thumbnail skip-lazy\" alt=\"\" decoding=\"async\" data-no-lazy=\"1\" srcset=\"https:\/\/www.fiestaclasica.org\/wp-content\/uploads\/2018\/08\/fund_05.jpg 1280w, https:\/\/www.fiestaclasica.org\/wp-content\/uploads\/2018\/08\/fund_05-300x199.jpg 300w, https:\/\/www.fiestaclasica.org\/wp-content\/uploads\/2018\/08\/fund_05-768x510.jpg 768w, https:\/\/www.fiestaclasica.org\/wp-content\/uploads\/2018\/08\/fund_05-1024x680.jpg 1024w\" sizes=\"(max-width: 1280px) 100vw, 1280px\" \/><img width=\"1280\" height=\"850\" src=\"https:\/\/www.fiestaclasica.org\/wp-content\/uploads\/2018\/08\/fund_01.jpg\" class=\"wpex-slider-thumbnail sp-thumbnail skip-lazy\" alt=\"\" decoding=\"async\" data-no-lazy=\"1\" srcset=\"https:\/\/www.fiestaclasica.org\/wp-content\/uploads\/2018\/08\/fund_01.jpg 1280w, https:\/\/www.fiestaclasica.org\/wp-content\/uploads\/2018\/08\/fund_01-300x199.jpg 300w, https:\/\/www.fiestaclasica.org\/wp-content\/uploads\/2018\/08\/fund_01-768x510.jpg 768w, https:\/\/www.fiestaclasica.org\/wp-content\/uploads\/2018\/08\/fund_01-1024x680.jpg 1024w\" sizes=\"(max-width: 1280px) 100vw, 1280px\" \/><img width=\"1280\" height=\"850\" src=\"https:\/\/www.fiestaclasica.org\/wp-content\/uploads\/2018\/08\/fund_02.jpg\" class=\"wpex-slider-thumbnail sp-thumbnail skip-lazy\" alt=\"\" decoding=\"async\" data-no-lazy=\"1\" srcset=\"https:\/\/www.fiestaclasica.org\/wp-content\/uploads\/2018\/08\/fund_02.jpg 1280w, https:\/\/www.fiestaclasica.org\/wp-content\/uploads\/2018\/08\/fund_02-300x199.jpg 300w, https:\/\/www.fiestaclasica.org\/wp-content\/uploads\/2018\/08\/fund_02-768x510.jpg 768w, https:\/\/www.fiestaclasica.org\/wp-content\/uploads\/2018\/08\/fund_02-1024x680.jpg 1024w\" sizes=\"(max-width: 1280px) 100vw, 1280px\" \/><\/div><\/div>[\/vc_column][\/vc_row][vc_row center_row=\u00a0\u00bbyes\u00a0\u00bb][vc_column][vc_column_text]\n<h2>EL SISTEMA<\/h2>\n[\/vc_column_text]<div class=\"vcex-image-slider-css-wrap vc_custom_1631861777406\"><div class=\"wpex-slider-preloaderimg wpex-relative\"><img width=\"1280\" height=\"850\" src=\"https:\/\/www.fiestaclasica.org\/wp-content\/uploads\/2018\/06\/Firma-del-convenio-con-El-Sistema.jpg\" class=\"skip-lazy\" alt=\"\" decoding=\"async\" data-no-lazy=\"1\" srcset=\"https:\/\/www.fiestaclasica.org\/wp-content\/uploads\/2018\/06\/Firma-del-convenio-con-El-Sistema.jpg 1280w, https:\/\/www.fiestaclasica.org\/wp-content\/uploads\/2018\/06\/Firma-del-convenio-con-El-Sistema-300x199.jpg 300w\" sizes=\"(max-width: 1280px) 100vw, 1280px\" \/><\/div><div class=\"vcex-module wpex-slider slider-pro vcex-image-slider wpex-clr wpex-lightbox-group\" data-loop=\"true\" data-auto-play-delay=\"5000\" data-thumbnails=\"true\" data-animation-speed=\"600\" data-height-animation-duration=\"500\" data-thumbnail-height=\"70\" data-thumbnail-width=\"70\" data-show_title=\"false\"><div class=\"wpex-slider-slides sp-slides\"><div class=\"wpex-slider-slide sp-slide\"><div class=\"wpex-slider-media\"><a href=\"https:\/\/www.fiestaclasica.org\/wp-content\/uploads\/2018\/06\/Firma-del-convenio-con-El-Sistema.jpg\" class=\"vcex-flexslider-entry-img wpex-slider-media-link wpex-lightbox-group-item\" data-caption=\"Signature de l'accord avec El sistema\"><img width=\"1280\" height=\"850\" src=\"https:\/\/www.fiestaclasica.org\/wp-content\/uploads\/2018\/06\/Firma-del-convenio-con-El-Sistema.jpg\" class=\"skip-lazy\" alt=\"\" decoding=\"async\" data-no-lazy=\"1\" srcset=\"https:\/\/www.fiestaclasica.org\/wp-content\/uploads\/2018\/06\/Firma-del-convenio-con-El-Sistema.jpg 1280w, https:\/\/www.fiestaclasica.org\/wp-content\/uploads\/2018\/06\/Firma-del-convenio-con-El-Sistema-300x199.jpg 300w\" sizes=\"(max-width: 1280px) 100vw, 1280px\" \/><\/a><div class=\"wpex-slider-caption sp-layer sp-padding wpex-clr sp-black\"data-position=\"bottomCenter\" data-show-transition=\"up\" data-hide-transition=\"down\" data-width=\"100%\" data-show-delay=\"500\"><p>Signature de l'accord avec El sistema<\/p>\n<\/div><\/div><\/div><div class=\"wpex-slider-slide sp-slide\"><div class=\"wpex-slider-media\"><a href=\"https:\/\/www.fiestaclasica.org\/wp-content\/uploads\/2021\/09\/JoseAntonioAbreu.jpg\" class=\"vcex-flexslider-entry-img wpex-slider-media-link wpex-lightbox-group-item\" data-caption=\"Jos\u00e9 Antonio Abreu, Fondateur d' El Sistema\"><img width=\"1280\" height=\"850\" src=\"https:\/\/www.fiestaclasica.org\/wp-content\/uploads\/2021\/09\/JoseAntonioAbreu.jpg\" class=\"skip-lazy\" alt=\"\" decoding=\"async\" data-no-lazy=\"1\" srcset=\"https:\/\/www.fiestaclasica.org\/wp-content\/uploads\/2021\/09\/JoseAntonioAbreu.jpg 1280w, https:\/\/www.fiestaclasica.org\/wp-content\/uploads\/2021\/09\/JoseAntonioAbreu-300x199.jpg 300w, https:\/\/www.fiestaclasica.org\/wp-content\/uploads\/2021\/09\/JoseAntonioAbreu-1024x680.jpg 1024w, https:\/\/www.fiestaclasica.org\/wp-content\/uploads\/2021\/09\/JoseAntonioAbreu-768x510.jpg 768w\" sizes=\"(max-width: 1280px) 100vw, 1280px\" \/><\/a><div class=\"wpex-slider-caption sp-layer sp-padding wpex-clr sp-black\"data-position=\"bottomCenter\" data-show-transition=\"up\" data-hide-transition=\"down\" data-width=\"100%\" data-show-delay=\"500\"><p>Jos\u00e9 Antonio Abreu, Fondateur d' El Sistema<\/p>\n<\/div><\/div><\/div><div class=\"wpex-slider-slide sp-slide\"><div class=\"wpex-slider-media\"><a href=\"https:\/\/www.fiestaclasica.org\/wp-content\/uploads\/2021\/09\/GustavoDudamel-y-Jose-Antonio-Abreu.jpg\" class=\"vcex-flexslider-entry-img wpex-slider-media-link wpex-lightbox-group-item\" data-caption=\"Gustavo Dudamel et Jose\u0301 Antonio Abreu\"><img width=\"1280\" height=\"850\" src=\"https:\/\/www.fiestaclasica.org\/wp-content\/uploads\/2021\/09\/GustavoDudamel-y-Jose-Antonio-Abreu.jpg\" class=\"skip-lazy\" alt=\"\" decoding=\"async\" data-no-lazy=\"1\" srcset=\"https:\/\/www.fiestaclasica.org\/wp-content\/uploads\/2021\/09\/GustavoDudamel-y-Jose-Antonio-Abreu.jpg 1280w, https:\/\/www.fiestaclasica.org\/wp-content\/uploads\/2021\/09\/GustavoDudamel-y-Jose-Antonio-Abreu-300x199.jpg 300w, https:\/\/www.fiestaclasica.org\/wp-content\/uploads\/2021\/09\/GustavoDudamel-y-Jose-Antonio-Abreu-1024x680.jpg 1024w, https:\/\/www.fiestaclasica.org\/wp-content\/uploads\/2021\/09\/GustavoDudamel-y-Jose-Antonio-Abreu-768x510.jpg 768w\" sizes=\"(max-width: 1280px) 100vw, 1280px\" \/><\/a><div class=\"wpex-slider-caption sp-layer sp-padding wpex-clr sp-black\"data-position=\"bottomCenter\" data-show-transition=\"up\" data-hide-transition=\"down\" data-width=\"100%\" data-show-delay=\"500\"><p>Gustavo Dudamel et Jose\u0301 Antonio Abreu<\/p>\n<\/div><\/div><\/div><div class=\"wpex-slider-slide sp-slide\"><div class=\"wpex-slider-media\"><a href=\"https:\/\/www.fiestaclasica.org\/wp-content\/uploads\/2018\/06\/GustavoDudamel.jpg\" class=\"vcex-flexslider-entry-img wpex-slider-media-link wpex-lightbox-group-item\" data-caption=\"Gustavo Dudamel, Directeur Musical du Philharmonique de Los Angeles\"><img width=\"1280\" height=\"850\" src=\"https:\/\/www.fiestaclasica.org\/wp-content\/uploads\/2018\/06\/GustavoDudamel.jpg\" class=\"skip-lazy\" alt=\"\" decoding=\"async\" data-no-lazy=\"1\" srcset=\"https:\/\/www.fiestaclasica.org\/wp-content\/uploads\/2018\/06\/GustavoDudamel.jpg 1280w, https:\/\/www.fiestaclasica.org\/wp-content\/uploads\/2018\/06\/GustavoDudamel-300x199.jpg 300w\" sizes=\"(max-width: 1280px) 100vw, 1280px\" \/><\/a><div class=\"wpex-slider-caption sp-layer sp-padding wpex-clr sp-black\"data-position=\"bottomCenter\" data-show-transition=\"up\" data-hide-transition=\"down\" data-width=\"100%\" data-show-delay=\"500\"><p>Gustavo Dudamel, Directeur Musical du Philharmonique de Los Angeles<\/p>\n<\/div><\/div><\/div><div class=\"wpex-slider-slide sp-slide\"><div class=\"wpex-slider-media\"><a href=\"https:\/\/www.fiestaclasica.org\/wp-content\/uploads\/2021\/09\/EduardoMendez.jpg\" class=\"vcex-flexslider-entry-img wpex-slider-media-link wpex-lightbox-group-item\" data-caption=\"Eduardo M\u00e9ndez, Directeur G\u00e9n\u00e9ral d' El Sistema\"><img width=\"1280\" height=\"850\" src=\"https:\/\/www.fiestaclasica.org\/wp-content\/uploads\/2021\/09\/EduardoMendez.jpg\" class=\"skip-lazy\" alt=\"\" decoding=\"async\" data-no-lazy=\"1\" srcset=\"https:\/\/www.fiestaclasica.org\/wp-content\/uploads\/2021\/09\/EduardoMendez.jpg 1280w, https:\/\/www.fiestaclasica.org\/wp-content\/uploads\/2021\/09\/EduardoMendez-300x199.jpg 300w, https:\/\/www.fiestaclasica.org\/wp-content\/uploads\/2021\/09\/EduardoMendez-1024x680.jpg 1024w, https:\/\/www.fiestaclasica.org\/wp-content\/uploads\/2021\/09\/EduardoMendez-768x510.jpg 768w\" sizes=\"(max-width: 1280px) 100vw, 1280px\" \/><\/a><div class=\"wpex-slider-caption sp-layer sp-padding wpex-clr sp-black\"data-position=\"bottomCenter\" data-show-transition=\"up\" data-hide-transition=\"down\" data-width=\"100%\" data-show-delay=\"500\"><p>Eduardo M\u00e9ndez, Directeur G\u00e9n\u00e9ral d' El Sistema<\/p>\n<\/div><\/div><\/div><div class=\"wpex-slider-slide sp-slide\"><div class=\"wpex-slider-media\"><a href=\"https:\/\/www.fiestaclasica.org\/wp-content\/uploads\/2021\/09\/LourdesSanchez.jpg\" class=\"vcex-flexslider-entry-img wpex-slider-media-link wpex-lightbox-group-item\" data-caption=\"Lourdes S\u00e1nchez, Directrice de los Coros d' El Sistema\"><img width=\"1280\" height=\"850\" src=\"https:\/\/www.fiestaclasica.org\/wp-content\/uploads\/2021\/09\/LourdesSanchez.jpg\" class=\"skip-lazy\" alt=\"\" decoding=\"async\" data-no-lazy=\"1\" srcset=\"https:\/\/www.fiestaclasica.org\/wp-content\/uploads\/2021\/09\/LourdesSanchez.jpg 1280w, https:\/\/www.fiestaclasica.org\/wp-content\/uploads\/2021\/09\/LourdesSanchez-300x199.jpg 300w, https:\/\/www.fiestaclasica.org\/wp-content\/uploads\/2021\/09\/LourdesSanchez-1024x680.jpg 1024w, https:\/\/www.fiestaclasica.org\/wp-content\/uploads\/2021\/09\/LourdesSanchez-768x510.jpg 768w\" sizes=\"(max-width: 1280px) 100vw, 1280px\" \/><\/a><div class=\"wpex-slider-caption sp-layer sp-padding wpex-clr sp-black\"data-position=\"bottomCenter\" data-show-transition=\"up\" data-hide-transition=\"down\" data-width=\"100%\" data-show-delay=\"500\"><p>Lourdes S\u00e1nchez, Directrice de los Coros d' El Sistema<\/p>\n<\/div><\/div><\/div><\/div><div class=\"wpex-slider-thumbnails sp-thumbnails\"><img width=\"1280\" height=\"850\" src=\"https:\/\/www.fiestaclasica.org\/wp-content\/uploads\/2018\/06\/Firma-del-convenio-con-El-Sistema.jpg\" class=\"wpex-slider-thumbnail sp-thumbnail skip-lazy\" alt=\"\" decoding=\"async\" data-no-lazy=\"1\" srcset=\"https:\/\/www.fiestaclasica.org\/wp-content\/uploads\/2018\/06\/Firma-del-convenio-con-El-Sistema.jpg 1280w, https:\/\/www.fiestaclasica.org\/wp-content\/uploads\/2018\/06\/Firma-del-convenio-con-El-Sistema-300x199.jpg 300w\" sizes=\"(max-width: 1280px) 100vw, 1280px\" \/><img width=\"1280\" height=\"850\" src=\"https:\/\/www.fiestaclasica.org\/wp-content\/uploads\/2021\/09\/JoseAntonioAbreu.jpg\" class=\"wpex-slider-thumbnail sp-thumbnail skip-lazy\" alt=\"\" decoding=\"async\" data-no-lazy=\"1\" srcset=\"https:\/\/www.fiestaclasica.org\/wp-content\/uploads\/2021\/09\/JoseAntonioAbreu.jpg 1280w, https:\/\/www.fiestaclasica.org\/wp-content\/uploads\/2021\/09\/JoseAntonioAbreu-300x199.jpg 300w, https:\/\/www.fiestaclasica.org\/wp-content\/uploads\/2021\/09\/JoseAntonioAbreu-1024x680.jpg 1024w, https:\/\/www.fiestaclasica.org\/wp-content\/uploads\/2021\/09\/JoseAntonioAbreu-768x510.jpg 768w\" sizes=\"(max-width: 1280px) 100vw, 1280px\" \/><img width=\"1280\" height=\"850\" src=\"https:\/\/www.fiestaclasica.org\/wp-content\/uploads\/2021\/09\/GustavoDudamel-y-Jose-Antonio-Abreu.jpg\" class=\"wpex-slider-thumbnail sp-thumbnail skip-lazy\" alt=\"\" decoding=\"async\" data-no-lazy=\"1\" srcset=\"https:\/\/www.fiestaclasica.org\/wp-content\/uploads\/2021\/09\/GustavoDudamel-y-Jose-Antonio-Abreu.jpg 1280w, https:\/\/www.fiestaclasica.org\/wp-content\/uploads\/2021\/09\/GustavoDudamel-y-Jose-Antonio-Abreu-300x199.jpg 300w, https:\/\/www.fiestaclasica.org\/wp-content\/uploads\/2021\/09\/GustavoDudamel-y-Jose-Antonio-Abreu-1024x680.jpg 1024w, https:\/\/www.fiestaclasica.org\/wp-content\/uploads\/2021\/09\/GustavoDudamel-y-Jose-Antonio-Abreu-768x510.jpg 768w\" sizes=\"(max-width: 1280px) 100vw, 1280px\" \/><img width=\"1280\" height=\"850\" src=\"https:\/\/www.fiestaclasica.org\/wp-content\/uploads\/2018\/06\/GustavoDudamel.jpg\" class=\"wpex-slider-thumbnail sp-thumbnail skip-lazy\" alt=\"\" decoding=\"async\" data-no-lazy=\"1\" srcset=\"https:\/\/www.fiestaclasica.org\/wp-content\/uploads\/2018\/06\/GustavoDudamel.jpg 1280w, https:\/\/www.fiestaclasica.org\/wp-content\/uploads\/2018\/06\/GustavoDudamel-300x199.jpg 300w\" sizes=\"(max-width: 1280px) 100vw, 1280px\" \/><img width=\"1280\" height=\"850\" src=\"https:\/\/www.fiestaclasica.org\/wp-content\/uploads\/2021\/09\/EduardoMendez.jpg\" class=\"wpex-slider-thumbnail sp-thumbnail skip-lazy\" alt=\"\" decoding=\"async\" data-no-lazy=\"1\" srcset=\"https:\/\/www.fiestaclasica.org\/wp-content\/uploads\/2021\/09\/EduardoMendez.jpg 1280w, https:\/\/www.fiestaclasica.org\/wp-content\/uploads\/2021\/09\/EduardoMendez-300x199.jpg 300w, https:\/\/www.fiestaclasica.org\/wp-content\/uploads\/2021\/09\/EduardoMendez-1024x680.jpg 1024w, https:\/\/www.fiestaclasica.org\/wp-content\/uploads\/2021\/09\/EduardoMendez-768x510.jpg 768w\" sizes=\"(max-width: 1280px) 100vw, 1280px\" \/><img width=\"1280\" height=\"850\" src=\"https:\/\/www.fiestaclasica.org\/wp-content\/uploads\/2021\/09\/LourdesSanchez.jpg\" class=\"wpex-slider-thumbnail sp-thumbnail skip-lazy\" alt=\"\" decoding=\"async\" data-no-lazy=\"1\" srcset=\"https:\/\/www.fiestaclasica.org\/wp-content\/uploads\/2021\/09\/LourdesSanchez.jpg 1280w, https:\/\/www.fiestaclasica.org\/wp-content\/uploads\/2021\/09\/LourdesSanchez-300x199.jpg 300w, https:\/\/www.fiestaclasica.org\/wp-content\/uploads\/2021\/09\/LourdesSanchez-1024x680.jpg 1024w, https:\/\/www.fiestaclasica.org\/wp-content\/uploads\/2021\/09\/LourdesSanchez-768x510.jpg 768w\" sizes=\"(max-width: 1280px) 100vw, 1280px\" \/><\/div><\/div><\/div>[vc_row_inner css=\u00a0\u00bb.vc_custom_1631862356181{margin-top: 30px !important;}\u00a0\u00bb el_class=\u00a0\u00bbtxt-sistema\u00a0\u00bb][vc_column_inner width=\u00a0\u00bb1\/2&Prime;][vc_column_text]<span class=\"\"><span class=\"\"><strong>El Sistema\u00a0<\/strong><\/span><\/span>est une organisation sociale et \u00e9ducative. Elle fut fond\u00e9e en 1975 par Jos\u00e9 Antonio Abreu, chef d&rsquo;orchestre et musicien afin de syst\u00e9matiser l&rsquo;enseignement de la musique et sa pratique collective au sein d&rsquo;orchestres symphoniques et de choeurs. Elle constitue un facteur de d\u00e9veloppement individuel et collectif \u00e0 travers l&rsquo;excellence musicale.<\/p>\n<p class=\"p1\">Ce mod\u00e8le p\u00e9dagogique, artistique et social a produit un \u00e9norme impact sur la jeunesse et a permis d&rsquo;aider de nombreux jeunes \u00e0 se construire un futur meilleur, et \u00e0 d&rsquo;autres de devenir de grand musiciens de renomm\u00e9e internationale tel Gustavo Dudamel, un des chefs d&rsquo;orchestres les plus r\u00e9put\u00e9s de notre \u00e9poque, actuellement directeur musical de la Symphonie de Los Angeles.<\/p>\n[\/vc_column_text][\/vc_column_inner][vc_column_inner width=\u00a0\u00bb1\/2&Prime;][vc_column_text el_class=\u00a0\u00bbmytext\u00a0\u00bb]Le 23 Janvier 2017, la Fondation Fiesta Cl\u00e1sica a sign\u00e9 un accord acad\u00e9mique avec El Sistema qui lui permet ainsi de b\u00e9n\u00e9ficier d&rsquo;un appui p\u00e9dagogique et d&rsquo;\u00e9changes acad\u00e9miques avec des professeurs.[\/vc_column_text][vc_single_image image=\u00a0\u00bb11612&Prime;][\/vc_column_inner][\/vc_row_inner][\/vc_column][\/vc_row][vc_row center_row=\u00a0\u00bbyes\u00a0\u00bb css=\u00a0\u00bb.vc_custom_1530280998634{background-color: #586770 !important;}\u00a0\u00bb el_class=\u00a0\u00bbmiembros\u00a0\u00bb][vc_column][vc_column_text]\n<h2 class=\"p1\"><span style=\"color: #ffffff;\"><b>LES MEMBRES D&rsquo; HONNEUR<\/b><\/span><\/h2>\n<p class=\"p1\"><span style=\"color: #ffffff;\">Nous\u00a0sommes fiers de compter parmi nos membres d\u2019honneur les personnalit\u00e9s suivantes qui, par leur implication ont appuy\u00e9 notre d\u00e9marche depuis son commencement et contribuent\u00a0\u00e0 son d\u00e9veloppement :<\/span><\/p>\n[\/vc_column_text]<div class=\"vcex-image-grid-wrap wpex-clr\"><div class=\"vcex-module vcex-image-grid grid-style-default wpex-row wpex-clr wpex-lightbox-group img_grid_member\"><div class=\"id-11616 vcex-image-grid-entry vcex-grid-item textcenter span_1_of_3 col col-1\"><figure class=\"vcex-image-grid-entry-figure wpex-last-mb-0 wpex-clr\"><div class=\"vcex-image-grid-entry-img entry-media wpex-mb-20\"><a href=\"https:\/\/www.fiestaclasica.org\/wp-content\/uploads\/2021\/09\/NelsidadeGiacinti.jpg\" class=\"vcex-image-grid-entry-link wpex-lightbox-group-item\" ><img width=\"430\" height=\"430\" src=\"https:\/\/www.fiestaclasica.org\/wp-content\/uploads\/2021\/09\/NelsidadeGiacinti.jpg\" class=\"wpex-align-middle\" alt=\"\" decoding=\"async\" loading=\"lazy\" srcset=\"https:\/\/www.fiestaclasica.org\/wp-content\/uploads\/2021\/09\/NelsidadeGiacinti.jpg 430w, https:\/\/www.fiestaclasica.org\/wp-content\/uploads\/2021\/09\/NelsidadeGiacinti-300x300.jpg 300w, https:\/\/www.fiestaclasica.org\/wp-content\/uploads\/2021\/09\/NelsidadeGiacinti-150x150.jpg 150w, https:\/\/www.fiestaclasica.org\/wp-content\/uploads\/2021\/09\/NelsidadeGiacinti-125x125.jpg 125w\" sizes=\"(max-width: 430px) 100vw, 430px\" \/><\/a><\/div><figcaption class=\"vcex-image-grid-entry-title wpex-mb-10 wpex-clr\"><div style=\"color:#ffffff;\" class=\"entry-title\">Mme N\u00e9lsida de Giacinti<\/div><\/figcaption><\/figure><\/div><div class=\"id-11619 vcex-image-grid-entry vcex-grid-item textcenter span_1_of_3 col col-2\"><figure class=\"vcex-image-grid-entry-figure wpex-last-mb-0 wpex-clr\"><div class=\"vcex-image-grid-entry-img entry-media wpex-mb-20\"><a href=\"https:\/\/www.fiestaclasica.org\/wp-content\/uploads\/2021\/09\/JoseAntonioCaro3.jpg\" class=\"vcex-image-grid-entry-link wpex-lightbox-group-item\" ><img width=\"430\" height=\"430\" src=\"https:\/\/www.fiestaclasica.org\/wp-content\/uploads\/2021\/09\/JoseAntonioCaro3.jpg\" class=\"wpex-align-middle\" alt=\"\" decoding=\"async\" loading=\"lazy\" srcset=\"https:\/\/www.fiestaclasica.org\/wp-content\/uploads\/2021\/09\/JoseAntonioCaro3.jpg 430w, https:\/\/www.fiestaclasica.org\/wp-content\/uploads\/2021\/09\/JoseAntonioCaro3-300x300.jpg 300w, https:\/\/www.fiestaclasica.org\/wp-content\/uploads\/2021\/09\/JoseAntonioCaro3-150x150.jpg 150w, https:\/\/www.fiestaclasica.org\/wp-content\/uploads\/2021\/09\/JoseAntonioCaro3-125x125.jpg 125w\" sizes=\"(max-width: 430px) 100vw, 430px\" \/><\/a><\/div><figcaption class=\"vcex-image-grid-entry-title wpex-mb-10 wpex-clr\"><div style=\"color:#ffffff;\" class=\"entry-title\">Arq. Jose\u0301 A. Caro Ginebra<\/div><\/figcaption><\/figure><\/div><div class=\"id-5683 vcex-image-grid-entry vcex-grid-item textcenter span_1_of_3 col col-3\"><figure class=\"vcex-image-grid-entry-figure wpex-last-mb-0 wpex-clr\"><div class=\"vcex-image-grid-entry-img entry-media wpex-mb-20\"><a href=\"https:\/\/www.fiestaclasica.org\/wp-content\/uploads\/2018\/06\/AishaSyedCastro.jpg\" class=\"vcex-image-grid-entry-link wpex-lightbox-group-item\" ><img width=\"430\" height=\"430\" src=\"https:\/\/www.fiestaclasica.org\/wp-content\/uploads\/2018\/06\/AishaSyedCastro.jpg\" class=\"wpex-align-middle\" alt=\"\" decoding=\"async\" loading=\"lazy\" srcset=\"https:\/\/www.fiestaclasica.org\/wp-content\/uploads\/2018\/06\/AishaSyedCastro.jpg 430w, https:\/\/www.fiestaclasica.org\/wp-content\/uploads\/2018\/06\/AishaSyedCastro-150x150.jpg 150w, https:\/\/www.fiestaclasica.org\/wp-content\/uploads\/2018\/06\/AishaSyedCastro-300x300.jpg 300w, https:\/\/www.fiestaclasica.org\/wp-content\/uploads\/2018\/06\/AishaSyedCastro-125x125.jpg 125w\" sizes=\"(max-width: 430px) 100vw, 430px\" \/><\/a><\/div><figcaption class=\"vcex-image-grid-entry-title wpex-mb-10 wpex-clr\"><div style=\"color:#ffffff;\" class=\"entry-title\">Aisha Syed Castro<\/div><\/figcaption><\/figure><\/div><div class=\"id-8949 vcex-image-grid-entry vcex-grid-item textcenter span_1_of_3 col col-1\"><figure class=\"vcex-image-grid-entry-figure wpex-last-mb-0 wpex-clr\"><div class=\"vcex-image-grid-entry-img entry-media wpex-mb-20\"><a href=\"https:\/\/www.fiestaclasica.org\/wp-content\/uploads\/2019\/07\/Nemanja.jpg\" class=\"vcex-image-grid-entry-link wpex-lightbox-group-item\" ><img width=\"430\" height=\"430\" src=\"https:\/\/www.fiestaclasica.org\/wp-content\/uploads\/2019\/07\/Nemanja.jpg\" class=\"wpex-align-middle\" alt=\"\" decoding=\"async\" loading=\"lazy\" srcset=\"https:\/\/www.fiestaclasica.org\/wp-content\/uploads\/2019\/07\/Nemanja.jpg 430w, https:\/\/www.fiestaclasica.org\/wp-content\/uploads\/2019\/07\/Nemanja-150x150.jpg 150w, https:\/\/www.fiestaclasica.org\/wp-content\/uploads\/2019\/07\/Nemanja-300x300.jpg 300w, https:\/\/www.fiestaclasica.org\/wp-content\/uploads\/2019\/07\/Nemanja-125x125.jpg 125w\" sizes=\"(max-width: 430px) 100vw, 430px\" \/><\/a><\/div><figcaption class=\"vcex-image-grid-entry-title wpex-mb-10 wpex-clr\"><div style=\"color:#ffffff;\" class=\"entry-title\">Nemanja Radulovic<\/div><\/figcaption><\/figure><\/div><div class=\"id-8937 vcex-image-grid-entry vcex-grid-item textcenter span_1_of_3 col col-2\"><figure class=\"vcex-image-grid-entry-figure wpex-last-mb-0 wpex-clr\"><div class=\"vcex-image-grid-entry-img entry-media wpex-mb-20\"><a href=\"https:\/\/www.fiestaclasica.org\/wp-content\/uploads\/2019\/07\/frederic.jpg\" class=\"vcex-image-grid-entry-link wpex-lightbox-group-item\" ><img width=\"430\" height=\"430\" src=\"https:\/\/www.fiestaclasica.org\/wp-content\/uploads\/2019\/07\/frederic.jpg\" class=\"wpex-align-middle\" alt=\"\" decoding=\"async\" loading=\"lazy\" srcset=\"https:\/\/www.fiestaclasica.org\/wp-content\/uploads\/2019\/07\/frederic.jpg 430w, https:\/\/www.fiestaclasica.org\/wp-content\/uploads\/2019\/07\/frederic-150x150.jpg 150w, https:\/\/www.fiestaclasica.org\/wp-content\/uploads\/2019\/07\/frederic-300x300.jpg 300w, https:\/\/www.fiestaclasica.org\/wp-content\/uploads\/2019\/07\/frederic-125x125.jpg 125w\" sizes=\"(max-width: 430px) 100vw, 430px\" \/><\/a><\/div><figcaption class=\"vcex-image-grid-entry-title wpex-mb-10 wpex-clr\"><div style=\"color:#ffffff;\" class=\"entry-title\">Fr\u00e9d\u00e9ric Dessus<\/div><\/figcaption><\/figure><\/div><div class=\"id-8940 vcex-image-grid-entry vcex-grid-item textcenter span_1_of_3 col col-3\"><figure class=\"vcex-image-grid-entry-figure wpex-last-mb-0 wpex-clr\"><div class=\"vcex-image-grid-entry-img entry-media wpex-mb-20\"><a href=\"https:\/\/www.fiestaclasica.org\/wp-content\/uploads\/2019\/07\/guillaume.jpg\" class=\"vcex-image-grid-entry-link wpex-lightbox-group-item\" ><img width=\"430\" height=\"430\" src=\"https:\/\/www.fiestaclasica.org\/wp-content\/uploads\/2019\/07\/guillaume.jpg\" class=\"wpex-align-middle\" alt=\"\" decoding=\"async\" loading=\"lazy\" srcset=\"https:\/\/www.fiestaclasica.org\/wp-content\/uploads\/2019\/07\/guillaume.jpg 430w, https:\/\/www.fiestaclasica.org\/wp-content\/uploads\/2019\/07\/guillaume-150x150.jpg 150w, https:\/\/www.fiestaclasica.org\/wp-content\/uploads\/2019\/07\/guillaume-300x300.jpg 300w, https:\/\/www.fiestaclasica.org\/wp-content\/uploads\/2019\/07\/guillaume-125x125.jpg 125w\" sizes=\"(max-width: 430px) 100vw, 430px\" \/><\/a><\/div><figcaption class=\"vcex-image-grid-entry-title wpex-mb-10 wpex-clr\"><div style=\"color:#ffffff;\" class=\"entry-title\">Guillaume Fontanarosa<\/div><\/figcaption><\/figure><\/div><div class=\"id-8943 vcex-image-grid-entry vcex-grid-item textcenter span_1_of_3 col col-1\"><figure class=\"vcex-image-grid-entry-figure wpex-last-mb-0 wpex-clr\"><div class=\"vcex-image-grid-entry-img entry-media wpex-mb-20\"><a href=\"https:\/\/www.fiestaclasica.org\/wp-content\/uploads\/2019\/07\/kristina.jpg\" class=\"vcex-image-grid-entry-link wpex-lightbox-group-item\" ><img width=\"430\" height=\"430\" src=\"https:\/\/www.fiestaclasica.org\/wp-content\/uploads\/2019\/07\/kristina.jpg\" class=\"wpex-align-middle\" alt=\"\" decoding=\"async\" loading=\"lazy\" srcset=\"https:\/\/www.fiestaclasica.org\/wp-content\/uploads\/2019\/07\/kristina.jpg 430w, https:\/\/www.fiestaclasica.org\/wp-content\/uploads\/2019\/07\/kristina-150x150.jpg 150w, https:\/\/www.fiestaclasica.org\/wp-content\/uploads\/2019\/07\/kristina-300x300.jpg 300w, https:\/\/www.fiestaclasica.org\/wp-content\/uploads\/2019\/07\/kristina-125x125.jpg 125w\" sizes=\"(max-width: 430px) 100vw, 430px\" \/><\/a><\/div><figcaption class=\"vcex-image-grid-entry-title wpex-mb-10 wpex-clr\"><div style=\"color:#ffffff;\" class=\"entry-title\">Kristina Atanasova<\/div><\/figcaption><\/figure><\/div><div class=\"id-8934 vcex-image-grid-entry vcex-grid-item textcenter span_1_of_3 col col-2\"><figure class=\"vcex-image-grid-entry-figure wpex-last-mb-0 wpex-clr\"><div class=\"vcex-image-grid-entry-img entry-media wpex-mb-20\"><a href=\"https:\/\/www.fiestaclasica.org\/wp-content\/uploads\/2019\/07\/anne.jpg\" class=\"vcex-image-grid-entry-link wpex-lightbox-group-item\" ><img width=\"430\" height=\"430\" src=\"https:\/\/www.fiestaclasica.org\/wp-content\/uploads\/2019\/07\/anne.jpg\" class=\"wpex-align-middle\" alt=\"\" decoding=\"async\" loading=\"lazy\" srcset=\"https:\/\/www.fiestaclasica.org\/wp-content\/uploads\/2019\/07\/anne.jpg 430w, https:\/\/www.fiestaclasica.org\/wp-content\/uploads\/2019\/07\/anne-150x150.jpg 150w, https:\/\/www.fiestaclasica.org\/wp-content\/uploads\/2019\/07\/anne-300x300.jpg 300w, https:\/\/www.fiestaclasica.org\/wp-content\/uploads\/2019\/07\/anne-125x125.jpg 125w\" sizes=\"(max-width: 430px) 100vw, 430px\" \/><\/a><\/div><figcaption class=\"vcex-image-grid-entry-title wpex-mb-10 wpex-clr\"><div style=\"color:#ffffff;\" class=\"entry-title\">Anne Biragnet<\/div><\/figcaption><\/figure><\/div><div class=\"id-8946 vcex-image-grid-entry vcex-grid-item textcenter span_1_of_3 col col-3\"><figure class=\"vcex-image-grid-entry-figure wpex-last-mb-0 wpex-clr\"><div class=\"vcex-image-grid-entry-img entry-media wpex-mb-20\"><a href=\"https:\/\/www.fiestaclasica.org\/wp-content\/uploads\/2019\/07\/nathanael.jpg\" class=\"vcex-image-grid-entry-link wpex-lightbox-group-item\" ><img width=\"430\" height=\"430\" src=\"https:\/\/www.fiestaclasica.org\/wp-content\/uploads\/2019\/07\/nathanael.jpg\" class=\"wpex-align-middle\" alt=\"\" decoding=\"async\" loading=\"lazy\" srcset=\"https:\/\/www.fiestaclasica.org\/wp-content\/uploads\/2019\/07\/nathanael.jpg 430w, https:\/\/www.fiestaclasica.org\/wp-content\/uploads\/2019\/07\/nathanael-150x150.jpg 150w, https:\/\/www.fiestaclasica.org\/wp-content\/uploads\/2019\/07\/nathanael-300x300.jpg 300w, https:\/\/www.fiestaclasica.org\/wp-content\/uploads\/2019\/07\/nathanael-125x125.jpg 125w\" sizes=\"(max-width: 430px) 100vw, 430px\" \/><\/a><\/div><figcaption class=\"vcex-image-grid-entry-title wpex-mb-10 wpex-clr\"><div style=\"color:#ffffff;\" class=\"entry-title\">Nathana\u00ebl Malnoury<\/div><\/figcaption><\/figure><\/div><\/div><\/div>[\/vc_column][\/vc_row][vc_row center_row=\u00a0\u00bbyes\u00a0\u00bb el_class=\u00a0\u00bbmypage-bottom\u00a0\u00bb][vc_column]<div class=\"templatera_shortcode bottom-page\"><style type=\"text\/css\" data-type=\"vc_shortcodes-custom-css\">.vc_custom_1464728684469{margin-bottom: 0px !important;border-bottom-width: 0px !important;padding-bottom: 0px !important;}<\/style>[vc_row el_id=\"newsletter-row\"][vc_column css=\".vc_custom_1464728684469{margin-bottom: 0px !important;border-bottom-width: 0px !important;padding-bottom: 0px !important;}\"][vc_widget_sidebar sidebar_id=\"barralateral\" el_class=\"newsletter-form\"][\/vc_column][\/vc_row]<\/div>[\/vc_column][\/vc_row][vc_row][vc_column][vc_column_text]\n[\/vc_column_text][\/vc_column][\/vc_row]\n","protected":false},"excerpt":{"rendered":"<p>[vc_row center_row=\u00a0\u00bbyes\u00a0\u00bb el_id=\u00a0\u00bbintro\u00a0\u00bb][vc_column][vc_raw_js]JTNDc2NyaXB0JTIwdHlwZSUzRCUyMnRleHQlMkZqYXZhc2NyaXB0JTIyJTNFJTBBZG9jdW1lbnQuZ2V0RWxlbWVudEJ5SWQlMjglMjJvdXRlci13cmFwJTIyJTI5LmNsYXNzTmFtZSUyMCUzRCUyMCUyMnBhZ2UtY3VzdG9tJTIwcGFnZS1mdW5kYWNpb24lMjIlM0IlMEElM0MlMkZzY3JpcHQlM0U=[\/vc_raw_js][vc_row_inner][vc_column_inner el_class=\u00a0\u00bbmytext\u00a0\u00bb][vc_column_text] La Fondation Fiesta Cl\u00e1sica est une entit\u00e9 \u00e0 but non lucratif cr\u00e9\u00e9e \u00e0 Saint Domingue en d\u00e9cembre 2015. Elle a pour objet de contribuer au d\u00e9veloppement de la Ville\u00a0Coloniale (intra-muros) de Saint-Domingue et \u00e0 l\u2019\u00e9panouissement de ses habitants en offrant des cours de musique classique aux enfants de milieux d\u00e9favoris\u00e9s. Au&hellip;<\/p>\n","protected":false},"author":1,"featured_media":0,"parent":0,"menu_order":0,"comment_status":"closed","ping_status":"closed","template":"","meta":[],"categories":[],"tags":[],"yoast_head":"<!-- This site is optimized with the Yoast SEO plugin v20.7 - https:\/\/yoast.com\/wordpress\/plugins\/seo\/ -->\n<title>La Fondation - Fiesta Clasica<\/title>\n<meta name=\"robots\" content=\"index, follow, max-snippet:-1, max-image-preview:large, max-video-preview:-1\" \/>\n<link rel=\"canonical\" href=\"https:\/\/www.fiestaclasica.org\/fr\/la-fondation\/\" \/>\n<meta property=\"og:locale\" content=\"fr_FR\" \/>\n<meta property=\"og:type\" content=\"article\" \/>\n<meta property=\"og:title\" content=\"La Fondation - Fiesta Clasica\" \/>\n<meta property=\"og:description\" content=\"[vc_row center_row=\u00a0\u00bbyes\u00a0\u00bb el_id=\u00a0\u00bbintro\u00a0\u00bb][vc_column][vc_raw_js]JTNDc2NyaXB0JTIwdHlwZSUzRCUyMnRleHQlMkZqYXZhc2NyaXB0JTIyJTNFJTBBZG9jdW1lbnQuZ2V0RWxlbWVudEJ5SWQlMjglMjJvdXRlci13cmFwJTIyJTI5LmNsYXNzTmFtZSUyMCUzRCUyMCUyMnBhZ2UtY3VzdG9tJTIwcGFnZS1mdW5kYWNpb24lMjIlM0IlMEElM0MlMkZzY3JpcHQlM0U=[\/vc_raw_js][vc_row_inner][vc_column_inner el_class=\u00a0\u00bbmytext\u00a0\u00bb][vc_column_text] La Fondation Fiesta Cl\u00e1sica est une entit\u00e9 \u00e0 but non lucratif cr\u00e9\u00e9e \u00e0 Saint Domingue en d\u00e9cembre 2015. Elle a pour objet de contribuer au d\u00e9veloppement de la Ville\u00a0Coloniale (intra-muros) de Saint-Domingue et \u00e0 l\u2019\u00e9panouissement de ses habitants en offrant des cours de musique classique aux enfants de milieux d\u00e9favoris\u00e9s. Au&hellip;\" \/>\n<meta property=\"og:url\" content=\"https:\/\/www.fiestaclasica.org\/fr\/la-fondation\/\" \/>\n<meta property=\"og:site_name\" content=\"Fiesta Clasica\" \/>\n<meta property=\"article:publisher\" content=\"https:\/\/www.facebook.com\/FiestaClasica\/\" \/>\n<meta property=\"article:modified_time\" content=\"2021-10-11T20:45:16+00:00\" \/>\n<meta name=\"twitter:card\" content=\"summary_large_image\" \/>\n<meta name=\"twitter:site\" content=\"@fiestaclasica\" \/>\n<meta name=\"twitter:label1\" content=\"Dur\u00e9e de lecture estim\u00e9e\" \/>\n\t<meta name=\"twitter:data1\" content=\"2 minutes\" \/>\n<script type=\"application\/ld+json\" class=\"yoast-schema-graph\">{\"@context\":\"https:\/\/schema.org\",\"@graph\":[{\"@type\":\"WebPage\",\"@id\":\"https:\/\/www.fiestaclasica.org\/fr\/la-fondation\/\",\"url\":\"https:\/\/www.fiestaclasica.org\/fr\/la-fondation\/\",\"name\":\"La Fondation - Fiesta Clasica\",\"isPartOf\":{\"@id\":\"https:\/\/www.fiestaclasica.org\/#website\"},\"datePublished\":\"2018-06-29T11:22:13+00:00\",\"dateModified\":\"2021-10-11T20:45:16+00:00\",\"breadcrumb\":{\"@id\":\"https:\/\/www.fiestaclasica.org\/fr\/la-fondation\/#breadcrumb\"},\"inLanguage\":\"fr-FR\",\"potentialAction\":[{\"@type\":\"ReadAction\",\"target\":[\"https:\/\/www.fiestaclasica.org\/fr\/la-fondation\/\"]}]},{\"@type\":\"BreadcrumbList\",\"@id\":\"https:\/\/www.fiestaclasica.org\/fr\/la-fondation\/#breadcrumb\",\"itemListElement\":[{\"@type\":\"ListItem\",\"position\":1,\"name\":\"Portada\",\"item\":\"https:\/\/www.fiestaclasica.org\/fr\/\"},{\"@type\":\"ListItem\",\"position\":2,\"name\":\"La Fondation\"}]},{\"@type\":\"WebSite\",\"@id\":\"https:\/\/www.fiestaclasica.org\/#website\",\"url\":\"https:\/\/www.fiestaclasica.org\/\",\"name\":\"Fiesta Clasica\",\"description\":\"Fiesta Clasica\",\"publisher\":{\"@id\":\"https:\/\/www.fiestaclasica.org\/#organization\"},\"potentialAction\":[{\"@type\":\"SearchAction\",\"target\":{\"@type\":\"EntryPoint\",\"urlTemplate\":\"https:\/\/www.fiestaclasica.org\/?s={search_term_string}\"},\"query-input\":\"required name=search_term_string\"}],\"inLanguage\":\"fr-FR\"},{\"@type\":\"Organization\",\"@id\":\"https:\/\/www.fiestaclasica.org\/#organization\",\"name\":\"fiesta clasica\",\"url\":\"https:\/\/www.fiestaclasica.org\/\",\"logo\":{\"@type\":\"ImageObject\",\"inLanguage\":\"fr-FR\",\"@id\":\"https:\/\/www.fiestaclasica.org\/#\/schema\/logo\/image\/\",\"url\":\"https:\/\/www.fiestaclasica.org\/wp-content\/uploads\/2016\/04\/logo-FC-prensa.jpg\",\"contentUrl\":\"https:\/\/www.fiestaclasica.org\/wp-content\/uploads\/2016\/04\/logo-FC-prensa.jpg\",\"width\":449,\"height\":261,\"caption\":\"fiesta clasica\"},\"image\":{\"@id\":\"https:\/\/www.fiestaclasica.org\/#\/schema\/logo\/image\/\"},\"sameAs\":[\"https:\/\/www.facebook.com\/FiestaClasica\/\",\"https:\/\/twitter.com\/fiestaclasica\",\"https:\/\/www.instagram.com\/fiestaclasica\/\",\"https:\/\/www.youtube.com\/channel\/UCt82JYKhPM3Th7pNLCA7-xw\"]}]}<\/script>\n<!-- \/ Yoast SEO plugin. -->","yoast_head_json":{"title":"La Fondation - Fiesta Clasica","robots":{"index":"index","follow":"follow","max-snippet":"max-snippet:-1","max-image-preview":"max-image-preview:large","max-video-preview":"max-video-preview:-1"},"canonical":"https:\/\/www.fiestaclasica.org\/fr\/la-fondation\/","og_locale":"fr_FR","og_type":"article","og_title":"La Fondation - Fiesta Clasica","og_description":"[vc_row center_row=\u00a0\u00bbyes\u00a0\u00bb el_id=\u00a0\u00bbintro\u00a0\u00bb][vc_column][vc_raw_js]JTNDc2NyaXB0JTIwdHlwZSUzRCUyMnRleHQlMkZqYXZhc2NyaXB0JTIyJTNFJTBBZG9jdW1lbnQuZ2V0RWxlbWVudEJ5SWQlMjglMjJvdXRlci13cmFwJTIyJTI5LmNsYXNzTmFtZSUyMCUzRCUyMCUyMnBhZ2UtY3VzdG9tJTIwcGFnZS1mdW5kYWNpb24lMjIlM0IlMEElM0MlMkZzY3JpcHQlM0U=[\/vc_raw_js][vc_row_inner][vc_column_inner el_class=\u00a0\u00bbmytext\u00a0\u00bb][vc_column_text] La Fondation Fiesta Cl\u00e1sica est une entit\u00e9 \u00e0 but non lucratif cr\u00e9\u00e9e \u00e0 Saint Domingue en d\u00e9cembre 2015. Elle a pour objet de contribuer au d\u00e9veloppement de la Ville\u00a0Coloniale (intra-muros) de Saint-Domingue et \u00e0 l\u2019\u00e9panouissement de ses habitants en offrant des cours de musique classique aux enfants de milieux d\u00e9favoris\u00e9s. Au&hellip;","og_url":"https:\/\/www.fiestaclasica.org\/fr\/la-fondation\/","og_site_name":"Fiesta Clasica","article_publisher":"https:\/\/www.facebook.com\/FiestaClasica\/","article_modified_time":"2021-10-11T20:45:16+00:00","twitter_card":"summary_large_image","twitter_site":"@fiestaclasica","twitter_misc":{"Dur\u00e9e de lecture estim\u00e9e":"2 minutes"},"schema":{"@context":"https:\/\/schema.org","@graph":[{"@type":"WebPage","@id":"https:\/\/www.fiestaclasica.org\/fr\/la-fondation\/","url":"https:\/\/www.fiestaclasica.org\/fr\/la-fondation\/","name":"La Fondation - Fiesta Clasica","isPartOf":{"@id":"https:\/\/www.fiestaclasica.org\/#website"},"datePublished":"2018-06-29T11:22:13+00:00","dateModified":"2021-10-11T20:45:16+00:00","breadcrumb":{"@id":"https:\/\/www.fiestaclasica.org\/fr\/la-fondation\/#breadcrumb"},"inLanguage":"fr-FR","potentialAction":[{"@type":"ReadAction","target":["https:\/\/www.fiestaclasica.org\/fr\/la-fondation\/"]}]},{"@type":"BreadcrumbList","@id":"https:\/\/www.fiestaclasica.org\/fr\/la-fondation\/#breadcrumb","itemListElement":[{"@type":"ListItem","position":1,"name":"Portada","item":"https:\/\/www.fiestaclasica.org\/fr\/"},{"@type":"ListItem","position":2,"name":"La Fondation"}]},{"@type":"WebSite","@id":"https:\/\/www.fiestaclasica.org\/#website","url":"https:\/\/www.fiestaclasica.org\/","name":"Fiesta Clasica","description":"Fiesta Clasica","publisher":{"@id":"https:\/\/www.fiestaclasica.org\/#organization"},"potentialAction":[{"@type":"SearchAction","target":{"@type":"EntryPoint","urlTemplate":"https:\/\/www.fiestaclasica.org\/?s={search_term_string}"},"query-input":"required name=search_term_string"}],"inLanguage":"fr-FR"},{"@type":"Organization","@id":"https:\/\/www.fiestaclasica.org\/#organization","name":"fiesta clasica","url":"https:\/\/www.fiestaclasica.org\/","logo":{"@type":"ImageObject","inLanguage":"fr-FR","@id":"https:\/\/www.fiestaclasica.org\/#\/schema\/logo\/image\/","url":"https:\/\/www.fiestaclasica.org\/wp-content\/uploads\/2016\/04\/logo-FC-prensa.jpg","contentUrl":"https:\/\/www.fiestaclasica.org\/wp-content\/uploads\/2016\/04\/logo-FC-prensa.jpg","width":449,"height":261,"caption":"fiesta clasica"},"image":{"@id":"https:\/\/www.fiestaclasica.org\/#\/schema\/logo\/image\/"},"sameAs":["https:\/\/www.facebook.com\/FiestaClasica\/","https:\/\/twitter.com\/fiestaclasica","https:\/\/www.instagram.com\/fiestaclasica\/","https:\/\/www.youtube.com\/channel\/UCt82JYKhPM3Th7pNLCA7-xw"]}]}},"_links":{"self":[{"href":"https:\/\/www.fiestaclasica.org\/fr\/wp-json\/wp\/v2\/pages\/3828\/"}],"collection":[{"href":"https:\/\/www.fiestaclasica.org\/fr\/wp-json\/wp\/v2\/pages\/"}],"about":[{"href":"https:\/\/www.fiestaclasica.org\/fr\/wp-json\/wp\/v2\/types\/page\/"}],"author":[{"embeddable":true,"href":"https:\/\/www.fiestaclasica.org\/fr\/wp-json\/wp\/v2\/users\/1\/"}],"replies":[{"embeddable":true,"href":"https:\/\/www.fiestaclasica.org\/fr\/wp-json\/wp\/v2\/comments\/?post=3828"}],"version-history":[{"count":17,"href":"https:\/\/www.fiestaclasica.org\/fr\/wp-json\/wp\/v2\/pages\/3828\/revisions\/"}],"predecessor-version":[{"id":11698,"href":"https:\/\/www.fiestaclasica.org\/fr\/wp-json\/wp\/v2\/pages\/3828\/revisions\/11698\/"}],"wp:attachment":[{"href":"https:\/\/www.fiestaclasica.org\/fr\/wp-json\/wp\/v2\/media\/?parent=3828"}],"wp:term":[{"taxonomy":"category","embeddable":true,"href":"https:\/\/www.fiestaclasica.org\/fr\/wp-json\/wp\/v2\/categories\/?post=3828"},{"taxonomy":"post_tag","embeddable":true,"href":"https:\/\/www.fiestaclasica.org\/fr\/wp-json\/wp\/v2\/tags\/?post=3828"}],"curies":[{"name":"wp","href":"https:\/\/api.w.org\/{rel}","templated":true}]}}