{"id":3786,"date":"2018-06-28T20:13:00","date_gmt":"2018-06-29T00:13:00","guid":{"rendered":"http:\/\/www.fiestaclasica.org\/?page_id=3786"},"modified":"2023-04-10T12:15:50","modified_gmt":"2023-04-10T16:15:50","slug":"engagements-2","status":"publish","type":"page","link":"https:\/\/www.fiestaclasica.org\/fr\/engagements-2\/","title":{"rendered":"Engagements"},"content":{"rendered":"[vc_row center_row=\u00a0\u00bbyes\u00a0\u00bb][vc_column][vc_raw_js]JTNDc2NyaXB0JTIwdHlwZSUzRCUyMnRleHQlMkZqYXZhc2NyaXB0JTIyJTNFJTBBZG9jdW1lbnQuZ2V0RWxlbWVudEJ5SWQlMjglMjJvdXRlci13cmFwJTIyJTI5LmNsYXNzTmFtZSUyMCUzRCUyMCUyMnBhZ2UtY3VzdG9tJTIwcGFnZS1jb21wcm9taXNvcyUyMiUzQiUwQSUzQyUyRnNjcmlwdCUzRQ==[\/vc_raw_js][vc_column_text]L\u2019objectif premier de la Fondation Fiesta Cl\u00e1sica est de favoriser l\u2019inclusion sociale des enfants gr\u00e2ce \u00e0 l\u2019enseignement collectif de la musique. Concr\u00e8tement nous accueillons chaque jour dans nos installations des enfants de 5 \u00e0 17 ans pour suivre des classes de chant choral et de pratique instrumentale. La p\u00e9dagogie utilis\u00e9e et le r\u00e9pertoire propos\u00e9 sont directement issu de El Sistema fond\u00e9 il y a plus de 40 ans par le Maestro Jos\u00e9 Antonio Abreu.<\/p>\n<p class=\"p1\">Ces classes sont l\u2019occasion de sensibiliser les enfants aux bienfaits entre autres du travail collectif, de la solidarit\u00e9, de la ponctualit\u00e9, du respect de l\u2019autre. L\u2019organisation de concerts ou r\u00e9citals publics constitue un excellent stimulant qui offre aux enfants l\u2019opportunit\u00e9 de montrer leurs efforts et de se surpasser.<\/p>\n<p class=\"p1\">Les \u00e9l\u00e8ves membres de l\u2019orchestre symphonique juv\u00e9nile se voient confier chacun un instrument qu\u2019ils peuvent ramener chez eux : ainsi ils peuvent poursuivre la pratique mais aussi cela montre que nous leur faisons confiance. Pour eux et leur famille c\u2019est un r\u00e9el motif de satisfaction.<\/p>\n[\/vc_column_text][\/vc_column][\/vc_row][vc_row center_row=\u00a0\u00bbyes\u00a0\u00bb][vc_column width=\u00a0\u00bb1\/3&Prime; el_class=\u00a0\u00bbfundador\u00a0\u00bb][vc_hoverbox image=\u00a0\u00bb11702&Prime; primary_title=\u00a0\u00bb\u00a0\u00bb hover_title=\u00a0\u00bb\u00a0\u00bb shape=\u00a0\u00bbsquare\u00a0\u00bb hover_background_color=\u00a0\u00bbcustom\u00a0\u00bb el_class=\u00a0\u00bbfund_name\u00a0\u00bb hover_custom_background=\u00a0\u00bb#e0e3e4&Prime;]\n<p style=\"text-align: center; padding: 20px 10px;\">DIRECTEUR DU PROGRAMME ORCHESTRAL ET<br \/>\nDIRECTEUR DE L&rsquo;ORCHESTRE SYMPHONIQUE JUV\u00c9NILE<\/p>\n[\/vc_hoverbox][vc_column_text el_class=\u00a0\u00bbname_photo\u00a0\u00bb]\n<p style=\"text-align: center;\"><strong>\u00a0Sergio Teijido<\/strong><\/p>\n[\/vc_column_text][\/vc_column][vc_column width=\u00a0\u00bb1\/3&Prime; el_class=\u00a0\u00bbfundador\u00a0\u00bb][vc_hoverbox image=\u00a0\u00bb9297&Prime; primary_title=\u00a0\u00bb\u00a0\u00bb hover_title=\u00a0\u00bb\u00a0\u00bb shape=\u00a0\u00bbsquare\u00a0\u00bb hover_background_color=\u00a0\u00bbcustom\u00a0\u00bb el_class=\u00a0\u00bbfund_name\u00a0\u00bb hover_custom_background=\u00a0\u00bb#e0e3e4&Prime;]\n<p style=\"text-align: center;\">DIRECTEUR ACAD\u00c9MIQUE ET<br \/>\nDIRECTEUR DE L&rsquo;ORCHESTRE DE CHAMBRE<\/p>\n[\/vc_hoverbox][vc_column_text el_class=\u00a0\u00bbname_photo\u00a0\u00bb]\n<p style=\"text-align: center;\"><strong>Efrain Lara<\/strong><\/p>\n[\/vc_column_text][\/vc_column][vc_column width=\u00a0\u00bb1\/3&Prime; el_class=\u00a0\u00bbfundador\u00a0\u00bb][vc_hoverbox image=\u00a0\u00bb5880&Prime; primary_title=\u00a0\u00bb\u00a0\u00bb hover_title=\u00a0\u00bb\u00a0\u00bb shape=\u00a0\u00bbsquare\u00a0\u00bb hover_background_color=\u00a0\u00bbcustom\u00a0\u00bb el_class=\u00a0\u00bbfund_name\u00a0\u00bb hover_custom_background=\u00a0\u00bb#e0e3e4&Prime;]\n<p style=\"text-align: center;\">DIRECTEUR DU PROGRAMME DE CHORALE<br \/>\nET DIRECTEUR DU CH\u0152UR JUV\u00c9NILE<\/p>\n[\/vc_hoverbox][vc_column_text el_class=\u00a0\u00bbname_photo\u00a0\u00bb]\n<p style=\"text-align: center;\"><strong>Jos\u00e9 Andr\u00e9s Brice\u00f1o<\/strong><\/p>\n[\/vc_column_text][\/vc_column][\/vc_row][vc_row center_row=\u00a0\u00bbyes\u00a0\u00bb][vc_column][vc_column_text]\n<h2 class=\"p3\"><b>VALEURS<\/b><\/h2>\n[\/vc_column_text]<div class=\"wpex-slider-preloaderimg wpex-relative\"><img width=\"1280\" height=\"850\" src=\"https:\/\/www.fiestaclasica.org\/wp-content\/uploads\/2018\/08\/Enthousiame3.jpg\" class=\"skip-lazy\" alt=\"\" decoding=\"async\" data-no-lazy=\"1\" srcset=\"https:\/\/www.fiestaclasica.org\/wp-content\/uploads\/2018\/08\/Enthousiame3.jpg 1280w, https:\/\/www.fiestaclasica.org\/wp-content\/uploads\/2018\/08\/Enthousiame3-300x199.jpg 300w\" sizes=\"(max-width: 1280px) 100vw, 1280px\" \/><\/div><div class=\"vcex-module wpex-slider slider-pro vcex-image-slider wpex-clr\" data-loop=\"true\" data-auto-play-delay=\"5000\" data-thumbnails=\"true\" data-animation-speed=\"600\" data-height-animation-duration=\"500\" data-thumbnail-height=\"70\" data-thumbnail-width=\"70\"><div class=\"wpex-slider-slides sp-slides\"><div class=\"wpex-slider-slide sp-slide\"><div class=\"wpex-slider-media\"><img width=\"1280\" height=\"850\" src=\"https:\/\/www.fiestaclasica.org\/wp-content\/uploads\/2018\/08\/Enthousiame3.jpg\" class=\"skip-lazy\" alt=\"\" decoding=\"async\" data-no-lazy=\"1\" srcset=\"https:\/\/www.fiestaclasica.org\/wp-content\/uploads\/2018\/08\/Enthousiame3.jpg 1280w, https:\/\/www.fiestaclasica.org\/wp-content\/uploads\/2018\/08\/Enthousiame3-300x199.jpg 300w\" sizes=\"(max-width: 1280px) 100vw, 1280px\" \/><div class=\"wpex-slider-caption sp-layer sp-padding wpex-clr sp-black sp-static\"data-position=\"bottomCenter\" data-show-transition=\"false\" data-hide-transition=\"false\" data-width=\"100%\" data-show-delay=\"500\"><p>Enthousiasme<\/p>\n<\/div><\/div><\/div><div class=\"wpex-slider-slide sp-slide\"><div class=\"wpex-slider-media\"><img width=\"1280\" height=\"850\" src=\"https:\/\/www.fiestaclasica.org\/wp-content\/uploads\/2018\/08\/RespectMutuel.jpg\" class=\"skip-lazy\" alt=\"\" decoding=\"async\" data-no-lazy=\"1\" srcset=\"https:\/\/www.fiestaclasica.org\/wp-content\/uploads\/2018\/08\/RespectMutuel.jpg 1280w, https:\/\/www.fiestaclasica.org\/wp-content\/uploads\/2018\/08\/RespectMutuel-300x199.jpg 300w, https:\/\/www.fiestaclasica.org\/wp-content\/uploads\/2018\/08\/RespectMutuel-768x510.jpg 768w, https:\/\/www.fiestaclasica.org\/wp-content\/uploads\/2018\/08\/RespectMutuel-1024x680.jpg 1024w\" sizes=\"(max-width: 1280px) 100vw, 1280px\" \/><div class=\"wpex-slider-caption sp-layer sp-padding wpex-clr sp-black sp-static\"data-position=\"bottomCenter\" data-show-transition=\"false\" data-hide-transition=\"false\" data-width=\"100%\" data-show-delay=\"500\"><p>Respect Mutuel<\/p>\n<\/div><\/div><\/div><div class=\"wpex-slider-slide sp-slide\"><div class=\"wpex-slider-media\"><img width=\"1280\" height=\"850\" src=\"https:\/\/www.fiestaclasica.org\/wp-content\/uploads\/2018\/08\/Challenge.jpg\" class=\"skip-lazy\" alt=\"\" decoding=\"async\" data-no-lazy=\"1\" srcset=\"https:\/\/www.fiestaclasica.org\/wp-content\/uploads\/2018\/08\/Challenge.jpg 1280w, https:\/\/www.fiestaclasica.org\/wp-content\/uploads\/2018\/08\/Challenge-300x199.jpg 300w\" sizes=\"(max-width: 1280px) 100vw, 1280px\" \/><div class=\"wpex-slider-caption sp-layer sp-padding wpex-clr sp-black sp-static\"data-position=\"bottomCenter\" data-show-transition=\"false\" data-hide-transition=\"false\" data-width=\"100%\" data-show-delay=\"500\"><p>D\u00e9fi<\/p>\n<\/div><\/div><\/div><div class=\"wpex-slider-slide sp-slide\"><div class=\"wpex-slider-media\"><img width=\"1280\" height=\"850\" src=\"https:\/\/www.fiestaclasica.org\/wp-content\/uploads\/2018\/08\/EspritEquipe2.jpg\" class=\"skip-lazy\" alt=\"\" decoding=\"async\" data-no-lazy=\"1\" srcset=\"https:\/\/www.fiestaclasica.org\/wp-content\/uploads\/2018\/08\/EspritEquipe2.jpg 1280w, https:\/\/www.fiestaclasica.org\/wp-content\/uploads\/2018\/08\/EspritEquipe2-300x199.jpg 300w, https:\/\/www.fiestaclasica.org\/wp-content\/uploads\/2018\/08\/EspritEquipe2-768x510.jpg 768w, https:\/\/www.fiestaclasica.org\/wp-content\/uploads\/2018\/08\/EspritEquipe2-1024x680.jpg 1024w\" sizes=\"(max-width: 1280px) 100vw, 1280px\" \/><div class=\"wpex-slider-caption sp-layer sp-padding wpex-clr sp-black sp-static\"data-position=\"bottomCenter\" data-show-transition=\"false\" data-hide-transition=\"false\" data-width=\"100%\" data-show-delay=\"500\"><p>Esprit d\u2019equipe<\/p>\n<\/div><\/div><\/div><div class=\"wpex-slider-slide sp-slide\"><div class=\"wpex-slider-media\"><img width=\"1280\" height=\"850\" src=\"https:\/\/www.fiestaclasica.org\/wp-content\/uploads\/2018\/08\/AutoEstime.jpg\" class=\"skip-lazy\" alt=\"\" decoding=\"async\" data-no-lazy=\"1\" srcset=\"https:\/\/www.fiestaclasica.org\/wp-content\/uploads\/2018\/08\/AutoEstime.jpg 1280w, https:\/\/www.fiestaclasica.org\/wp-content\/uploads\/2018\/08\/AutoEstime-300x199.jpg 300w\" sizes=\"(max-width: 1280px) 100vw, 1280px\" \/><div class=\"wpex-slider-caption sp-layer sp-padding wpex-clr sp-black sp-static\"data-position=\"bottomCenter\" data-show-transition=\"false\" data-hide-transition=\"false\" data-width=\"100%\" data-show-delay=\"500\"><p>Estime de soi<\/p>\n<\/div><\/div><\/div><div class=\"wpex-slider-slide sp-slide\"><div class=\"wpex-slider-media\"><img width=\"1280\" height=\"850\" src=\"https:\/\/www.fiestaclasica.org\/wp-content\/uploads\/2018\/08\/AmourMusique.jpg\" class=\"skip-lazy\" alt=\"\" decoding=\"async\" data-no-lazy=\"1\" srcset=\"https:\/\/www.fiestaclasica.org\/wp-content\/uploads\/2018\/08\/AmourMusique.jpg 1280w, https:\/\/www.fiestaclasica.org\/wp-content\/uploads\/2018\/08\/AmourMusique-300x199.jpg 300w, https:\/\/www.fiestaclasica.org\/wp-content\/uploads\/2018\/08\/AmourMusique-768x510.jpg 768w, https:\/\/www.fiestaclasica.org\/wp-content\/uploads\/2018\/08\/AmourMusique-1024x680.jpg 1024w\" sizes=\"(max-width: 1280px) 100vw, 1280px\" \/><div class=\"wpex-slider-caption sp-layer sp-padding wpex-clr sp-black sp-static\"data-position=\"bottomCenter\" data-show-transition=\"false\" data-hide-transition=\"false\" data-width=\"100%\" data-show-delay=\"500\"><p>Amour de la musique<\/p>\n<\/div><\/div><\/div><\/div><div class=\"wpex-slider-thumbnails sp-thumbnails\"><img width=\"1280\" height=\"850\" src=\"https:\/\/www.fiestaclasica.org\/wp-content\/uploads\/2018\/08\/Enthousiame3.jpg\" class=\"wpex-slider-thumbnail sp-thumbnail skip-lazy\" alt=\"\" decoding=\"async\" data-no-lazy=\"1\" srcset=\"https:\/\/www.fiestaclasica.org\/wp-content\/uploads\/2018\/08\/Enthousiame3.jpg 1280w, https:\/\/www.fiestaclasica.org\/wp-content\/uploads\/2018\/08\/Enthousiame3-300x199.jpg 300w\" sizes=\"(max-width: 1280px) 100vw, 1280px\" \/><img width=\"1280\" height=\"850\" src=\"https:\/\/www.fiestaclasica.org\/wp-content\/uploads\/2018\/08\/RespectMutuel.jpg\" class=\"wpex-slider-thumbnail sp-thumbnail skip-lazy\" alt=\"\" decoding=\"async\" data-no-lazy=\"1\" srcset=\"https:\/\/www.fiestaclasica.org\/wp-content\/uploads\/2018\/08\/RespectMutuel.jpg 1280w, https:\/\/www.fiestaclasica.org\/wp-content\/uploads\/2018\/08\/RespectMutuel-300x199.jpg 300w, https:\/\/www.fiestaclasica.org\/wp-content\/uploads\/2018\/08\/RespectMutuel-768x510.jpg 768w, https:\/\/www.fiestaclasica.org\/wp-content\/uploads\/2018\/08\/RespectMutuel-1024x680.jpg 1024w\" sizes=\"(max-width: 1280px) 100vw, 1280px\" \/><img width=\"1280\" height=\"850\" src=\"https:\/\/www.fiestaclasica.org\/wp-content\/uploads\/2018\/08\/Challenge.jpg\" class=\"wpex-slider-thumbnail sp-thumbnail skip-lazy\" alt=\"\" decoding=\"async\" data-no-lazy=\"1\" srcset=\"https:\/\/www.fiestaclasica.org\/wp-content\/uploads\/2018\/08\/Challenge.jpg 1280w, https:\/\/www.fiestaclasica.org\/wp-content\/uploads\/2018\/08\/Challenge-300x199.jpg 300w\" sizes=\"(max-width: 1280px) 100vw, 1280px\" \/><img width=\"1280\" height=\"850\" src=\"https:\/\/www.fiestaclasica.org\/wp-content\/uploads\/2018\/08\/EspritEquipe2.jpg\" class=\"wpex-slider-thumbnail sp-thumbnail skip-lazy\" alt=\"\" decoding=\"async\" data-no-lazy=\"1\" srcset=\"https:\/\/www.fiestaclasica.org\/wp-content\/uploads\/2018\/08\/EspritEquipe2.jpg 1280w, https:\/\/www.fiestaclasica.org\/wp-content\/uploads\/2018\/08\/EspritEquipe2-300x199.jpg 300w, https:\/\/www.fiestaclasica.org\/wp-content\/uploads\/2018\/08\/EspritEquipe2-768x510.jpg 768w, https:\/\/www.fiestaclasica.org\/wp-content\/uploads\/2018\/08\/EspritEquipe2-1024x680.jpg 1024w\" sizes=\"(max-width: 1280px) 100vw, 1280px\" \/><img width=\"1280\" height=\"850\" src=\"https:\/\/www.fiestaclasica.org\/wp-content\/uploads\/2018\/08\/AutoEstime.jpg\" class=\"wpex-slider-thumbnail sp-thumbnail skip-lazy\" alt=\"\" decoding=\"async\" data-no-lazy=\"1\" srcset=\"https:\/\/www.fiestaclasica.org\/wp-content\/uploads\/2018\/08\/AutoEstime.jpg 1280w, https:\/\/www.fiestaclasica.org\/wp-content\/uploads\/2018\/08\/AutoEstime-300x199.jpg 300w\" sizes=\"(max-width: 1280px) 100vw, 1280px\" \/><img width=\"1280\" height=\"850\" src=\"https:\/\/www.fiestaclasica.org\/wp-content\/uploads\/2018\/08\/AmourMusique.jpg\" class=\"wpex-slider-thumbnail sp-thumbnail skip-lazy\" alt=\"\" decoding=\"async\" data-no-lazy=\"1\" srcset=\"https:\/\/www.fiestaclasica.org\/wp-content\/uploads\/2018\/08\/AmourMusique.jpg 1280w, https:\/\/www.fiestaclasica.org\/wp-content\/uploads\/2018\/08\/AmourMusique-300x199.jpg 300w, https:\/\/www.fiestaclasica.org\/wp-content\/uploads\/2018\/08\/AmourMusique-768x510.jpg 768w, https:\/\/www.fiestaclasica.org\/wp-content\/uploads\/2018\/08\/AmourMusique-1024x680.jpg 1024w\" sizes=\"(max-width: 1280px) 100vw, 1280px\" \/><\/div><\/div>[\/vc_column][\/vc_row][vc_row remove_bottom_col_margin=\u00a0\u00bbtrue\u00a0\u00bb center_row=\u00a0\u00bbyes\u00a0\u00bb][vc_column el_class=\u00a0\u00bbbottom-call\u00a0\u00bb]<div class=\"templatera_shortcode\">[vc_row el_class=\"bottom-call-inner bottom-call-inner-programas\"][vc_column width=\"1\/2\" el_class=\"bottom-call-col-txt\"][vc_column_text]\r\n<p style=\"text-align: right;\">D\u00c9COUVREZ NOS PROGRAMMES<\/p>\r\n[\/vc_column_text][\/vc_column][vc_column width=\"1\/2\" el_class=\"bottom-call-col-bout\"]<a href=\"https:\/\/www.fiestaclasica.org\/fr\/programmes\/\" class=\"vcex-button theme-button inline\" style=\"background:#233e9a;\" data-wpex-hover='{&quot;background&quot;:&quot;#97a9b4&quot;}'><span class=\"theme-button-inner\">PROGRAMMES<\/span><\/a> [\/vc_column][\/vc_row]<\/div>[\/vc_column][\/vc_row][vc_row center_row=\u00a0\u00bbyes\u00a0\u00bb el_class=\u00a0\u00bbmypage-bottom\u00a0\u00bb][vc_column]<div class=\"templatera_shortcode\"><style type=\"text\/css\" data-type=\"vc_shortcodes-custom-css\">.vc_custom_1464728684469{margin-bottom: 0px !important;border-bottom-width: 0px !important;padding-bottom: 0px !important;}<\/style>[vc_row el_id=\"newsletter-row\"][vc_column css=\".vc_custom_1464728684469{margin-bottom: 0px !important;border-bottom-width: 0px !important;padding-bottom: 0px !important;}\"][vc_widget_sidebar sidebar_id=\"barralateral\" el_class=\"newsletter-form\"][\/vc_column][\/vc_row]<\/div>[\/vc_column][\/vc_row]\n","protected":false},"excerpt":{"rendered":"<p>[vc_row center_row=\u00a0\u00bbyes\u00a0\u00bb][vc_column][vc_raw_js]JTNDc2NyaXB0JTIwdHlwZSUzRCUyMnRleHQlMkZqYXZhc2NyaXB0JTIyJTNFJTBBZG9jdW1lbnQuZ2V0RWxlbWVudEJ5SWQlMjglMjJvdXRlci13cmFwJTIyJTI5LmNsYXNzTmFtZSUyMCUzRCUyMCUyMnBhZ2UtY3VzdG9tJTIwcGFnZS1jb21wcm9taXNvcyUyMiUzQiUwQSUzQyUyRnNjcmlwdCUzRQ==[\/vc_raw_js][vc_column_text]L\u2019objectif premier de la Fondation Fiesta Cl\u00e1sica est de favoriser l\u2019inclusion sociale des enfants gr\u00e2ce \u00e0 l\u2019enseignement collectif de la musique. Concr\u00e8tement nous accueillons chaque jour dans nos installations des enfants de 5 \u00e0 17 ans pour suivre des classes de chant choral et de pratique instrumentale. La p\u00e9dagogie utilis\u00e9e et le r\u00e9pertoire propos\u00e9&hellip;<\/p>\n","protected":false},"author":1,"featured_media":0,"parent":0,"menu_order":0,"comment_status":"closed","ping_status":"closed","template":"","meta":[],"categories":[],"tags":[],"yoast_head":"<!-- This site is optimized with the Yoast SEO plugin v20.7 - https:\/\/yoast.com\/wordpress\/plugins\/seo\/ -->\n<title>Engagements - Fiesta Clasica<\/title>\n<meta name=\"robots\" content=\"index, follow, max-snippet:-1, max-image-preview:large, max-video-preview:-1\" \/>\n<link rel=\"canonical\" href=\"https:\/\/www.fiestaclasica.org\/fr\/engagements-2\/\" \/>\n<meta property=\"og:locale\" content=\"fr_FR\" \/>\n<meta property=\"og:type\" content=\"article\" \/>\n<meta property=\"og:title\" content=\"Engagements - Fiesta Clasica\" \/>\n<meta property=\"og:description\" content=\"[vc_row center_row=\u00a0\u00bbyes\u00a0\u00bb][vc_column][vc_raw_js]JTNDc2NyaXB0JTIwdHlwZSUzRCUyMnRleHQlMkZqYXZhc2NyaXB0JTIyJTNFJTBBZG9jdW1lbnQuZ2V0RWxlbWVudEJ5SWQlMjglMjJvdXRlci13cmFwJTIyJTI5LmNsYXNzTmFtZSUyMCUzRCUyMCUyMnBhZ2UtY3VzdG9tJTIwcGFnZS1jb21wcm9taXNvcyUyMiUzQiUwQSUzQyUyRnNjcmlwdCUzRQ==[\/vc_raw_js][vc_column_text]L\u2019objectif premier de la Fondation Fiesta Cl\u00e1sica est de favoriser l\u2019inclusion sociale des enfants gr\u00e2ce \u00e0 l\u2019enseignement collectif de la musique. Concr\u00e8tement nous accueillons chaque jour dans nos installations des enfants de 5 \u00e0 17 ans pour suivre des classes de chant choral et de pratique instrumentale. La p\u00e9dagogie utilis\u00e9e et le r\u00e9pertoire propos\u00e9&hellip;\" \/>\n<meta property=\"og:url\" content=\"https:\/\/www.fiestaclasica.org\/fr\/engagements-2\/\" \/>\n<meta property=\"og:site_name\" content=\"Fiesta Clasica\" \/>\n<meta property=\"article:publisher\" content=\"https:\/\/www.facebook.com\/FiestaClasica\/\" \/>\n<meta property=\"article:modified_time\" content=\"2023-04-10T16:15:50+00:00\" \/>\n<meta name=\"twitter:card\" content=\"summary_large_image\" \/>\n<meta name=\"twitter:site\" content=\"@fiestaclasica\" \/>\n<meta name=\"twitter:label1\" content=\"Dur\u00e9e de lecture estim\u00e9e\" \/>\n\t<meta name=\"twitter:data1\" content=\"2 minutes\" \/>\n<script type=\"application\/ld+json\" class=\"yoast-schema-graph\">{\"@context\":\"https:\/\/schema.org\",\"@graph\":[{\"@type\":\"WebPage\",\"@id\":\"https:\/\/www.fiestaclasica.org\/fr\/engagements-2\/\",\"url\":\"https:\/\/www.fiestaclasica.org\/fr\/engagements-2\/\",\"name\":\"Engagements - Fiesta Clasica\",\"isPartOf\":{\"@id\":\"https:\/\/www.fiestaclasica.org\/#website\"},\"datePublished\":\"2018-06-29T00:13:00+00:00\",\"dateModified\":\"2023-04-10T16:15:50+00:00\",\"breadcrumb\":{\"@id\":\"https:\/\/www.fiestaclasica.org\/fr\/engagements-2\/#breadcrumb\"},\"inLanguage\":\"fr-FR\",\"potentialAction\":[{\"@type\":\"ReadAction\",\"target\":[\"https:\/\/www.fiestaclasica.org\/fr\/engagements-2\/\"]}]},{\"@type\":\"BreadcrumbList\",\"@id\":\"https:\/\/www.fiestaclasica.org\/fr\/engagements-2\/#breadcrumb\",\"itemListElement\":[{\"@type\":\"ListItem\",\"position\":1,\"name\":\"Portada\",\"item\":\"https:\/\/www.fiestaclasica.org\/fr\/\"},{\"@type\":\"ListItem\",\"position\":2,\"name\":\"Engagements\"}]},{\"@type\":\"WebSite\",\"@id\":\"https:\/\/www.fiestaclasica.org\/#website\",\"url\":\"https:\/\/www.fiestaclasica.org\/\",\"name\":\"Fiesta Clasica\",\"description\":\"Fiesta Clasica\",\"publisher\":{\"@id\":\"https:\/\/www.fiestaclasica.org\/#organization\"},\"potentialAction\":[{\"@type\":\"SearchAction\",\"target\":{\"@type\":\"EntryPoint\",\"urlTemplate\":\"https:\/\/www.fiestaclasica.org\/?s={search_term_string}\"},\"query-input\":\"required name=search_term_string\"}],\"inLanguage\":\"fr-FR\"},{\"@type\":\"Organization\",\"@id\":\"https:\/\/www.fiestaclasica.org\/#organization\",\"name\":\"fiesta clasica\",\"url\":\"https:\/\/www.fiestaclasica.org\/\",\"logo\":{\"@type\":\"ImageObject\",\"inLanguage\":\"fr-FR\",\"@id\":\"https:\/\/www.fiestaclasica.org\/#\/schema\/logo\/image\/\",\"url\":\"https:\/\/www.fiestaclasica.org\/wp-content\/uploads\/2016\/04\/logo-FC-prensa.jpg\",\"contentUrl\":\"https:\/\/www.fiestaclasica.org\/wp-content\/uploads\/2016\/04\/logo-FC-prensa.jpg\",\"width\":449,\"height\":261,\"caption\":\"fiesta clasica\"},\"image\":{\"@id\":\"https:\/\/www.fiestaclasica.org\/#\/schema\/logo\/image\/\"},\"sameAs\":[\"https:\/\/www.facebook.com\/FiestaClasica\/\",\"https:\/\/twitter.com\/fiestaclasica\",\"https:\/\/www.instagram.com\/fiestaclasica\/\",\"https:\/\/www.youtube.com\/channel\/UCt82JYKhPM3Th7pNLCA7-xw\"]}]}<\/script>\n<!-- \/ Yoast SEO plugin. -->","yoast_head_json":{"title":"Engagements - Fiesta Clasica","robots":{"index":"index","follow":"follow","max-snippet":"max-snippet:-1","max-image-preview":"max-image-preview:large","max-video-preview":"max-video-preview:-1"},"canonical":"https:\/\/www.fiestaclasica.org\/fr\/engagements-2\/","og_locale":"fr_FR","og_type":"article","og_title":"Engagements - Fiesta Clasica","og_description":"[vc_row center_row=\u00a0\u00bbyes\u00a0\u00bb][vc_column][vc_raw_js]JTNDc2NyaXB0JTIwdHlwZSUzRCUyMnRleHQlMkZqYXZhc2NyaXB0JTIyJTNFJTBBZG9jdW1lbnQuZ2V0RWxlbWVudEJ5SWQlMjglMjJvdXRlci13cmFwJTIyJTI5LmNsYXNzTmFtZSUyMCUzRCUyMCUyMnBhZ2UtY3VzdG9tJTIwcGFnZS1jb21wcm9taXNvcyUyMiUzQiUwQSUzQyUyRnNjcmlwdCUzRQ==[\/vc_raw_js][vc_column_text]L\u2019objectif premier de la Fondation Fiesta Cl\u00e1sica est de favoriser l\u2019inclusion sociale des enfants gr\u00e2ce \u00e0 l\u2019enseignement collectif de la musique. Concr\u00e8tement nous accueillons chaque jour dans nos installations des enfants de 5 \u00e0 17 ans pour suivre des classes de chant choral et de pratique instrumentale. La p\u00e9dagogie utilis\u00e9e et le r\u00e9pertoire propos\u00e9&hellip;","og_url":"https:\/\/www.fiestaclasica.org\/fr\/engagements-2\/","og_site_name":"Fiesta Clasica","article_publisher":"https:\/\/www.facebook.com\/FiestaClasica\/","article_modified_time":"2023-04-10T16:15:50+00:00","twitter_card":"summary_large_image","twitter_site":"@fiestaclasica","twitter_misc":{"Dur\u00e9e de lecture estim\u00e9e":"2 minutes"},"schema":{"@context":"https:\/\/schema.org","@graph":[{"@type":"WebPage","@id":"https:\/\/www.fiestaclasica.org\/fr\/engagements-2\/","url":"https:\/\/www.fiestaclasica.org\/fr\/engagements-2\/","name":"Engagements - Fiesta Clasica","isPartOf":{"@id":"https:\/\/www.fiestaclasica.org\/#website"},"datePublished":"2018-06-29T00:13:00+00:00","dateModified":"2023-04-10T16:15:50+00:00","breadcrumb":{"@id":"https:\/\/www.fiestaclasica.org\/fr\/engagements-2\/#breadcrumb"},"inLanguage":"fr-FR","potentialAction":[{"@type":"ReadAction","target":["https:\/\/www.fiestaclasica.org\/fr\/engagements-2\/"]}]},{"@type":"BreadcrumbList","@id":"https:\/\/www.fiestaclasica.org\/fr\/engagements-2\/#breadcrumb","itemListElement":[{"@type":"ListItem","position":1,"name":"Portada","item":"https:\/\/www.fiestaclasica.org\/fr\/"},{"@type":"ListItem","position":2,"name":"Engagements"}]},{"@type":"WebSite","@id":"https:\/\/www.fiestaclasica.org\/#website","url":"https:\/\/www.fiestaclasica.org\/","name":"Fiesta Clasica","description":"Fiesta Clasica","publisher":{"@id":"https:\/\/www.fiestaclasica.org\/#organization"},"potentialAction":[{"@type":"SearchAction","target":{"@type":"EntryPoint","urlTemplate":"https:\/\/www.fiestaclasica.org\/?s={search_term_string}"},"query-input":"required name=search_term_string"}],"inLanguage":"fr-FR"},{"@type":"Organization","@id":"https:\/\/www.fiestaclasica.org\/#organization","name":"fiesta clasica","url":"https:\/\/www.fiestaclasica.org\/","logo":{"@type":"ImageObject","inLanguage":"fr-FR","@id":"https:\/\/www.fiestaclasica.org\/#\/schema\/logo\/image\/","url":"https:\/\/www.fiestaclasica.org\/wp-content\/uploads\/2016\/04\/logo-FC-prensa.jpg","contentUrl":"https:\/\/www.fiestaclasica.org\/wp-content\/uploads\/2016\/04\/logo-FC-prensa.jpg","width":449,"height":261,"caption":"fiesta clasica"},"image":{"@id":"https:\/\/www.fiestaclasica.org\/#\/schema\/logo\/image\/"},"sameAs":["https:\/\/www.facebook.com\/FiestaClasica\/","https:\/\/twitter.com\/fiestaclasica","https:\/\/www.instagram.com\/fiestaclasica\/","https:\/\/www.youtube.com\/channel\/UCt82JYKhPM3Th7pNLCA7-xw"]}]}},"_links":{"self":[{"href":"https:\/\/www.fiestaclasica.org\/fr\/wp-json\/wp\/v2\/pages\/3786\/"}],"collection":[{"href":"https:\/\/www.fiestaclasica.org\/fr\/wp-json\/wp\/v2\/pages\/"}],"about":[{"href":"https:\/\/www.fiestaclasica.org\/fr\/wp-json\/wp\/v2\/types\/page\/"}],"author":[{"embeddable":true,"href":"https:\/\/www.fiestaclasica.org\/fr\/wp-json\/wp\/v2\/users\/1\/"}],"replies":[{"embeddable":true,"href":"https:\/\/www.fiestaclasica.org\/fr\/wp-json\/wp\/v2\/comments\/?post=3786"}],"version-history":[{"count":16,"href":"https:\/\/www.fiestaclasica.org\/fr\/wp-json\/wp\/v2\/pages\/3786\/revisions\/"}],"predecessor-version":[{"id":12742,"href":"https:\/\/www.fiestaclasica.org\/fr\/wp-json\/wp\/v2\/pages\/3786\/revisions\/12742\/"}],"wp:attachment":[{"href":"https:\/\/www.fiestaclasica.org\/fr\/wp-json\/wp\/v2\/media\/?parent=3786"}],"wp:term":[{"taxonomy":"category","embeddable":true,"href":"https:\/\/www.fiestaclasica.org\/fr\/wp-json\/wp\/v2\/categories\/?post=3786"},{"taxonomy":"post_tag","embeddable":true,"href":"https:\/\/www.fiestaclasica.org\/fr\/wp-json\/wp\/v2\/tags\/?post=3786"}],"curies":[{"name":"wp","href":"https:\/\/api.w.org\/{rel}","templated":true}]}}