{"id":2715,"date":"2018-06-28T16:53:21","date_gmt":"2018-06-28T20:53:21","guid":{"rendered":"http:\/\/www.fiestaclasica.org\/?page_id=2715"},"modified":"2023-05-11T17:10:07","modified_gmt":"2023-05-11T21:10:07","slug":"gouvernance","status":"publish","type":"page","link":"https:\/\/www.fiestaclasica.org\/fr\/gouvernance\/","title":{"rendered":"Gouvernance"},"content":{"rendered":"[vc_row center_row=\u00a0\u00bbyes\u00a0\u00bb][vc_column][vc_raw_js]JTNDc2NyaXB0JTIwdHlwZSUzRCUyMnRleHQlMkZqYXZhc2NyaXB0JTIyJTNFJTBBZG9jdW1lbnQuZ2V0RWxlbWVudEJ5SWQlMjglMjJvdXRlci13cmFwJTIyJTI5LmNsYXNzTmFtZSUyMCUzRCUyMCUyMnBhZ2UtY3VzdG9tJTIwcGFnZS1nb2Jlcm5hbnphJTIyJTNCJTBBJTNDJTJGc2NyaXB0JTNF[\/vc_raw_js][vc_column_text]La Fondation Fiesta Cl\u00e1sica est administr\u00e9e par un Conseil d\u2019Administration compos\u00e9 de six membres. Ce conseil est responsable de la strat\u00e9gie de la fondation ainsi que de l\u2019\u00e9laboration des programmes d\u2019actions \u00e0 moyen et long terme. Il se r\u00e9unit au moins deux fois par an pour contr\u00f4ler le suivi de gestion de la fondation tant au plan financier qu\u2019au niveau du programme d\u2019actions engag\u00e9 pour chaque exercice.<\/p>\n<p>Le conseil est compos\u00e9 de Corinne Bouygues Gobbi (Pr\u00e9sidente), Dominique Mey (Vice-Pr\u00e9sident), Frank Ferandier-Sicard (Secr\u00e9taire), Pilar Camarero (Tr\u00e9sori\u00e8re), Marisol Vicens Bello (vocale) et Jos\u00e9 A. Caro Ginebra (Vocale).[\/vc_column_text][\/vc_column][\/vc_row][vc_row center_row=\u00a0\u00bbyes\u00a0\u00bb][vc_column width=\u00a0\u00bb1\/3&Prime; el_class=\u00a0\u00bbfundador\u00a0\u00bb][vc_hoverbox image=\u00a0\u00bb5657&Prime; primary_title=\u00a0\u00bb\u00a0\u00bb hover_title=\u00a0\u00bbPr\u00e9sidente\u00a0\u00bb shape=\u00a0\u00bbsquare\u00a0\u00bb hover_background_color=\u00a0\u00bbcustom\u00a0\u00bb el_class=\u00a0\u00bbfund_name\u00a0\u00bb hover_custom_background=\u00a0\u00bb#e0e3e4&Prime;]Depuis plusieurs ann\u00e9es Corinne Bouygues s\u00e9journe r\u00e9guli\u00e8rement\u00a0en R\u00e9publique Dominicaine. S\u00e9duite par le pays et par le charme incomparable de la Ville\u00a0Coloniale (intra-muros), elle est \u00e0 l\u2019initiative de la Fondation et en assure la pr\u00e9sidence. La famille Bouygues est propri\u00e9taire d\u2019un des principaux groupes de construction au monde et d\u2019un des groupes de communication parmi les plus importants en Europe.[\/vc_hoverbox][vc_column_text el_class=\u00a0\u00bbname_photo\u00a0\u00bb]\n<p style=\"text-align: center;\"><strong>Corinne Bouygues<\/strong><\/p>\n[\/vc_column_text][\/vc_column][vc_column width=\u00a0\u00bb1\/3&Prime; el_class=\u00a0\u00bbfundador\u00a0\u00bb][vc_hoverbox image=\u00a0\u00bb11718&Prime; primary_title=\u00a0\u00bb\u00a0\u00bb hover_title=\u00a0\u00bbVice Pr\u00e9sident\u00a0\u00bb shape=\u00a0\u00bbsquare\u00a0\u00bb hover_background_color=\u00a0\u00bbcustom\u00a0\u00bb el_class=\u00a0\u00bbfund_name\u00a0\u00bb hover_custom_background=\u00a0\u00bb#e0e3e4&Prime;]Etabli depuis plus de 15 ans en R\u00e9publique Dominicaine, Dominique Mey est un entrepreneur sp\u00e9cialis\u00e9 dans la publicit\u00e9 mais aussi un amateur d\u2019art et de culture. F\u00e9ru\u00a0de musique baroque, il a trouv\u00e9 \u00e0 Saint Domingue un environnement lui permettant d\u2019assouvir ses passions.\u00a0Il consacre une grande partie de son temps \u00e0 la restauration d\u2019\u00e9difices dans la Ville\u00a0Coloniale.[\/vc_hoverbox][vc_column_text el_class=\u00a0\u00bbname_photo\u00a0\u00bb]\n<p style=\"text-align: center;\"><strong>Dominique Mey<\/strong><\/p>\n[\/vc_column_text][\/vc_column][vc_column width=\u00a0\u00bb1\/3&Prime; el_class=\u00a0\u00bbfundador\u00a0\u00bb][vc_hoverbox image=\u00a0\u00bb9514&Prime; primary_title=\u00a0\u00bb\u00a0\u00bb hover_title=\u00a0\u00bbSecr\u00e9taire\u00a0\u00bb shape=\u00a0\u00bbsquare\u00a0\u00bb hover_background_color=\u00a0\u00bbcustom\u00a0\u00bb el_class=\u00a0\u00bbfund_name\u00a0\u00bb hover_custom_background=\u00a0\u00bb#e0e3e4&Prime;]Dipl\u00f4m\u00e9 en Sciences Politiques et Droit International Public de l\u2019Universit\u00e9 de Bordeaux, il a dirig\u00e9 plusieurs compagnies de communication et de presse audiovisuelle en France comme \u00e0 l\u2019\u00e9tranger. Actuellement Pr\u00e9sident de ACP Export, passionn\u00e9 par la Zone Coloniale et amateur de musique classique.[\/vc_hoverbox][vc_column_text el_class=\u00a0\u00bbname_photo\u00a0\u00bb]\n<p style=\"text-align: center;\"><strong>Frank Ferandier-Sicard<\/strong><\/p>\n[\/vc_column_text][\/vc_column][\/vc_row][vc_row center_row=\u00a0\u00bbyes\u00a0\u00bb][vc_column width=\u00a0\u00bb1\/3&Prime; el_class=\u00a0\u00bbfundador\u00a0\u00bb][vc_hoverbox image=\u00a0\u00bb8922&Prime; primary_title=\u00a0\u00bb\u00a0\u00bb hover_title=\u00a0\u00bbTr\u00e9sori\u00e8re\u00a0\u00bb shape=\u00a0\u00bbsquare\u00a0\u00bb hover_background_color=\u00a0\u00bbcustom\u00a0\u00bb el_class=\u00a0\u00bbfund_name\u00a0\u00bb hover_custom_background=\u00a0\u00bb#e0e3e4&Prime;]Elle a \u00e9t\u00e9 directrice juridique et administrative de fonds d&rsquo;investissement et de promoteurs tels que Fisher Island, la Banque internationale de Londres, Royal Resorts et Rushcliffe International. Depuis 2012, elle g\u00e8re de grands projets immobiliers dans la r\u00e9gion des Cara\u00efbes. Licenci\u00e9e en communication. Experte europ\u00e9enne en impl\u00e9mentation et gestion de la qualit\u00e9 et audit de la norme ISO 9001.[\/vc_hoverbox][vc_column_text el_class=\u00a0\u00bbname_photo\u00a0\u00bb]\n<p style=\"text-align: center;\"><strong>Pilar Camarero<\/strong><\/p>\n[\/vc_column_text][\/vc_column][vc_column width=\u00a0\u00bb1\/3&Prime; el_class=\u00a0\u00bbfundador\u00a0\u00bb][vc_hoverbox image=\u00a0\u00bb9315&Prime; primary_title=\u00a0\u00bb\u00a0\u00bb hover_title=\u00a0\u00bbVocale\u00a0\u00bb shape=\u00a0\u00bbsquare\u00a0\u00bb hover_background_color=\u00a0\u00bbcustom\u00a0\u00bb el_class=\u00a0\u00bbfund_name\u00a0\u00bb hover_custom_background=\u00a0\u00bb#e0e3e4&Prime;]Docteur en droit, titulaire d\u2019un DEA de Droit Priv\u00e9 et d\u2019un DESS de Droit Civil (Paris II Panth\u00e9on-Assas), Marisol Vicens Bello est avocate associ\u00e9e du Cabinet Headrick, Rizik, Alvarez &amp; Fern\u00e1ndez. Elle s\u2019implique \u00e9galement dans de nombreuses actions caritatives et sociales qui font d\u2019elle une des principales actrices de la soci\u00e9t\u00e9 civile dominicaine.[\/vc_hoverbox][vc_column_text el_class=\u00a0\u00bbname_photo\u00a0\u00bb]\n<p style=\"text-align: center;\"><strong>Marisol Vicens Bello<\/strong><\/p>\n[\/vc_column_text][\/vc_column][vc_column width=\u00a0\u00bb1\/3&Prime; el_class=\u00a0\u00bbfundador\u00a0\u00bb][vc_hoverbox image=\u00a0\u00bb11545&Prime; primary_title=\u00a0\u00bb\u00a0\u00bb hover_title=\u00a0\u00bbVocale\u00a0\u00bb shape=\u00a0\u00bbsquare\u00a0\u00bb hover_background_color=\u00a0\u00bbcustom\u00a0\u00bb el_class=\u00a0\u00bbfund_name\u00a0\u00bb hover_custom_background=\u00a0\u00bb#e0e3e4&Prime;]Jos\u00e9 A. Caro, architecte dipl\u00f4m\u00e9 de l\u2019Universit\u00e9 de Cornell, Ithaca New York. Pr\u00e9sident de Caralva S.A., entreprise de conception architecturale et de construction. Ex-Pr\u00e9sident du Banco BHD et du Groupe BHD. Actuellement membre du Conseil de Direction de Banco BHD-Le\u00f3n et du Centre Financier BHD-Le\u00f3n.[\/vc_hoverbox][vc_column_text el_class=\u00a0\u00bbname_photo\u00a0\u00bb]\n<p style=\"text-align: center;\"><strong>Arq. Jos\u00e9 A. Caro Ginebra<\/strong><\/p>\n[\/vc_column_text][\/vc_column][\/vc_row][vc_row remove_bottom_col_margin=\u00a0\u00bbtrue\u00a0\u00bb center_row=\u00a0\u00bbyes\u00a0\u00bb][vc_column el_class=\u00a0\u00bbbottom-call\u00a0\u00bb]<div class=\"templatera_shortcode\">[vc_row el_class=\"bottom-call-afc\"][vc_column width=\"1\/2\"][vc_column_text]\r\n<p style=\"text-align: right;\">D\u00c9COUVREZ LES AMIS DE FIESTA CL\u00c1SICA<\/p>\r\n[\/vc_column_text][\/vc_column][vc_column width=\"1\/2\"]<figure class=\"vcex-image vcex-module wpex-clr\"><div class=\"vcex-image-inner wpex-relative wpex-inline-block\" style=\"max-width:190px;\"><a href=\"http:\/\/www.fiestaclasica.org\/fr\/los-amigos-de-fiesta-clasica\/\" title=\"Los Amigos de Fiesta Cl\u00e1sica\"><img width=\"780\" height=\"399\" src=\"https:\/\/www.fiestaclasica.org\/wp-content\/uploads\/2018\/07\/Logo_AFC_243.jpg\" class=\"wpex-align-middle\" alt=\"\" decoding=\"async\" loading=\"lazy\" srcset=\"https:\/\/www.fiestaclasica.org\/wp-content\/uploads\/2018\/07\/Logo_AFC_243.jpg 780w, https:\/\/www.fiestaclasica.org\/wp-content\/uploads\/2018\/07\/Logo_AFC_243-300x153.jpg 300w\" sizes=\"(max-width: 780px) 100vw, 780px\" \/><\/a><\/div><\/figure>[\/vc_column][\/vc_row]<\/div>[\/vc_column][\/vc_row][vc_row center_row=\u00a0\u00bbyes\u00a0\u00bb el_class=\u00a0\u00bbmypage-bottom\u00a0\u00bb][vc_column]<div class=\"templatera_shortcode\"><style type=\"text\/css\" data-type=\"vc_shortcodes-custom-css\">.vc_custom_1464728684469{margin-bottom: 0px !important;border-bottom-width: 0px !important;padding-bottom: 0px !important;}<\/style>[vc_row el_id=\"newsletter-row\"][vc_column css=\".vc_custom_1464728684469{margin-bottom: 0px !important;border-bottom-width: 0px !important;padding-bottom: 0px !important;}\"][vc_widget_sidebar sidebar_id=\"barralateral\" el_class=\"newsletter-form\"][\/vc_column][\/vc_row]<\/div>[\/vc_column][\/vc_row]\n","protected":false},"excerpt":{"rendered":"<p>[vc_row center_row=\u00a0\u00bbyes\u00a0\u00bb][vc_column][vc_raw_js]JTNDc2NyaXB0JTIwdHlwZSUzRCUyMnRleHQlMkZqYXZhc2NyaXB0JTIyJTNFJTBBZG9jdW1lbnQuZ2V0RWxlbWVudEJ5SWQlMjglMjJvdXRlci13cmFwJTIyJTI5LmNsYXNzTmFtZSUyMCUzRCUyMCUyMnBhZ2UtY3VzdG9tJTIwcGFnZS1nb2Jlcm5hbnphJTIyJTNCJTBBJTNDJTJGc2NyaXB0JTNF[\/vc_raw_js][vc_column_text]La Fondation Fiesta Cl\u00e1sica est administr\u00e9e par un Conseil d\u2019Administration compos\u00e9 de six membres. Ce conseil est responsable de la strat\u00e9gie de la fondation ainsi que de l\u2019\u00e9laboration des programmes d\u2019actions \u00e0 moyen et long terme. Il se r\u00e9unit au moins deux fois par an pour contr\u00f4ler le suivi de gestion de la fondation&hellip;<\/p>\n","protected":false},"author":1,"featured_media":0,"parent":0,"menu_order":0,"comment_status":"closed","ping_status":"closed","template":"","meta":[],"categories":[],"tags":[],"yoast_head":"<!-- This site is optimized with the Yoast SEO plugin v20.7 - https:\/\/yoast.com\/wordpress\/plugins\/seo\/ -->\n<title>Gouvernance - Fiesta Clasica<\/title>\n<meta name=\"robots\" content=\"index, follow, max-snippet:-1, max-image-preview:large, max-video-preview:-1\" \/>\n<link rel=\"canonical\" href=\"https:\/\/www.fiestaclasica.org\/fr\/gouvernance\/\" \/>\n<meta property=\"og:locale\" content=\"fr_FR\" \/>\n<meta property=\"og:type\" content=\"article\" \/>\n<meta property=\"og:title\" content=\"Gouvernance - Fiesta Clasica\" \/>\n<meta property=\"og:description\" content=\"[vc_row center_row=\u00a0\u00bbyes\u00a0\u00bb][vc_column][vc_raw_js]JTNDc2NyaXB0JTIwdHlwZSUzRCUyMnRleHQlMkZqYXZhc2NyaXB0JTIyJTNFJTBBZG9jdW1lbnQuZ2V0RWxlbWVudEJ5SWQlMjglMjJvdXRlci13cmFwJTIyJTI5LmNsYXNzTmFtZSUyMCUzRCUyMCUyMnBhZ2UtY3VzdG9tJTIwcGFnZS1nb2Jlcm5hbnphJTIyJTNCJTBBJTNDJTJGc2NyaXB0JTNF[\/vc_raw_js][vc_column_text]La Fondation Fiesta Cl\u00e1sica est administr\u00e9e par un Conseil d\u2019Administration compos\u00e9 de six membres. Ce conseil est responsable de la strat\u00e9gie de la fondation ainsi que de l\u2019\u00e9laboration des programmes d\u2019actions \u00e0 moyen et long terme. Il se r\u00e9unit au moins deux fois par an pour contr\u00f4ler le suivi de gestion de la fondation&hellip;\" \/>\n<meta property=\"og:url\" content=\"https:\/\/www.fiestaclasica.org\/fr\/gouvernance\/\" \/>\n<meta property=\"og:site_name\" content=\"Fiesta Clasica\" \/>\n<meta property=\"article:publisher\" content=\"https:\/\/www.facebook.com\/FiestaClasica\/\" \/>\n<meta property=\"article:modified_time\" content=\"2023-05-11T21:10:07+00:00\" \/>\n<meta name=\"twitter:card\" content=\"summary_large_image\" \/>\n<meta name=\"twitter:site\" content=\"@fiestaclasica\" \/>\n<meta name=\"twitter:label1\" content=\"Dur\u00e9e de lecture estim\u00e9e\" \/>\n\t<meta name=\"twitter:data1\" content=\"3 minutes\" \/>\n<script type=\"application\/ld+json\" class=\"yoast-schema-graph\">{\"@context\":\"https:\/\/schema.org\",\"@graph\":[{\"@type\":\"WebPage\",\"@id\":\"https:\/\/www.fiestaclasica.org\/fr\/gouvernance\/\",\"url\":\"https:\/\/www.fiestaclasica.org\/fr\/gouvernance\/\",\"name\":\"Gouvernance - Fiesta Clasica\",\"isPartOf\":{\"@id\":\"https:\/\/www.fiestaclasica.org\/#website\"},\"datePublished\":\"2018-06-28T20:53:21+00:00\",\"dateModified\":\"2023-05-11T21:10:07+00:00\",\"breadcrumb\":{\"@id\":\"https:\/\/www.fiestaclasica.org\/fr\/gouvernance\/#breadcrumb\"},\"inLanguage\":\"fr-FR\",\"potentialAction\":[{\"@type\":\"ReadAction\",\"target\":[\"https:\/\/www.fiestaclasica.org\/fr\/gouvernance\/\"]}]},{\"@type\":\"BreadcrumbList\",\"@id\":\"https:\/\/www.fiestaclasica.org\/fr\/gouvernance\/#breadcrumb\",\"itemListElement\":[{\"@type\":\"ListItem\",\"position\":1,\"name\":\"Portada\",\"item\":\"https:\/\/www.fiestaclasica.org\/fr\/\"},{\"@type\":\"ListItem\",\"position\":2,\"name\":\"Gouvernance\"}]},{\"@type\":\"WebSite\",\"@id\":\"https:\/\/www.fiestaclasica.org\/#website\",\"url\":\"https:\/\/www.fiestaclasica.org\/\",\"name\":\"Fiesta Clasica\",\"description\":\"Fiesta Clasica\",\"publisher\":{\"@id\":\"https:\/\/www.fiestaclasica.org\/#organization\"},\"potentialAction\":[{\"@type\":\"SearchAction\",\"target\":{\"@type\":\"EntryPoint\",\"urlTemplate\":\"https:\/\/www.fiestaclasica.org\/?s={search_term_string}\"},\"query-input\":\"required name=search_term_string\"}],\"inLanguage\":\"fr-FR\"},{\"@type\":\"Organization\",\"@id\":\"https:\/\/www.fiestaclasica.org\/#organization\",\"name\":\"fiesta clasica\",\"url\":\"https:\/\/www.fiestaclasica.org\/\",\"logo\":{\"@type\":\"ImageObject\",\"inLanguage\":\"fr-FR\",\"@id\":\"https:\/\/www.fiestaclasica.org\/#\/schema\/logo\/image\/\",\"url\":\"https:\/\/www.fiestaclasica.org\/wp-content\/uploads\/2016\/04\/logo-FC-prensa.jpg\",\"contentUrl\":\"https:\/\/www.fiestaclasica.org\/wp-content\/uploads\/2016\/04\/logo-FC-prensa.jpg\",\"width\":449,\"height\":261,\"caption\":\"fiesta clasica\"},\"image\":{\"@id\":\"https:\/\/www.fiestaclasica.org\/#\/schema\/logo\/image\/\"},\"sameAs\":[\"https:\/\/www.facebook.com\/FiestaClasica\/\",\"https:\/\/twitter.com\/fiestaclasica\",\"https:\/\/www.instagram.com\/fiestaclasica\/\",\"https:\/\/www.youtube.com\/channel\/UCt82JYKhPM3Th7pNLCA7-xw\"]}]}<\/script>\n<!-- \/ Yoast SEO plugin. -->","yoast_head_json":{"title":"Gouvernance - Fiesta Clasica","robots":{"index":"index","follow":"follow","max-snippet":"max-snippet:-1","max-image-preview":"max-image-preview:large","max-video-preview":"max-video-preview:-1"},"canonical":"https:\/\/www.fiestaclasica.org\/fr\/gouvernance\/","og_locale":"fr_FR","og_type":"article","og_title":"Gouvernance - Fiesta Clasica","og_description":"[vc_row center_row=\u00a0\u00bbyes\u00a0\u00bb][vc_column][vc_raw_js]JTNDc2NyaXB0JTIwdHlwZSUzRCUyMnRleHQlMkZqYXZhc2NyaXB0JTIyJTNFJTBBZG9jdW1lbnQuZ2V0RWxlbWVudEJ5SWQlMjglMjJvdXRlci13cmFwJTIyJTI5LmNsYXNzTmFtZSUyMCUzRCUyMCUyMnBhZ2UtY3VzdG9tJTIwcGFnZS1nb2Jlcm5hbnphJTIyJTNCJTBBJTNDJTJGc2NyaXB0JTNF[\/vc_raw_js][vc_column_text]La Fondation Fiesta Cl\u00e1sica est administr\u00e9e par un Conseil d\u2019Administration compos\u00e9 de six membres. Ce conseil est responsable de la strat\u00e9gie de la fondation ainsi que de l\u2019\u00e9laboration des programmes d\u2019actions \u00e0 moyen et long terme. Il se r\u00e9unit au moins deux fois par an pour contr\u00f4ler le suivi de gestion de la fondation&hellip;","og_url":"https:\/\/www.fiestaclasica.org\/fr\/gouvernance\/","og_site_name":"Fiesta Clasica","article_publisher":"https:\/\/www.facebook.com\/FiestaClasica\/","article_modified_time":"2023-05-11T21:10:07+00:00","twitter_card":"summary_large_image","twitter_site":"@fiestaclasica","twitter_misc":{"Dur\u00e9e de lecture estim\u00e9e":"3 minutes"},"schema":{"@context":"https:\/\/schema.org","@graph":[{"@type":"WebPage","@id":"https:\/\/www.fiestaclasica.org\/fr\/gouvernance\/","url":"https:\/\/www.fiestaclasica.org\/fr\/gouvernance\/","name":"Gouvernance - Fiesta Clasica","isPartOf":{"@id":"https:\/\/www.fiestaclasica.org\/#website"},"datePublished":"2018-06-28T20:53:21+00:00","dateModified":"2023-05-11T21:10:07+00:00","breadcrumb":{"@id":"https:\/\/www.fiestaclasica.org\/fr\/gouvernance\/#breadcrumb"},"inLanguage":"fr-FR","potentialAction":[{"@type":"ReadAction","target":["https:\/\/www.fiestaclasica.org\/fr\/gouvernance\/"]}]},{"@type":"BreadcrumbList","@id":"https:\/\/www.fiestaclasica.org\/fr\/gouvernance\/#breadcrumb","itemListElement":[{"@type":"ListItem","position":1,"name":"Portada","item":"https:\/\/www.fiestaclasica.org\/fr\/"},{"@type":"ListItem","position":2,"name":"Gouvernance"}]},{"@type":"WebSite","@id":"https:\/\/www.fiestaclasica.org\/#website","url":"https:\/\/www.fiestaclasica.org\/","name":"Fiesta Clasica","description":"Fiesta Clasica","publisher":{"@id":"https:\/\/www.fiestaclasica.org\/#organization"},"potentialAction":[{"@type":"SearchAction","target":{"@type":"EntryPoint","urlTemplate":"https:\/\/www.fiestaclasica.org\/?s={search_term_string}"},"query-input":"required name=search_term_string"}],"inLanguage":"fr-FR"},{"@type":"Organization","@id":"https:\/\/www.fiestaclasica.org\/#organization","name":"fiesta clasica","url":"https:\/\/www.fiestaclasica.org\/","logo":{"@type":"ImageObject","inLanguage":"fr-FR","@id":"https:\/\/www.fiestaclasica.org\/#\/schema\/logo\/image\/","url":"https:\/\/www.fiestaclasica.org\/wp-content\/uploads\/2016\/04\/logo-FC-prensa.jpg","contentUrl":"https:\/\/www.fiestaclasica.org\/wp-content\/uploads\/2016\/04\/logo-FC-prensa.jpg","width":449,"height":261,"caption":"fiesta clasica"},"image":{"@id":"https:\/\/www.fiestaclasica.org\/#\/schema\/logo\/image\/"},"sameAs":["https:\/\/www.facebook.com\/FiestaClasica\/","https:\/\/twitter.com\/fiestaclasica","https:\/\/www.instagram.com\/fiestaclasica\/","https:\/\/www.youtube.com\/channel\/UCt82JYKhPM3Th7pNLCA7-xw"]}]}},"_links":{"self":[{"href":"https:\/\/www.fiestaclasica.org\/fr\/wp-json\/wp\/v2\/pages\/2715\/"}],"collection":[{"href":"https:\/\/www.fiestaclasica.org\/fr\/wp-json\/wp\/v2\/pages\/"}],"about":[{"href":"https:\/\/www.fiestaclasica.org\/fr\/wp-json\/wp\/v2\/types\/page\/"}],"author":[{"embeddable":true,"href":"https:\/\/www.fiestaclasica.org\/fr\/wp-json\/wp\/v2\/users\/1\/"}],"replies":[{"embeddable":true,"href":"https:\/\/www.fiestaclasica.org\/fr\/wp-json\/wp\/v2\/comments\/?post=2715"}],"version-history":[{"count":24,"href":"https:\/\/www.fiestaclasica.org\/fr\/wp-json\/wp\/v2\/pages\/2715\/revisions\/"}],"predecessor-version":[{"id":13052,"href":"https:\/\/www.fiestaclasica.org\/fr\/wp-json\/wp\/v2\/pages\/2715\/revisions\/13052\/"}],"wp:attachment":[{"href":"https:\/\/www.fiestaclasica.org\/fr\/wp-json\/wp\/v2\/media\/?parent=2715"}],"wp:term":[{"taxonomy":"category","embeddable":true,"href":"https:\/\/www.fiestaclasica.org\/fr\/wp-json\/wp\/v2\/categories\/?post=2715"},{"taxonomy":"post_tag","embeddable":true,"href":"https:\/\/www.fiestaclasica.org\/fr\/wp-json\/wp\/v2\/tags\/?post=2715"}],"curies":[{"name":"wp","href":"https:\/\/api.w.org\/{rel}","templated":true}]}}