{"id":2634,"date":"2018-06-29T19:53:19","date_gmt":"2018-06-29T23:53:19","guid":{"rendered":"http:\/\/www.fiestaclasica.org\/?page_id=2634"},"modified":"2023-05-18T09:35:41","modified_gmt":"2023-05-18T13:35:41","slug":"homepage","status":"publish","type":"page","link":"https:\/\/www.fiestaclasica.org\/fr\/","title":{"rendered":"Accueil"},"content":{"rendered":"[vc_row center_row=\u00a0\u00bbyes\u00a0\u00bb css=\u00a0\u00bb.vc_custom_1680561728949{margin-top: 0px !important;border-top-width: 0px !important;background-color: #e0e3e4 !important;}\u00a0\u00bb el_id=\u00a0\u00bbintrohomepage\u00a0\u00bb][vc_column]<div class=\"vcex-spacing wpex-w-100 wpex-clear\"><\/div>[vc_raw_js]JTNDc2NyaXB0JTIwdHlwZSUzRCUyMnRleHQlMkZqYXZhc2NyaXB0JTIyJTNFJTBBZG9jdW1lbnQuZ2V0RWxlbWVudEJ5SWQlMjglMjJvdXRlci13cmFwJTIyJTI5LmNsYXNzTmFtZSUyMCUzRCUyMCUyMnBhZ2VzLWN1c3RvbSUyMHBhZ2UtaG9tZSUyMiUzQiUwQSUzQyUyRnNjcmlwdCUzRQ==[\/vc_raw_js][vc_column_text el_class=\u00a0\u00bbintro-home\u00a0\u00bb]\n<h1>Fiesta Cl\u00e1sica, une fondation pour l\u2019enseignement de la musique classique<\/h1>\n<p>Cr\u00e9\u00e9e en 2015, la Fondation Fiesta Cl\u00e1sica se consacre \u00e0 l\u2019enseignement de la musique classique aux enfants de la Ville Coloniale (intra-muros) de Saint-Domingue. C\u2019est une initiative enti\u00e8rement priv\u00e9e qui a pour vocation de rassembler les amoureux de musique classique r\u00e9sidants en R\u00e9publique Dominicaine. Ses deux \u0153uvres principales sont la gestion d\u2019un\u00a0centre d&rsquo;enseignement musical\u00a0en accord avec <em>El Sistema<\/em>\u00a0et l\u2019organisation de concerts de prestige.[\/vc_column_text]<figure class=\"vcex-image vcex-module wpex-clr wpex-mb-20 textcenter  wpb_animate_when_almost_visible wpb_fadeIn fadeIn\"><div class=\"vcex-image-inner wpex-relative wpex-inline-block hvr hvr-float\"><a href=\"https:\/\/www.youtube.com\/watch?v=6mWsmRwiSIY\" target=\"_blank\" rel=\"nofollow noopener noreferrer\"><img width=\"1280\" height=\"720\" src=\"https:\/\/www.fiestaclasica.org\/wp-content\/uploads\/2023\/05\/FC-YT-calltoact.jpg\" class=\"wpex-align-middle\" alt=\"Amis de Fiesta - Pr\u00e9sentation\" decoding=\"async\" loading=\"lazy\" style=\"border-radius:var(--wpex-rounded);\" srcset=\"https:\/\/www.fiestaclasica.org\/wp-content\/uploads\/2023\/05\/FC-YT-calltoact.jpg 1280w, https:\/\/www.fiestaclasica.org\/wp-content\/uploads\/2023\/05\/FC-YT-calltoact-300x169.jpg 300w, https:\/\/www.fiestaclasica.org\/wp-content\/uploads\/2023\/05\/FC-YT-calltoact-1024x576.jpg 1024w, https:\/\/www.fiestaclasica.org\/wp-content\/uploads\/2023\/05\/FC-YT-calltoact-768x432.jpg 768w\" sizes=\"(max-width: 1280px) 100vw, 1280px\" \/><\/a><\/div><\/figure>[vc_column_text]\n<h2>Derni\u00e8res actualit\u00e9s<\/h2>\n[\/vc_column_text]<div class=\"vcex-spacing wpex-w-100 wpex-clear\" style=\"height:15px;\"><\/div><div class=\"vcex-module vcex-post-type-grid-wrap wpex-clr\"><div class=\"wpex-row vcex-post-type-grid entries wpex-clr gap-30 match-height-grid\"><div class=\"vcex-post-type-entry vcex-grid-item wpex-clr col span_1_of_3 col-1 post-13039 entry type-post has-media cat-18 translation_priority-77\"><div class=\"vcex-post-type-entry-inner entry-inner wpex-first-mt-0 wpex-last-mb-0 wpex-clr vc_custom_1680545062561\"><div class=\"vcex-post-type-entry-media entry-media\"><a href=\"https:\/\/www.fiestaclasica.org\/fr\/concert-de-noel-a-saint-domingue\/\" title=\"Concert de No\u00ebl \u00e0 Saint-Domingue\"><img loading=\"lazy\" class=\"vcex-blog-entry-img wpex-align-middle\" src=\"https:\/\/www.fiestaclasica.org\/wp-content\/uploads\/2023\/04\/Copia-de-Z7I_8388-640x480.jpg\" alt=\"\" width=\"640\" height=\"480\"><\/a><\/div><div class=\"vcex-post-type-entry-details entry-details wpex-bordered wpex-first-mt-0 wpex-last-mb-0 wpex-clr vc_custom_1680545062562\"><div class=\"match-height-content\"><h3 class=\"vcex-post-type-entry-title entry-title wpex-mb-5 wpex-child-inherit-color\"  style=\"color:#20409a;font-weight:400;\"><a href=\"https:\/\/www.fiestaclasica.org\/fr\/concert-de-noel-a-saint-domingue\/\">Concert de No\u00ebl \u00e0 Saint-Domingue<\/a><\/h3 ><div class=\"vcex-post-type-entry-excerpt entry-excerpt wpex-my-15 wpex-last-mb-0 wpex-clr\"><p>Saint-Domingue, 4 janvier 2023 Nous avons c\u00e9l\u00e9br\u00e9 No\u00ebl 2022 par un concert de No\u00ebl en l'\u00e9glise Regina Angelorum dans la&hellip;<\/p><\/div><div class=\"vcex-post-type-entry-readmore-wrap entry-readmore-wrap wpex-my-15 wpex-clr\"><a href=\"https:\/\/www.fiestaclasica.org\/fr\/concert-de-noel-a-saint-domingue\/\" class=\"theme-button\" style=\"background:#20409a;\" aria-label=\"En savoir plus about Concert de No\u00ebl \u00e0 Saint-Domingue\">En savoir plus <span class=\"vcex-readmore-rarr\">&rarr;<\/span><\/a><\/div><\/div><\/div><\/div><\/div><div class=\"vcex-post-type-entry vcex-grid-item wpex-clr col span_1_of_3 col-2 post-12797 entry type-post has-media cat-18 post_tag-193 translation_priority-77\"><div class=\"vcex-post-type-entry-inner entry-inner wpex-first-mt-0 wpex-last-mb-0 wpex-clr vc_custom_1680545062561\"><div class=\"vcex-post-type-entry-media entry-media\"><a href=\"https:\/\/www.fiestaclasica.org\/fr\/katherine-paredes-a-los-angeles\/\" title=\"Katherine Paredes \u00e0 Los Angeles\"><img loading=\"lazy\" class=\"vcex-blog-entry-img wpex-align-middle\" src=\"https:\/\/www.fiestaclasica.org\/wp-content\/uploads\/2023\/04\/yola-00-640x480.jpg\" alt=\"\" width=\"640\" height=\"480\"><\/a><\/div><div class=\"vcex-post-type-entry-details entry-details wpex-bordered wpex-first-mt-0 wpex-last-mb-0 wpex-clr vc_custom_1680545062562\"><div class=\"match-height-content\"><h3 class=\"vcex-post-type-entry-title entry-title wpex-mb-5 wpex-child-inherit-color\"  style=\"color:#20409a;font-weight:400;\"><a href=\"https:\/\/www.fiestaclasica.org\/fr\/katherine-paredes-a-los-angeles\/\">Katherine Paredes \u00e0 Los Angeles<\/a><\/h3 ><div class=\"vcex-post-type-entry-excerpt entry-excerpt wpex-my-15 wpex-last-mb-0 wpex-clr\"><p>Santo Domingo, le 2 septembre 2022 Notre altiste Katherine Paredes a \u00e9t\u00e9 invit\u00e9e \u00e0 jouer dans un orchestre international aux&hellip;<\/p><\/div><div class=\"vcex-post-type-entry-readmore-wrap entry-readmore-wrap wpex-my-15 wpex-clr\"><a href=\"https:\/\/www.fiestaclasica.org\/fr\/katherine-paredes-a-los-angeles\/\" class=\"theme-button\" style=\"background:#20409a;\" aria-label=\"En savoir plus about Katherine Paredes \u00e0 Los Angeles\">En savoir plus <span class=\"vcex-readmore-rarr\">&rarr;<\/span><\/a><\/div><\/div><\/div><\/div><\/div><div class=\"vcex-post-type-entry vcex-grid-item wpex-clr col span_1_of_3 col-3 post-12764 entry type-post has-media cat-7 post_tag-190\"><div class=\"vcex-post-type-entry-inner entry-inner wpex-first-mt-0 wpex-last-mb-0 wpex-clr vc_custom_1680545062561\"><div class=\"vcex-post-type-entry-media entry-media\"><a href=\"https:\/\/www.fiestaclasica.org\/fr\/juliette-flaquer-recompensee-en-autriche-et-en-angleterre\/\" title=\"Juliette Flaquer r\u00e9compens\u00e9e en Autriche et en Angleterre\"><img loading=\"lazy\" class=\"vcex-blog-entry-img wpex-align-middle\" src=\"https:\/\/www.fiestaclasica.org\/wp-content\/uploads\/2023\/04\/juliette-00-640x480.jpg\" alt=\"\" width=\"640\" height=\"480\"><\/a><\/div><div class=\"vcex-post-type-entry-details entry-details wpex-bordered wpex-first-mt-0 wpex-last-mb-0 wpex-clr vc_custom_1680545062562\"><div class=\"match-height-content\"><h3 class=\"vcex-post-type-entry-title entry-title wpex-mb-5 wpex-child-inherit-color\"  style=\"color:#20409a;font-weight:400;\"><a href=\"https:\/\/www.fiestaclasica.org\/fr\/juliette-flaquer-recompensee-en-autriche-et-en-angleterre\/\">Juliette Flaquer r\u00e9compens\u00e9e en Autriche et en Angleterre<\/a><\/h3 ><div class=\"vcex-post-type-entry-excerpt entry-excerpt wpex-my-15 wpex-last-mb-0 wpex-clr\"><p>Saint-Domingue, 27 ao\u00fbt 2022 Notre violoniste Juliette Flaquer a particip\u00e9 \u00e0 deux concours internationaux et a \u00e9t\u00e9 r\u00e9compens\u00e9e \u00e0 deux&hellip;<\/p><\/div><div class=\"vcex-post-type-entry-readmore-wrap entry-readmore-wrap wpex-my-15 wpex-clr\"><a href=\"https:\/\/www.fiestaclasica.org\/fr\/juliette-flaquer-recompensee-en-autriche-et-en-angleterre\/\" class=\"theme-button\" style=\"background:#20409a;\" aria-label=\"En savoir plus about Juliette Flaquer r\u00e9compens\u00e9e en Autriche et en Angleterre\">En savoir plus <span class=\"vcex-readmore-rarr\">&rarr;<\/span><\/a><\/div><\/div><\/div><\/div><\/div><\/div><\/div>[\/vc_column][\/vc_row][vc_row center_row=\u00a0\u00bbyes\u00a0\u00bb el_class=\u00a0\u00bbbox-numbers\u00a0\u00bb][vc_column][vc_row_inner css=\u00a0\u00bb.vc_custom_1568050929668{padding-top: 30px !important;background-color: #20409a !important;border-radius: 10px !important;}\u00a0\u00bb][vc_column_inner width=\u00a0\u00bb1\/4&Prime;]<div class=\"vcex-milestone vcex-module wpex-text-4 wpex-clr wpex-text-center\"><div class=\"vcex-milestone-inner wpex-inline-block\"><div class=\"vcex-milestone-desc\"><div class=\"vcex-milestone-number wpex-leading-none wpex-font-semibold\" style=\"color:#ffffff;\"><span class=\"vcex-milestone-time vcex-countup\" data-options=\"{&quot;startVal&quot;:0,&quot;endVal&quot;:225,&quot;duration&quot;:0.05,&quot;decimals&quot;:0,&quot;separator&quot;:&quot;,&quot;,&quot;decimal&quot;:&quot;.&quot;,&quot;animateOnScroll&quot;:false}\">0<\/span><\/div><div class=\"vcex-milestone-caption wpex-mt-5 wpex-font-light wpex-text-lg\" style=\"color:#ffffff;\">\u00c9l\u00e8ves<\/div><\/div><\/div><\/div>[\/vc_column_inner][vc_column_inner width=\u00a0\u00bb1\/4&Prime;]<div class=\"vcex-milestone vcex-module wpex-text-4 wpex-clr wpex-text-center\"><div class=\"vcex-milestone-inner wpex-inline-block\"><div class=\"vcex-milestone-desc\"><div class=\"vcex-milestone-number wpex-leading-none wpex-font-semibold\" style=\"color:#ffffff;\"><span class=\"vcex-milestone-time vcex-countup\" data-options=\"{&quot;startVal&quot;:0,&quot;endVal&quot;:20,&quot;duration&quot;:0.001,&quot;decimals&quot;:0,&quot;separator&quot;:&quot;,&quot;,&quot;decimal&quot;:&quot;.&quot;,&quot;animateOnScroll&quot;:false}\">0<\/span><\/div><div class=\"vcex-milestone-caption wpex-mt-5 wpex-font-light wpex-text-lg\" style=\"color:#ffffff;\">Professeurs<\/div><\/div><\/div><\/div>[\/vc_column_inner][vc_column_inner width=\u00a0\u00bb1\/4&Prime;]<div class=\"vcex-milestone vcex-module wpex-text-4 wpex-clr wpex-text-center\"><div class=\"vcex-milestone-inner wpex-inline-block\"><div class=\"vcex-milestone-desc\"><div class=\"vcex-milestone-number wpex-leading-none wpex-font-semibold\" style=\"color:#ffffff;\"><span class=\"vcex-milestone-time vcex-countup\" data-options=\"{&quot;startVal&quot;:0,&quot;endVal&quot;:612,&quot;duration&quot;:0.1,&quot;decimals&quot;:0,&quot;separator&quot;:&quot;,&quot;,&quot;decimal&quot;:&quot;.&quot;,&quot;animateOnScroll&quot;:false}\">0<\/span><\/div><div class=\"vcex-milestone-caption wpex-mt-5 wpex-font-light wpex-text-lg\" style=\"color:#ffffff;\">Heures de classes\/mois<\/div><\/div><\/div><\/div>[\/vc_column_inner][vc_column_inner width=\u00a0\u00bb1\/4&Prime;]<div class=\"vcex-milestone vcex-module wpex-text-4 wpex-clr wpex-text-center\"><div class=\"vcex-milestone-inner wpex-inline-block\"><div class=\"vcex-milestone-desc\"><div class=\"vcex-milestone-number wpex-leading-none wpex-font-semibold\" style=\"color:#ffffff;\"><span class=\"vcex-milestone-time vcex-countup\" data-options=\"{&quot;startVal&quot;:0,&quot;endVal&quot;:12,&quot;duration&quot;:0.001,&quot;decimals&quot;:0,&quot;separator&quot;:&quot;,&quot;,&quot;decimal&quot;:&quot;.&quot;,&quot;animateOnScroll&quot;:false}\">0<\/span><\/div><div class=\"vcex-milestone-caption wpex-mt-5 wpex-font-light wpex-text-lg\" style=\"color:#ffffff;\">Concerts\/an<\/div><\/div><\/div><\/div>[\/vc_column_inner][\/vc_row_inner][\/vc_column][\/vc_row][vc_row remove_bottom_col_margin=\u00a0\u00bbtrue\u00a0\u00bb center_row=\u00a0\u00bbyes\u00a0\u00bb][vc_column el_class=\u00a0\u00bbbottom-call\u00a0\u00bb]<div class=\"templatera_shortcode\">[vc_row el_class=\"bottom-call-inner bottom-call-inner-programas\"][vc_column width=\"1\/2\" el_class=\"bottom-call-col-txt\"][vc_column_text]\r\n<p style=\"text-align: right;\">D\u00c9COUVREZ NOS PROGRAMMES<\/p>\r\n[\/vc_column_text][\/vc_column][vc_column width=\"1\/2\" el_class=\"bottom-call-col-bout\"]<a href=\"https:\/\/www.fiestaclasica.org\/fr\/programmes\/\" class=\"vcex-button theme-button inline\" style=\"background:#233e9a;\" data-wpex-hover='{&quot;background&quot;:&quot;#97a9b4&quot;}'><span class=\"theme-button-inner\">PROGRAMMES<\/span><\/a> [\/vc_column][\/vc_row]<\/div>[\/vc_column][\/vc_row][vc_row center_row=\u00a0\u00bbyes\u00a0\u00bb el_class=\u00a0\u00bbmypage-bottom\u00a0\u00bb][vc_column]<div class=\"templatera_shortcode\"><style type=\"text\/css\" data-type=\"vc_shortcodes-custom-css\">.vc_custom_1464728684469{margin-bottom: 0px !important;border-bottom-width: 0px !important;padding-bottom: 0px !important;}<\/style>[vc_row el_id=\"newsletter-row\"][vc_column css=\".vc_custom_1464728684469{margin-bottom: 0px !important;border-bottom-width: 0px !important;padding-bottom: 0px !important;}\"][vc_widget_sidebar sidebar_id=\"barralateral\" el_class=\"newsletter-form\"][\/vc_column][\/vc_row]<\/div>[\/vc_column][\/vc_row]\n","protected":false},"excerpt":{"rendered":"<p>[vc_row center_row=\u00a0\u00bbyes\u00a0\u00bb css=\u00a0\u00bb.vc_custom_1680561728949{margin-top: 0px !important;border-top-width: 0px !important;background-color: #e0e3e4 !important;}\u00a0\u00bb el_id=\u00a0\u00bbintrohomepage\u00a0\u00bb][vc_column][vc_raw_js]JTNDc2NyaXB0JTIwdHlwZSUzRCUyMnRleHQlMkZqYXZhc2NyaXB0JTIyJTNFJTBBZG9jdW1lbnQuZ2V0RWxlbWVudEJ5SWQlMjglMjJvdXRlci13cmFwJTIyJTI5LmNsYXNzTmFtZSUyMCUzRCUyMCUyMnBhZ2VzLWN1c3RvbSUyMHBhZ2UtaG9tZSUyMiUzQiUwQSUzQyUyRnNjcmlwdCUzRQ==[\/vc_raw_js][vc_column_text el_class=\u00a0\u00bbintro-home\u00a0\u00bb] Fiesta Cl\u00e1sica, une fondation pour l\u2019enseignement de la musique classique Cr\u00e9\u00e9e en 2015, la Fondation Fiesta Cl\u00e1sica se consacre \u00e0 l\u2019enseignement de la musique classique aux enfants de la Ville Coloniale (intra-muros) de Saint-Domingue. C\u2019est une initiative enti\u00e8rement priv\u00e9e qui a pour vocation de&hellip;<\/p>\n","protected":false},"author":1,"featured_media":0,"parent":0,"menu_order":0,"comment_status":"closed","ping_status":"closed","template":"","meta":[],"categories":[],"tags":[],"yoast_head":"<!-- This site is optimized with the Yoast SEO plugin v20.7 - https:\/\/yoast.com\/wordpress\/plugins\/seo\/ -->\n<title>Accueil - Fiesta Clasica<\/title>\n<meta name=\"robots\" content=\"index, follow, max-snippet:-1, max-image-preview:large, max-video-preview:-1\" \/>\n<link rel=\"canonical\" href=\"https:\/\/www.fiestaclasica.org\/fr\/\" \/>\n<meta property=\"og:locale\" content=\"fr_FR\" \/>\n<meta property=\"og:type\" content=\"article\" \/>\n<meta property=\"og:title\" content=\"Accueil - Fiesta Clasica\" \/>\n<meta property=\"og:description\" content=\"[vc_row center_row=\u00a0\u00bbyes\u00a0\u00bb css=\u00a0\u00bb.vc_custom_1680561728949{margin-top: 0px !important;border-top-width: 0px !important;background-color: #e0e3e4 !important;}\u00a0\u00bb el_id=\u00a0\u00bbintrohomepage\u00a0\u00bb][vc_column][vc_raw_js]JTNDc2NyaXB0JTIwdHlwZSUzRCUyMnRleHQlMkZqYXZhc2NyaXB0JTIyJTNFJTBBZG9jdW1lbnQuZ2V0RWxlbWVudEJ5SWQlMjglMjJvdXRlci13cmFwJTIyJTI5LmNsYXNzTmFtZSUyMCUzRCUyMCUyMnBhZ2VzLWN1c3RvbSUyMHBhZ2UtaG9tZSUyMiUzQiUwQSUzQyUyRnNjcmlwdCUzRQ==[\/vc_raw_js][vc_column_text el_class=\u00a0\u00bbintro-home\u00a0\u00bb] Fiesta Cl\u00e1sica, une fondation pour l\u2019enseignement de la musique classique Cr\u00e9\u00e9e en 2015, la Fondation Fiesta Cl\u00e1sica se consacre \u00e0 l\u2019enseignement de la musique classique aux enfants de la Ville Coloniale (intra-muros) de Saint-Domingue. C\u2019est une initiative enti\u00e8rement priv\u00e9e qui a pour vocation de&hellip;\" \/>\n<meta property=\"og:url\" content=\"https:\/\/www.fiestaclasica.org\/fr\/\" \/>\n<meta property=\"og:site_name\" content=\"Fiesta Clasica\" \/>\n<meta property=\"article:publisher\" content=\"https:\/\/www.facebook.com\/FiestaClasica\/\" \/>\n<meta property=\"article:modified_time\" content=\"2023-05-18T13:35:41+00:00\" \/>\n<meta name=\"twitter:card\" content=\"summary_large_image\" \/>\n<meta name=\"twitter:site\" content=\"@fiestaclasica\" \/>\n<meta name=\"twitter:label1\" content=\"Dur\u00e9e de lecture estim\u00e9e\" \/>\n\t<meta name=\"twitter:data1\" content=\"1 minute\" \/>\n<script type=\"application\/ld+json\" class=\"yoast-schema-graph\">{\"@context\":\"https:\/\/schema.org\",\"@graph\":[{\"@type\":\"WebPage\",\"@id\":\"https:\/\/www.fiestaclasica.org\/fr\/\",\"url\":\"https:\/\/www.fiestaclasica.org\/fr\/\",\"name\":\"Accueil - Fiesta Clasica\",\"isPartOf\":{\"@id\":\"https:\/\/www.fiestaclasica.org\/#website\"},\"datePublished\":\"2018-06-29T23:53:19+00:00\",\"dateModified\":\"2023-05-18T13:35:41+00:00\",\"breadcrumb\":{\"@id\":\"https:\/\/www.fiestaclasica.org\/fr\/#breadcrumb\"},\"inLanguage\":\"fr-FR\",\"potentialAction\":[{\"@type\":\"ReadAction\",\"target\":[\"https:\/\/www.fiestaclasica.org\/fr\/\"]}]},{\"@type\":\"BreadcrumbList\",\"@id\":\"https:\/\/www.fiestaclasica.org\/fr\/#breadcrumb\",\"itemListElement\":[{\"@type\":\"ListItem\",\"position\":1,\"name\":\"Portada\",\"item\":\"https:\/\/www.fiestaclasica.org\/fr\/\"},{\"@type\":\"ListItem\",\"position\":2,\"name\":\"Accueil\"}]},{\"@type\":\"WebSite\",\"@id\":\"https:\/\/www.fiestaclasica.org\/#website\",\"url\":\"https:\/\/www.fiestaclasica.org\/\",\"name\":\"Fiesta Clasica\",\"description\":\"Fiesta Clasica\",\"publisher\":{\"@id\":\"https:\/\/www.fiestaclasica.org\/#organization\"},\"potentialAction\":[{\"@type\":\"SearchAction\",\"target\":{\"@type\":\"EntryPoint\",\"urlTemplate\":\"https:\/\/www.fiestaclasica.org\/?s={search_term_string}\"},\"query-input\":\"required name=search_term_string\"}],\"inLanguage\":\"fr-FR\"},{\"@type\":\"Organization\",\"@id\":\"https:\/\/www.fiestaclasica.org\/#organization\",\"name\":\"fiesta clasica\",\"url\":\"https:\/\/www.fiestaclasica.org\/\",\"logo\":{\"@type\":\"ImageObject\",\"inLanguage\":\"fr-FR\",\"@id\":\"https:\/\/www.fiestaclasica.org\/#\/schema\/logo\/image\/\",\"url\":\"https:\/\/www.fiestaclasica.org\/wp-content\/uploads\/2016\/04\/logo-FC-prensa.jpg\",\"contentUrl\":\"https:\/\/www.fiestaclasica.org\/wp-content\/uploads\/2016\/04\/logo-FC-prensa.jpg\",\"width\":449,\"height\":261,\"caption\":\"fiesta clasica\"},\"image\":{\"@id\":\"https:\/\/www.fiestaclasica.org\/#\/schema\/logo\/image\/\"},\"sameAs\":[\"https:\/\/www.facebook.com\/FiestaClasica\/\",\"https:\/\/twitter.com\/fiestaclasica\",\"https:\/\/www.instagram.com\/fiestaclasica\/\",\"https:\/\/www.youtube.com\/channel\/UCt82JYKhPM3Th7pNLCA7-xw\"]}]}<\/script>\n<!-- \/ Yoast SEO plugin. -->","yoast_head_json":{"title":"Accueil - Fiesta Clasica","robots":{"index":"index","follow":"follow","max-snippet":"max-snippet:-1","max-image-preview":"max-image-preview:large","max-video-preview":"max-video-preview:-1"},"canonical":"https:\/\/www.fiestaclasica.org\/fr\/","og_locale":"fr_FR","og_type":"article","og_title":"Accueil - Fiesta Clasica","og_description":"[vc_row center_row=\u00a0\u00bbyes\u00a0\u00bb css=\u00a0\u00bb.vc_custom_1680561728949{margin-top: 0px !important;border-top-width: 0px !important;background-color: #e0e3e4 !important;}\u00a0\u00bb el_id=\u00a0\u00bbintrohomepage\u00a0\u00bb][vc_column][vc_raw_js]JTNDc2NyaXB0JTIwdHlwZSUzRCUyMnRleHQlMkZqYXZhc2NyaXB0JTIyJTNFJTBBZG9jdW1lbnQuZ2V0RWxlbWVudEJ5SWQlMjglMjJvdXRlci13cmFwJTIyJTI5LmNsYXNzTmFtZSUyMCUzRCUyMCUyMnBhZ2VzLWN1c3RvbSUyMHBhZ2UtaG9tZSUyMiUzQiUwQSUzQyUyRnNjcmlwdCUzRQ==[\/vc_raw_js][vc_column_text el_class=\u00a0\u00bbintro-home\u00a0\u00bb] Fiesta Cl\u00e1sica, une fondation pour l\u2019enseignement de la musique classique Cr\u00e9\u00e9e en 2015, la Fondation Fiesta Cl\u00e1sica se consacre \u00e0 l\u2019enseignement de la musique classique aux enfants de la Ville Coloniale (intra-muros) de Saint-Domingue. C\u2019est une initiative enti\u00e8rement priv\u00e9e qui a pour vocation de&hellip;","og_url":"https:\/\/www.fiestaclasica.org\/fr\/","og_site_name":"Fiesta Clasica","article_publisher":"https:\/\/www.facebook.com\/FiestaClasica\/","article_modified_time":"2023-05-18T13:35:41+00:00","twitter_card":"summary_large_image","twitter_site":"@fiestaclasica","twitter_misc":{"Dur\u00e9e de lecture estim\u00e9e":"1 minute"},"schema":{"@context":"https:\/\/schema.org","@graph":[{"@type":"WebPage","@id":"https:\/\/www.fiestaclasica.org\/fr\/","url":"https:\/\/www.fiestaclasica.org\/fr\/","name":"Accueil - Fiesta Clasica","isPartOf":{"@id":"https:\/\/www.fiestaclasica.org\/#website"},"datePublished":"2018-06-29T23:53:19+00:00","dateModified":"2023-05-18T13:35:41+00:00","breadcrumb":{"@id":"https:\/\/www.fiestaclasica.org\/fr\/#breadcrumb"},"inLanguage":"fr-FR","potentialAction":[{"@type":"ReadAction","target":["https:\/\/www.fiestaclasica.org\/fr\/"]}]},{"@type":"BreadcrumbList","@id":"https:\/\/www.fiestaclasica.org\/fr\/#breadcrumb","itemListElement":[{"@type":"ListItem","position":1,"name":"Portada","item":"https:\/\/www.fiestaclasica.org\/fr\/"},{"@type":"ListItem","position":2,"name":"Accueil"}]},{"@type":"WebSite","@id":"https:\/\/www.fiestaclasica.org\/#website","url":"https:\/\/www.fiestaclasica.org\/","name":"Fiesta Clasica","description":"Fiesta Clasica","publisher":{"@id":"https:\/\/www.fiestaclasica.org\/#organization"},"potentialAction":[{"@type":"SearchAction","target":{"@type":"EntryPoint","urlTemplate":"https:\/\/www.fiestaclasica.org\/?s={search_term_string}"},"query-input":"required name=search_term_string"}],"inLanguage":"fr-FR"},{"@type":"Organization","@id":"https:\/\/www.fiestaclasica.org\/#organization","name":"fiesta clasica","url":"https:\/\/www.fiestaclasica.org\/","logo":{"@type":"ImageObject","inLanguage":"fr-FR","@id":"https:\/\/www.fiestaclasica.org\/#\/schema\/logo\/image\/","url":"https:\/\/www.fiestaclasica.org\/wp-content\/uploads\/2016\/04\/logo-FC-prensa.jpg","contentUrl":"https:\/\/www.fiestaclasica.org\/wp-content\/uploads\/2016\/04\/logo-FC-prensa.jpg","width":449,"height":261,"caption":"fiesta clasica"},"image":{"@id":"https:\/\/www.fiestaclasica.org\/#\/schema\/logo\/image\/"},"sameAs":["https:\/\/www.facebook.com\/FiestaClasica\/","https:\/\/twitter.com\/fiestaclasica","https:\/\/www.instagram.com\/fiestaclasica\/","https:\/\/www.youtube.com\/channel\/UCt82JYKhPM3Th7pNLCA7-xw"]}]}},"_links":{"self":[{"href":"https:\/\/www.fiestaclasica.org\/fr\/wp-json\/wp\/v2\/pages\/2634\/"}],"collection":[{"href":"https:\/\/www.fiestaclasica.org\/fr\/wp-json\/wp\/v2\/pages\/"}],"about":[{"href":"https:\/\/www.fiestaclasica.org\/fr\/wp-json\/wp\/v2\/types\/page\/"}],"author":[{"embeddable":true,"href":"https:\/\/www.fiestaclasica.org\/fr\/wp-json\/wp\/v2\/users\/1\/"}],"replies":[{"embeddable":true,"href":"https:\/\/www.fiestaclasica.org\/fr\/wp-json\/wp\/v2\/comments\/?post=2634"}],"version-history":[{"count":17,"href":"https:\/\/www.fiestaclasica.org\/fr\/wp-json\/wp\/v2\/pages\/2634\/revisions\/"}],"predecessor-version":[{"id":13060,"href":"https:\/\/www.fiestaclasica.org\/fr\/wp-json\/wp\/v2\/pages\/2634\/revisions\/13060\/"}],"wp:attachment":[{"href":"https:\/\/www.fiestaclasica.org\/fr\/wp-json\/wp\/v2\/media\/?parent=2634"}],"wp:term":[{"taxonomy":"category","embeddable":true,"href":"https:\/\/www.fiestaclasica.org\/fr\/wp-json\/wp\/v2\/categories\/?post=2634"},{"taxonomy":"post_tag","embeddable":true,"href":"https:\/\/www.fiestaclasica.org\/fr\/wp-json\/wp\/v2\/tags\/?post=2634"}],"curies":[{"name":"wp","href":"https:\/\/api.w.org\/{rel}","templated":true}]}}