{"id":12245,"date":"2023-04-05T11:03:42","date_gmt":"2023-04-05T15:03:42","guid":{"rendered":"https:\/\/www.fiestaclasica.org\/?page_id=12245"},"modified":"2023-04-05T11:26:41","modified_gmt":"2023-04-05T15:26:41","slug":"programme-virtuoso","status":"publish","type":"page","link":"https:\/\/www.fiestaclasica.org\/fr\/programmes\/programme-virtuoso\/","title":{"rendered":"Programme \u00ab\u00a0VIRTUOSO\u00a0\u00bb"},"content":{"rendered":"[vc_row][vc_column]<a href=\"https:\/\/www.fiestaclasica.org\/fr\/programmes\/\" class=\"vcex-button theme-button align-right inline\" style=\"background:#20409a;font-size:14px;\" data-wpex-hover='{&quot;background&quot;:&quot;#97a9b4&quot;}'><span class=\"theme-button-inner\"><span class=\"vcex-icon-wrap theme-button-icon-left\"><span class=\"ticon ticon-angle-left\" aria-hidden=\"true\"><\/span><\/span>Retour programmes<\/span><\/a> [\/vc_column][\/vc_row][vc_row el_class=\u00a0\u00bbobjetivo\u00a0\u00bb][vc_column][vc_column_text]<strong>OBJECTIF :<\/strong> OFFRIR AUX \u00c9L\u00c8VES LES PLUS AVANC\u00c9S UN PROGRAMME DE PROFESSIONALISATION SUR 3 ANS.<br \/>\n<strong>RESPONSABLE :<\/strong> MAESTRO SERGIO TEIJIDO<br \/>\n<strong>CO\u00dbT :<\/strong> 7,000.00 \u20ac \/ AN \/ \u00c9TUDIANT<br \/>\n<strong>D\u00c9MARRAGE :<\/strong> MARS 2022[\/vc_column_text][\/vc_column][\/vc_row][vc_row][vc_column]<div class=\"wpex-slider-preloaderimg wpex-relative\"><img data-no-lazy=\"1\" class=\"skip-lazy\" src=\"https:\/\/www.fiestaclasica.org\/wp-content\/uploads\/2023\/04\/Copia-de-IMG_8786-816x544.jpg\" alt=\"\" srcset=\"https:\/\/www.fiestaclasica.org\/wp-content\/uploads\/2023\/04\/Copia-de-IMG_8786-816x544.jpg 816w, https:\/\/www.fiestaclasica.org\/wp-content\/uploads\/2023\/04\/Copia-de-IMG_8786-300x200.jpg 300w, https:\/\/www.fiestaclasica.org\/wp-content\/uploads\/2023\/04\/Copia-de-IMG_8786-768x512.jpg 768w, https:\/\/www.fiestaclasica.org\/wp-content\/uploads\/2023\/04\/Copia-de-IMG_8786.jpg 960w\" width=\"816\" height=\"544\"><\/div><div class=\"vcex-module wpex-slider slider-pro vcex-image-slider wpex-clr\" data-auto-play-delay=\"5000\" data-thumbnails=\"true\" data-animation-speed=\"600\" data-height-animation-duration=\"500\" data-thumbnail-height=\"70\" data-thumbnail-width=\"70\"><div class=\"wpex-slider-slides sp-slides\"><div class=\"wpex-slider-slide sp-slide\"><div class=\"wpex-slider-media\"><img data-no-lazy=\"1\" class=\"skip-lazy\" src=\"https:\/\/www.fiestaclasica.org\/wp-content\/uploads\/2023\/04\/Copia-de-IMG_8786-816x544.jpg\" alt=\"\" srcset=\"https:\/\/www.fiestaclasica.org\/wp-content\/uploads\/2023\/04\/Copia-de-IMG_8786-816x544.jpg 816w, https:\/\/www.fiestaclasica.org\/wp-content\/uploads\/2023\/04\/Copia-de-IMG_8786-300x200.jpg 300w, https:\/\/www.fiestaclasica.org\/wp-content\/uploads\/2023\/04\/Copia-de-IMG_8786-768x512.jpg 768w, https:\/\/www.fiestaclasica.org\/wp-content\/uploads\/2023\/04\/Copia-de-IMG_8786.jpg 960w\" width=\"816\" height=\"544\"><\/div><\/div><div class=\"wpex-slider-slide sp-slide\"><div class=\"wpex-slider-media\"><img data-no-lazy=\"1\" class=\"skip-lazy\" src=\"https:\/\/www.fiestaclasica.org\/wp-content\/uploads\/2023\/04\/Copia-de-IMG_8902.jpg\" alt=\"\" srcset=\"https:\/\/www.fiestaclasica.org\/wp-content\/uploads\/2023\/04\/Copia-de-IMG_8902.jpg 960w, https:\/\/www.fiestaclasica.org\/wp-content\/uploads\/2023\/04\/Copia-de-IMG_8902-300x168.jpg 300w, https:\/\/www.fiestaclasica.org\/wp-content\/uploads\/2023\/04\/Copia-de-IMG_8902-768x431.jpg 768w\" width=\"960\" height=\"539\"><\/div><\/div><div class=\"wpex-slider-slide sp-slide\"><div class=\"wpex-slider-media\"><img data-no-lazy=\"1\" class=\"skip-lazy\" src=\"https:\/\/www.fiestaclasica.org\/wp-content\/uploads\/2023\/04\/Copia-de-IMG_8908-816x544.jpg\" alt=\"\" srcset=\"https:\/\/www.fiestaclasica.org\/wp-content\/uploads\/2023\/04\/Copia-de-IMG_8908-816x544.jpg 816w, https:\/\/www.fiestaclasica.org\/wp-content\/uploads\/2023\/04\/Copia-de-IMG_8908-300x200.jpg 300w, https:\/\/www.fiestaclasica.org\/wp-content\/uploads\/2023\/04\/Copia-de-IMG_8908-768x512.jpg 768w, https:\/\/www.fiestaclasica.org\/wp-content\/uploads\/2023\/04\/Copia-de-IMG_8908.jpg 960w\" width=\"816\" height=\"544\"><\/div><\/div><div class=\"wpex-slider-slide sp-slide\"><div class=\"wpex-slider-media\"><img data-no-lazy=\"1\" class=\"skip-lazy\" src=\"https:\/\/www.fiestaclasica.org\/wp-content\/uploads\/2023\/04\/Copia-de-IMG_8910-816x544.jpg\" alt=\"\" srcset=\"https:\/\/www.fiestaclasica.org\/wp-content\/uploads\/2023\/04\/Copia-de-IMG_8910-816x544.jpg 816w, https:\/\/www.fiestaclasica.org\/wp-content\/uploads\/2023\/04\/Copia-de-IMG_8910-300x200.jpg 300w, https:\/\/www.fiestaclasica.org\/wp-content\/uploads\/2023\/04\/Copia-de-IMG_8910-768x512.jpg 768w, https:\/\/www.fiestaclasica.org\/wp-content\/uploads\/2023\/04\/Copia-de-IMG_8910.jpg 960w\" width=\"816\" height=\"544\"><\/div><\/div><div class=\"wpex-slider-slide sp-slide\"><div class=\"wpex-slider-media\"><img data-no-lazy=\"1\" class=\"skip-lazy\" src=\"https:\/\/www.fiestaclasica.org\/wp-content\/uploads\/2023\/04\/Copia-de-IMG_8914-816x544.jpg\" alt=\"\" srcset=\"https:\/\/www.fiestaclasica.org\/wp-content\/uploads\/2023\/04\/Copia-de-IMG_8914-816x544.jpg 816w, https:\/\/www.fiestaclasica.org\/wp-content\/uploads\/2023\/04\/Copia-de-IMG_8914-300x200.jpg 300w, https:\/\/www.fiestaclasica.org\/wp-content\/uploads\/2023\/04\/Copia-de-IMG_8914-768x512.jpg 768w, https:\/\/www.fiestaclasica.org\/wp-content\/uploads\/2023\/04\/Copia-de-IMG_8914.jpg 960w\" width=\"816\" height=\"544\"><\/div><\/div><div class=\"wpex-slider-slide sp-slide\"><div class=\"wpex-slider-media\"><img data-no-lazy=\"1\" class=\"skip-lazy\" src=\"https:\/\/www.fiestaclasica.org\/wp-content\/uploads\/2023\/04\/Captura-de-pantalla-2022-10-24-a-las-5.04.11-p.-m-934x544.png\" alt=\"\" srcset=\"https:\/\/www.fiestaclasica.org\/wp-content\/uploads\/2023\/04\/Captura-de-pantalla-2022-10-24-a-las-5.04.11-p.-m-934x544.png 934w, https:\/\/www.fiestaclasica.org\/wp-content\/uploads\/2023\/04\/Captura-de-pantalla-2022-10-24-a-las-5.04.11-p.-m-300x175.png 300w, https:\/\/www.fiestaclasica.org\/wp-content\/uploads\/2023\/04\/Captura-de-pantalla-2022-10-24-a-las-5.04.11-p.-m-768x447.png 768w, https:\/\/www.fiestaclasica.org\/wp-content\/uploads\/2023\/04\/Captura-de-pantalla-2022-10-24-a-las-5.04.11-p.-m.png 960w\" width=\"934\" height=\"544\"><\/div><\/div><div class=\"wpex-slider-slide sp-slide\"><div class=\"wpex-slider-media\"><img data-no-lazy=\"1\" class=\"skip-lazy\" src=\"https:\/\/www.fiestaclasica.org\/wp-content\/uploads\/2023\/04\/Copia-de-IMG_8782-816x544.jpg\" alt=\"\" srcset=\"https:\/\/www.fiestaclasica.org\/wp-content\/uploads\/2023\/04\/Copia-de-IMG_8782-816x544.jpg 816w, https:\/\/www.fiestaclasica.org\/wp-content\/uploads\/2023\/04\/Copia-de-IMG_8782-300x200.jpg 300w, https:\/\/www.fiestaclasica.org\/wp-content\/uploads\/2023\/04\/Copia-de-IMG_8782-768x512.jpg 768w, https:\/\/www.fiestaclasica.org\/wp-content\/uploads\/2023\/04\/Copia-de-IMG_8782.jpg 960w\" width=\"816\" height=\"544\"><\/div><\/div><\/div><div class=\"wpex-slider-thumbnails sp-thumbnails\"><img data-no-lazy=\"1\" class=\"wpex-slider-thumbnail sp-thumbnail skip-lazy\" src=\"https:\/\/www.fiestaclasica.org\/wp-content\/uploads\/2023\/04\/Copia-de-IMG_8786-816x544.jpg\" alt=\"\" srcset=\"https:\/\/www.fiestaclasica.org\/wp-content\/uploads\/2023\/04\/Copia-de-IMG_8786-816x544.jpg 816w, https:\/\/www.fiestaclasica.org\/wp-content\/uploads\/2023\/04\/Copia-de-IMG_8786-300x200.jpg 300w, https:\/\/www.fiestaclasica.org\/wp-content\/uploads\/2023\/04\/Copia-de-IMG_8786-768x512.jpg 768w, https:\/\/www.fiestaclasica.org\/wp-content\/uploads\/2023\/04\/Copia-de-IMG_8786.jpg 960w\" width=\"816\" height=\"544\"><img data-no-lazy=\"1\" class=\"wpex-slider-thumbnail sp-thumbnail skip-lazy\" src=\"https:\/\/www.fiestaclasica.org\/wp-content\/uploads\/2023\/04\/Copia-de-IMG_8902.jpg\" alt=\"\" srcset=\"https:\/\/www.fiestaclasica.org\/wp-content\/uploads\/2023\/04\/Copia-de-IMG_8902.jpg 960w, https:\/\/www.fiestaclasica.org\/wp-content\/uploads\/2023\/04\/Copia-de-IMG_8902-300x168.jpg 300w, https:\/\/www.fiestaclasica.org\/wp-content\/uploads\/2023\/04\/Copia-de-IMG_8902-768x431.jpg 768w\" width=\"960\" height=\"539\"><img data-no-lazy=\"1\" class=\"wpex-slider-thumbnail sp-thumbnail skip-lazy\" src=\"https:\/\/www.fiestaclasica.org\/wp-content\/uploads\/2023\/04\/Copia-de-IMG_8908-816x544.jpg\" alt=\"\" srcset=\"https:\/\/www.fiestaclasica.org\/wp-content\/uploads\/2023\/04\/Copia-de-IMG_8908-816x544.jpg 816w, https:\/\/www.fiestaclasica.org\/wp-content\/uploads\/2023\/04\/Copia-de-IMG_8908-300x200.jpg 300w, https:\/\/www.fiestaclasica.org\/wp-content\/uploads\/2023\/04\/Copia-de-IMG_8908-768x512.jpg 768w, https:\/\/www.fiestaclasica.org\/wp-content\/uploads\/2023\/04\/Copia-de-IMG_8908.jpg 960w\" width=\"816\" height=\"544\"><img data-no-lazy=\"1\" class=\"wpex-slider-thumbnail sp-thumbnail skip-lazy\" src=\"https:\/\/www.fiestaclasica.org\/wp-content\/uploads\/2023\/04\/Copia-de-IMG_8910-816x544.jpg\" alt=\"\" srcset=\"https:\/\/www.fiestaclasica.org\/wp-content\/uploads\/2023\/04\/Copia-de-IMG_8910-816x544.jpg 816w, https:\/\/www.fiestaclasica.org\/wp-content\/uploads\/2023\/04\/Copia-de-IMG_8910-300x200.jpg 300w, https:\/\/www.fiestaclasica.org\/wp-content\/uploads\/2023\/04\/Copia-de-IMG_8910-768x512.jpg 768w, https:\/\/www.fiestaclasica.org\/wp-content\/uploads\/2023\/04\/Copia-de-IMG_8910.jpg 960w\" width=\"816\" height=\"544\"><img data-no-lazy=\"1\" class=\"wpex-slider-thumbnail sp-thumbnail skip-lazy\" src=\"https:\/\/www.fiestaclasica.org\/wp-content\/uploads\/2023\/04\/Copia-de-IMG_8914-816x544.jpg\" alt=\"\" srcset=\"https:\/\/www.fiestaclasica.org\/wp-content\/uploads\/2023\/04\/Copia-de-IMG_8914-816x544.jpg 816w, https:\/\/www.fiestaclasica.org\/wp-content\/uploads\/2023\/04\/Copia-de-IMG_8914-300x200.jpg 300w, https:\/\/www.fiestaclasica.org\/wp-content\/uploads\/2023\/04\/Copia-de-IMG_8914-768x512.jpg 768w, https:\/\/www.fiestaclasica.org\/wp-content\/uploads\/2023\/04\/Copia-de-IMG_8914.jpg 960w\" width=\"816\" height=\"544\"><img data-no-lazy=\"1\" class=\"wpex-slider-thumbnail sp-thumbnail skip-lazy\" src=\"https:\/\/www.fiestaclasica.org\/wp-content\/uploads\/2023\/04\/Captura-de-pantalla-2022-10-24-a-las-5.04.11-p.-m-934x544.png\" alt=\"\" srcset=\"https:\/\/www.fiestaclasica.org\/wp-content\/uploads\/2023\/04\/Captura-de-pantalla-2022-10-24-a-las-5.04.11-p.-m-934x544.png 934w, https:\/\/www.fiestaclasica.org\/wp-content\/uploads\/2023\/04\/Captura-de-pantalla-2022-10-24-a-las-5.04.11-p.-m-300x175.png 300w, https:\/\/www.fiestaclasica.org\/wp-content\/uploads\/2023\/04\/Captura-de-pantalla-2022-10-24-a-las-5.04.11-p.-m-768x447.png 768w, https:\/\/www.fiestaclasica.org\/wp-content\/uploads\/2023\/04\/Captura-de-pantalla-2022-10-24-a-las-5.04.11-p.-m.png 960w\" width=\"934\" height=\"544\"><img data-no-lazy=\"1\" class=\"wpex-slider-thumbnail sp-thumbnail skip-lazy\" src=\"https:\/\/www.fiestaclasica.org\/wp-content\/uploads\/2023\/04\/Copia-de-IMG_8782-816x544.jpg\" alt=\"\" srcset=\"https:\/\/www.fiestaclasica.org\/wp-content\/uploads\/2023\/04\/Copia-de-IMG_8782-816x544.jpg 816w, https:\/\/www.fiestaclasica.org\/wp-content\/uploads\/2023\/04\/Copia-de-IMG_8782-300x200.jpg 300w, https:\/\/www.fiestaclasica.org\/wp-content\/uploads\/2023\/04\/Copia-de-IMG_8782-768x512.jpg 768w, https:\/\/www.fiestaclasica.org\/wp-content\/uploads\/2023\/04\/Copia-de-IMG_8782.jpg 960w\" width=\"816\" height=\"544\"><\/div><\/div>[\/vc_column][\/vc_row][vc_row][vc_column width=\u00a0\u00bb1\/3&Prime;]<figure class=\"vcex-image vcex-module wpex-clr  wpb_animate_when_almost_visible wpb_fadeInUp fadeInUp\"><div class=\"vcex-image-inner wpex-relative wpex-inline-block vc_custom_1680706191665\"><img width=\"595\" height=\"278\" src=\"https:\/\/www.fiestaclasica.org\/wp-content\/uploads\/2023\/04\/Copia-de-AF-Virtuoso-TRANSPARENTE-1.png\" class=\"wpex-align-middle\" alt=\"\" decoding=\"async\" loading=\"lazy\" srcset=\"https:\/\/www.fiestaclasica.org\/wp-content\/uploads\/2023\/04\/Copia-de-AF-Virtuoso-TRANSPARENTE-1.png 595w, https:\/\/www.fiestaclasica.org\/wp-content\/uploads\/2023\/04\/Copia-de-AF-Virtuoso-TRANSPARENTE-1-300x140.png 300w\" sizes=\"(max-width: 595px) 100vw, 595px\" \/><\/div><\/figure>[\/vc_column][vc_column width=\u00a0\u00bb2\/3&Prime;][vc_column_text]Poursuivant sa recherche de l\u2019excellence musicale, la fondation a d\u00e9cid\u00e9 de cr\u00e9er en 2022 un programme d\u2019excellence musicale r\u00e9serv\u00e9 \u00e0 ses meilleurs \u00e9l\u00e9ments : VIRTUOSO<\/p>\n<p>Ce programme se d\u00e9clinera autour de 4 axes :<br \/>\n1. Cours quotidiens avec des professeurs certifi\u00e9s par El Sistema<br \/>\n2. Graduation avec l\u2019Associated Board of the Royal Schools of Music<br \/>\n3. Programmes de concerts en solistes<br \/>\n4. Participations en tant que \u201cinvit\u00e9s\u201d au Hispaniola Philharmonic[\/vc_column_text][\/vc_column][\/vc_row][vc_row][vc_column][vc_column_text]\n<h3>1. COURS QUOTIDIENS<\/h3>\n<p>La Fondation Fiesta Cl\u00e1sica offre chaque jour (L. \u00e0 V. 2:30 \u00e0 7:30) \u00e0 ses 200 \u00e9l\u00e8ves des cours collectifs de musique : solf\u00e8ge, chant, pratique instrumentale.<br \/>\nLe programme Virtuoso dispose de renforcer cette formation par des cours individuels avec un m\u00eame professeur qui assurera le suivi p\u00e9dagogique et acad\u00e9mique.<br \/>\nL\u2019articulation g\u00e9n\u00e9rale de ces cours se fait autour de deux axes : exercices th\u00e9oriques et \u00e9tude d\u2019oeuvres. En parall\u00e9le les \u00e9l\u00e8ves s\u00e9lectionn\u00e9s re\u00e7oivent la formation au solf\u00e8ge qui leur est n\u00e9cessaire.<br \/>\nL\u2019int\u00e9gralit\u00e9 du programme de cours respecte la m\u00e9thodologie \u00e9labor\u00e9e par El Sistema.[\/vc_column_text]<div class=\"vcex-spacing wpex-w-100 wpex-clear\"><\/div>[vc_column_text]\n<h3>2. GRADUATION AVEC L\u2019ABRSM<\/h3>\n<p>Depuis 2019, la Fondation Fiesta Cl\u00e1sica a d\u00e9cid\u00e9 de faire participer ses meilleurs \u00e9l\u00e8ves aux examens de l\u2019Associated Board of the Royal Schools of Music de Londres.. Fond\u00e9e en 1899 et traditionnellement pr\u00e9sid\u00e9e par SAR le Prince de Galles, cette institution re\u00e7oit annuellement 650.000 candidats de 93 pays auxquels elle fait passer des examens particuli\u00e8rement rigoureux. Les dipl\u00f4mes qu\u2019elle d\u00e9livre sont reconnus internationalement.[\/vc_column_text]<div class=\"vcex-spacing wpex-w-100 wpex-clear\"><\/div>[vc_column_text]\n<h3>3. PROGRAMME DE CONCERTS<\/h3>\n<p>En ann\u00e9e normale, hors pand\u00e9mie, la Fondation Fiesta Cl\u00e1sica donne une dizaine de concerts en majorit\u00e9 gratuits. Ce sont des rendez-vous populaires, au cours desquels nous offrons \u00e0 la communaut\u00e9 un aper\u00e7u de notre travail : musique classique, chant choral et ouvres populaires du r\u00e9pertoire.<\/p>\n<p>Grace au programme Virtuoso, nous pouvons d\u00e9sormais proposer des \u0153uvres pour solistes permettant \u00e0 nos \u00e9l\u00e8ves les plus avanc\u00e9s de montrer leur motivation et leur talent. En voici quelques exemples :<br \/>\n\u2022 Concerto pour 2 violons BWV. 1043 de J.S. Bach<br \/>\n\u2022 Concerto pour flute Op. 10 n\u00b03 (Il Gardellino) de A. Vivaldi<br \/>\n\u2022 Gloria en r\u00e9 majeur RV 589 de A. Vivaldi<\/p>\n<p>Ainsi en compl\u00e9ment du travail acad\u00e9mique et des graduations, nous offrons le contact avec le public, compl\u00e9ment indispensable \u00e0 la formation du jeune musicien.[\/vc_column_text]<div class=\"vcex-spacing wpex-w-100 wpex-clear\"><\/div>[vc_column_text]\n<h3>4. HISPANIOLA PHILHARMONIC<\/h3>\n<p>Fond\u00e9 il y a deux ans par un jeune chef dominicain, le Hispaniola Philharmonic est compos\u00e9 de 80 musiciens professionnels et propose un large r\u00e9pertoire classique et populaire (latin symphonique).<\/p>\n<p>Nos meilleurs \u00e9l\u00e8ves ont l\u2019opportunit\u00e9 d\u2019\u00eatre auditionn\u00e9s et accueillis au sein du groupe en qualit\u00e9 de \u201cmusicien invit\u00e9\u201d. Ce contact direct avec des musiciens professionnels, dans un contexte exigeant leur permet d\u2019appr\u00e9hender tous les aspects de la carri\u00e8re \u00e0 laquelle ils souhaitent se destiner.[\/vc_column_text][\/vc_column][\/vc_row][vc_row gap=\u00a0\u00bb30&Prime;][vc_column width=\u00a0\u00bb1\/2&Prime;][vc_column_text]Sous l\u2019autorit\u00e9 de la <strong>Commission Acac\u00e9mique de la Fondation Fiesta Cl\u00e1sica<\/strong>, 6 \u00e9l\u00e8ves \u00e2g\u00e9s de 12 \u00e0 17 ans ont \u00e9t\u00e9 pr\u00e9-s\u00e9lectionn\u00e9s pour int\u00e9grer le programme Virtuoso d\u00e9s Janvier 2022. Il s\u2019agit de :<\/p>\n<p>1. Mlle Juliette Marcela Flaquer Buret<br \/>\n2. Melle Jonairys Rusmell Aristy<br \/>\n3. Melle Melanie Felix<br \/>\n4. Melle Ashley Carolina Minaya<br \/>\n5. Mr Juan Agust\u00edn Kranwinkel<br \/>\n6. Melle Laura Gabriela Marcelino Grullart<\/p>\n<p>La <strong>validation d\u00e9finitive<\/strong> de leur inscription interviendra apr\u00e9s un entretien de la Commission Acad\u00e9mique avec chaque \u00e9l\u00e8ve et les parents concern\u00e9s.<br \/>\nLes ann\u00e9es suivantes un nouveau groupe sera s\u00e9lectionn\u00e9 par la m\u00eame Commission Acad\u00e9mique pour int\u00e9grer ce programme.<\/p>\n<p><strong>Les principaux crit\u00e8res d\u2019\u00e9valuation sont :<\/strong><br \/>\n\u2022 Les qualit\u00e9s d\u2019instrumentiste<br \/>\n\u2022 Le degr\u00e9 d\u2019implication et la motivation<br \/>\n\u2022 La capacit\u00e9 \u00e0 g\u00e9rer les situations sous pression.[\/vc_column_text]<div class=\"vcex-spacing wpex-w-100 wpex-clear\"><\/div>[vc_column_text css=\u00a0\u00bb.vc_custom_1680708385392{padding-top: 3% !important;padding-right: 3% !important;padding-bottom: 3% !important;padding-left: 3% !important;background-color: #d3d3d3 !important;border-radius: 5px !important;}\u00a0\u00bb]\n<h3 style=\"margin-bottom: 20px;\">PARRAINER LE PROGRAMME VIRTUOSO<\/h3>\n<table>\n<tbody>\n<tr>\n<td colspan=\"3\" align=\"center\"><span style=\"font-weight: 400; text-align: center;\">COUT PAR ETUDIANT PAR AN<\/span><\/td>\n<\/tr>\n<tr>\n<td><span style=\"font-weight: 400;\">COURS INDIVIDUELS<\/span><\/td>\n<td><span style=\"font-weight: 400;\">250<\/span><\/td>\n<td><span style=\"font-weight: 400;\">4.700,00 \u20ac<\/span><\/td>\n<\/tr>\n<tr>\n<td><span style=\"font-weight: 400;\">EXAMEN ABRSM<\/span><\/td>\n<td><span style=\"font-weight: 400;\">1<\/span><\/td>\n<td><span style=\"font-weight: 400;\">850,00 \u20ac<\/span><\/td>\n<\/tr>\n<tr>\n<td><span style=\"font-weight: 400;\">FRAIS DE LUTHERIE ET MAINTENANCE<\/span><\/td>\n<td><span style=\"font-weight: 400;\">1<\/span><\/td>\n<td><span style=\"font-weight: 400;\">1.450,00 \u20ac<\/span><\/td>\n<\/tr>\n<tr>\n<td><b>TOTAL<\/b><\/td>\n<td><\/td>\n<td><b>7.000,00 \u20ac<\/b><\/td>\n<\/tr>\n<\/tbody>\n<\/table>\n[\/vc_column_text][\/vc_column][vc_column width=\u00a0\u00bb1\/2&Prime;]<div class=\"wpex-slider-preloaderimg wpex-relative\"><img width=\"200\" height=\"300\" src=\"https:\/\/www.fiestaclasica.org\/wp-content\/uploads\/2023\/04\/Ashley-Minaya-Flauta-200x300.jpg\" class=\"skip-lazy\" alt=\"\" decoding=\"async\" data-no-lazy=\"1\" srcset=\"https:\/\/www.fiestaclasica.org\/wp-content\/uploads\/2023\/04\/Ashley-Minaya-Flauta-200x300.jpg 200w, https:\/\/www.fiestaclasica.org\/wp-content\/uploads\/2023\/04\/Ashley-Minaya-Flauta-683x1024.jpg 683w, https:\/\/www.fiestaclasica.org\/wp-content\/uploads\/2023\/04\/Ashley-Minaya-Flauta-768x1152.jpg 768w, https:\/\/www.fiestaclasica.org\/wp-content\/uploads\/2023\/04\/Ashley-Minaya-Flauta.jpg 980w\" sizes=\"(max-width: 200px) 100vw, 200px\" \/><\/div><div class=\"vcex-module wpex-slider slider-pro vcex-image-slider wpex-clr\" data-auto-play-delay=\"5000\" data-thumbnails=\"true\" data-animation-speed=\"600\" data-height-animation-duration=\"500\" data-thumbnail-height=\"70\" data-thumbnail-width=\"70\"><div class=\"wpex-slider-slides sp-slides\"><div class=\"wpex-slider-slide sp-slide\"><div class=\"wpex-slider-media\"><img width=\"200\" height=\"300\" src=\"https:\/\/www.fiestaclasica.org\/wp-content\/uploads\/2023\/04\/Ashley-Minaya-Flauta-200x300.jpg\" class=\"skip-lazy\" alt=\"\" decoding=\"async\" data-no-lazy=\"1\" srcset=\"https:\/\/www.fiestaclasica.org\/wp-content\/uploads\/2023\/04\/Ashley-Minaya-Flauta-200x300.jpg 200w, https:\/\/www.fiestaclasica.org\/wp-content\/uploads\/2023\/04\/Ashley-Minaya-Flauta-683x1024.jpg 683w, https:\/\/www.fiestaclasica.org\/wp-content\/uploads\/2023\/04\/Ashley-Minaya-Flauta-768x1152.jpg 768w, https:\/\/www.fiestaclasica.org\/wp-content\/uploads\/2023\/04\/Ashley-Minaya-Flauta.jpg 980w\" sizes=\"(max-width: 200px) 100vw, 200px\" \/><\/div><\/div><div class=\"wpex-slider-slide sp-slide\"><div class=\"wpex-slider-media\"><img width=\"200\" height=\"300\" src=\"https:\/\/www.fiestaclasica.org\/wp-content\/uploads\/2023\/04\/Juan-Kranwinkel-Flauta-200x300.jpg\" class=\"skip-lazy\" alt=\"\" decoding=\"async\" data-no-lazy=\"1\" srcset=\"https:\/\/www.fiestaclasica.org\/wp-content\/uploads\/2023\/04\/Juan-Kranwinkel-Flauta-200x300.jpg 200w, https:\/\/www.fiestaclasica.org\/wp-content\/uploads\/2023\/04\/Juan-Kranwinkel-Flauta-683x1024.jpg 683w, https:\/\/www.fiestaclasica.org\/wp-content\/uploads\/2023\/04\/Juan-Kranwinkel-Flauta-768x1152.jpg 768w, https:\/\/www.fiestaclasica.org\/wp-content\/uploads\/2023\/04\/Juan-Kranwinkel-Flauta.jpg 980w\" sizes=\"(max-width: 200px) 100vw, 200px\" \/><\/div><\/div><div class=\"wpex-slider-slide sp-slide\"><div class=\"wpex-slider-media\"><img width=\"200\" height=\"300\" src=\"https:\/\/www.fiestaclasica.org\/wp-content\/uploads\/2023\/04\/Juliette-Flaquer-Violin-200x300.jpg\" class=\"skip-lazy\" alt=\"\" decoding=\"async\" data-no-lazy=\"1\" srcset=\"https:\/\/www.fiestaclasica.org\/wp-content\/uploads\/2023\/04\/Juliette-Flaquer-Violin-200x300.jpg 200w, https:\/\/www.fiestaclasica.org\/wp-content\/uploads\/2023\/04\/Juliette-Flaquer-Violin-683x1024.jpg 683w, https:\/\/www.fiestaclasica.org\/wp-content\/uploads\/2023\/04\/Juliette-Flaquer-Violin-768x1152.jpg 768w, https:\/\/www.fiestaclasica.org\/wp-content\/uploads\/2023\/04\/Juliette-Flaquer-Violin.jpg 980w\" sizes=\"(max-width: 200px) 100vw, 200px\" \/><\/div><\/div><div class=\"wpex-slider-slide sp-slide\"><div class=\"wpex-slider-media\"><img width=\"200\" height=\"300\" src=\"https:\/\/www.fiestaclasica.org\/wp-content\/uploads\/2023\/04\/Laura-Marcelino-Canto-200x300.jpg\" class=\"skip-lazy\" alt=\"\" decoding=\"async\" data-no-lazy=\"1\" srcset=\"https:\/\/www.fiestaclasica.org\/wp-content\/uploads\/2023\/04\/Laura-Marcelino-Canto-200x300.jpg 200w, https:\/\/www.fiestaclasica.org\/wp-content\/uploads\/2023\/04\/Laura-Marcelino-Canto-683x1024.jpg 683w, https:\/\/www.fiestaclasica.org\/wp-content\/uploads\/2023\/04\/Laura-Marcelino-Canto-768x1152.jpg 768w, https:\/\/www.fiestaclasica.org\/wp-content\/uploads\/2023\/04\/Laura-Marcelino-Canto.jpg 980w\" sizes=\"(max-width: 200px) 100vw, 200px\" \/><\/div><\/div><div class=\"wpex-slider-slide sp-slide\"><div class=\"wpex-slider-media\"><img width=\"200\" height=\"300\" src=\"https:\/\/www.fiestaclasica.org\/wp-content\/uploads\/2023\/04\/Melanie-Felix-Cello-200x300.jpg\" class=\"skip-lazy\" alt=\"\" decoding=\"async\" data-no-lazy=\"1\" srcset=\"https:\/\/www.fiestaclasica.org\/wp-content\/uploads\/2023\/04\/Melanie-Felix-Cello-200x300.jpg 200w, https:\/\/www.fiestaclasica.org\/wp-content\/uploads\/2023\/04\/Melanie-Felix-Cello-683x1024.jpg 683w, https:\/\/www.fiestaclasica.org\/wp-content\/uploads\/2023\/04\/Melanie-Felix-Cello-768x1152.jpg 768w, https:\/\/www.fiestaclasica.org\/wp-content\/uploads\/2023\/04\/Melanie-Felix-Cello.jpg 980w\" sizes=\"(max-width: 200px) 100vw, 200px\" \/><\/div><\/div><div class=\"wpex-slider-slide sp-slide\"><div class=\"wpex-slider-media\"><img width=\"200\" height=\"300\" src=\"https:\/\/www.fiestaclasica.org\/wp-content\/uploads\/2023\/04\/Rusmel-Aristy-Viola-200x300.jpg\" class=\"skip-lazy\" alt=\"\" decoding=\"async\" data-no-lazy=\"1\" srcset=\"https:\/\/www.fiestaclasica.org\/wp-content\/uploads\/2023\/04\/Rusmel-Aristy-Viola-200x300.jpg 200w, https:\/\/www.fiestaclasica.org\/wp-content\/uploads\/2023\/04\/Rusmel-Aristy-Viola-683x1024.jpg 683w, https:\/\/www.fiestaclasica.org\/wp-content\/uploads\/2023\/04\/Rusmel-Aristy-Viola-768x1152.jpg 768w, https:\/\/www.fiestaclasica.org\/wp-content\/uploads\/2023\/04\/Rusmel-Aristy-Viola.jpg 980w\" sizes=\"(max-width: 200px) 100vw, 200px\" \/><\/div><\/div><\/div><div class=\"wpex-slider-thumbnails sp-thumbnails\"><img width=\"200\" height=\"300\" src=\"https:\/\/www.fiestaclasica.org\/wp-content\/uploads\/2023\/04\/Ashley-Minaya-Flauta-200x300.jpg\" class=\"wpex-slider-thumbnail sp-thumbnail skip-lazy\" alt=\"\" decoding=\"async\" data-no-lazy=\"1\" srcset=\"https:\/\/www.fiestaclasica.org\/wp-content\/uploads\/2023\/04\/Ashley-Minaya-Flauta-200x300.jpg 200w, https:\/\/www.fiestaclasica.org\/wp-content\/uploads\/2023\/04\/Ashley-Minaya-Flauta-683x1024.jpg 683w, https:\/\/www.fiestaclasica.org\/wp-content\/uploads\/2023\/04\/Ashley-Minaya-Flauta-768x1152.jpg 768w, https:\/\/www.fiestaclasica.org\/wp-content\/uploads\/2023\/04\/Ashley-Minaya-Flauta.jpg 980w\" sizes=\"(max-width: 200px) 100vw, 200px\" \/><img width=\"200\" height=\"300\" src=\"https:\/\/www.fiestaclasica.org\/wp-content\/uploads\/2023\/04\/Juan-Kranwinkel-Flauta-200x300.jpg\" class=\"wpex-slider-thumbnail sp-thumbnail skip-lazy\" alt=\"\" decoding=\"async\" data-no-lazy=\"1\" srcset=\"https:\/\/www.fiestaclasica.org\/wp-content\/uploads\/2023\/04\/Juan-Kranwinkel-Flauta-200x300.jpg 200w, https:\/\/www.fiestaclasica.org\/wp-content\/uploads\/2023\/04\/Juan-Kranwinkel-Flauta-683x1024.jpg 683w, https:\/\/www.fiestaclasica.org\/wp-content\/uploads\/2023\/04\/Juan-Kranwinkel-Flauta-768x1152.jpg 768w, https:\/\/www.fiestaclasica.org\/wp-content\/uploads\/2023\/04\/Juan-Kranwinkel-Flauta.jpg 980w\" sizes=\"(max-width: 200px) 100vw, 200px\" \/><img width=\"200\" height=\"300\" src=\"https:\/\/www.fiestaclasica.org\/wp-content\/uploads\/2023\/04\/Juliette-Flaquer-Violin-200x300.jpg\" class=\"wpex-slider-thumbnail sp-thumbnail skip-lazy\" alt=\"\" decoding=\"async\" data-no-lazy=\"1\" srcset=\"https:\/\/www.fiestaclasica.org\/wp-content\/uploads\/2023\/04\/Juliette-Flaquer-Violin-200x300.jpg 200w, https:\/\/www.fiestaclasica.org\/wp-content\/uploads\/2023\/04\/Juliette-Flaquer-Violin-683x1024.jpg 683w, https:\/\/www.fiestaclasica.org\/wp-content\/uploads\/2023\/04\/Juliette-Flaquer-Violin-768x1152.jpg 768w, https:\/\/www.fiestaclasica.org\/wp-content\/uploads\/2023\/04\/Juliette-Flaquer-Violin.jpg 980w\" sizes=\"(max-width: 200px) 100vw, 200px\" \/><img width=\"200\" height=\"300\" src=\"https:\/\/www.fiestaclasica.org\/wp-content\/uploads\/2023\/04\/Laura-Marcelino-Canto-200x300.jpg\" class=\"wpex-slider-thumbnail sp-thumbnail skip-lazy\" alt=\"\" decoding=\"async\" data-no-lazy=\"1\" srcset=\"https:\/\/www.fiestaclasica.org\/wp-content\/uploads\/2023\/04\/Laura-Marcelino-Canto-200x300.jpg 200w, https:\/\/www.fiestaclasica.org\/wp-content\/uploads\/2023\/04\/Laura-Marcelino-Canto-683x1024.jpg 683w, https:\/\/www.fiestaclasica.org\/wp-content\/uploads\/2023\/04\/Laura-Marcelino-Canto-768x1152.jpg 768w, https:\/\/www.fiestaclasica.org\/wp-content\/uploads\/2023\/04\/Laura-Marcelino-Canto.jpg 980w\" sizes=\"(max-width: 200px) 100vw, 200px\" \/><img width=\"200\" height=\"300\" src=\"https:\/\/www.fiestaclasica.org\/wp-content\/uploads\/2023\/04\/Melanie-Felix-Cello-200x300.jpg\" class=\"wpex-slider-thumbnail sp-thumbnail skip-lazy\" alt=\"\" decoding=\"async\" data-no-lazy=\"1\" srcset=\"https:\/\/www.fiestaclasica.org\/wp-content\/uploads\/2023\/04\/Melanie-Felix-Cello-200x300.jpg 200w, https:\/\/www.fiestaclasica.org\/wp-content\/uploads\/2023\/04\/Melanie-Felix-Cello-683x1024.jpg 683w, https:\/\/www.fiestaclasica.org\/wp-content\/uploads\/2023\/04\/Melanie-Felix-Cello-768x1152.jpg 768w, https:\/\/www.fiestaclasica.org\/wp-content\/uploads\/2023\/04\/Melanie-Felix-Cello.jpg 980w\" sizes=\"(max-width: 200px) 100vw, 200px\" \/><img width=\"200\" height=\"300\" src=\"https:\/\/www.fiestaclasica.org\/wp-content\/uploads\/2023\/04\/Rusmel-Aristy-Viola-200x300.jpg\" class=\"wpex-slider-thumbnail sp-thumbnail skip-lazy\" alt=\"\" decoding=\"async\" data-no-lazy=\"1\" srcset=\"https:\/\/www.fiestaclasica.org\/wp-content\/uploads\/2023\/04\/Rusmel-Aristy-Viola-200x300.jpg 200w, https:\/\/www.fiestaclasica.org\/wp-content\/uploads\/2023\/04\/Rusmel-Aristy-Viola-683x1024.jpg 683w, https:\/\/www.fiestaclasica.org\/wp-content\/uploads\/2023\/04\/Rusmel-Aristy-Viola-768x1152.jpg 768w, https:\/\/www.fiestaclasica.org\/wp-content\/uploads\/2023\/04\/Rusmel-Aristy-Viola.jpg 980w\" sizes=\"(max-width: 200px) 100vw, 200px\" \/><\/div><\/div>[\/vc_column][\/vc_row]\n","protected":false},"excerpt":{"rendered":"<p>[vc_row][vc_column][\/vc_column][\/vc_row][vc_row el_class=\u00a0\u00bbobjetivo\u00a0\u00bb][vc_column][vc_column_text]OBJECTIF : OFFRIR AUX \u00c9L\u00c8VES LES PLUS AVANC\u00c9S UN PROGRAMME DE PROFESSIONALISATION SUR 3 ANS. RESPONSABLE : MAESTRO SERGIO TEIJIDO CO\u00dbT : 7,000.00 \u20ac \/ AN \/ \u00c9TUDIANT D\u00c9MARRAGE : MARS 2022[\/vc_column_text][\/vc_column][\/vc_row][vc_row][vc_column][\/vc_column][\/vc_row][vc_row][vc_column width=\u00a0\u00bb1\/3&Prime;][\/vc_column][vc_column width=\u00a0\u00bb2\/3&Prime;][vc_column_text]Poursuivant sa recherche de l\u2019excellence musicale, la fondation a d\u00e9cid\u00e9 de cr\u00e9er en 2022 un programme d\u2019excellence musicale r\u00e9serv\u00e9 \u00e0 ses&hellip;<\/p>\n","protected":false},"author":3,"featured_media":0,"parent":10368,"menu_order":0,"comment_status":"closed","ping_status":"closed","template":"","meta":[],"categories":[],"tags":[],"yoast_head":"<!-- This site is optimized with the Yoast SEO plugin v20.7 - https:\/\/yoast.com\/wordpress\/plugins\/seo\/ -->\n<title>Programme &quot;VIRTUOSO&quot; - Fiesta Clasica<\/title>\n<meta name=\"robots\" content=\"index, follow, max-snippet:-1, max-image-preview:large, max-video-preview:-1\" \/>\n<link rel=\"canonical\" href=\"https:\/\/www.fiestaclasica.org\/fr\/programmes\/programme-virtuoso\/\" \/>\n<meta property=\"og:locale\" content=\"fr_FR\" \/>\n<meta property=\"og:type\" content=\"article\" \/>\n<meta property=\"og:title\" content=\"Programme &quot;VIRTUOSO&quot; - Fiesta Clasica\" \/>\n<meta property=\"og:description\" content=\"[vc_row][vc_column][\/vc_column][\/vc_row][vc_row el_class=\u00a0\u00bbobjetivo\u00a0\u00bb][vc_column][vc_column_text]OBJECTIF : OFFRIR AUX \u00c9L\u00c8VES LES PLUS AVANC\u00c9S UN PROGRAMME DE PROFESSIONALISATION SUR 3 ANS. RESPONSABLE : MAESTRO SERGIO TEIJIDO CO\u00dbT : 7,000.00 \u20ac \/ AN \/ \u00c9TUDIANT D\u00c9MARRAGE : MARS 2022[\/vc_column_text][\/vc_column][\/vc_row][vc_row][vc_column][\/vc_column][\/vc_row][vc_row][vc_column width=\u00a0\u00bb1\/3&Prime;][\/vc_column][vc_column width=\u00a0\u00bb2\/3&Prime;][vc_column_text]Poursuivant sa recherche de l\u2019excellence musicale, la fondation a d\u00e9cid\u00e9 de cr\u00e9er en 2022 un programme d\u2019excellence musicale r\u00e9serv\u00e9 \u00e0 ses&hellip;\" \/>\n<meta property=\"og:url\" content=\"https:\/\/www.fiestaclasica.org\/fr\/programmes\/programme-virtuoso\/\" \/>\n<meta property=\"og:site_name\" content=\"Fiesta Clasica\" \/>\n<meta property=\"article:publisher\" content=\"https:\/\/www.facebook.com\/FiestaClasica\/\" \/>\n<meta property=\"article:modified_time\" content=\"2023-04-05T15:26:41+00:00\" \/>\n<meta name=\"twitter:card\" content=\"summary_large_image\" \/>\n<meta name=\"twitter:site\" content=\"@fiestaclasica\" \/>\n<meta name=\"twitter:label1\" content=\"Dur\u00e9e de lecture estim\u00e9e\" \/>\n\t<meta name=\"twitter:data1\" content=\"4 minutes\" \/>\n<script type=\"application\/ld+json\" class=\"yoast-schema-graph\">{\"@context\":\"https:\/\/schema.org\",\"@graph\":[{\"@type\":\"WebPage\",\"@id\":\"https:\/\/www.fiestaclasica.org\/fr\/programmes\/programme-virtuoso\/\",\"url\":\"https:\/\/www.fiestaclasica.org\/fr\/programmes\/programme-virtuoso\/\",\"name\":\"Programme \\\"VIRTUOSO\\\" - Fiesta Clasica\",\"isPartOf\":{\"@id\":\"https:\/\/www.fiestaclasica.org\/#website\"},\"datePublished\":\"2023-04-05T15:03:42+00:00\",\"dateModified\":\"2023-04-05T15:26:41+00:00\",\"breadcrumb\":{\"@id\":\"https:\/\/www.fiestaclasica.org\/fr\/programmes\/programme-virtuoso\/#breadcrumb\"},\"inLanguage\":\"fr-FR\",\"potentialAction\":[{\"@type\":\"ReadAction\",\"target\":[\"https:\/\/www.fiestaclasica.org\/fr\/programmes\/programme-virtuoso\/\"]}]},{\"@type\":\"BreadcrumbList\",\"@id\":\"https:\/\/www.fiestaclasica.org\/fr\/programmes\/programme-virtuoso\/#breadcrumb\",\"itemListElement\":[{\"@type\":\"ListItem\",\"position\":1,\"name\":\"Portada\",\"item\":\"https:\/\/www.fiestaclasica.org\/fr\/\"},{\"@type\":\"ListItem\",\"position\":2,\"name\":\"Programmes\",\"item\":\"https:\/\/www.fiestaclasica.org\/fr\/programmes\/\"},{\"@type\":\"ListItem\",\"position\":3,\"name\":\"Programme \u00abVIRTUOSO\u00bb\"}]},{\"@type\":\"WebSite\",\"@id\":\"https:\/\/www.fiestaclasica.org\/#website\",\"url\":\"https:\/\/www.fiestaclasica.org\/\",\"name\":\"Fiesta Clasica\",\"description\":\"Fiesta Clasica\",\"publisher\":{\"@id\":\"https:\/\/www.fiestaclasica.org\/#organization\"},\"potentialAction\":[{\"@type\":\"SearchAction\",\"target\":{\"@type\":\"EntryPoint\",\"urlTemplate\":\"https:\/\/www.fiestaclasica.org\/?s={search_term_string}\"},\"query-input\":\"required name=search_term_string\"}],\"inLanguage\":\"fr-FR\"},{\"@type\":\"Organization\",\"@id\":\"https:\/\/www.fiestaclasica.org\/#organization\",\"name\":\"fiesta clasica\",\"url\":\"https:\/\/www.fiestaclasica.org\/\",\"logo\":{\"@type\":\"ImageObject\",\"inLanguage\":\"fr-FR\",\"@id\":\"https:\/\/www.fiestaclasica.org\/#\/schema\/logo\/image\/\",\"url\":\"https:\/\/www.fiestaclasica.org\/wp-content\/uploads\/2016\/04\/logo-FC-prensa.jpg\",\"contentUrl\":\"https:\/\/www.fiestaclasica.org\/wp-content\/uploads\/2016\/04\/logo-FC-prensa.jpg\",\"width\":449,\"height\":261,\"caption\":\"fiesta clasica\"},\"image\":{\"@id\":\"https:\/\/www.fiestaclasica.org\/#\/schema\/logo\/image\/\"},\"sameAs\":[\"https:\/\/www.facebook.com\/FiestaClasica\/\",\"https:\/\/twitter.com\/fiestaclasica\",\"https:\/\/www.instagram.com\/fiestaclasica\/\",\"https:\/\/www.youtube.com\/channel\/UCt82JYKhPM3Th7pNLCA7-xw\"]}]}<\/script>\n<!-- \/ Yoast SEO plugin. -->","yoast_head_json":{"title":"Programme \"VIRTUOSO\" - Fiesta Clasica","robots":{"index":"index","follow":"follow","max-snippet":"max-snippet:-1","max-image-preview":"max-image-preview:large","max-video-preview":"max-video-preview:-1"},"canonical":"https:\/\/www.fiestaclasica.org\/fr\/programmes\/programme-virtuoso\/","og_locale":"fr_FR","og_type":"article","og_title":"Programme \"VIRTUOSO\" - Fiesta Clasica","og_description":"[vc_row][vc_column][\/vc_column][\/vc_row][vc_row el_class=\u00a0\u00bbobjetivo\u00a0\u00bb][vc_column][vc_column_text]OBJECTIF : OFFRIR AUX \u00c9L\u00c8VES LES PLUS AVANC\u00c9S UN PROGRAMME DE PROFESSIONALISATION SUR 3 ANS. RESPONSABLE : MAESTRO SERGIO TEIJIDO CO\u00dbT : 7,000.00 \u20ac \/ AN \/ \u00c9TUDIANT D\u00c9MARRAGE : MARS 2022[\/vc_column_text][\/vc_column][\/vc_row][vc_row][vc_column][\/vc_column][\/vc_row][vc_row][vc_column width=\u00a0\u00bb1\/3&Prime;][\/vc_column][vc_column width=\u00a0\u00bb2\/3&Prime;][vc_column_text]Poursuivant sa recherche de l\u2019excellence musicale, la fondation a d\u00e9cid\u00e9 de cr\u00e9er en 2022 un programme d\u2019excellence musicale r\u00e9serv\u00e9 \u00e0 ses&hellip;","og_url":"https:\/\/www.fiestaclasica.org\/fr\/programmes\/programme-virtuoso\/","og_site_name":"Fiesta Clasica","article_publisher":"https:\/\/www.facebook.com\/FiestaClasica\/","article_modified_time":"2023-04-05T15:26:41+00:00","twitter_card":"summary_large_image","twitter_site":"@fiestaclasica","twitter_misc":{"Dur\u00e9e de lecture estim\u00e9e":"4 minutes"},"schema":{"@context":"https:\/\/schema.org","@graph":[{"@type":"WebPage","@id":"https:\/\/www.fiestaclasica.org\/fr\/programmes\/programme-virtuoso\/","url":"https:\/\/www.fiestaclasica.org\/fr\/programmes\/programme-virtuoso\/","name":"Programme \"VIRTUOSO\" - Fiesta Clasica","isPartOf":{"@id":"https:\/\/www.fiestaclasica.org\/#website"},"datePublished":"2023-04-05T15:03:42+00:00","dateModified":"2023-04-05T15:26:41+00:00","breadcrumb":{"@id":"https:\/\/www.fiestaclasica.org\/fr\/programmes\/programme-virtuoso\/#breadcrumb"},"inLanguage":"fr-FR","potentialAction":[{"@type":"ReadAction","target":["https:\/\/www.fiestaclasica.org\/fr\/programmes\/programme-virtuoso\/"]}]},{"@type":"BreadcrumbList","@id":"https:\/\/www.fiestaclasica.org\/fr\/programmes\/programme-virtuoso\/#breadcrumb","itemListElement":[{"@type":"ListItem","position":1,"name":"Portada","item":"https:\/\/www.fiestaclasica.org\/fr\/"},{"@type":"ListItem","position":2,"name":"Programmes","item":"https:\/\/www.fiestaclasica.org\/fr\/programmes\/"},{"@type":"ListItem","position":3,"name":"Programme \u00abVIRTUOSO\u00bb"}]},{"@type":"WebSite","@id":"https:\/\/www.fiestaclasica.org\/#website","url":"https:\/\/www.fiestaclasica.org\/","name":"Fiesta Clasica","description":"Fiesta Clasica","publisher":{"@id":"https:\/\/www.fiestaclasica.org\/#organization"},"potentialAction":[{"@type":"SearchAction","target":{"@type":"EntryPoint","urlTemplate":"https:\/\/www.fiestaclasica.org\/?s={search_term_string}"},"query-input":"required name=search_term_string"}],"inLanguage":"fr-FR"},{"@type":"Organization","@id":"https:\/\/www.fiestaclasica.org\/#organization","name":"fiesta clasica","url":"https:\/\/www.fiestaclasica.org\/","logo":{"@type":"ImageObject","inLanguage":"fr-FR","@id":"https:\/\/www.fiestaclasica.org\/#\/schema\/logo\/image\/","url":"https:\/\/www.fiestaclasica.org\/wp-content\/uploads\/2016\/04\/logo-FC-prensa.jpg","contentUrl":"https:\/\/www.fiestaclasica.org\/wp-content\/uploads\/2016\/04\/logo-FC-prensa.jpg","width":449,"height":261,"caption":"fiesta clasica"},"image":{"@id":"https:\/\/www.fiestaclasica.org\/#\/schema\/logo\/image\/"},"sameAs":["https:\/\/www.facebook.com\/FiestaClasica\/","https:\/\/twitter.com\/fiestaclasica","https:\/\/www.instagram.com\/fiestaclasica\/","https:\/\/www.youtube.com\/channel\/UCt82JYKhPM3Th7pNLCA7-xw"]}]}},"_links":{"self":[{"href":"https:\/\/www.fiestaclasica.org\/fr\/wp-json\/wp\/v2\/pages\/12245\/"}],"collection":[{"href":"https:\/\/www.fiestaclasica.org\/fr\/wp-json\/wp\/v2\/pages\/"}],"about":[{"href":"https:\/\/www.fiestaclasica.org\/fr\/wp-json\/wp\/v2\/types\/page\/"}],"author":[{"embeddable":true,"href":"https:\/\/www.fiestaclasica.org\/fr\/wp-json\/wp\/v2\/users\/3\/"}],"replies":[{"embeddable":true,"href":"https:\/\/www.fiestaclasica.org\/fr\/wp-json\/wp\/v2\/comments\/?post=12245"}],"version-history":[{"count":1,"href":"https:\/\/www.fiestaclasica.org\/fr\/wp-json\/wp\/v2\/pages\/12245\/revisions\/"}],"predecessor-version":[{"id":12248,"href":"https:\/\/www.fiestaclasica.org\/fr\/wp-json\/wp\/v2\/pages\/12245\/revisions\/12248\/"}],"up":[{"embeddable":true,"href":"https:\/\/www.fiestaclasica.org\/fr\/wp-json\/wp\/v2\/pages\/10368\/"}],"wp:attachment":[{"href":"https:\/\/www.fiestaclasica.org\/fr\/wp-json\/wp\/v2\/media\/?parent=12245"}],"wp:term":[{"taxonomy":"category","embeddable":true,"href":"https:\/\/www.fiestaclasica.org\/fr\/wp-json\/wp\/v2\/categories\/?post=12245"},{"taxonomy":"post_tag","embeddable":true,"href":"https:\/\/www.fiestaclasica.org\/fr\/wp-json\/wp\/v2\/tags\/?post=12245"}],"curies":[{"name":"wp","href":"https:\/\/api.w.org\/{rel}","templated":true}]}}