{"id":10577,"date":"2019-09-05T15:28:40","date_gmt":"2019-09-05T15:28:40","guid":{"rendered":"http:\/\/www.fiestaclasica.org\/?page_id=10577"},"modified":"2019-11-11T17:50:52","modified_gmt":"2019-11-11T17:50:52","slug":"fiesta-clasica-concert-sagrado-17-avril-2019","status":"publish","type":"page","link":"https:\/\/www.fiestaclasica.org\/fr\/multimedia\/fiesta-clasica-concert-sagrado-17-avril-2019\/","title":{"rendered":"Fiesta Cl\u00e1sica Concert Sagrado  17 avril 2019"},"content":{"rendered":"[vc_row][vc_column][vc_raw_js]JTNDc2NyaXB0JTIwdHlwZSUzRCUyMnRleHQlMkZqYXZhc2NyaXB0JTIyJTNFJTBBZG9jdW1lbnQuZ2V0RWxlbWVudEJ5SWQlMjglMjJvdXRlci13cmFwJTIyJTI5LmNsYXNzTmFtZSUyMCUzRCUyMCUyMnBhZ2UtbWVkaWElMjIlM0IlMEElM0MlMkZzY3JpcHQlM0U=[\/vc_raw_js][\/vc_column][\/vc_row][vc_row][vc_column el_class=\u00a0\u00bbintro-gallery\u00a0\u00bb][vc_column_text]<span style=\"font-weight: 400;\">Notre concert du Mercredi Saint 17 avril 2019 s\u2019est d\u00e9roul\u00e9 en l\u2019\u00e9glise Nuestra Se\u00f1ora de la Altagracia de Saint Domingue. Le public nombreux a assist\u00e9 \u00e0 une pr\u00e9sentation de notre choeur accompagn\u00e9 par l\u2019orchestre. Au r\u00e9pertoire \u201cAve Verum Corpus\u201d de Mozart, \u201cPanis Angelicus\u201d de C\u00e9sar Franck entre autres. Direction Ivonne Buriel, jeune chef d\u2019orchestre de 25 ans form\u00e9e par El Sistema. <\/span>[\/vc_column_text][\/vc_column][\/vc_row][vc_row][vc_column][vc_video link=\u00a0\u00bbhttps:\/\/youtu.be\/WzKcEdBSZH0&Prime;][\/vc_column][\/vc_row]\n","protected":false},"excerpt":{"rendered":"<p>[vc_row][vc_column][vc_raw_js]JTNDc2NyaXB0JTIwdHlwZSUzRCUyMnRleHQlMkZqYXZhc2NyaXB0JTIyJTNFJTBBZG9jdW1lbnQuZ2V0RWxlbWVudEJ5SWQlMjglMjJvdXRlci13cmFwJTIyJTI5LmNsYXNzTmFtZSUyMCUzRCUyMCUyMnBhZ2UtbWVkaWElMjIlM0IlMEElM0MlMkZzY3JpcHQlM0U=[\/vc_raw_js][\/vc_column][\/vc_row][vc_row][vc_column el_class=\u00a0\u00bbintro-gallery\u00a0\u00bb][vc_column_text]Notre concert du Mercredi Saint 17 avril 2019 s\u2019est d\u00e9roul\u00e9 en l\u2019\u00e9glise Nuestra Se\u00f1ora de la Altagracia de Saint Domingue. Le public nombreux a assist\u00e9 \u00e0 une pr\u00e9sentation de notre choeur accompagn\u00e9 par l\u2019orchestre. Au r\u00e9pertoire \u201cAve Verum Corpus\u201d de Mozart, \u201cPanis Angelicus\u201d de C\u00e9sar Franck entre autres. Direction Ivonne Buriel, jeune chef d\u2019orchestre&hellip;<\/p>\n","protected":false},"author":1,"featured_media":6911,"parent":2288,"menu_order":0,"comment_status":"closed","ping_status":"closed","template":"","meta":[],"categories":[],"tags":[],"yoast_head":"<!-- This site is optimized with the Yoast SEO plugin v20.7 - https:\/\/yoast.com\/wordpress\/plugins\/seo\/ -->\n<title>Fiesta Cl\u00e1sica Concert Sagrado 17 avril 2019 - Fiesta Clasica<\/title>\n<meta name=\"robots\" content=\"index, follow, max-snippet:-1, max-image-preview:large, max-video-preview:-1\" \/>\n<link rel=\"canonical\" href=\"https:\/\/www.fiestaclasica.org\/fr\/multimedia\/fiesta-clasica-concert-sagrado-17-avril-2019\/\" \/>\n<meta property=\"og:locale\" content=\"fr_FR\" \/>\n<meta property=\"og:type\" content=\"article\" \/>\n<meta property=\"og:title\" content=\"Fiesta Cl\u00e1sica Concert Sagrado 17 avril 2019 - Fiesta Clasica\" \/>\n<meta property=\"og:description\" content=\"[vc_row][vc_column][vc_raw_js]JTNDc2NyaXB0JTIwdHlwZSUzRCUyMnRleHQlMkZqYXZhc2NyaXB0JTIyJTNFJTBBZG9jdW1lbnQuZ2V0RWxlbWVudEJ5SWQlMjglMjJvdXRlci13cmFwJTIyJTI5LmNsYXNzTmFtZSUyMCUzRCUyMCUyMnBhZ2UtbWVkaWElMjIlM0IlMEElM0MlMkZzY3JpcHQlM0U=[\/vc_raw_js][\/vc_column][\/vc_row][vc_row][vc_column el_class=\u00a0\u00bbintro-gallery\u00a0\u00bb][vc_column_text]Notre concert du Mercredi Saint 17 avril 2019 s\u2019est d\u00e9roul\u00e9 en l\u2019\u00e9glise Nuestra Se\u00f1ora de la Altagracia de Saint Domingue. Le public nombreux a assist\u00e9 \u00e0 une pr\u00e9sentation de notre choeur accompagn\u00e9 par l\u2019orchestre. Au r\u00e9pertoire \u201cAve Verum Corpus\u201d de Mozart, \u201cPanis Angelicus\u201d de C\u00e9sar Franck entre autres. Direction Ivonne Buriel, jeune chef d\u2019orchestre&hellip;\" \/>\n<meta property=\"og:url\" content=\"https:\/\/www.fiestaclasica.org\/fr\/multimedia\/fiesta-clasica-concert-sagrado-17-avril-2019\/\" \/>\n<meta property=\"og:site_name\" content=\"Fiesta Clasica\" \/>\n<meta property=\"article:publisher\" content=\"https:\/\/www.facebook.com\/FiestaClasica\/\" \/>\n<meta property=\"article:modified_time\" content=\"2019-11-11T17:50:52+00:00\" \/>\n<meta property=\"og:image\" content=\"https:\/\/www.fiestaclasica.org\/wp-content\/uploads\/2019\/05\/Copia-de-XBXP4543.jpg\" \/>\n\t<meta property=\"og:image:width\" content=\"1280\" \/>\n\t<meta property=\"og:image:height\" content=\"853\" \/>\n\t<meta property=\"og:image:type\" content=\"image\/jpeg\" \/>\n<meta name=\"twitter:card\" content=\"summary_large_image\" \/>\n<meta name=\"twitter:site\" content=\"@fiestaclasica\" \/>\n<meta name=\"twitter:label1\" content=\"Dur\u00e9e de lecture estim\u00e9e\" \/>\n\t<meta name=\"twitter:data1\" content=\"1 minute\" \/>\n<script type=\"application\/ld+json\" class=\"yoast-schema-graph\">{\"@context\":\"https:\/\/schema.org\",\"@graph\":[{\"@type\":\"WebPage\",\"@id\":\"https:\/\/www.fiestaclasica.org\/fr\/multimedia\/fiesta-clasica-concert-sagrado-17-avril-2019\/\",\"url\":\"https:\/\/www.fiestaclasica.org\/fr\/multimedia\/fiesta-clasica-concert-sagrado-17-avril-2019\/\",\"name\":\"Fiesta Cl\u00e1sica Concert Sagrado 17 avril 2019 - Fiesta Clasica\",\"isPartOf\":{\"@id\":\"https:\/\/www.fiestaclasica.org\/#website\"},\"datePublished\":\"2019-09-05T15:28:40+00:00\",\"dateModified\":\"2019-11-11T17:50:52+00:00\",\"breadcrumb\":{\"@id\":\"https:\/\/www.fiestaclasica.org\/fr\/multimedia\/fiesta-clasica-concert-sagrado-17-avril-2019\/#breadcrumb\"},\"inLanguage\":\"fr-FR\",\"potentialAction\":[{\"@type\":\"ReadAction\",\"target\":[\"https:\/\/www.fiestaclasica.org\/fr\/multimedia\/fiesta-clasica-concert-sagrado-17-avril-2019\/\"]}]},{\"@type\":\"BreadcrumbList\",\"@id\":\"https:\/\/www.fiestaclasica.org\/fr\/multimedia\/fiesta-clasica-concert-sagrado-17-avril-2019\/#breadcrumb\",\"itemListElement\":[{\"@type\":\"ListItem\",\"position\":1,\"name\":\"Portada\",\"item\":\"https:\/\/www.fiestaclasica.org\/fr\/\"},{\"@type\":\"ListItem\",\"position\":2,\"name\":\"Multimedia\",\"item\":\"https:\/\/www.fiestaclasica.org\/fr\/multimedia\/\"},{\"@type\":\"ListItem\",\"position\":3,\"name\":\"Fiesta Cl\u00e1sica Concert Sagrado 17 avril 2019\"}]},{\"@type\":\"WebSite\",\"@id\":\"https:\/\/www.fiestaclasica.org\/#website\",\"url\":\"https:\/\/www.fiestaclasica.org\/\",\"name\":\"Fiesta Clasica\",\"description\":\"Fiesta Clasica\",\"publisher\":{\"@id\":\"https:\/\/www.fiestaclasica.org\/#organization\"},\"potentialAction\":[{\"@type\":\"SearchAction\",\"target\":{\"@type\":\"EntryPoint\",\"urlTemplate\":\"https:\/\/www.fiestaclasica.org\/?s={search_term_string}\"},\"query-input\":\"required name=search_term_string\"}],\"inLanguage\":\"fr-FR\"},{\"@type\":\"Organization\",\"@id\":\"https:\/\/www.fiestaclasica.org\/#organization\",\"name\":\"fiesta clasica\",\"url\":\"https:\/\/www.fiestaclasica.org\/\",\"logo\":{\"@type\":\"ImageObject\",\"inLanguage\":\"fr-FR\",\"@id\":\"https:\/\/www.fiestaclasica.org\/#\/schema\/logo\/image\/\",\"url\":\"https:\/\/www.fiestaclasica.org\/wp-content\/uploads\/2016\/04\/logo-FC-prensa.jpg\",\"contentUrl\":\"https:\/\/www.fiestaclasica.org\/wp-content\/uploads\/2016\/04\/logo-FC-prensa.jpg\",\"width\":449,\"height\":261,\"caption\":\"fiesta clasica\"},\"image\":{\"@id\":\"https:\/\/www.fiestaclasica.org\/#\/schema\/logo\/image\/\"},\"sameAs\":[\"https:\/\/www.facebook.com\/FiestaClasica\/\",\"https:\/\/twitter.com\/fiestaclasica\",\"https:\/\/www.instagram.com\/fiestaclasica\/\",\"https:\/\/www.youtube.com\/channel\/UCt82JYKhPM3Th7pNLCA7-xw\"]}]}<\/script>\n<!-- \/ Yoast SEO plugin. -->","yoast_head_json":{"title":"Fiesta Cl\u00e1sica Concert Sagrado 17 avril 2019 - Fiesta Clasica","robots":{"index":"index","follow":"follow","max-snippet":"max-snippet:-1","max-image-preview":"max-image-preview:large","max-video-preview":"max-video-preview:-1"},"canonical":"https:\/\/www.fiestaclasica.org\/fr\/multimedia\/fiesta-clasica-concert-sagrado-17-avril-2019\/","og_locale":"fr_FR","og_type":"article","og_title":"Fiesta Cl\u00e1sica Concert Sagrado 17 avril 2019 - Fiesta Clasica","og_description":"[vc_row][vc_column][vc_raw_js]JTNDc2NyaXB0JTIwdHlwZSUzRCUyMnRleHQlMkZqYXZhc2NyaXB0JTIyJTNFJTBBZG9jdW1lbnQuZ2V0RWxlbWVudEJ5SWQlMjglMjJvdXRlci13cmFwJTIyJTI5LmNsYXNzTmFtZSUyMCUzRCUyMCUyMnBhZ2UtbWVkaWElMjIlM0IlMEElM0MlMkZzY3JpcHQlM0U=[\/vc_raw_js][\/vc_column][\/vc_row][vc_row][vc_column el_class=\u00a0\u00bbintro-gallery\u00a0\u00bb][vc_column_text]Notre concert du Mercredi Saint 17 avril 2019 s\u2019est d\u00e9roul\u00e9 en l\u2019\u00e9glise Nuestra Se\u00f1ora de la Altagracia de Saint Domingue. Le public nombreux a assist\u00e9 \u00e0 une pr\u00e9sentation de notre choeur accompagn\u00e9 par l\u2019orchestre. Au r\u00e9pertoire \u201cAve Verum Corpus\u201d de Mozart, \u201cPanis Angelicus\u201d de C\u00e9sar Franck entre autres. Direction Ivonne Buriel, jeune chef d\u2019orchestre&hellip;","og_url":"https:\/\/www.fiestaclasica.org\/fr\/multimedia\/fiesta-clasica-concert-sagrado-17-avril-2019\/","og_site_name":"Fiesta Clasica","article_publisher":"https:\/\/www.facebook.com\/FiestaClasica\/","article_modified_time":"2019-11-11T17:50:52+00:00","og_image":[{"width":1280,"height":853,"url":"https:\/\/www.fiestaclasica.org\/wp-content\/uploads\/2019\/05\/Copia-de-XBXP4543.jpg","type":"image\/jpeg"}],"twitter_card":"summary_large_image","twitter_site":"@fiestaclasica","twitter_misc":{"Dur\u00e9e de lecture estim\u00e9e":"1 minute"},"schema":{"@context":"https:\/\/schema.org","@graph":[{"@type":"WebPage","@id":"https:\/\/www.fiestaclasica.org\/fr\/multimedia\/fiesta-clasica-concert-sagrado-17-avril-2019\/","url":"https:\/\/www.fiestaclasica.org\/fr\/multimedia\/fiesta-clasica-concert-sagrado-17-avril-2019\/","name":"Fiesta Cl\u00e1sica Concert Sagrado 17 avril 2019 - Fiesta Clasica","isPartOf":{"@id":"https:\/\/www.fiestaclasica.org\/#website"},"datePublished":"2019-09-05T15:28:40+00:00","dateModified":"2019-11-11T17:50:52+00:00","breadcrumb":{"@id":"https:\/\/www.fiestaclasica.org\/fr\/multimedia\/fiesta-clasica-concert-sagrado-17-avril-2019\/#breadcrumb"},"inLanguage":"fr-FR","potentialAction":[{"@type":"ReadAction","target":["https:\/\/www.fiestaclasica.org\/fr\/multimedia\/fiesta-clasica-concert-sagrado-17-avril-2019\/"]}]},{"@type":"BreadcrumbList","@id":"https:\/\/www.fiestaclasica.org\/fr\/multimedia\/fiesta-clasica-concert-sagrado-17-avril-2019\/#breadcrumb","itemListElement":[{"@type":"ListItem","position":1,"name":"Portada","item":"https:\/\/www.fiestaclasica.org\/fr\/"},{"@type":"ListItem","position":2,"name":"Multimedia","item":"https:\/\/www.fiestaclasica.org\/fr\/multimedia\/"},{"@type":"ListItem","position":3,"name":"Fiesta Cl\u00e1sica Concert Sagrado 17 avril 2019"}]},{"@type":"WebSite","@id":"https:\/\/www.fiestaclasica.org\/#website","url":"https:\/\/www.fiestaclasica.org\/","name":"Fiesta Clasica","description":"Fiesta Clasica","publisher":{"@id":"https:\/\/www.fiestaclasica.org\/#organization"},"potentialAction":[{"@type":"SearchAction","target":{"@type":"EntryPoint","urlTemplate":"https:\/\/www.fiestaclasica.org\/?s={search_term_string}"},"query-input":"required name=search_term_string"}],"inLanguage":"fr-FR"},{"@type":"Organization","@id":"https:\/\/www.fiestaclasica.org\/#organization","name":"fiesta clasica","url":"https:\/\/www.fiestaclasica.org\/","logo":{"@type":"ImageObject","inLanguage":"fr-FR","@id":"https:\/\/www.fiestaclasica.org\/#\/schema\/logo\/image\/","url":"https:\/\/www.fiestaclasica.org\/wp-content\/uploads\/2016\/04\/logo-FC-prensa.jpg","contentUrl":"https:\/\/www.fiestaclasica.org\/wp-content\/uploads\/2016\/04\/logo-FC-prensa.jpg","width":449,"height":261,"caption":"fiesta clasica"},"image":{"@id":"https:\/\/www.fiestaclasica.org\/#\/schema\/logo\/image\/"},"sameAs":["https:\/\/www.facebook.com\/FiestaClasica\/","https:\/\/twitter.com\/fiestaclasica","https:\/\/www.instagram.com\/fiestaclasica\/","https:\/\/www.youtube.com\/channel\/UCt82JYKhPM3Th7pNLCA7-xw"]}]}},"_links":{"self":[{"href":"https:\/\/www.fiestaclasica.org\/fr\/wp-json\/wp\/v2\/pages\/10577\/"}],"collection":[{"href":"https:\/\/www.fiestaclasica.org\/fr\/wp-json\/wp\/v2\/pages\/"}],"about":[{"href":"https:\/\/www.fiestaclasica.org\/fr\/wp-json\/wp\/v2\/types\/page\/"}],"author":[{"embeddable":true,"href":"https:\/\/www.fiestaclasica.org\/fr\/wp-json\/wp\/v2\/users\/1\/"}],"replies":[{"embeddable":true,"href":"https:\/\/www.fiestaclasica.org\/fr\/wp-json\/wp\/v2\/comments\/?post=10577"}],"version-history":[{"count":2,"href":"https:\/\/www.fiestaclasica.org\/fr\/wp-json\/wp\/v2\/pages\/10577\/revisions\/"}],"predecessor-version":[{"id":10579,"href":"https:\/\/www.fiestaclasica.org\/fr\/wp-json\/wp\/v2\/pages\/10577\/revisions\/10579\/"}],"up":[{"embeddable":true,"href":"https:\/\/www.fiestaclasica.org\/fr\/wp-json\/wp\/v2\/pages\/2288\/"}],"wp:featuredmedia":[{"embeddable":true,"href":"https:\/\/www.fiestaclasica.org\/fr\/wp-json\/wp\/v2\/media\/6911\/"}],"wp:attachment":[{"href":"https:\/\/www.fiestaclasica.org\/fr\/wp-json\/wp\/v2\/media\/?parent=10577"}],"wp:term":[{"taxonomy":"category","embeddable":true,"href":"https:\/\/www.fiestaclasica.org\/fr\/wp-json\/wp\/v2\/categories\/?post=10577"},{"taxonomy":"post_tag","embeddable":true,"href":"https:\/\/www.fiestaclasica.org\/fr\/wp-json\/wp\/v2\/tags\/?post=10577"}],"curies":[{"name":"wp","href":"https:\/\/api.w.org\/{rel}","templated":true}]}}