{"id":10399,"date":"2019-05-16T13:52:18","date_gmt":"2019-05-16T13:52:18","guid":{"rendered":"http:\/\/www.fiestaclasica.org\/?page_id=10399"},"modified":"2022-05-18T17:58:53","modified_gmt":"2022-05-18T17:58:53","slug":"programme-developpement-phase-2-juillet-2018","status":"publish","type":"page","link":"https:\/\/www.fiestaclasica.org\/fr\/programmes\/programme-developpement-phase-2-juillet-2018\/","title":{"rendered":"Programme \u201cD\u00e9veloppement phase 1\u201d Juillet 2018"},"content":{"rendered":"[vc_row][vc_column]<a href=\"https:\/\/www.fiestaclasica.org\/fr\/programmes\/\" class=\"vcex-button theme-button align-right inline\" style=\"background:#20409a;font-size:14px;\" data-wpex-hover='{&quot;background&quot;:&quot;#97a9b4&quot;}'><span class=\"theme-button-inner\"><span class=\"vcex-icon-wrap theme-button-icon-left\"><span class=\"ticon ticon-angle-left\" aria-hidden=\"true\"><\/span><\/span>Retour programmes<\/span><\/a> [\/vc_column][\/vc_row][vc_row el_class=\u00a0\u00bbobjetivo\u00a0\u00bb][vc_column width=\u00a0\u00bb2\/3&Prime;][vc_column_text]<strong>OBJECTIF :<\/strong> PERFECTIONNEMENT DE LA PRATIQUE ORCHESTRALE ET CHORALE<br \/>\n<strong>RESPONSABLE :<\/strong> MAESTRO EDUARDO ABI HARB<br \/>\n<strong>CO\u00dbT :<\/strong> $22,000 \/ AN<br \/>\n<strong>D\u00c9MARRAGE :<\/strong> AVRIL 2018<br \/>\n<strong>FINANCEMENT 100% JUSQU\u2019EN 2020 :<\/strong> FONDATION ENGIE[\/vc_column_text][\/vc_column][vc_column width=\u00a0\u00bb1\/3&Prime;]<figure class=\"vcex-image vcex-module wpex-clr\"><div class=\"vcex-image-inner wpex-relative wpex-inline-block\"><img width=\"780\" height=\"313\" src=\"https:\/\/www.fiestaclasica.org\/wp-content\/uploads\/2019\/07\/LOGO2-FONDATION-EN-DEG_trans.png\" class=\"wpex-align-middle\" alt=\"\" decoding=\"async\" loading=\"lazy\" srcset=\"https:\/\/www.fiestaclasica.org\/wp-content\/uploads\/2019\/07\/LOGO2-FONDATION-EN-DEG_trans.png 780w, https:\/\/www.fiestaclasica.org\/wp-content\/uploads\/2019\/07\/LOGO2-FONDATION-EN-DEG_trans-300x120.png 300w, https:\/\/www.fiestaclasica.org\/wp-content\/uploads\/2019\/07\/LOGO2-FONDATION-EN-DEG_trans-768x308.png 768w\" sizes=\"(max-width: 780px) 100vw, 780px\" \/><\/div><\/figure>[\/vc_column][\/vc_row][vc_row][vc_column]<div class=\"wpex-slider-preloaderimg wpex-relative\"><img data-no-lazy=\"1\" class=\"skip-lazy\" src=\"https:\/\/www.fiestaclasica.org\/wp-content\/uploads\/2019\/05\/Not_sem_3273-980x544.jpg\" alt=\"\" width=\"980\" height=\"544\"><\/div><div class=\"vcex-module wpex-slider slider-pro vcex-image-slider wpex-clr\" data-auto-play-delay=\"5000\" data-thumbnails=\"true\" data-animation-speed=\"600\" data-height-animation-duration=\"500\" data-thumbnail-height=\"70\" data-thumbnail-width=\"70\"><div class=\"wpex-slider-slides sp-slides\"><div class=\"wpex-slider-slide sp-slide\"><div class=\"wpex-slider-media\"><img data-no-lazy=\"1\" class=\"skip-lazy\" src=\"https:\/\/www.fiestaclasica.org\/wp-content\/uploads\/2019\/05\/Not_sem_3273-980x544.jpg\" alt=\"\" width=\"980\" height=\"544\"><\/div><\/div><div class=\"wpex-slider-slide sp-slide\"><div class=\"wpex-slider-media\"><img data-no-lazy=\"1\" class=\"skip-lazy\" src=\"https:\/\/www.fiestaclasica.org\/wp-content\/uploads\/2019\/05\/Not_sem_3272-980x544.jpg\" alt=\"\" width=\"980\" height=\"544\"><\/div><\/div><div class=\"wpex-slider-slide sp-slide\"><div class=\"wpex-slider-media\"><img data-no-lazy=\"1\" class=\"skip-lazy\" src=\"https:\/\/www.fiestaclasica.org\/wp-content\/uploads\/2019\/05\/Not_sem_3269-980x544.jpg\" alt=\"\" width=\"980\" height=\"544\"><\/div><\/div><div class=\"wpex-slider-slide sp-slide\"><div class=\"wpex-slider-media\"><img data-no-lazy=\"1\" class=\"skip-lazy\" src=\"https:\/\/www.fiestaclasica.org\/wp-content\/uploads\/2019\/05\/Not_sem_3268-980x544.jpg\" alt=\"\" width=\"980\" height=\"544\"><\/div><\/div><div class=\"wpex-slider-slide sp-slide\"><div class=\"wpex-slider-media\"><img data-no-lazy=\"1\" class=\"skip-lazy\" src=\"https:\/\/www.fiestaclasica.org\/wp-content\/uploads\/2019\/05\/Not_sem_3266-980x544.jpg\" alt=\"\" width=\"980\" height=\"544\"><\/div><\/div><div class=\"wpex-slider-slide sp-slide\"><div class=\"wpex-slider-media\"><img data-no-lazy=\"1\" class=\"skip-lazy\" src=\"https:\/\/www.fiestaclasica.org\/wp-content\/uploads\/2019\/05\/Not_sem_3263-980x544.jpg\" alt=\"\" width=\"980\" height=\"544\"><\/div><\/div><div class=\"wpex-slider-slide sp-slide\"><div class=\"wpex-slider-media\"><img data-no-lazy=\"1\" class=\"skip-lazy\" src=\"https:\/\/www.fiestaclasica.org\/wp-content\/uploads\/2019\/05\/Not_sem_3248-980x544.jpg\" alt=\"\" width=\"980\" height=\"544\"><\/div><\/div><div class=\"wpex-slider-slide sp-slide\"><div class=\"wpex-slider-media\"><img data-no-lazy=\"1\" class=\"skip-lazy\" src=\"https:\/\/www.fiestaclasica.org\/wp-content\/uploads\/2019\/05\/Not_sem_3247-980x544.jpg\" alt=\"\" width=\"980\" height=\"544\"><\/div><\/div><div class=\"wpex-slider-slide sp-slide\"><div class=\"wpex-slider-media\"><img data-no-lazy=\"1\" class=\"skip-lazy\" src=\"https:\/\/www.fiestaclasica.org\/wp-content\/uploads\/2019\/05\/Not_sem_3244-720x544.jpg\" alt=\"\" width=\"720\" height=\"544\"><\/div><\/div><div class=\"wpex-slider-slide sp-slide\"><div class=\"wpex-slider-media\"><img data-no-lazy=\"1\" class=\"skip-lazy\" src=\"https:\/\/www.fiestaclasica.org\/wp-content\/uploads\/2019\/05\/Not_sem_3243-980x544.jpg\" alt=\"\" width=\"980\" height=\"544\"><\/div><\/div><div class=\"wpex-slider-slide sp-slide\"><div class=\"wpex-slider-media\"><img data-no-lazy=\"1\" class=\"skip-lazy\" src=\"https:\/\/www.fiestaclasica.org\/wp-content\/uploads\/2019\/05\/Not_sem_3242-720x544.jpg\" alt=\"\" width=\"720\" height=\"544\"><\/div><\/div><div class=\"wpex-slider-slide sp-slide\"><div class=\"wpex-slider-media\"><img data-no-lazy=\"1\" class=\"skip-lazy\" src=\"https:\/\/www.fiestaclasica.org\/wp-content\/uploads\/2019\/05\/Not_sem_5.21.31.png\" alt=\"\" srcset=\"https:\/\/www.fiestaclasica.org\/wp-content\/uploads\/2019\/05\/Not_sem_5.21.31.png 935w, https:\/\/www.fiestaclasica.org\/wp-content\/uploads\/2019\/05\/Not_sem_5.21.31-300x144.png 300w, https:\/\/www.fiestaclasica.org\/wp-content\/uploads\/2019\/05\/Not_sem_5.21.31-768x370.png 768w\" width=\"935\" height=\"450\"><\/div><\/div><div class=\"wpex-slider-slide sp-slide\"><div class=\"wpex-slider-media\"><img data-no-lazy=\"1\" class=\"skip-lazy\" src=\"https:\/\/www.fiestaclasica.org\/wp-content\/uploads\/2019\/05\/Not_sem_5.21.03.png\" alt=\"\" srcset=\"https:\/\/www.fiestaclasica.org\/wp-content\/uploads\/2019\/05\/Not_sem_5.21.03.png 937w, https:\/\/www.fiestaclasica.org\/wp-content\/uploads\/2019\/05\/Not_sem_5.21.03-300x144.png 300w, https:\/\/www.fiestaclasica.org\/wp-content\/uploads\/2019\/05\/Not_sem_5.21.03-768x368.png 768w\" width=\"937\" height=\"449\"><\/div><\/div><div class=\"wpex-slider-slide sp-slide\"><div class=\"wpex-slider-media\"><img data-no-lazy=\"1\" class=\"skip-lazy\" src=\"https:\/\/www.fiestaclasica.org\/wp-content\/uploads\/2019\/05\/Not_sem_5.20.41.png\" alt=\"\" srcset=\"https:\/\/www.fiestaclasica.org\/wp-content\/uploads\/2019\/05\/Not_sem_5.20.41.png 936w, https:\/\/www.fiestaclasica.org\/wp-content\/uploads\/2019\/05\/Not_sem_5.20.41-300x145.png 300w, https:\/\/www.fiestaclasica.org\/wp-content\/uploads\/2019\/05\/Not_sem_5.20.41-768x372.png 768w\" width=\"936\" height=\"453\"><\/div><\/div><div class=\"wpex-slider-slide sp-slide\"><div class=\"wpex-slider-media\"><img data-no-lazy=\"1\" class=\"skip-lazy\" src=\"https:\/\/www.fiestaclasica.org\/wp-content\/uploads\/2019\/05\/Not_sem_5.20.09.png\" alt=\"\" srcset=\"https:\/\/www.fiestaclasica.org\/wp-content\/uploads\/2019\/05\/Not_sem_5.20.09.png 933w, https:\/\/www.fiestaclasica.org\/wp-content\/uploads\/2019\/05\/Not_sem_5.20.09-300x146.png 300w, https:\/\/www.fiestaclasica.org\/wp-content\/uploads\/2019\/05\/Not_sem_5.20.09-768x374.png 768w\" width=\"933\" height=\"454\"><\/div><\/div><div class=\"wpex-slider-slide sp-slide\"><div class=\"wpex-slider-media\"><img data-no-lazy=\"1\" class=\"skip-lazy\" src=\"https:\/\/www.fiestaclasica.org\/wp-content\/uploads\/2019\/05\/Not_sem_5.19.40.png\" alt=\"\" srcset=\"https:\/\/www.fiestaclasica.org\/wp-content\/uploads\/2019\/05\/Not_sem_5.19.40.png 936w, https:\/\/www.fiestaclasica.org\/wp-content\/uploads\/2019\/05\/Not_sem_5.19.40-300x145.png 300w, https:\/\/www.fiestaclasica.org\/wp-content\/uploads\/2019\/05\/Not_sem_5.19.40-768x371.png 768w\" width=\"936\" height=\"452\"><\/div><\/div><\/div><div class=\"wpex-slider-thumbnails sp-thumbnails\"><img data-no-lazy=\"1\" class=\"wpex-slider-thumbnail sp-thumbnail skip-lazy\" src=\"https:\/\/www.fiestaclasica.org\/wp-content\/uploads\/2019\/05\/Not_sem_3273-980x544.jpg\" alt=\"\" width=\"980\" height=\"544\"><img data-no-lazy=\"1\" class=\"wpex-slider-thumbnail sp-thumbnail skip-lazy\" src=\"https:\/\/www.fiestaclasica.org\/wp-content\/uploads\/2019\/05\/Not_sem_3272-980x544.jpg\" alt=\"\" width=\"980\" height=\"544\"><img data-no-lazy=\"1\" class=\"wpex-slider-thumbnail sp-thumbnail skip-lazy\" src=\"https:\/\/www.fiestaclasica.org\/wp-content\/uploads\/2019\/05\/Not_sem_3269-980x544.jpg\" alt=\"\" width=\"980\" height=\"544\"><img data-no-lazy=\"1\" class=\"wpex-slider-thumbnail sp-thumbnail skip-lazy\" src=\"https:\/\/www.fiestaclasica.org\/wp-content\/uploads\/2019\/05\/Not_sem_3268-980x544.jpg\" alt=\"\" width=\"980\" height=\"544\"><img data-no-lazy=\"1\" class=\"wpex-slider-thumbnail sp-thumbnail skip-lazy\" src=\"https:\/\/www.fiestaclasica.org\/wp-content\/uploads\/2019\/05\/Not_sem_3266-980x544.jpg\" alt=\"\" width=\"980\" height=\"544\"><img data-no-lazy=\"1\" class=\"wpex-slider-thumbnail sp-thumbnail skip-lazy\" src=\"https:\/\/www.fiestaclasica.org\/wp-content\/uploads\/2019\/05\/Not_sem_3263-980x544.jpg\" alt=\"\" width=\"980\" height=\"544\"><img data-no-lazy=\"1\" class=\"wpex-slider-thumbnail sp-thumbnail skip-lazy\" src=\"https:\/\/www.fiestaclasica.org\/wp-content\/uploads\/2019\/05\/Not_sem_3248-980x544.jpg\" alt=\"\" width=\"980\" height=\"544\"><img data-no-lazy=\"1\" class=\"wpex-slider-thumbnail sp-thumbnail skip-lazy\" src=\"https:\/\/www.fiestaclasica.org\/wp-content\/uploads\/2019\/05\/Not_sem_3247-980x544.jpg\" alt=\"\" width=\"980\" height=\"544\"><img data-no-lazy=\"1\" class=\"wpex-slider-thumbnail sp-thumbnail skip-lazy\" src=\"https:\/\/www.fiestaclasica.org\/wp-content\/uploads\/2019\/05\/Not_sem_3244-720x544.jpg\" alt=\"\" width=\"720\" height=\"544\"><img data-no-lazy=\"1\" class=\"wpex-slider-thumbnail sp-thumbnail skip-lazy\" src=\"https:\/\/www.fiestaclasica.org\/wp-content\/uploads\/2019\/05\/Not_sem_3243-980x544.jpg\" alt=\"\" width=\"980\" height=\"544\"><img data-no-lazy=\"1\" class=\"wpex-slider-thumbnail sp-thumbnail skip-lazy\" src=\"https:\/\/www.fiestaclasica.org\/wp-content\/uploads\/2019\/05\/Not_sem_3242-720x544.jpg\" alt=\"\" width=\"720\" height=\"544\"><img data-no-lazy=\"1\" class=\"wpex-slider-thumbnail sp-thumbnail skip-lazy\" src=\"https:\/\/www.fiestaclasica.org\/wp-content\/uploads\/2019\/05\/Not_sem_5.21.31.png\" alt=\"\" srcset=\"https:\/\/www.fiestaclasica.org\/wp-content\/uploads\/2019\/05\/Not_sem_5.21.31.png 935w, https:\/\/www.fiestaclasica.org\/wp-content\/uploads\/2019\/05\/Not_sem_5.21.31-300x144.png 300w, https:\/\/www.fiestaclasica.org\/wp-content\/uploads\/2019\/05\/Not_sem_5.21.31-768x370.png 768w\" width=\"935\" height=\"450\"><img data-no-lazy=\"1\" class=\"wpex-slider-thumbnail sp-thumbnail skip-lazy\" src=\"https:\/\/www.fiestaclasica.org\/wp-content\/uploads\/2019\/05\/Not_sem_5.21.03.png\" alt=\"\" srcset=\"https:\/\/www.fiestaclasica.org\/wp-content\/uploads\/2019\/05\/Not_sem_5.21.03.png 937w, https:\/\/www.fiestaclasica.org\/wp-content\/uploads\/2019\/05\/Not_sem_5.21.03-300x144.png 300w, https:\/\/www.fiestaclasica.org\/wp-content\/uploads\/2019\/05\/Not_sem_5.21.03-768x368.png 768w\" width=\"937\" height=\"449\"><img data-no-lazy=\"1\" class=\"wpex-slider-thumbnail sp-thumbnail skip-lazy\" src=\"https:\/\/www.fiestaclasica.org\/wp-content\/uploads\/2019\/05\/Not_sem_5.20.41.png\" alt=\"\" srcset=\"https:\/\/www.fiestaclasica.org\/wp-content\/uploads\/2019\/05\/Not_sem_5.20.41.png 936w, https:\/\/www.fiestaclasica.org\/wp-content\/uploads\/2019\/05\/Not_sem_5.20.41-300x145.png 300w, https:\/\/www.fiestaclasica.org\/wp-content\/uploads\/2019\/05\/Not_sem_5.20.41-768x372.png 768w\" width=\"936\" height=\"453\"><img data-no-lazy=\"1\" class=\"wpex-slider-thumbnail sp-thumbnail skip-lazy\" src=\"https:\/\/www.fiestaclasica.org\/wp-content\/uploads\/2019\/05\/Not_sem_5.20.09.png\" alt=\"\" srcset=\"https:\/\/www.fiestaclasica.org\/wp-content\/uploads\/2019\/05\/Not_sem_5.20.09.png 933w, https:\/\/www.fiestaclasica.org\/wp-content\/uploads\/2019\/05\/Not_sem_5.20.09-300x146.png 300w, https:\/\/www.fiestaclasica.org\/wp-content\/uploads\/2019\/05\/Not_sem_5.20.09-768x374.png 768w\" width=\"933\" height=\"454\"><img data-no-lazy=\"1\" class=\"wpex-slider-thumbnail sp-thumbnail skip-lazy\" src=\"https:\/\/www.fiestaclasica.org\/wp-content\/uploads\/2019\/05\/Not_sem_5.19.40.png\" alt=\"\" srcset=\"https:\/\/www.fiestaclasica.org\/wp-content\/uploads\/2019\/05\/Not_sem_5.19.40.png 936w, https:\/\/www.fiestaclasica.org\/wp-content\/uploads\/2019\/05\/Not_sem_5.19.40-300x145.png 300w, https:\/\/www.fiestaclasica.org\/wp-content\/uploads\/2019\/05\/Not_sem_5.19.40-768x371.png 768w\" width=\"936\" height=\"452\"><\/div><\/div>[\/vc_column][\/vc_row][vc_row][vc_column][vc_column_text]\n<h3 style=\"margin-top: 0px;\">Rappel<\/h3>\n<p>Le plan baptis\u00e9 \u00ab\u00a0D\u00e9veloppement phase 2\u00a0\u00bb initi\u00e9 d\u00e9but 2018 par la Fondation Fiesta Cl\u00e1sica a re\u00e7u le soutien de la Fondation ENGIE. Il a pour objectif de renforcer les fondamentaux acquis au cours de l\u2019exercice 2017 autour de 3 th\u00e8mes\u00a0: le d\u00e9veloppement de l\u2019orchestre symphonique\u00a0; l\u2019organisation de s\u00e9minaires intensifs\u00a0; le d\u00e9veloppement d\u2019un orchestre \u00ab\u00a0infantile\u00a0\u00bb. Il est programm\u00e9 pour 3 ans.[\/vc_column_text][vc_column_text]\n<h3>Organisation<\/h3>\n<p>Le premier s\u00e9minaire programm\u00e9 en juillet 2018 s\u2019est d\u00e9roul\u00e9 du 11 au 17 inclus conform\u00e9ment aux pr\u00e9visions. Les cours se sont \u00e9tal\u00e9s de 9 heures \u00e0 18 heures, r\u00e9partis dans les diff\u00e9rentes salles de notre centre d\u2019enseignement ainsi que les salles d\u2019un coll\u00e8ge voisin\u00a0: cours par sections instrumentales (bois, cuivres, cordes, percussions)\u00a0; cours par rang (violons, altos, violoncelles, trompettes, hautbois, etc\u2026)\u00a0; r\u00e9p\u00e9titions g\u00e9n\u00e9rales de l\u2019ensemble de l\u2019orchestre les deux derniers jours. Au total ce sont 360 heures de cours plus 5 heures de r\u00e9p\u00e9tition g\u00e9n\u00e9rale qui ont \u00e9t\u00e9 assur\u00e9es pendant ce s\u00e9minaire.[\/vc_column_text][vc_column_text]\n<h3>Programme<\/h3>\n<p>Le c\u0153ur du s\u00e9minaire est constitu\u00e9 de cours par groupe qui permettent d\u2019affiner le travail de chaque participant et de mieux \u00e9valuer son int\u00e9gration tant comportementale qu\u2019artistique. Ensuite un programme acad\u00e9mique a \u00e9t\u00e9 d\u00e9fini par notre directeur musical, nous pla\u00e7ant dans la perspective du concert anniversaire du 23 janvier 2019. Le choix d\u2019\u0153uvres plus complexes indique clairement une progression des exigences et du niveau. En effet, voici la classification \u00e9tablie par El Sistema, notre partenaire acad\u00e9mique entre les \u0153uvres interpr\u00e9t\u00e9es en 2017\/2018 et celles programm\u00e9es pour la saison 2018\/2019.[\/vc_column_text][vc_column_text css=\u00a0\u00bb.vc_custom_1569265745393{margin-top: 20px !important;margin-bottom: 20px !important;}\u00a0\u00bb el_class=\u00a0\u00bbtab-proyecto1 tab-proyecto\u00a0\u00bb]\n<table style=\"width: 68.2372%;\">\n<tbody>\n<tr>\n<td style=\"width: 35.6914%; text-align: center;\">R\u00c9PERTOIRE 2017\/2018<\/td>\n<td style=\"width: 12.5884%; text-align: center;\">NIVEAU<\/td>\n<td style=\"width: 37.8317%; text-align: center;\" width=\"175\">R\u00c9PERTOIRE 2018\/2019<\/td>\n<td style=\"width: 12.498%; text-align: center;\" width=\"50\">NIVEAU<\/td>\n<\/tr>\n<tr>\n<td style=\"width: 35.6914%;\">Pump &amp; Circumstances (Edward Elgar)<\/td>\n<td style=\"width: 12.5884%; text-align: center;\">1<\/td>\n<td style=\"width: 37.8317%;\" width=\"175\">Marche de Radesky (J. Strauss)<\/td>\n<td style=\"width: 12.498%; text-align: center;\" width=\"50\">3<\/td>\n<\/tr>\n<tr>\n<td style=\"width: 35.6914%;\">Te Deum (Marc Antoine Charpentier)<\/td>\n<td style=\"width: 12.5884%; text-align: center;\">1<\/td>\n<td style=\"width: 37.8317%;\" width=\"175\">Danz\u00f3n n\u00ba 2 (A. Marquez)<\/td>\n<td style=\"width: 12.498%; text-align: center;\" width=\"50\">3<\/td>\n<\/tr>\n<tr>\n<td style=\"width: 35.6914%;\">Hymne \u00e0 la joie (LV Beethoven)<\/td>\n<td style=\"width: 12.5884%; text-align: center;\">1<\/td>\n<td style=\"width: 37.8317%;\" width=\"175\">Marche slave (P. Tchaikovsky)<\/td>\n<td style=\"width: 12.498%; text-align: center;\" width=\"50\">4<\/td>\n<\/tr>\n<tr>\n<td style=\"width: 35.6914%;\">Alleluya (GF Haendel)<\/td>\n<td style=\"width: 12.5884%; text-align: center;\">2<\/td>\n<td style=\"width: 37.8317%;\" width=\"175\">Carmina Burana (K. Off)<\/td>\n<td style=\"width: 12.498%; text-align: center;\" width=\"50\">4<\/td>\n<\/tr>\n<tr>\n<td style=\"width: 35.6914%;\">Ouverture 1812 (P.Tchaikovsky)<\/td>\n<td style=\"width: 12.5884%; text-align: center;\">2<\/td>\n<td style=\"width: 37.8317%;\" width=\"175\">Concerto pour cordes (A.Vivaldi)<\/td>\n<td style=\"width: 12.498%; text-align: center;\" width=\"50\">4<\/td>\n<\/tr>\n<tr>\n<td style=\"width: 35.6914%;\">La porte de Keiv (M. Moussorgsky)<\/td>\n<td style=\"width: 12.5884%; text-align: center;\">2<\/td>\n<td style=\"width: 37.8317%;\" width=\"175\">La Biquina (Trad. Mexicain)<\/td>\n<td style=\"width: 12.498%; text-align: center;\" width=\"50\">3<\/td>\n<\/tr>\n<\/tbody>\n<\/table>\n[\/vc_column_text][vc_column_text]\n<h3>Equipe enseignante<\/h3>\n<p>Notre \u00e9quipe de 12 professeurs a \u00e9t\u00e9 mobilis\u00e9e : 3 professeurs de violon\u00a0; 1 de violoncelle\u00a0; 1 de contrebasse\u00a0; 1 de clarinette\u00a0; 1 de hautbois\u00a0; 1 de percussions\u00a0; 1 de trombone &amp; tuba\u00a0; un de cor fran\u00e7ais\u00a0; 1 de trompette\u00a0; 1 de flute.<\/p>\n<p>Pour l\u2019occasion, cette \u00e9quipe a \u00e9t\u00e9 renforc\u00e9e par\u00a0:<\/p>\n<ul>\n<li><strong>Maestro Efrain Lara<\/strong> (Violon et Alto)\u00a0: Dipl\u00f4m\u00e9 de la Royal School of Music in Music Performance (Royal Academy of Music &amp; Royal College of Music of London), ancien \u00e9l\u00e8ve du Conservatoire Hector Berlioz de Par\u00eds, membre de l\u2019Orchestre Symphonique Simon Bolivar, professeur gradu\u00e9 de El Sistema du V\u00e9n\u00e9zuela.<\/li>\n<li><strong>Maestro Victor Mitrov<\/strong> (Trompette &amp; Trombone)\u00a0: Dipl\u00f4m\u00e9 de l\u2019Acad\u00e9mie de Sofia (Bulgarie). Soliste de l\u2019Orchestre Symphonique National de R\u00e9publique Dominicaine, Professeur de musique contemporaine \u00e0 l\u2019Universit\u00e9 Pedro Enriquez Ure\u00f1a.<\/li>\n<\/ul>\n[\/vc_column_text][vc_column_text]\n<h3>Assistance<\/h3>\n<p>L\u2019orchestre au complet a particip\u00e9 \u00e0 ce s\u00e9minaire, le nombre d\u2019\u00e9l\u00e8ves pouvant varier ponctuellement de 70 \u00e0 76 selon leurs obligations personnelles (d\u00e9tail en annexe). Les p\u00e9riodes de pause am\u00e9nag\u00e9es au cours de la journ\u00e9e ont permis aux \u00e9l\u00e8ves de mieux supporter le rythme intense qui \u00e9tait impos\u00e9. De plus lors des cours, les professeurs m\u00e9nageaient des phases de discussion et d\u2019\u00e9change avec leur groupe afin de permettre \u00e0 chaque participant de s\u2019exprimer, de gagner en confiance. En effet, dans cette phase de d\u00e9veloppement, l\u2019objectif de ces s\u00e9minaires est avant tout de faciliter l\u2019expression naturelle des \u00e9l\u00e8ves, de leur permettre de gagner en confiance et de trouver une vraie motivation. Les progr\u00e8s dans l\u2019ex\u00e9cution musicale viennent alors plus naturellement. Ces d\u00e9marches ont \u00e9t\u00e9 initi\u00e9es dans le respect de la p\u00e9dagogie d\u00e9velopp\u00e9e par El Sistema du V\u00e9n\u00e9zuela.<\/p>\n<p>En marge du s\u00e9minaire se poursuivait la classe d\u2019initiation au violon r\u00e9unissant 11 \u00e9l\u00e8ves. Cette pr\u00e9paration s\u2019inscrit pleinement dans notre plan qui pr\u00e9voit de constituer un orchestre symphonique infantile fin 2019.[\/vc_column_text][\/vc_column][\/vc_row][vc_row remove_bottom_col_margin=\u00a0\u00bbtrue\u00a0\u00bb el_class=\u00a0\u00bbbottom-proyecto\u00a0\u00bb][vc_column width=\u00a0\u00bb1\/2&Prime;][vc_column_text]\n<p style=\"text-align: center;\"><span style=\"font-size: 20px;\">Programme parrain\u00e9 par la Foundation Engie<\/span><\/p>\n[\/vc_column_text][\/vc_column][vc_column width=\u00a0\u00bb1\/2&Prime;]<figure class=\"vcex-image vcex-module wpex-clr\"><div class=\"vcex-image-inner wpex-relative wpex-inline-block\"><img width=\"780\" height=\"313\" src=\"https:\/\/www.fiestaclasica.org\/wp-content\/uploads\/2019\/07\/LOGO2-FONDATION-EN-DEG_trans.png\" class=\"wpex-align-middle\" alt=\"\" decoding=\"async\" loading=\"lazy\" srcset=\"https:\/\/www.fiestaclasica.org\/wp-content\/uploads\/2019\/07\/LOGO2-FONDATION-EN-DEG_trans.png 780w, https:\/\/www.fiestaclasica.org\/wp-content\/uploads\/2019\/07\/LOGO2-FONDATION-EN-DEG_trans-300x120.png 300w, https:\/\/www.fiestaclasica.org\/wp-content\/uploads\/2019\/07\/LOGO2-FONDATION-EN-DEG_trans-768x308.png 768w\" sizes=\"(max-width: 780px) 100vw, 780px\" \/><\/div><\/figure>[\/vc_column][\/vc_row]\n","protected":false},"excerpt":{"rendered":"<p>[vc_row][vc_column][\/vc_column][\/vc_row][vc_row el_class=\u00a0\u00bbobjetivo\u00a0\u00bb][vc_column width=\u00a0\u00bb2\/3&Prime;][vc_column_text]OBJECTIF : PERFECTIONNEMENT DE LA PRATIQUE ORCHESTRALE ET CHORALE RESPONSABLE : MAESTRO EDUARDO ABI HARB CO\u00dbT : $22,000 \/ AN D\u00c9MARRAGE : AVRIL 2018 FINANCEMENT 100% JUSQU\u2019EN 2020 : FONDATION ENGIE[\/vc_column_text][\/vc_column][vc_column width=\u00a0\u00bb1\/3&Prime;][\/vc_column][\/vc_row][vc_row][vc_column][\/vc_column][\/vc_row][vc_row][vc_column][vc_column_text] Rappel Le plan baptis\u00e9 \u00ab\u00a0D\u00e9veloppement phase 2\u00a0\u00bb initi\u00e9 d\u00e9but 2018 par la Fondation Fiesta Cl\u00e1sica a re\u00e7u le soutien de la&hellip;<\/p>\n","protected":false},"author":1,"featured_media":8750,"parent":10368,"menu_order":0,"comment_status":"closed","ping_status":"closed","template":"","meta":[],"categories":[],"tags":[],"yoast_head":"<!-- This site is optimized with the Yoast SEO plugin v20.7 - https:\/\/yoast.com\/wordpress\/plugins\/seo\/ -->\n<title>Programme \u201cD\u00e9veloppement phase 1\u201d Juillet 2018 - Fiesta Clasica<\/title>\n<meta name=\"robots\" content=\"index, follow, max-snippet:-1, max-image-preview:large, max-video-preview:-1\" \/>\n<link rel=\"canonical\" href=\"https:\/\/www.fiestaclasica.org\/fr\/programmes\/programme-developpement-phase-2-juillet-2018\/\" \/>\n<meta property=\"og:locale\" content=\"fr_FR\" \/>\n<meta property=\"og:type\" content=\"article\" \/>\n<meta property=\"og:title\" content=\"Programme \u201cD\u00e9veloppement phase 1\u201d Juillet 2018 - Fiesta Clasica\" \/>\n<meta property=\"og:description\" content=\"[vc_row][vc_column][\/vc_column][\/vc_row][vc_row el_class=\u00a0\u00bbobjetivo\u00a0\u00bb][vc_column width=\u00a0\u00bb2\/3&Prime;][vc_column_text]OBJECTIF : PERFECTIONNEMENT DE LA PRATIQUE ORCHESTRALE ET CHORALE RESPONSABLE : MAESTRO EDUARDO ABI HARB CO\u00dbT : $22,000 \/ AN D\u00c9MARRAGE : AVRIL 2018 FINANCEMENT 100% JUSQU\u2019EN 2020 : FONDATION ENGIE[\/vc_column_text][\/vc_column][vc_column width=\u00a0\u00bb1\/3&Prime;][\/vc_column][\/vc_row][vc_row][vc_column][\/vc_column][\/vc_row][vc_row][vc_column][vc_column_text] Rappel Le plan baptis\u00e9 \u00ab\u00a0D\u00e9veloppement phase 2\u00a0\u00bb initi\u00e9 d\u00e9but 2018 par la Fondation Fiesta Cl\u00e1sica a re\u00e7u le soutien de la&hellip;\" \/>\n<meta property=\"og:url\" content=\"https:\/\/www.fiestaclasica.org\/fr\/programmes\/programme-developpement-phase-2-juillet-2018\/\" \/>\n<meta property=\"og:site_name\" content=\"Fiesta Clasica\" \/>\n<meta property=\"article:publisher\" content=\"https:\/\/www.facebook.com\/FiestaClasica\/\" \/>\n<meta property=\"article:modified_time\" content=\"2022-05-18T17:58:53+00:00\" \/>\n<meta property=\"og:image\" content=\"https:\/\/www.fiestaclasica.org\/wp-content\/uploads\/2019\/05\/Not_sem_3269.jpg\" \/>\n\t<meta property=\"og:image:width\" content=\"1280\" \/>\n\t<meta property=\"og:image:height\" content=\"960\" \/>\n\t<meta property=\"og:image:type\" content=\"image\/jpeg\" \/>\n<meta name=\"twitter:card\" content=\"summary_large_image\" \/>\n<meta name=\"twitter:site\" content=\"@fiestaclasica\" \/>\n<meta name=\"twitter:label1\" content=\"Dur\u00e9e de lecture estim\u00e9e\" \/>\n\t<meta name=\"twitter:data1\" content=\"4 minutes\" \/>\n<script type=\"application\/ld+json\" class=\"yoast-schema-graph\">{\"@context\":\"https:\/\/schema.org\",\"@graph\":[{\"@type\":\"WebPage\",\"@id\":\"https:\/\/www.fiestaclasica.org\/fr\/programmes\/programme-developpement-phase-2-juillet-2018\/\",\"url\":\"https:\/\/www.fiestaclasica.org\/fr\/programmes\/programme-developpement-phase-2-juillet-2018\/\",\"name\":\"Programme \u201cD\u00e9veloppement phase 1\u201d Juillet 2018 - Fiesta Clasica\",\"isPartOf\":{\"@id\":\"https:\/\/www.fiestaclasica.org\/#website\"},\"datePublished\":\"2019-05-16T13:52:18+00:00\",\"dateModified\":\"2022-05-18T17:58:53+00:00\",\"breadcrumb\":{\"@id\":\"https:\/\/www.fiestaclasica.org\/fr\/programmes\/programme-developpement-phase-2-juillet-2018\/#breadcrumb\"},\"inLanguage\":\"fr-FR\",\"potentialAction\":[{\"@type\":\"ReadAction\",\"target\":[\"https:\/\/www.fiestaclasica.org\/fr\/programmes\/programme-developpement-phase-2-juillet-2018\/\"]}]},{\"@type\":\"BreadcrumbList\",\"@id\":\"https:\/\/www.fiestaclasica.org\/fr\/programmes\/programme-developpement-phase-2-juillet-2018\/#breadcrumb\",\"itemListElement\":[{\"@type\":\"ListItem\",\"position\":1,\"name\":\"Portada\",\"item\":\"https:\/\/www.fiestaclasica.org\/fr\/\"},{\"@type\":\"ListItem\",\"position\":2,\"name\":\"Programmes\",\"item\":\"https:\/\/www.fiestaclasica.org\/fr\/programmes\/\"},{\"@type\":\"ListItem\",\"position\":3,\"name\":\"Programme \u201cD\u00e9veloppement phase 1\u201d Juillet 2018\"}]},{\"@type\":\"WebSite\",\"@id\":\"https:\/\/www.fiestaclasica.org\/#website\",\"url\":\"https:\/\/www.fiestaclasica.org\/\",\"name\":\"Fiesta Clasica\",\"description\":\"Fiesta Clasica\",\"publisher\":{\"@id\":\"https:\/\/www.fiestaclasica.org\/#organization\"},\"potentialAction\":[{\"@type\":\"SearchAction\",\"target\":{\"@type\":\"EntryPoint\",\"urlTemplate\":\"https:\/\/www.fiestaclasica.org\/?s={search_term_string}\"},\"query-input\":\"required name=search_term_string\"}],\"inLanguage\":\"fr-FR\"},{\"@type\":\"Organization\",\"@id\":\"https:\/\/www.fiestaclasica.org\/#organization\",\"name\":\"fiesta clasica\",\"url\":\"https:\/\/www.fiestaclasica.org\/\",\"logo\":{\"@type\":\"ImageObject\",\"inLanguage\":\"fr-FR\",\"@id\":\"https:\/\/www.fiestaclasica.org\/#\/schema\/logo\/image\/\",\"url\":\"https:\/\/www.fiestaclasica.org\/wp-content\/uploads\/2016\/04\/logo-FC-prensa.jpg\",\"contentUrl\":\"https:\/\/www.fiestaclasica.org\/wp-content\/uploads\/2016\/04\/logo-FC-prensa.jpg\",\"width\":449,\"height\":261,\"caption\":\"fiesta clasica\"},\"image\":{\"@id\":\"https:\/\/www.fiestaclasica.org\/#\/schema\/logo\/image\/\"},\"sameAs\":[\"https:\/\/www.facebook.com\/FiestaClasica\/\",\"https:\/\/twitter.com\/fiestaclasica\",\"https:\/\/www.instagram.com\/fiestaclasica\/\",\"https:\/\/www.youtube.com\/channel\/UCt82JYKhPM3Th7pNLCA7-xw\"]}]}<\/script>\n<!-- \/ Yoast SEO plugin. -->","yoast_head_json":{"title":"Programme \u201cD\u00e9veloppement phase 1\u201d Juillet 2018 - Fiesta Clasica","robots":{"index":"index","follow":"follow","max-snippet":"max-snippet:-1","max-image-preview":"max-image-preview:large","max-video-preview":"max-video-preview:-1"},"canonical":"https:\/\/www.fiestaclasica.org\/fr\/programmes\/programme-developpement-phase-2-juillet-2018\/","og_locale":"fr_FR","og_type":"article","og_title":"Programme \u201cD\u00e9veloppement phase 1\u201d Juillet 2018 - Fiesta Clasica","og_description":"[vc_row][vc_column][\/vc_column][\/vc_row][vc_row el_class=\u00a0\u00bbobjetivo\u00a0\u00bb][vc_column width=\u00a0\u00bb2\/3&Prime;][vc_column_text]OBJECTIF : PERFECTIONNEMENT DE LA PRATIQUE ORCHESTRALE ET CHORALE RESPONSABLE : MAESTRO EDUARDO ABI HARB CO\u00dbT : $22,000 \/ AN D\u00c9MARRAGE : AVRIL 2018 FINANCEMENT 100% JUSQU\u2019EN 2020 : FONDATION ENGIE[\/vc_column_text][\/vc_column][vc_column width=\u00a0\u00bb1\/3&Prime;][\/vc_column][\/vc_row][vc_row][vc_column][\/vc_column][\/vc_row][vc_row][vc_column][vc_column_text] Rappel Le plan baptis\u00e9 \u00ab\u00a0D\u00e9veloppement phase 2\u00a0\u00bb initi\u00e9 d\u00e9but 2018 par la Fondation Fiesta Cl\u00e1sica a re\u00e7u le soutien de la&hellip;","og_url":"https:\/\/www.fiestaclasica.org\/fr\/programmes\/programme-developpement-phase-2-juillet-2018\/","og_site_name":"Fiesta Clasica","article_publisher":"https:\/\/www.facebook.com\/FiestaClasica\/","article_modified_time":"2022-05-18T17:58:53+00:00","og_image":[{"width":1280,"height":960,"url":"https:\/\/www.fiestaclasica.org\/wp-content\/uploads\/2019\/05\/Not_sem_3269.jpg","type":"image\/jpeg"}],"twitter_card":"summary_large_image","twitter_site":"@fiestaclasica","twitter_misc":{"Dur\u00e9e de lecture estim\u00e9e":"4 minutes"},"schema":{"@context":"https:\/\/schema.org","@graph":[{"@type":"WebPage","@id":"https:\/\/www.fiestaclasica.org\/fr\/programmes\/programme-developpement-phase-2-juillet-2018\/","url":"https:\/\/www.fiestaclasica.org\/fr\/programmes\/programme-developpement-phase-2-juillet-2018\/","name":"Programme \u201cD\u00e9veloppement phase 1\u201d Juillet 2018 - Fiesta Clasica","isPartOf":{"@id":"https:\/\/www.fiestaclasica.org\/#website"},"datePublished":"2019-05-16T13:52:18+00:00","dateModified":"2022-05-18T17:58:53+00:00","breadcrumb":{"@id":"https:\/\/www.fiestaclasica.org\/fr\/programmes\/programme-developpement-phase-2-juillet-2018\/#breadcrumb"},"inLanguage":"fr-FR","potentialAction":[{"@type":"ReadAction","target":["https:\/\/www.fiestaclasica.org\/fr\/programmes\/programme-developpement-phase-2-juillet-2018\/"]}]},{"@type":"BreadcrumbList","@id":"https:\/\/www.fiestaclasica.org\/fr\/programmes\/programme-developpement-phase-2-juillet-2018\/#breadcrumb","itemListElement":[{"@type":"ListItem","position":1,"name":"Portada","item":"https:\/\/www.fiestaclasica.org\/fr\/"},{"@type":"ListItem","position":2,"name":"Programmes","item":"https:\/\/www.fiestaclasica.org\/fr\/programmes\/"},{"@type":"ListItem","position":3,"name":"Programme \u201cD\u00e9veloppement phase 1\u201d Juillet 2018"}]},{"@type":"WebSite","@id":"https:\/\/www.fiestaclasica.org\/#website","url":"https:\/\/www.fiestaclasica.org\/","name":"Fiesta Clasica","description":"Fiesta Clasica","publisher":{"@id":"https:\/\/www.fiestaclasica.org\/#organization"},"potentialAction":[{"@type":"SearchAction","target":{"@type":"EntryPoint","urlTemplate":"https:\/\/www.fiestaclasica.org\/?s={search_term_string}"},"query-input":"required name=search_term_string"}],"inLanguage":"fr-FR"},{"@type":"Organization","@id":"https:\/\/www.fiestaclasica.org\/#organization","name":"fiesta clasica","url":"https:\/\/www.fiestaclasica.org\/","logo":{"@type":"ImageObject","inLanguage":"fr-FR","@id":"https:\/\/www.fiestaclasica.org\/#\/schema\/logo\/image\/","url":"https:\/\/www.fiestaclasica.org\/wp-content\/uploads\/2016\/04\/logo-FC-prensa.jpg","contentUrl":"https:\/\/www.fiestaclasica.org\/wp-content\/uploads\/2016\/04\/logo-FC-prensa.jpg","width":449,"height":261,"caption":"fiesta clasica"},"image":{"@id":"https:\/\/www.fiestaclasica.org\/#\/schema\/logo\/image\/"},"sameAs":["https:\/\/www.facebook.com\/FiestaClasica\/","https:\/\/twitter.com\/fiestaclasica","https:\/\/www.instagram.com\/fiestaclasica\/","https:\/\/www.youtube.com\/channel\/UCt82JYKhPM3Th7pNLCA7-xw"]}]}},"_links":{"self":[{"href":"https:\/\/www.fiestaclasica.org\/fr\/wp-json\/wp\/v2\/pages\/10399\/"}],"collection":[{"href":"https:\/\/www.fiestaclasica.org\/fr\/wp-json\/wp\/v2\/pages\/"}],"about":[{"href":"https:\/\/www.fiestaclasica.org\/fr\/wp-json\/wp\/v2\/types\/page\/"}],"author":[{"embeddable":true,"href":"https:\/\/www.fiestaclasica.org\/fr\/wp-json\/wp\/v2\/users\/1\/"}],"replies":[{"embeddable":true,"href":"https:\/\/www.fiestaclasica.org\/fr\/wp-json\/wp\/v2\/comments\/?post=10399"}],"version-history":[{"count":6,"href":"https:\/\/www.fiestaclasica.org\/fr\/wp-json\/wp\/v2\/pages\/10399\/revisions\/"}],"predecessor-version":[{"id":11712,"href":"https:\/\/www.fiestaclasica.org\/fr\/wp-json\/wp\/v2\/pages\/10399\/revisions\/11712\/"}],"up":[{"embeddable":true,"href":"https:\/\/www.fiestaclasica.org\/fr\/wp-json\/wp\/v2\/pages\/10368\/"}],"wp:featuredmedia":[{"embeddable":true,"href":"https:\/\/www.fiestaclasica.org\/fr\/wp-json\/wp\/v2\/media\/8750\/"}],"wp:attachment":[{"href":"https:\/\/www.fiestaclasica.org\/fr\/wp-json\/wp\/v2\/media\/?parent=10399"}],"wp:term":[{"taxonomy":"category","embeddable":true,"href":"https:\/\/www.fiestaclasica.org\/fr\/wp-json\/wp\/v2\/categories\/?post=10399"},{"taxonomy":"post_tag","embeddable":true,"href":"https:\/\/www.fiestaclasica.org\/fr\/wp-json\/wp\/v2\/tags\/?post=10399"}],"curies":[{"name":"wp","href":"https:\/\/api.w.org\/{rel}","templated":true}]}}