{"id":10378,"date":"2019-07-20T15:59:28","date_gmt":"2019-07-20T15:59:28","guid":{"rendered":"http:\/\/www.fiestaclasica.org\/?page_id=10378"},"modified":"2019-09-24T21:10:39","modified_gmt":"2019-09-24T21:10:39","slug":"programa-desarrollo-fase-2-enero-2019","status":"publish","type":"page","link":"https:\/\/www.fiestaclasica.org\/fr\/programmes\/programa-desarrollo-fase-2-enero-2019\/","title":{"rendered":"Programme \u201cD\u00e9veloppement phase 2\u201d Janvier 2019"},"content":{"rendered":"[vc_row][vc_column]<a href=\"https:\/\/www.fiestaclasica.org\/fr\/programmes\/\" class=\"vcex-button theme-button align-right inline\" style=\"background:#20409a;font-size:14px;\" data-wpex-hover='{&quot;background&quot;:&quot;#97a9b4&quot;}'><span class=\"theme-button-inner\"><span class=\"vcex-icon-wrap theme-button-icon-left\"><span class=\"ticon ticon-angle-left\" aria-hidden=\"true\"><\/span><\/span>Retour programmes<\/span><\/a> [\/vc_column][\/vc_row][vc_row el_class=\u00a0\u00bbobjetivo\u00a0\u00bb][vc_column width=\u00a0\u00bb2\/3&Prime;][vc_column_text]<strong>OBJECTIF :<\/strong> PERFECTIONNEMENT DE LA PRATIQUE ORCHESTRALE ET CHORALE<br \/>\n<strong>RESPONSABLE :<\/strong> MAESTRO EDUARDO ABI HARB<br \/>\n<strong>CO\u00dbT :<\/strong> $22,000 \/ AN<br \/>\n<strong>D\u00c9MARRAGE :<\/strong> AVRIL 2018<br \/>\n<strong>FINANCEMENT 100% JUSQU\u2019EN 2020 :<\/strong> FONDATION ENGIE[\/vc_column_text][\/vc_column][vc_column width=\u00a0\u00bb1\/3&Prime;]<figure class=\"vcex-image vcex-module wpex-clr\"><div class=\"vcex-image-inner wpex-relative wpex-inline-block\"><img width=\"780\" height=\"313\" src=\"https:\/\/www.fiestaclasica.org\/wp-content\/uploads\/2019\/07\/LOGO2-FONDATION-EN-DEG_trans.png\" class=\"wpex-align-middle\" alt=\"\" decoding=\"async\" loading=\"lazy\" srcset=\"https:\/\/www.fiestaclasica.org\/wp-content\/uploads\/2019\/07\/LOGO2-FONDATION-EN-DEG_trans.png 780w, https:\/\/www.fiestaclasica.org\/wp-content\/uploads\/2019\/07\/LOGO2-FONDATION-EN-DEG_trans-300x120.png 300w, https:\/\/www.fiestaclasica.org\/wp-content\/uploads\/2019\/07\/LOGO2-FONDATION-EN-DEG_trans-768x308.png 768w\" sizes=\"(max-width: 780px) 100vw, 780px\" \/><\/div><\/figure>[\/vc_column][\/vc_row][vc_row][vc_column]<div class=\"wpex-slider-preloaderimg wpex-relative\"><img data-no-lazy=\"1\" class=\"skip-lazy\" src=\"https:\/\/www.fiestaclasica.org\/wp-content\/uploads\/2019\/07\/img_5.18.51-PM-2_proyecto.jpg\" alt=\"\" srcset=\"https:\/\/www.fiestaclasica.org\/wp-content\/uploads\/2019\/07\/img_5.18.51-PM-2_proyecto.jpg 980w, https:\/\/www.fiestaclasica.org\/wp-content\/uploads\/2019\/07\/img_5.18.51-PM-2_proyecto-300x167.jpg 300w, https:\/\/www.fiestaclasica.org\/wp-content\/uploads\/2019\/07\/img_5.18.51-PM-2_proyecto-768x426.jpg 768w\" width=\"980\" height=\"544\"><\/div><div class=\"vcex-module wpex-slider slider-pro vcex-image-slider wpex-clr\" data-auto-play-delay=\"5000\" data-thumbnails=\"true\" data-animation-speed=\"600\" data-height-animation-duration=\"500\" data-thumbnail-height=\"70\" data-thumbnail-width=\"70\"><div class=\"wpex-slider-slides sp-slides\"><div class=\"wpex-slider-slide sp-slide\"><div class=\"wpex-slider-media\"><img data-no-lazy=\"1\" class=\"skip-lazy\" src=\"https:\/\/www.fiestaclasica.org\/wp-content\/uploads\/2019\/07\/img_5.18.51-PM-2_proyecto.jpg\" alt=\"\" srcset=\"https:\/\/www.fiestaclasica.org\/wp-content\/uploads\/2019\/07\/img_5.18.51-PM-2_proyecto.jpg 980w, https:\/\/www.fiestaclasica.org\/wp-content\/uploads\/2019\/07\/img_5.18.51-PM-2_proyecto-300x167.jpg 300w, https:\/\/www.fiestaclasica.org\/wp-content\/uploads\/2019\/07\/img_5.18.51-PM-2_proyecto-768x426.jpg 768w\" width=\"980\" height=\"544\"><\/div><\/div><div class=\"wpex-slider-slide sp-slide\"><div class=\"wpex-slider-media\"><img data-no-lazy=\"1\" class=\"skip-lazy\" src=\"https:\/\/www.fiestaclasica.org\/wp-content\/uploads\/2019\/07\/img_4.44.21-PM_proyecto.jpg\" alt=\"\" srcset=\"https:\/\/www.fiestaclasica.org\/wp-content\/uploads\/2019\/07\/img_4.44.21-PM_proyecto.jpg 980w, https:\/\/www.fiestaclasica.org\/wp-content\/uploads\/2019\/07\/img_4.44.21-PM_proyecto-300x167.jpg 300w, https:\/\/www.fiestaclasica.org\/wp-content\/uploads\/2019\/07\/img_4.44.21-PM_proyecto-768x426.jpg 768w\" width=\"980\" height=\"544\"><\/div><\/div><div class=\"wpex-slider-slide sp-slide\"><div class=\"wpex-slider-media\"><img data-no-lazy=\"1\" class=\"skip-lazy\" src=\"https:\/\/www.fiestaclasica.org\/wp-content\/uploads\/2019\/07\/img_4.44.22-PM-2_proyecto.jpg\" alt=\"\" srcset=\"https:\/\/www.fiestaclasica.org\/wp-content\/uploads\/2019\/07\/img_4.44.22-PM-2_proyecto.jpg 980w, https:\/\/www.fiestaclasica.org\/wp-content\/uploads\/2019\/07\/img_4.44.22-PM-2_proyecto-300x167.jpg 300w, https:\/\/www.fiestaclasica.org\/wp-content\/uploads\/2019\/07\/img_4.44.22-PM-2_proyecto-768x426.jpg 768w\" width=\"980\" height=\"544\"><\/div><\/div><div class=\"wpex-slider-slide sp-slide\"><div class=\"wpex-slider-media\"><img data-no-lazy=\"1\" class=\"skip-lazy\" src=\"https:\/\/www.fiestaclasica.org\/wp-content\/uploads\/2019\/07\/img_4.44.22-PM-3_proyecto.jpg\" alt=\"\" srcset=\"https:\/\/www.fiestaclasica.org\/wp-content\/uploads\/2019\/07\/img_4.44.22-PM-3_proyecto.jpg 980w, https:\/\/www.fiestaclasica.org\/wp-content\/uploads\/2019\/07\/img_4.44.22-PM-3_proyecto-300x167.jpg 300w, https:\/\/www.fiestaclasica.org\/wp-content\/uploads\/2019\/07\/img_4.44.22-PM-3_proyecto-768x426.jpg 768w\" width=\"980\" height=\"544\"><\/div><\/div><div class=\"wpex-slider-slide sp-slide\"><div class=\"wpex-slider-media\"><img data-no-lazy=\"1\" class=\"skip-lazy\" src=\"https:\/\/www.fiestaclasica.org\/wp-content\/uploads\/2019\/07\/img_4.44.21-PM-2_proyecto.jpg\" alt=\"\" srcset=\"https:\/\/www.fiestaclasica.org\/wp-content\/uploads\/2019\/07\/img_4.44.21-PM-2_proyecto.jpg 980w, https:\/\/www.fiestaclasica.org\/wp-content\/uploads\/2019\/07\/img_4.44.21-PM-2_proyecto-300x167.jpg 300w, https:\/\/www.fiestaclasica.org\/wp-content\/uploads\/2019\/07\/img_4.44.21-PM-2_proyecto-768x426.jpg 768w\" width=\"980\" height=\"544\"><\/div><\/div><div class=\"wpex-slider-slide sp-slide\"><div class=\"wpex-slider-media\"><img data-no-lazy=\"1\" class=\"skip-lazy\" src=\"https:\/\/www.fiestaclasica.org\/wp-content\/uploads\/2019\/07\/img_4.44.22-PM-1_proyecto.jpg\" alt=\"\" srcset=\"https:\/\/www.fiestaclasica.org\/wp-content\/uploads\/2019\/07\/img_4.44.22-PM-1_proyecto.jpg 980w, https:\/\/www.fiestaclasica.org\/wp-content\/uploads\/2019\/07\/img_4.44.22-PM-1_proyecto-300x167.jpg 300w, https:\/\/www.fiestaclasica.org\/wp-content\/uploads\/2019\/07\/img_4.44.22-PM-1_proyecto-768x426.jpg 768w\" width=\"980\" height=\"544\"><\/div><\/div><div class=\"wpex-slider-slide sp-slide\"><div class=\"wpex-slider-media\"><img data-no-lazy=\"1\" class=\"skip-lazy\" src=\"https:\/\/www.fiestaclasica.org\/wp-content\/uploads\/2019\/07\/img_4.44.21-PM-1_proyecto.jpg\" alt=\"\" srcset=\"https:\/\/www.fiestaclasica.org\/wp-content\/uploads\/2019\/07\/img_4.44.21-PM-1_proyecto.jpg 980w, https:\/\/www.fiestaclasica.org\/wp-content\/uploads\/2019\/07\/img_4.44.21-PM-1_proyecto-300x167.jpg 300w, https:\/\/www.fiestaclasica.org\/wp-content\/uploads\/2019\/07\/img_4.44.21-PM-1_proyecto-768x426.jpg 768w\" width=\"980\" height=\"544\"><\/div><\/div><div class=\"wpex-slider-slide sp-slide\"><div class=\"wpex-slider-media\"><img data-no-lazy=\"1\" class=\"skip-lazy\" src=\"https:\/\/www.fiestaclasica.org\/wp-content\/uploads\/2019\/07\/img_4.44.21-PM-3_proyecto.jpg\" alt=\"\" srcset=\"https:\/\/www.fiestaclasica.org\/wp-content\/uploads\/2019\/07\/img_4.44.21-PM-3_proyecto.jpg 980w, https:\/\/www.fiestaclasica.org\/wp-content\/uploads\/2019\/07\/img_4.44.21-PM-3_proyecto-300x167.jpg 300w, https:\/\/www.fiestaclasica.org\/wp-content\/uploads\/2019\/07\/img_4.44.21-PM-3_proyecto-768x426.jpg 768w\" width=\"980\" height=\"544\"><\/div><\/div><div class=\"wpex-slider-slide sp-slide\"><div class=\"wpex-slider-media\"><img data-no-lazy=\"1\" class=\"skip-lazy\" src=\"https:\/\/www.fiestaclasica.org\/wp-content\/uploads\/2019\/07\/img_4.44.21-PM-4_proyecto.jpg\" alt=\"\" srcset=\"https:\/\/www.fiestaclasica.org\/wp-content\/uploads\/2019\/07\/img_4.44.21-PM-4_proyecto.jpg 980w, https:\/\/www.fiestaclasica.org\/wp-content\/uploads\/2019\/07\/img_4.44.21-PM-4_proyecto-300x167.jpg 300w, https:\/\/www.fiestaclasica.org\/wp-content\/uploads\/2019\/07\/img_4.44.21-PM-4_proyecto-768x426.jpg 768w\" width=\"980\" height=\"544\"><\/div><\/div><div class=\"wpex-slider-slide sp-slide\"><div class=\"wpex-slider-media\"><img data-no-lazy=\"1\" class=\"skip-lazy\" src=\"https:\/\/www.fiestaclasica.org\/wp-content\/uploads\/2019\/07\/img_proyecto_505274.jpg\" alt=\"\" srcset=\"https:\/\/www.fiestaclasica.org\/wp-content\/uploads\/2019\/07\/img_proyecto_505274.jpg 980w, https:\/\/www.fiestaclasica.org\/wp-content\/uploads\/2019\/07\/img_proyecto_505274-300x167.jpg 300w, https:\/\/www.fiestaclasica.org\/wp-content\/uploads\/2019\/07\/img_proyecto_505274-768x426.jpg 768w\" width=\"980\" height=\"544\"><\/div><\/div><div class=\"wpex-slider-slide sp-slide\"><div class=\"wpex-slider-media\"><img data-no-lazy=\"1\" class=\"skip-lazy\" src=\"https:\/\/www.fiestaclasica.org\/wp-content\/uploads\/2019\/07\/img_proyecto_50428.jpg\" alt=\"\" srcset=\"https:\/\/www.fiestaclasica.org\/wp-content\/uploads\/2019\/07\/img_proyecto_50428.jpg 980w, https:\/\/www.fiestaclasica.org\/wp-content\/uploads\/2019\/07\/img_proyecto_50428-300x167.jpg 300w, https:\/\/www.fiestaclasica.org\/wp-content\/uploads\/2019\/07\/img_proyecto_50428-768x426.jpg 768w\" width=\"980\" height=\"544\"><\/div><\/div><div class=\"wpex-slider-slide sp-slide\"><div class=\"wpex-slider-media\"><img data-no-lazy=\"1\" class=\"skip-lazy\" src=\"https:\/\/www.fiestaclasica.org\/wp-content\/uploads\/2019\/07\/img_proyecto_50295.jpg\" alt=\"\" srcset=\"https:\/\/www.fiestaclasica.org\/wp-content\/uploads\/2019\/07\/img_proyecto_50295.jpg 980w, https:\/\/www.fiestaclasica.org\/wp-content\/uploads\/2019\/07\/img_proyecto_50295-300x167.jpg 300w, https:\/\/www.fiestaclasica.org\/wp-content\/uploads\/2019\/07\/img_proyecto_50295-768x426.jpg 768w\" width=\"980\" height=\"544\"><\/div><\/div><div class=\"wpex-slider-slide sp-slide\"><div class=\"wpex-slider-media\"><img data-no-lazy=\"1\" class=\"skip-lazy\" src=\"https:\/\/www.fiestaclasica.org\/wp-content\/uploads\/2019\/07\/img_proyecto_50275.jpg\" alt=\"\" srcset=\"https:\/\/www.fiestaclasica.org\/wp-content\/uploads\/2019\/07\/img_proyecto_50275.jpg 980w, https:\/\/www.fiestaclasica.org\/wp-content\/uploads\/2019\/07\/img_proyecto_50275-300x167.jpg 300w, https:\/\/www.fiestaclasica.org\/wp-content\/uploads\/2019\/07\/img_proyecto_50275-768x426.jpg 768w\" width=\"980\" height=\"544\"><\/div><\/div><div class=\"wpex-slider-slide sp-slide\"><div class=\"wpex-slider-media\"><img data-no-lazy=\"1\" class=\"skip-lazy\" src=\"https:\/\/www.fiestaclasica.org\/wp-content\/uploads\/2019\/07\/img_proyecto_50436.jpg\" alt=\"\" srcset=\"https:\/\/www.fiestaclasica.org\/wp-content\/uploads\/2019\/07\/img_proyecto_50436.jpg 980w, https:\/\/www.fiestaclasica.org\/wp-content\/uploads\/2019\/07\/img_proyecto_50436-300x167.jpg 300w, https:\/\/www.fiestaclasica.org\/wp-content\/uploads\/2019\/07\/img_proyecto_50436-768x426.jpg 768w\" width=\"980\" height=\"544\"><\/div><\/div><div class=\"wpex-slider-slide sp-slide\"><div class=\"wpex-slider-media\"><img data-no-lazy=\"1\" class=\"skip-lazy\" src=\"https:\/\/www.fiestaclasica.org\/wp-content\/uploads\/2019\/07\/img_proyecto_50227.jpg\" alt=\"\" srcset=\"https:\/\/www.fiestaclasica.org\/wp-content\/uploads\/2019\/07\/img_proyecto_50227.jpg 980w, https:\/\/www.fiestaclasica.org\/wp-content\/uploads\/2019\/07\/img_proyecto_50227-300x167.jpg 300w, https:\/\/www.fiestaclasica.org\/wp-content\/uploads\/2019\/07\/img_proyecto_50227-768x426.jpg 768w\" width=\"980\" height=\"544\"><\/div><\/div><div class=\"wpex-slider-slide sp-slide\"><div class=\"wpex-slider-media\"><img data-no-lazy=\"1\" class=\"skip-lazy\" src=\"https:\/\/www.fiestaclasica.org\/wp-content\/uploads\/2019\/07\/img_4.38.08-PM_proyecto.jpg\" alt=\"\" srcset=\"https:\/\/www.fiestaclasica.org\/wp-content\/uploads\/2019\/07\/img_4.38.08-PM_proyecto.jpg 980w, https:\/\/www.fiestaclasica.org\/wp-content\/uploads\/2019\/07\/img_4.38.08-PM_proyecto-300x167.jpg 300w, https:\/\/www.fiestaclasica.org\/wp-content\/uploads\/2019\/07\/img_4.38.08-PM_proyecto-768x426.jpg 768w\" width=\"980\" height=\"544\"><\/div><\/div><div class=\"wpex-slider-slide sp-slide\"><div class=\"wpex-slider-media\"><img data-no-lazy=\"1\" class=\"skip-lazy\" src=\"https:\/\/www.fiestaclasica.org\/wp-content\/uploads\/2019\/07\/img_5.52.31-PM_proyecto.jpg\" alt=\"\" srcset=\"https:\/\/www.fiestaclasica.org\/wp-content\/uploads\/2019\/07\/img_5.52.31-PM_proyecto.jpg 980w, https:\/\/www.fiestaclasica.org\/wp-content\/uploads\/2019\/07\/img_5.52.31-PM_proyecto-300x167.jpg 300w, https:\/\/www.fiestaclasica.org\/wp-content\/uploads\/2019\/07\/img_5.52.31-PM_proyecto-768x426.jpg 768w\" width=\"980\" height=\"544\"><\/div><\/div><div class=\"wpex-slider-slide sp-slide\"><div class=\"wpex-slider-media\"><img data-no-lazy=\"1\" class=\"skip-lazy\" src=\"https:\/\/www.fiestaclasica.org\/wp-content\/uploads\/2019\/07\/img_5.52.30-PM-1_proyecto.jpg\" alt=\"\" srcset=\"https:\/\/www.fiestaclasica.org\/wp-content\/uploads\/2019\/07\/img_5.52.30-PM-1_proyecto.jpg 980w, https:\/\/www.fiestaclasica.org\/wp-content\/uploads\/2019\/07\/img_5.52.30-PM-1_proyecto-300x167.jpg 300w, https:\/\/www.fiestaclasica.org\/wp-content\/uploads\/2019\/07\/img_5.52.30-PM-1_proyecto-768x426.jpg 768w\" width=\"980\" height=\"544\"><\/div><\/div><div class=\"wpex-slider-slide sp-slide\"><div class=\"wpex-slider-media\"><img data-no-lazy=\"1\" class=\"skip-lazy\" src=\"https:\/\/www.fiestaclasica.org\/wp-content\/uploads\/2019\/07\/img_5.52.31-PM-2_proyecto.jpg\" alt=\"\" srcset=\"https:\/\/www.fiestaclasica.org\/wp-content\/uploads\/2019\/07\/img_5.52.31-PM-2_proyecto.jpg 980w, https:\/\/www.fiestaclasica.org\/wp-content\/uploads\/2019\/07\/img_5.52.31-PM-2_proyecto-300x167.jpg 300w, https:\/\/www.fiestaclasica.org\/wp-content\/uploads\/2019\/07\/img_5.52.31-PM-2_proyecto-768x426.jpg 768w\" width=\"980\" height=\"544\"><\/div><\/div><div class=\"wpex-slider-slide sp-slide\"><div class=\"wpex-slider-media\"><img data-no-lazy=\"1\" class=\"skip-lazy\" src=\"https:\/\/www.fiestaclasica.org\/wp-content\/uploads\/2019\/07\/img_5.18.51-PM-3_proyecto.jpg\" alt=\"\" srcset=\"https:\/\/www.fiestaclasica.org\/wp-content\/uploads\/2019\/07\/img_5.18.51-PM-3_proyecto.jpg 980w, https:\/\/www.fiestaclasica.org\/wp-content\/uploads\/2019\/07\/img_5.18.51-PM-3_proyecto-300x167.jpg 300w, https:\/\/www.fiestaclasica.org\/wp-content\/uploads\/2019\/07\/img_5.18.51-PM-3_proyecto-768x426.jpg 768w\" width=\"980\" height=\"544\"><\/div><\/div><div class=\"wpex-slider-slide sp-slide\"><div class=\"wpex-slider-media\"><img data-no-lazy=\"1\" class=\"skip-lazy\" src=\"https:\/\/www.fiestaclasica.org\/wp-content\/uploads\/2019\/07\/img_5.18.50-PM_proyecto.jpg\" alt=\"\" srcset=\"https:\/\/www.fiestaclasica.org\/wp-content\/uploads\/2019\/07\/img_5.18.50-PM_proyecto.jpg 980w, https:\/\/www.fiestaclasica.org\/wp-content\/uploads\/2019\/07\/img_5.18.50-PM_proyecto-300x167.jpg 300w, https:\/\/www.fiestaclasica.org\/wp-content\/uploads\/2019\/07\/img_5.18.50-PM_proyecto-768x426.jpg 768w\" width=\"980\" height=\"544\"><\/div><\/div><div class=\"wpex-slider-slide sp-slide\"><div class=\"wpex-slider-media\"><img data-no-lazy=\"1\" class=\"skip-lazy\" src=\"https:\/\/www.fiestaclasica.org\/wp-content\/uploads\/2019\/07\/img_5.18.50-PM-1_proyecto.jpg\" alt=\"\" srcset=\"https:\/\/www.fiestaclasica.org\/wp-content\/uploads\/2019\/07\/img_5.18.50-PM-1_proyecto.jpg 980w, https:\/\/www.fiestaclasica.org\/wp-content\/uploads\/2019\/07\/img_5.18.50-PM-1_proyecto-300x167.jpg 300w, https:\/\/www.fiestaclasica.org\/wp-content\/uploads\/2019\/07\/img_5.18.50-PM-1_proyecto-768x426.jpg 768w\" width=\"980\" height=\"544\"><\/div><\/div><div class=\"wpex-slider-slide sp-slide\"><div class=\"wpex-slider-media\"><img data-no-lazy=\"1\" class=\"skip-lazy\" src=\"https:\/\/www.fiestaclasica.org\/wp-content\/uploads\/2019\/07\/img_5.52.31-PM-1_proyecto.jpg\" alt=\"\" srcset=\"https:\/\/www.fiestaclasica.org\/wp-content\/uploads\/2019\/07\/img_5.52.31-PM-1_proyecto.jpg 980w, https:\/\/www.fiestaclasica.org\/wp-content\/uploads\/2019\/07\/img_5.52.31-PM-1_proyecto-300x167.jpg 300w, https:\/\/www.fiestaclasica.org\/wp-content\/uploads\/2019\/07\/img_5.52.31-PM-1_proyecto-768x426.jpg 768w\" width=\"980\" height=\"544\"><\/div><\/div><div class=\"wpex-slider-slide sp-slide\"><div class=\"wpex-slider-media\"><img data-no-lazy=\"1\" class=\"skip-lazy\" src=\"https:\/\/www.fiestaclasica.org\/wp-content\/uploads\/2019\/07\/img_5.52.30-PM-3_proyecto.jpg\" alt=\"\" srcset=\"https:\/\/www.fiestaclasica.org\/wp-content\/uploads\/2019\/07\/img_5.52.30-PM-3_proyecto.jpg 980w, https:\/\/www.fiestaclasica.org\/wp-content\/uploads\/2019\/07\/img_5.52.30-PM-3_proyecto-300x167.jpg 300w, https:\/\/www.fiestaclasica.org\/wp-content\/uploads\/2019\/07\/img_5.52.30-PM-3_proyecto-768x426.jpg 768w\" width=\"980\" height=\"544\"><\/div><\/div><div class=\"wpex-slider-slide sp-slide\"><div class=\"wpex-slider-media\"><img data-no-lazy=\"1\" class=\"skip-lazy\" src=\"https:\/\/www.fiestaclasica.org\/wp-content\/uploads\/2019\/07\/img_5.52.30-PM-2_proyecto.jpg\" alt=\"\" srcset=\"https:\/\/www.fiestaclasica.org\/wp-content\/uploads\/2019\/07\/img_5.52.30-PM-2_proyecto.jpg 980w, https:\/\/www.fiestaclasica.org\/wp-content\/uploads\/2019\/07\/img_5.52.30-PM-2_proyecto-300x167.jpg 300w, https:\/\/www.fiestaclasica.org\/wp-content\/uploads\/2019\/07\/img_5.52.30-PM-2_proyecto-768x426.jpg 768w\" width=\"980\" height=\"544\"><\/div><\/div><div class=\"wpex-slider-slide sp-slide\"><div class=\"wpex-slider-media\"><img data-no-lazy=\"1\" class=\"skip-lazy\" src=\"https:\/\/www.fiestaclasica.org\/wp-content\/uploads\/2019\/07\/img_5.52.30-PM_proyecto.jpg\" alt=\"\" srcset=\"https:\/\/www.fiestaclasica.org\/wp-content\/uploads\/2019\/07\/img_5.52.30-PM_proyecto.jpg 980w, https:\/\/www.fiestaclasica.org\/wp-content\/uploads\/2019\/07\/img_5.52.30-PM_proyecto-300x167.jpg 300w, https:\/\/www.fiestaclasica.org\/wp-content\/uploads\/2019\/07\/img_5.52.30-PM_proyecto-768x426.jpg 768w\" width=\"980\" height=\"544\"><\/div><\/div><div class=\"wpex-slider-slide sp-slide\"><div class=\"wpex-slider-media\"><img data-no-lazy=\"1\" class=\"skip-lazy\" src=\"https:\/\/www.fiestaclasica.org\/wp-content\/uploads\/2019\/07\/img_proyecto_506203.jpg\" alt=\"\" srcset=\"https:\/\/www.fiestaclasica.org\/wp-content\/uploads\/2019\/07\/img_proyecto_506203.jpg 980w, https:\/\/www.fiestaclasica.org\/wp-content\/uploads\/2019\/07\/img_proyecto_506203-300x167.jpg 300w, https:\/\/www.fiestaclasica.org\/wp-content\/uploads\/2019\/07\/img_proyecto_506203-768x426.jpg 768w\" width=\"980\" height=\"544\"><\/div><\/div><\/div><div class=\"wpex-slider-thumbnails sp-thumbnails\"><img data-no-lazy=\"1\" class=\"wpex-slider-thumbnail sp-thumbnail skip-lazy\" src=\"https:\/\/www.fiestaclasica.org\/wp-content\/uploads\/2019\/07\/img_5.18.51-PM-2_proyecto.jpg\" alt=\"\" srcset=\"https:\/\/www.fiestaclasica.org\/wp-content\/uploads\/2019\/07\/img_5.18.51-PM-2_proyecto.jpg 980w, https:\/\/www.fiestaclasica.org\/wp-content\/uploads\/2019\/07\/img_5.18.51-PM-2_proyecto-300x167.jpg 300w, https:\/\/www.fiestaclasica.org\/wp-content\/uploads\/2019\/07\/img_5.18.51-PM-2_proyecto-768x426.jpg 768w\" width=\"980\" height=\"544\"><img data-no-lazy=\"1\" class=\"wpex-slider-thumbnail sp-thumbnail skip-lazy\" src=\"https:\/\/www.fiestaclasica.org\/wp-content\/uploads\/2019\/07\/img_4.44.21-PM_proyecto.jpg\" alt=\"\" srcset=\"https:\/\/www.fiestaclasica.org\/wp-content\/uploads\/2019\/07\/img_4.44.21-PM_proyecto.jpg 980w, https:\/\/www.fiestaclasica.org\/wp-content\/uploads\/2019\/07\/img_4.44.21-PM_proyecto-300x167.jpg 300w, https:\/\/www.fiestaclasica.org\/wp-content\/uploads\/2019\/07\/img_4.44.21-PM_proyecto-768x426.jpg 768w\" width=\"980\" height=\"544\"><img data-no-lazy=\"1\" class=\"wpex-slider-thumbnail sp-thumbnail skip-lazy\" src=\"https:\/\/www.fiestaclasica.org\/wp-content\/uploads\/2019\/07\/img_4.44.22-PM-2_proyecto.jpg\" alt=\"\" srcset=\"https:\/\/www.fiestaclasica.org\/wp-content\/uploads\/2019\/07\/img_4.44.22-PM-2_proyecto.jpg 980w, https:\/\/www.fiestaclasica.org\/wp-content\/uploads\/2019\/07\/img_4.44.22-PM-2_proyecto-300x167.jpg 300w, https:\/\/www.fiestaclasica.org\/wp-content\/uploads\/2019\/07\/img_4.44.22-PM-2_proyecto-768x426.jpg 768w\" width=\"980\" height=\"544\"><img data-no-lazy=\"1\" class=\"wpex-slider-thumbnail sp-thumbnail skip-lazy\" src=\"https:\/\/www.fiestaclasica.org\/wp-content\/uploads\/2019\/07\/img_4.44.22-PM-3_proyecto.jpg\" alt=\"\" srcset=\"https:\/\/www.fiestaclasica.org\/wp-content\/uploads\/2019\/07\/img_4.44.22-PM-3_proyecto.jpg 980w, https:\/\/www.fiestaclasica.org\/wp-content\/uploads\/2019\/07\/img_4.44.22-PM-3_proyecto-300x167.jpg 300w, https:\/\/www.fiestaclasica.org\/wp-content\/uploads\/2019\/07\/img_4.44.22-PM-3_proyecto-768x426.jpg 768w\" width=\"980\" height=\"544\"><img data-no-lazy=\"1\" class=\"wpex-slider-thumbnail sp-thumbnail skip-lazy\" src=\"https:\/\/www.fiestaclasica.org\/wp-content\/uploads\/2019\/07\/img_4.44.21-PM-2_proyecto.jpg\" alt=\"\" srcset=\"https:\/\/www.fiestaclasica.org\/wp-content\/uploads\/2019\/07\/img_4.44.21-PM-2_proyecto.jpg 980w, https:\/\/www.fiestaclasica.org\/wp-content\/uploads\/2019\/07\/img_4.44.21-PM-2_proyecto-300x167.jpg 300w, https:\/\/www.fiestaclasica.org\/wp-content\/uploads\/2019\/07\/img_4.44.21-PM-2_proyecto-768x426.jpg 768w\" width=\"980\" height=\"544\"><img data-no-lazy=\"1\" class=\"wpex-slider-thumbnail sp-thumbnail skip-lazy\" src=\"https:\/\/www.fiestaclasica.org\/wp-content\/uploads\/2019\/07\/img_4.44.22-PM-1_proyecto.jpg\" alt=\"\" srcset=\"https:\/\/www.fiestaclasica.org\/wp-content\/uploads\/2019\/07\/img_4.44.22-PM-1_proyecto.jpg 980w, https:\/\/www.fiestaclasica.org\/wp-content\/uploads\/2019\/07\/img_4.44.22-PM-1_proyecto-300x167.jpg 300w, https:\/\/www.fiestaclasica.org\/wp-content\/uploads\/2019\/07\/img_4.44.22-PM-1_proyecto-768x426.jpg 768w\" width=\"980\" height=\"544\"><img data-no-lazy=\"1\" class=\"wpex-slider-thumbnail sp-thumbnail skip-lazy\" src=\"https:\/\/www.fiestaclasica.org\/wp-content\/uploads\/2019\/07\/img_4.44.21-PM-1_proyecto.jpg\" alt=\"\" srcset=\"https:\/\/www.fiestaclasica.org\/wp-content\/uploads\/2019\/07\/img_4.44.21-PM-1_proyecto.jpg 980w, https:\/\/www.fiestaclasica.org\/wp-content\/uploads\/2019\/07\/img_4.44.21-PM-1_proyecto-300x167.jpg 300w, https:\/\/www.fiestaclasica.org\/wp-content\/uploads\/2019\/07\/img_4.44.21-PM-1_proyecto-768x426.jpg 768w\" width=\"980\" height=\"544\"><img data-no-lazy=\"1\" class=\"wpex-slider-thumbnail sp-thumbnail skip-lazy\" src=\"https:\/\/www.fiestaclasica.org\/wp-content\/uploads\/2019\/07\/img_4.44.21-PM-3_proyecto.jpg\" alt=\"\" srcset=\"https:\/\/www.fiestaclasica.org\/wp-content\/uploads\/2019\/07\/img_4.44.21-PM-3_proyecto.jpg 980w, https:\/\/www.fiestaclasica.org\/wp-content\/uploads\/2019\/07\/img_4.44.21-PM-3_proyecto-300x167.jpg 300w, https:\/\/www.fiestaclasica.org\/wp-content\/uploads\/2019\/07\/img_4.44.21-PM-3_proyecto-768x426.jpg 768w\" width=\"980\" height=\"544\"><img data-no-lazy=\"1\" class=\"wpex-slider-thumbnail sp-thumbnail skip-lazy\" src=\"https:\/\/www.fiestaclasica.org\/wp-content\/uploads\/2019\/07\/img_4.44.21-PM-4_proyecto.jpg\" alt=\"\" srcset=\"https:\/\/www.fiestaclasica.org\/wp-content\/uploads\/2019\/07\/img_4.44.21-PM-4_proyecto.jpg 980w, https:\/\/www.fiestaclasica.org\/wp-content\/uploads\/2019\/07\/img_4.44.21-PM-4_proyecto-300x167.jpg 300w, https:\/\/www.fiestaclasica.org\/wp-content\/uploads\/2019\/07\/img_4.44.21-PM-4_proyecto-768x426.jpg 768w\" width=\"980\" height=\"544\"><img data-no-lazy=\"1\" class=\"wpex-slider-thumbnail sp-thumbnail skip-lazy\" src=\"https:\/\/www.fiestaclasica.org\/wp-content\/uploads\/2019\/07\/img_proyecto_505274.jpg\" alt=\"\" srcset=\"https:\/\/www.fiestaclasica.org\/wp-content\/uploads\/2019\/07\/img_proyecto_505274.jpg 980w, https:\/\/www.fiestaclasica.org\/wp-content\/uploads\/2019\/07\/img_proyecto_505274-300x167.jpg 300w, https:\/\/www.fiestaclasica.org\/wp-content\/uploads\/2019\/07\/img_proyecto_505274-768x426.jpg 768w\" width=\"980\" height=\"544\"><img data-no-lazy=\"1\" class=\"wpex-slider-thumbnail sp-thumbnail skip-lazy\" src=\"https:\/\/www.fiestaclasica.org\/wp-content\/uploads\/2019\/07\/img_proyecto_50428.jpg\" alt=\"\" srcset=\"https:\/\/www.fiestaclasica.org\/wp-content\/uploads\/2019\/07\/img_proyecto_50428.jpg 980w, https:\/\/www.fiestaclasica.org\/wp-content\/uploads\/2019\/07\/img_proyecto_50428-300x167.jpg 300w, https:\/\/www.fiestaclasica.org\/wp-content\/uploads\/2019\/07\/img_proyecto_50428-768x426.jpg 768w\" width=\"980\" height=\"544\"><img data-no-lazy=\"1\" class=\"wpex-slider-thumbnail sp-thumbnail skip-lazy\" src=\"https:\/\/www.fiestaclasica.org\/wp-content\/uploads\/2019\/07\/img_proyecto_50295.jpg\" alt=\"\" srcset=\"https:\/\/www.fiestaclasica.org\/wp-content\/uploads\/2019\/07\/img_proyecto_50295.jpg 980w, https:\/\/www.fiestaclasica.org\/wp-content\/uploads\/2019\/07\/img_proyecto_50295-300x167.jpg 300w, https:\/\/www.fiestaclasica.org\/wp-content\/uploads\/2019\/07\/img_proyecto_50295-768x426.jpg 768w\" width=\"980\" height=\"544\"><img data-no-lazy=\"1\" class=\"wpex-slider-thumbnail sp-thumbnail skip-lazy\" src=\"https:\/\/www.fiestaclasica.org\/wp-content\/uploads\/2019\/07\/img_proyecto_50275.jpg\" alt=\"\" srcset=\"https:\/\/www.fiestaclasica.org\/wp-content\/uploads\/2019\/07\/img_proyecto_50275.jpg 980w, https:\/\/www.fiestaclasica.org\/wp-content\/uploads\/2019\/07\/img_proyecto_50275-300x167.jpg 300w, https:\/\/www.fiestaclasica.org\/wp-content\/uploads\/2019\/07\/img_proyecto_50275-768x426.jpg 768w\" width=\"980\" height=\"544\"><img data-no-lazy=\"1\" class=\"wpex-slider-thumbnail sp-thumbnail skip-lazy\" src=\"https:\/\/www.fiestaclasica.org\/wp-content\/uploads\/2019\/07\/img_proyecto_50436.jpg\" alt=\"\" srcset=\"https:\/\/www.fiestaclasica.org\/wp-content\/uploads\/2019\/07\/img_proyecto_50436.jpg 980w, https:\/\/www.fiestaclasica.org\/wp-content\/uploads\/2019\/07\/img_proyecto_50436-300x167.jpg 300w, https:\/\/www.fiestaclasica.org\/wp-content\/uploads\/2019\/07\/img_proyecto_50436-768x426.jpg 768w\" width=\"980\" height=\"544\"><img data-no-lazy=\"1\" class=\"wpex-slider-thumbnail sp-thumbnail skip-lazy\" src=\"https:\/\/www.fiestaclasica.org\/wp-content\/uploads\/2019\/07\/img_proyecto_50227.jpg\" alt=\"\" srcset=\"https:\/\/www.fiestaclasica.org\/wp-content\/uploads\/2019\/07\/img_proyecto_50227.jpg 980w, https:\/\/www.fiestaclasica.org\/wp-content\/uploads\/2019\/07\/img_proyecto_50227-300x167.jpg 300w, https:\/\/www.fiestaclasica.org\/wp-content\/uploads\/2019\/07\/img_proyecto_50227-768x426.jpg 768w\" width=\"980\" height=\"544\"><img data-no-lazy=\"1\" class=\"wpex-slider-thumbnail sp-thumbnail skip-lazy\" src=\"https:\/\/www.fiestaclasica.org\/wp-content\/uploads\/2019\/07\/img_4.38.08-PM_proyecto.jpg\" alt=\"\" srcset=\"https:\/\/www.fiestaclasica.org\/wp-content\/uploads\/2019\/07\/img_4.38.08-PM_proyecto.jpg 980w, https:\/\/www.fiestaclasica.org\/wp-content\/uploads\/2019\/07\/img_4.38.08-PM_proyecto-300x167.jpg 300w, https:\/\/www.fiestaclasica.org\/wp-content\/uploads\/2019\/07\/img_4.38.08-PM_proyecto-768x426.jpg 768w\" width=\"980\" height=\"544\"><img data-no-lazy=\"1\" class=\"wpex-slider-thumbnail sp-thumbnail skip-lazy\" src=\"https:\/\/www.fiestaclasica.org\/wp-content\/uploads\/2019\/07\/img_5.52.31-PM_proyecto.jpg\" alt=\"\" srcset=\"https:\/\/www.fiestaclasica.org\/wp-content\/uploads\/2019\/07\/img_5.52.31-PM_proyecto.jpg 980w, https:\/\/www.fiestaclasica.org\/wp-content\/uploads\/2019\/07\/img_5.52.31-PM_proyecto-300x167.jpg 300w, https:\/\/www.fiestaclasica.org\/wp-content\/uploads\/2019\/07\/img_5.52.31-PM_proyecto-768x426.jpg 768w\" width=\"980\" height=\"544\"><img data-no-lazy=\"1\" class=\"wpex-slider-thumbnail sp-thumbnail skip-lazy\" src=\"https:\/\/www.fiestaclasica.org\/wp-content\/uploads\/2019\/07\/img_5.52.30-PM-1_proyecto.jpg\" alt=\"\" srcset=\"https:\/\/www.fiestaclasica.org\/wp-content\/uploads\/2019\/07\/img_5.52.30-PM-1_proyecto.jpg 980w, https:\/\/www.fiestaclasica.org\/wp-content\/uploads\/2019\/07\/img_5.52.30-PM-1_proyecto-300x167.jpg 300w, https:\/\/www.fiestaclasica.org\/wp-content\/uploads\/2019\/07\/img_5.52.30-PM-1_proyecto-768x426.jpg 768w\" width=\"980\" height=\"544\"><img data-no-lazy=\"1\" class=\"wpex-slider-thumbnail sp-thumbnail skip-lazy\" src=\"https:\/\/www.fiestaclasica.org\/wp-content\/uploads\/2019\/07\/img_5.52.31-PM-2_proyecto.jpg\" alt=\"\" srcset=\"https:\/\/www.fiestaclasica.org\/wp-content\/uploads\/2019\/07\/img_5.52.31-PM-2_proyecto.jpg 980w, https:\/\/www.fiestaclasica.org\/wp-content\/uploads\/2019\/07\/img_5.52.31-PM-2_proyecto-300x167.jpg 300w, https:\/\/www.fiestaclasica.org\/wp-content\/uploads\/2019\/07\/img_5.52.31-PM-2_proyecto-768x426.jpg 768w\" width=\"980\" height=\"544\"><img data-no-lazy=\"1\" class=\"wpex-slider-thumbnail sp-thumbnail skip-lazy\" src=\"https:\/\/www.fiestaclasica.org\/wp-content\/uploads\/2019\/07\/img_5.18.51-PM-3_proyecto.jpg\" alt=\"\" srcset=\"https:\/\/www.fiestaclasica.org\/wp-content\/uploads\/2019\/07\/img_5.18.51-PM-3_proyecto.jpg 980w, https:\/\/www.fiestaclasica.org\/wp-content\/uploads\/2019\/07\/img_5.18.51-PM-3_proyecto-300x167.jpg 300w, https:\/\/www.fiestaclasica.org\/wp-content\/uploads\/2019\/07\/img_5.18.51-PM-3_proyecto-768x426.jpg 768w\" width=\"980\" height=\"544\"><img data-no-lazy=\"1\" class=\"wpex-slider-thumbnail sp-thumbnail skip-lazy\" src=\"https:\/\/www.fiestaclasica.org\/wp-content\/uploads\/2019\/07\/img_5.18.50-PM_proyecto.jpg\" alt=\"\" srcset=\"https:\/\/www.fiestaclasica.org\/wp-content\/uploads\/2019\/07\/img_5.18.50-PM_proyecto.jpg 980w, https:\/\/www.fiestaclasica.org\/wp-content\/uploads\/2019\/07\/img_5.18.50-PM_proyecto-300x167.jpg 300w, https:\/\/www.fiestaclasica.org\/wp-content\/uploads\/2019\/07\/img_5.18.50-PM_proyecto-768x426.jpg 768w\" width=\"980\" height=\"544\"><img data-no-lazy=\"1\" class=\"wpex-slider-thumbnail sp-thumbnail skip-lazy\" src=\"https:\/\/www.fiestaclasica.org\/wp-content\/uploads\/2019\/07\/img_5.18.50-PM-1_proyecto.jpg\" alt=\"\" srcset=\"https:\/\/www.fiestaclasica.org\/wp-content\/uploads\/2019\/07\/img_5.18.50-PM-1_proyecto.jpg 980w, https:\/\/www.fiestaclasica.org\/wp-content\/uploads\/2019\/07\/img_5.18.50-PM-1_proyecto-300x167.jpg 300w, https:\/\/www.fiestaclasica.org\/wp-content\/uploads\/2019\/07\/img_5.18.50-PM-1_proyecto-768x426.jpg 768w\" width=\"980\" height=\"544\"><img data-no-lazy=\"1\" class=\"wpex-slider-thumbnail sp-thumbnail skip-lazy\" src=\"https:\/\/www.fiestaclasica.org\/wp-content\/uploads\/2019\/07\/img_5.52.31-PM-1_proyecto.jpg\" alt=\"\" srcset=\"https:\/\/www.fiestaclasica.org\/wp-content\/uploads\/2019\/07\/img_5.52.31-PM-1_proyecto.jpg 980w, https:\/\/www.fiestaclasica.org\/wp-content\/uploads\/2019\/07\/img_5.52.31-PM-1_proyecto-300x167.jpg 300w, https:\/\/www.fiestaclasica.org\/wp-content\/uploads\/2019\/07\/img_5.52.31-PM-1_proyecto-768x426.jpg 768w\" width=\"980\" height=\"544\"><img data-no-lazy=\"1\" class=\"wpex-slider-thumbnail sp-thumbnail skip-lazy\" src=\"https:\/\/www.fiestaclasica.org\/wp-content\/uploads\/2019\/07\/img_5.52.30-PM-3_proyecto.jpg\" alt=\"\" srcset=\"https:\/\/www.fiestaclasica.org\/wp-content\/uploads\/2019\/07\/img_5.52.30-PM-3_proyecto.jpg 980w, https:\/\/www.fiestaclasica.org\/wp-content\/uploads\/2019\/07\/img_5.52.30-PM-3_proyecto-300x167.jpg 300w, https:\/\/www.fiestaclasica.org\/wp-content\/uploads\/2019\/07\/img_5.52.30-PM-3_proyecto-768x426.jpg 768w\" width=\"980\" height=\"544\"><img data-no-lazy=\"1\" class=\"wpex-slider-thumbnail sp-thumbnail skip-lazy\" src=\"https:\/\/www.fiestaclasica.org\/wp-content\/uploads\/2019\/07\/img_5.52.30-PM-2_proyecto.jpg\" alt=\"\" srcset=\"https:\/\/www.fiestaclasica.org\/wp-content\/uploads\/2019\/07\/img_5.52.30-PM-2_proyecto.jpg 980w, https:\/\/www.fiestaclasica.org\/wp-content\/uploads\/2019\/07\/img_5.52.30-PM-2_proyecto-300x167.jpg 300w, https:\/\/www.fiestaclasica.org\/wp-content\/uploads\/2019\/07\/img_5.52.30-PM-2_proyecto-768x426.jpg 768w\" width=\"980\" height=\"544\"><img data-no-lazy=\"1\" class=\"wpex-slider-thumbnail sp-thumbnail skip-lazy\" src=\"https:\/\/www.fiestaclasica.org\/wp-content\/uploads\/2019\/07\/img_5.52.30-PM_proyecto.jpg\" alt=\"\" srcset=\"https:\/\/www.fiestaclasica.org\/wp-content\/uploads\/2019\/07\/img_5.52.30-PM_proyecto.jpg 980w, https:\/\/www.fiestaclasica.org\/wp-content\/uploads\/2019\/07\/img_5.52.30-PM_proyecto-300x167.jpg 300w, https:\/\/www.fiestaclasica.org\/wp-content\/uploads\/2019\/07\/img_5.52.30-PM_proyecto-768x426.jpg 768w\" width=\"980\" height=\"544\"><img data-no-lazy=\"1\" class=\"wpex-slider-thumbnail sp-thumbnail skip-lazy\" src=\"https:\/\/www.fiestaclasica.org\/wp-content\/uploads\/2019\/07\/img_proyecto_506203.jpg\" alt=\"\" srcset=\"https:\/\/www.fiestaclasica.org\/wp-content\/uploads\/2019\/07\/img_proyecto_506203.jpg 980w, https:\/\/www.fiestaclasica.org\/wp-content\/uploads\/2019\/07\/img_proyecto_506203-300x167.jpg 300w, https:\/\/www.fiestaclasica.org\/wp-content\/uploads\/2019\/07\/img_proyecto_506203-768x426.jpg 768w\" width=\"980\" height=\"544\"><\/div><\/div>[\/vc_column][\/vc_row][vc_row remove_bottom_col_margin=\u00a0\u00bbtrue\u00a0\u00bb][vc_column][vc_column_text]\n<h3 style=\"margin-top: 0px;\">Organisation<\/h3>\n<p>Le second s\u00e9minaire programm\u00e9 en janvier 2019 s\u2019est d\u00e9roul\u00e9 du 17 au 22 inclus en pr\u00e9paration du concert anniversaire du 23. Les cours se sont \u00e9tal\u00e9s de 9 heures \u00e0 18 heures, r\u00e9partis dans les diff\u00e9rentes salles de notre centre d\u2019enseignement ainsi que les salles d\u2019un coll\u00e8ge voisin\u00a0: cours par sections instrumentales (bois, cuivres, cordes, percussions)\u00a0; cours par rang (violons, altos, violoncelles, trompettes, hautbois, etc\u2026)\u00a0; r\u00e9p\u00e9titions g\u00e9n\u00e9rales de l\u2019ensemble de l\u2019orchestre les deux derniers jours. Au total ce sont 320 heures de cours plus 5 heures de r\u00e9p\u00e9tition g\u00e9n\u00e9rale qui ont \u00e9t\u00e9 assur\u00e9es pendant ce s\u00e9minaire.<\/p>\n<p>Notons en particulier la participation amicale du violoniste Nemanja Radulovic et de son quintet \u00e0 cordes Les Trilles du Diable. Venus pour le concert, ils ont donn\u00e9 des master classes du 20 au 22 aux diff\u00e9rentes sections de cordes\u00a0: violons, altos, violoncelles et contrebasses. Cet apport a \u00e9t\u00e9 extr\u00eamement b\u00e9n\u00e9fique aux \u00e9l\u00e8ves qui ont pu gagner en confiance.[\/vc_column_text][vc_column_text]\n<h3>Programme<\/h3>\n<p>Celui-ci a permis d\u2019approfondir les acquis de la saison 2018 durant des classes particuli\u00e8res ou par petits groupes. Le r\u00e9pertoire des \u0153uvres \u00e9tudi\u00e9es depuis Juillet a \u00e9t\u00e9 un peu \u00e9largi notamment au niveau des \u0153uvres traditionnelles\u00a0: La Billirubina (Juan Luis Guerra), le Pot Pourri et le Mambo n\u20195 de Perez Prado.<\/p>\n<p>Le ch\u0153ur quant \u00e0 lui a travaill\u00e9 toujours dans la perspective du concert anniversaire du 23 janvier autour de 2 \u0153uvres\u00a0: La Mer de Charles Trenet en fran\u00e7ais ce qui constitue une difficult\u00e9 suppl\u00e9mentaire et \u00ab\u00a0El campo est\u00e1 florido\u00a0\u00bb un traditionnel colombien de Tel\u00e9sforo Jaime.[\/vc_column_text][vc_column_text css=\u00a0\u00bb.vc_custom_1569263582934{margin-top: 20px !important;margin-bottom: 20px !important;}\u00a0\u00bb el_class=\u00a0\u00bbtab-proyecto1 tab-proyecto\u00a0\u00bb]\n<table style=\"width: 31.1586%;\">\n<tbody>\n<tr>\n<td style=\"width: 71.7557%; text-align: center;\" width=\"362\">R\u00c9PERTOIRE DU S\u00c9MINAIRE<\/td>\n<td style=\"width: 26.2087%; text-align: center;\" width=\"106\">NIVEAU<\/td>\n<\/tr>\n<tr>\n<td style=\"width: 71.7557%;\" width=\"362\">Marche de Radetzky (Johann Strauss)<\/td>\n<td style=\"width: 26.2087%; text-align: center;\" width=\"106\">3<\/td>\n<\/tr>\n<tr>\n<td style=\"width: 71.7557%;\" width=\"362\">Danz\u00f3n n\u00ba 2 (Arturo Marquez)<\/td>\n<td style=\"width: 26.2087%; text-align: center;\" width=\"106\">3<\/td>\n<\/tr>\n<tr>\n<td style=\"width: 71.7557%;\" width=\"362\">Pot Pourri (Perez Prado)<\/td>\n<td style=\"width: 26.2087%; text-align: center;\" width=\"106\">3<\/td>\n<\/tr>\n<tr>\n<td style=\"width: 71.7557%;\" width=\"362\">Mambo n\u20195 (Perez Prado)<\/td>\n<td style=\"width: 26.2087%; text-align: center;\" width=\"106\">4<\/td>\n<\/tr>\n<tr>\n<td style=\"width: 71.7557%;\" width=\"362\">Marche slave (Piotr Iliych Tchaikovsky)<\/td>\n<td style=\"width: 26.2087%; text-align: center;\" width=\"106\">4<\/td>\n<\/tr>\n<tr>\n<td style=\"width: 71.7557%;\" width=\"362\">Carmina Burana n\u2019 5, 15, 23 et 24 (Karl Orff)<\/td>\n<td style=\"width: 26.2087%; text-align: center;\" width=\"106\">4<\/td>\n<\/tr>\n<tr>\n<td style=\"width: 71.7557%;\" width=\"362\">Concerto pour 2 violons, cordes et basse continue RV522 (A.Vivaldi)<\/td>\n<td style=\"width: 26.2087%; text-align: center;\" width=\"106\">4<\/td>\n<\/tr>\n<tr>\n<td style=\"width: 71.7557%;\" width=\"362\">La Biquina (Trad. Mexicain)<\/td>\n<td style=\"width: 26.2087%; text-align: center;\" width=\"106\">3<\/td>\n<\/tr>\n<tr>\n<td style=\"width: 71.7557%;\" width=\"362\">La Billirubina (Juan Luis Guerra)<\/td>\n<td style=\"width: 26.2087%; text-align: center;\" width=\"106\">3<\/td>\n<\/tr>\n<\/tbody>\n<\/table>\n[\/vc_column_text][\/vc_column][\/vc_row][vc_row remove_bottom_col_margin=\u00a0\u00bbtrue\u00a0\u00bb][vc_column][vc_column_text css=\u00a0\u00bb.vc_custom_1569263644419{margin-bottom: 10px !important;}\u00a0\u00bb]\n<h3>Equipe enseignante<\/h3>\n[\/vc_column_text][vc_row_inner][vc_column_inner][vc_single_image image=\u00a0\u00bb9307&Prime;][vc_column_text]Notre \u00e9quipe de 12 professeurs a \u00e9t\u00e9 mobilis\u00e9e : 3 professeurs de violon\u00a0; 1 de violoncelle\u00a0; 1 de contrebasse\u00a0; 1 de clarinette\u00a0; 1 de hautbois\u00a0; 1 de percussions\u00a0; 1 de trombone &amp; tuba\u00a0; un de cor fran\u00e7ais\u00a0; 1 de trompette\u00a0; 1 de flute.<\/p>\n<p>Pour l\u2019occasion, cette \u00e9quipe a \u00e9t\u00e9 renforc\u00e9e par les exceptionnels musiciens des Trilles du Diable qui ont donn\u00e9 quelques masterclasses tr\u00e8s b\u00e9n\u00e9fiques aux \u00e9l\u00e8ves\u00a0:<\/p>\n<ul>\n<li>Nemanja Radulovic, Violon<\/li>\n<li>Guillaume Fontanarosa, Violon<\/li>\n<li>Fr\u00e9d\u00e9ric Dessus, Violon<\/li>\n<li>Kristina Atanasova, Alto<\/li>\n<li>Anne Biragnet, Violoncelle<\/li>\n<li>Nathana\u00ebl Malnoury, Contrebasse<\/li>\n<\/ul>\n[\/vc_column_text][\/vc_column_inner][\/vc_row_inner][\/vc_column][\/vc_row][vc_row][vc_column][vc_column_text]\n<h3>Assistance<\/h3>\n<p>L\u2019orchestre au complet a particip\u00e9 \u00e0 ce s\u00e9minaire, le nombre d\u2019\u00e9l\u00e8ves pouvant varier ponctuellement de 70 \u00e0 76 selon leurs obligations personnelles (d\u00e9tail en annexe). Les p\u00e9riodes de pause am\u00e9nag\u00e9es au cours de la journ\u00e9e ont permis aux \u00e9l\u00e8ves de mieux supporter le rythme intense qui \u00e9tait impos\u00e9. De plus lors des cours, les professeurs m\u00e9nageaient des phases de discussion et d\u2019\u00e9change avec leur groupe afin de permettre \u00e0 chaque participant de s\u2019exprimer, de gagner en confiance. En effet, dans cette phase de d\u00e9veloppement, l\u2019objectif de ces s\u00e9minaires est avant tout de faciliter l\u2019expression naturelle des \u00e9l\u00e8ves, de leur permettre de gagner en confiance et de trouver une vraie motivation. Les progr\u00e8s dans l\u2019ex\u00e9cution musicale viennent alors plus naturellement. Ces d\u00e9marches ont \u00e9t\u00e9 initi\u00e9es dans le respect de la p\u00e9dagogie d\u00e9velopp\u00e9e par El Sistema du V\u00e9n\u00e9zuela.<\/p>\n<p>De plus nous avons organis\u00e9 une s\u00e8ance de travail le 21 janvier en plein air avec l\u2019orchestre et le ch\u0153ur au complet appuy\u00e9s par les professeurs et les artistes invit\u00e9s ce qui a eu pour effet de lib\u00e9rer consid\u00e9rablement les \u00e9nergies.<\/p>\n<p>Ces rencontres intensives s\u2019inscrivent parfaitement dans notre d\u00e9marche p\u00e9dagogique car en marge de l\u2019apprentissage de la musique, elles permettent aux \u00e9l\u00e8ves d\u2019exprimer leur personnalit\u00e9 en confiance et de partager un moment intense avec des grands interpr\u00e8tes.[\/vc_column_text][\/vc_column][\/vc_row][vc_row remove_bottom_col_margin=\u00a0\u00bbtrue\u00a0\u00bb el_class=\u00a0\u00bbbottom-proyecto\u00a0\u00bb][vc_column width=\u00a0\u00bb1\/2&Prime;][vc_column_text]\n<p style=\"text-align: center;\"><span style=\"font-size: 20px;\">Projet sponsoris\u00e9 par la Fondation Engie<\/span><\/p>\n[\/vc_column_text][\/vc_column][vc_column width=\u00a0\u00bb1\/2&Prime;]<figure class=\"vcex-image vcex-module wpex-clr\"><div class=\"vcex-image-inner wpex-relative wpex-inline-block\"><img width=\"780\" height=\"313\" src=\"https:\/\/www.fiestaclasica.org\/wp-content\/uploads\/2019\/07\/LOGO2-FONDATION-EN-DEG_trans.png\" class=\"wpex-align-middle\" alt=\"\" decoding=\"async\" loading=\"lazy\" srcset=\"https:\/\/www.fiestaclasica.org\/wp-content\/uploads\/2019\/07\/LOGO2-FONDATION-EN-DEG_trans.png 780w, https:\/\/www.fiestaclasica.org\/wp-content\/uploads\/2019\/07\/LOGO2-FONDATION-EN-DEG_trans-300x120.png 300w, https:\/\/www.fiestaclasica.org\/wp-content\/uploads\/2019\/07\/LOGO2-FONDATION-EN-DEG_trans-768x308.png 768w\" sizes=\"(max-width: 780px) 100vw, 780px\" \/><\/div><\/figure>[\/vc_column][\/vc_row]\n","protected":false},"excerpt":{"rendered":"<p>[vc_row][vc_column][\/vc_column][\/vc_row][vc_row el_class=\u00a0\u00bbobjetivo\u00a0\u00bb][vc_column width=\u00a0\u00bb2\/3&Prime;][vc_column_text]OBJECTIF : PERFECTIONNEMENT DE LA PRATIQUE ORCHESTRALE ET CHORALE RESPONSABLE : MAESTRO EDUARDO ABI HARB CO\u00dbT : $22,000 \/ AN D\u00c9MARRAGE : AVRIL 2018 FINANCEMENT 100% JUSQU\u2019EN 2020 : FONDATION ENGIE[\/vc_column_text][\/vc_column][vc_column width=\u00a0\u00bb1\/3&Prime;][\/vc_column][\/vc_row][vc_row][vc_column][\/vc_column][\/vc_row][vc_row remove_bottom_col_margin=\u00a0\u00bbtrue\u00a0\u00bb][vc_column][vc_column_text] Organisation Le second s\u00e9minaire programm\u00e9 en janvier 2019 s\u2019est d\u00e9roul\u00e9 du 17 au 22 inclus en pr\u00e9paration du concert anniversaire&hellip;<\/p>\n","protected":false},"author":1,"featured_media":8750,"parent":10368,"menu_order":0,"comment_status":"closed","ping_status":"closed","template":"","meta":[],"categories":[],"tags":[],"yoast_head":"<!-- This site is optimized with the Yoast SEO plugin v20.7 - https:\/\/yoast.com\/wordpress\/plugins\/seo\/ -->\n<title>Programme \u201cD\u00e9veloppement phase 2\u201d Janvier 2019 - Fiesta Clasica<\/title>\n<meta name=\"robots\" content=\"index, follow, max-snippet:-1, max-image-preview:large, max-video-preview:-1\" \/>\n<link rel=\"canonical\" href=\"https:\/\/www.fiestaclasica.org\/fr\/programmes\/programa-desarrollo-fase-2-enero-2019\/\" \/>\n<meta property=\"og:locale\" content=\"fr_FR\" \/>\n<meta property=\"og:type\" content=\"article\" \/>\n<meta property=\"og:title\" content=\"Programme \u201cD\u00e9veloppement phase 2\u201d Janvier 2019 - Fiesta Clasica\" \/>\n<meta property=\"og:description\" content=\"[vc_row][vc_column][\/vc_column][\/vc_row][vc_row el_class=\u00a0\u00bbobjetivo\u00a0\u00bb][vc_column width=\u00a0\u00bb2\/3&Prime;][vc_column_text]OBJECTIF : PERFECTIONNEMENT DE LA PRATIQUE ORCHESTRALE ET CHORALE RESPONSABLE : MAESTRO EDUARDO ABI HARB CO\u00dbT : $22,000 \/ AN D\u00c9MARRAGE : AVRIL 2018 FINANCEMENT 100% JUSQU\u2019EN 2020 : FONDATION ENGIE[\/vc_column_text][\/vc_column][vc_column width=\u00a0\u00bb1\/3&Prime;][\/vc_column][\/vc_row][vc_row][vc_column][\/vc_column][\/vc_row][vc_row remove_bottom_col_margin=\u00a0\u00bbtrue\u00a0\u00bb][vc_column][vc_column_text] Organisation Le second s\u00e9minaire programm\u00e9 en janvier 2019 s\u2019est d\u00e9roul\u00e9 du 17 au 22 inclus en pr\u00e9paration du concert anniversaire&hellip;\" \/>\n<meta property=\"og:url\" content=\"https:\/\/www.fiestaclasica.org\/fr\/programmes\/programa-desarrollo-fase-2-enero-2019\/\" \/>\n<meta property=\"og:site_name\" content=\"Fiesta Clasica\" \/>\n<meta property=\"article:publisher\" content=\"https:\/\/www.facebook.com\/FiestaClasica\/\" \/>\n<meta property=\"article:modified_time\" content=\"2019-09-24T21:10:39+00:00\" \/>\n<meta property=\"og:image\" content=\"https:\/\/www.fiestaclasica.org\/wp-content\/uploads\/2019\/05\/Not_sem_3269.jpg\" \/>\n\t<meta property=\"og:image:width\" content=\"1280\" \/>\n\t<meta property=\"og:image:height\" content=\"960\" \/>\n\t<meta property=\"og:image:type\" content=\"image\/jpeg\" \/>\n<meta name=\"twitter:card\" content=\"summary_large_image\" \/>\n<meta name=\"twitter:site\" content=\"@fiestaclasica\" \/>\n<meta name=\"twitter:label1\" content=\"Dur\u00e9e de lecture estim\u00e9e\" \/>\n\t<meta name=\"twitter:data1\" content=\"5 minutes\" \/>\n<script type=\"application\/ld+json\" class=\"yoast-schema-graph\">{\"@context\":\"https:\/\/schema.org\",\"@graph\":[{\"@type\":\"WebPage\",\"@id\":\"https:\/\/www.fiestaclasica.org\/fr\/programmes\/programa-desarrollo-fase-2-enero-2019\/\",\"url\":\"https:\/\/www.fiestaclasica.org\/fr\/programmes\/programa-desarrollo-fase-2-enero-2019\/\",\"name\":\"Programme \u201cD\u00e9veloppement phase 2\u201d Janvier 2019 - Fiesta Clasica\",\"isPartOf\":{\"@id\":\"https:\/\/www.fiestaclasica.org\/#website\"},\"datePublished\":\"2019-07-20T15:59:28+00:00\",\"dateModified\":\"2019-09-24T21:10:39+00:00\",\"breadcrumb\":{\"@id\":\"https:\/\/www.fiestaclasica.org\/fr\/programmes\/programa-desarrollo-fase-2-enero-2019\/#breadcrumb\"},\"inLanguage\":\"fr-FR\",\"potentialAction\":[{\"@type\":\"ReadAction\",\"target\":[\"https:\/\/www.fiestaclasica.org\/fr\/programmes\/programa-desarrollo-fase-2-enero-2019\/\"]}]},{\"@type\":\"BreadcrumbList\",\"@id\":\"https:\/\/www.fiestaclasica.org\/fr\/programmes\/programa-desarrollo-fase-2-enero-2019\/#breadcrumb\",\"itemListElement\":[{\"@type\":\"ListItem\",\"position\":1,\"name\":\"Portada\",\"item\":\"https:\/\/www.fiestaclasica.org\/fr\/\"},{\"@type\":\"ListItem\",\"position\":2,\"name\":\"Programmes\",\"item\":\"https:\/\/www.fiestaclasica.org\/fr\/programmes\/\"},{\"@type\":\"ListItem\",\"position\":3,\"name\":\"Programme \u201cD\u00e9veloppement phase 2\u201d Janvier 2019\"}]},{\"@type\":\"WebSite\",\"@id\":\"https:\/\/www.fiestaclasica.org\/#website\",\"url\":\"https:\/\/www.fiestaclasica.org\/\",\"name\":\"Fiesta Clasica\",\"description\":\"Fiesta Clasica\",\"publisher\":{\"@id\":\"https:\/\/www.fiestaclasica.org\/#organization\"},\"potentialAction\":[{\"@type\":\"SearchAction\",\"target\":{\"@type\":\"EntryPoint\",\"urlTemplate\":\"https:\/\/www.fiestaclasica.org\/?s={search_term_string}\"},\"query-input\":\"required name=search_term_string\"}],\"inLanguage\":\"fr-FR\"},{\"@type\":\"Organization\",\"@id\":\"https:\/\/www.fiestaclasica.org\/#organization\",\"name\":\"fiesta clasica\",\"url\":\"https:\/\/www.fiestaclasica.org\/\",\"logo\":{\"@type\":\"ImageObject\",\"inLanguage\":\"fr-FR\",\"@id\":\"https:\/\/www.fiestaclasica.org\/#\/schema\/logo\/image\/\",\"url\":\"https:\/\/www.fiestaclasica.org\/wp-content\/uploads\/2016\/04\/logo-FC-prensa.jpg\",\"contentUrl\":\"https:\/\/www.fiestaclasica.org\/wp-content\/uploads\/2016\/04\/logo-FC-prensa.jpg\",\"width\":449,\"height\":261,\"caption\":\"fiesta clasica\"},\"image\":{\"@id\":\"https:\/\/www.fiestaclasica.org\/#\/schema\/logo\/image\/\"},\"sameAs\":[\"https:\/\/www.facebook.com\/FiestaClasica\/\",\"https:\/\/twitter.com\/fiestaclasica\",\"https:\/\/www.instagram.com\/fiestaclasica\/\",\"https:\/\/www.youtube.com\/channel\/UCt82JYKhPM3Th7pNLCA7-xw\"]}]}<\/script>\n<!-- \/ Yoast SEO plugin. -->","yoast_head_json":{"title":"Programme \u201cD\u00e9veloppement phase 2\u201d Janvier 2019 - Fiesta Clasica","robots":{"index":"index","follow":"follow","max-snippet":"max-snippet:-1","max-image-preview":"max-image-preview:large","max-video-preview":"max-video-preview:-1"},"canonical":"https:\/\/www.fiestaclasica.org\/fr\/programmes\/programa-desarrollo-fase-2-enero-2019\/","og_locale":"fr_FR","og_type":"article","og_title":"Programme \u201cD\u00e9veloppement phase 2\u201d Janvier 2019 - Fiesta Clasica","og_description":"[vc_row][vc_column][\/vc_column][\/vc_row][vc_row el_class=\u00a0\u00bbobjetivo\u00a0\u00bb][vc_column width=\u00a0\u00bb2\/3&Prime;][vc_column_text]OBJECTIF : PERFECTIONNEMENT DE LA PRATIQUE ORCHESTRALE ET CHORALE RESPONSABLE : MAESTRO EDUARDO ABI HARB CO\u00dbT : $22,000 \/ AN D\u00c9MARRAGE : AVRIL 2018 FINANCEMENT 100% JUSQU\u2019EN 2020 : FONDATION ENGIE[\/vc_column_text][\/vc_column][vc_column width=\u00a0\u00bb1\/3&Prime;][\/vc_column][\/vc_row][vc_row][vc_column][\/vc_column][\/vc_row][vc_row remove_bottom_col_margin=\u00a0\u00bbtrue\u00a0\u00bb][vc_column][vc_column_text] Organisation Le second s\u00e9minaire programm\u00e9 en janvier 2019 s\u2019est d\u00e9roul\u00e9 du 17 au 22 inclus en pr\u00e9paration du concert anniversaire&hellip;","og_url":"https:\/\/www.fiestaclasica.org\/fr\/programmes\/programa-desarrollo-fase-2-enero-2019\/","og_site_name":"Fiesta Clasica","article_publisher":"https:\/\/www.facebook.com\/FiestaClasica\/","article_modified_time":"2019-09-24T21:10:39+00:00","og_image":[{"width":1280,"height":960,"url":"https:\/\/www.fiestaclasica.org\/wp-content\/uploads\/2019\/05\/Not_sem_3269.jpg","type":"image\/jpeg"}],"twitter_card":"summary_large_image","twitter_site":"@fiestaclasica","twitter_misc":{"Dur\u00e9e de lecture estim\u00e9e":"5 minutes"},"schema":{"@context":"https:\/\/schema.org","@graph":[{"@type":"WebPage","@id":"https:\/\/www.fiestaclasica.org\/fr\/programmes\/programa-desarrollo-fase-2-enero-2019\/","url":"https:\/\/www.fiestaclasica.org\/fr\/programmes\/programa-desarrollo-fase-2-enero-2019\/","name":"Programme \u201cD\u00e9veloppement phase 2\u201d Janvier 2019 - Fiesta Clasica","isPartOf":{"@id":"https:\/\/www.fiestaclasica.org\/#website"},"datePublished":"2019-07-20T15:59:28+00:00","dateModified":"2019-09-24T21:10:39+00:00","breadcrumb":{"@id":"https:\/\/www.fiestaclasica.org\/fr\/programmes\/programa-desarrollo-fase-2-enero-2019\/#breadcrumb"},"inLanguage":"fr-FR","potentialAction":[{"@type":"ReadAction","target":["https:\/\/www.fiestaclasica.org\/fr\/programmes\/programa-desarrollo-fase-2-enero-2019\/"]}]},{"@type":"BreadcrumbList","@id":"https:\/\/www.fiestaclasica.org\/fr\/programmes\/programa-desarrollo-fase-2-enero-2019\/#breadcrumb","itemListElement":[{"@type":"ListItem","position":1,"name":"Portada","item":"https:\/\/www.fiestaclasica.org\/fr\/"},{"@type":"ListItem","position":2,"name":"Programmes","item":"https:\/\/www.fiestaclasica.org\/fr\/programmes\/"},{"@type":"ListItem","position":3,"name":"Programme \u201cD\u00e9veloppement phase 2\u201d Janvier 2019"}]},{"@type":"WebSite","@id":"https:\/\/www.fiestaclasica.org\/#website","url":"https:\/\/www.fiestaclasica.org\/","name":"Fiesta Clasica","description":"Fiesta Clasica","publisher":{"@id":"https:\/\/www.fiestaclasica.org\/#organization"},"potentialAction":[{"@type":"SearchAction","target":{"@type":"EntryPoint","urlTemplate":"https:\/\/www.fiestaclasica.org\/?s={search_term_string}"},"query-input":"required name=search_term_string"}],"inLanguage":"fr-FR"},{"@type":"Organization","@id":"https:\/\/www.fiestaclasica.org\/#organization","name":"fiesta clasica","url":"https:\/\/www.fiestaclasica.org\/","logo":{"@type":"ImageObject","inLanguage":"fr-FR","@id":"https:\/\/www.fiestaclasica.org\/#\/schema\/logo\/image\/","url":"https:\/\/www.fiestaclasica.org\/wp-content\/uploads\/2016\/04\/logo-FC-prensa.jpg","contentUrl":"https:\/\/www.fiestaclasica.org\/wp-content\/uploads\/2016\/04\/logo-FC-prensa.jpg","width":449,"height":261,"caption":"fiesta clasica"},"image":{"@id":"https:\/\/www.fiestaclasica.org\/#\/schema\/logo\/image\/"},"sameAs":["https:\/\/www.facebook.com\/FiestaClasica\/","https:\/\/twitter.com\/fiestaclasica","https:\/\/www.instagram.com\/fiestaclasica\/","https:\/\/www.youtube.com\/channel\/UCt82JYKhPM3Th7pNLCA7-xw"]}]}},"_links":{"self":[{"href":"https:\/\/www.fiestaclasica.org\/fr\/wp-json\/wp\/v2\/pages\/10378\/"}],"collection":[{"href":"https:\/\/www.fiestaclasica.org\/fr\/wp-json\/wp\/v2\/pages\/"}],"about":[{"href":"https:\/\/www.fiestaclasica.org\/fr\/wp-json\/wp\/v2\/types\/page\/"}],"author":[{"embeddable":true,"href":"https:\/\/www.fiestaclasica.org\/fr\/wp-json\/wp\/v2\/users\/1\/"}],"replies":[{"embeddable":true,"href":"https:\/\/www.fiestaclasica.org\/fr\/wp-json\/wp\/v2\/comments\/?post=10378"}],"version-history":[{"count":8,"href":"https:\/\/www.fiestaclasica.org\/fr\/wp-json\/wp\/v2\/pages\/10378\/revisions\/"}],"predecessor-version":[{"id":10495,"href":"https:\/\/www.fiestaclasica.org\/fr\/wp-json\/wp\/v2\/pages\/10378\/revisions\/10495\/"}],"up":[{"embeddable":true,"href":"https:\/\/www.fiestaclasica.org\/fr\/wp-json\/wp\/v2\/pages\/10368\/"}],"wp:featuredmedia":[{"embeddable":true,"href":"https:\/\/www.fiestaclasica.org\/fr\/wp-json\/wp\/v2\/media\/8750\/"}],"wp:attachment":[{"href":"https:\/\/www.fiestaclasica.org\/fr\/wp-json\/wp\/v2\/media\/?parent=10378"}],"wp:term":[{"taxonomy":"category","embeddable":true,"href":"https:\/\/www.fiestaclasica.org\/fr\/wp-json\/wp\/v2\/categories\/?post=10378"},{"taxonomy":"post_tag","embeddable":true,"href":"https:\/\/www.fiestaclasica.org\/fr\/wp-json\/wp\/v2\/tags\/?post=10378"}],"curies":[{"name":"wp","href":"https:\/\/api.w.org\/{rel}","templated":true}]}}