{"id":10368,"date":"2019-05-16T14:33:50","date_gmt":"2019-05-16T18:33:50","guid":{"rendered":"http:\/\/www.fiestaclasica.org\/?page_id=10368"},"modified":"2023-04-05T11:40:55","modified_gmt":"2023-04-05T15:40:55","slug":"programmes","status":"publish","type":"page","link":"https:\/\/www.fiestaclasica.org\/fr\/programmes\/","title":{"rendered":"Programmes"},"content":{"rendered":"[vc_row remove_bottom_col_margin=\u00a0\u00bbtrue\u00a0\u00bb][vc_column][vc_raw_js]JTNDc2NyaXB0JTIwdHlwZSUzRCUyMnRleHQlMkZqYXZhc2NyaXB0JTIyJTNFJTBBZG9jdW1lbnQuZ2V0RWxlbWVudEJ5SWQlMjglMjJvdXRlci13cmFwJTIyJTI5LmNsYXNzTmFtZSUyMCUzRCUyMCUyMnBhZ2UtY3VzdG9tJTIwcGFnZS1wcm95ZWN0b3MlMjBwYWdlLXByb2dyYW1hcyUyMiUzQiUwQSUzQyUyRnNjcmlwdCUzRQ==[\/vc_raw_js][\/vc_column][\/vc_row][vc_row center_row=\u00a0\u00bbyes\u00a0\u00bb el_class=\u00a0\u00bbtxt-intro\u00a0\u00bb][vc_column][vc_column_text]<span data-contrast=\"auto\">Afin d\u2019assurer son fonctionnement et le d\u00e9veloppement de ses activit\u00e9s au service des enfants de Saint Domingue, la Fondation Fiesta\u00a0<\/span><span data-contrast=\"auto\">Cl\u00e1sica<\/span><span data-contrast=\"auto\">\u00a0g\u00e8re plusieurs programmes th\u00e9matiques qui vont de la cr\u00e9ation d\u2019ens<\/span><span data-contrast=\"auto\">e<\/span><span data-contrast=\"auto\">mbles musicaux \u00e0 l\u2019achat d\u2019instruments.<\/span><span data-ccp-props=\"{}\">\u00a0<\/span><\/p>\n<p><span data-ccp-props=\"{}\">\u00a0<\/span><span data-contrast=\"auto\">A\u00a0<\/span><span data-contrast=\"auto\">ce<\/span><span data-contrast=\"auto\">\u00a0jour nous\u00a0<\/span><span data-contrast=\"auto\">comptons<\/span><span data-contrast=\"auto\">\u00a0deux\u00a0<\/span><span data-contrast=\"auto\">prog<\/span><span data-contrast=\"auto\">rammes<\/span><span data-contrast=\"auto\">\u00a0<\/span><span data-contrast=\"auto\">actifs<\/span><span data-contrast=\"auto\">\u00a0et\u00a0<\/span><span data-contrast=\"auto\">plusieurs<\/span><span data-contrast=\"auto\">\u00a0<\/span><span data-contrast=\"auto\">en<\/span><span data-contrast=\"auto\">\u00a0<\/span><span data-contrast=\"auto\">pr\u00e9paration<\/span><span data-contrast=\"auto\">.<\/span><span data-ccp-props=\"{}\">\u00a0<\/span>[\/vc_column_text][\/vc_column][\/vc_row][vc_row center_row=\u00a0\u00bbyes\u00a0\u00bb el_class=\u00a0\u00bbbox-prog\u00a0\u00bb][vc_column width=\u00a0\u00bb1\/2&Prime;]<div class=\"vcex-module vcex-image-banner wpex-flex wpex-flex-col wpex-justify-center wpex-relative wpex-overflow-hidden wpex-max-w-100 wpex-bg-gray-900 wpex-text-white wpex-text-center vcex-h-zoom wpex-isolate vcex-has-button\" ><a href=\"http:\/\/www.fiestaclasica.org\/fr\/programmes\/programme-developpement-phase-2-juillet-2018\/\" class=\"vcex-ib-link wpex-block wpex-inherit-color-important wpex-no-underline\" title=\"Programme \u201cD\u00e9veloppement phase 2\u201d Juillet 2018\"><span class=\"vcex-ib-img wpex-block wpex-z-1 wpex-transition-all wpex-duration-500 wpex-bg-cover wpex-absolute wpex-inset-0\" style=\"background-image:url(https:\/\/www.fiestaclasica.org\/wp-content\/uploads\/2019\/07\/img_proyecto_sem1.jpg);background-position:center center;\"><\/span><div class=\"vcex-ib-overlay wpex-absolute wpex-z-5 wpex-inset-0 wpex-transition-all wpex-duration-500\"><div class=\"vcex-ib-overlay-bg wpex-absolute wpex-inset-0 wpex-bg-black wpex-opacity-30\" style=\"background:#20409a;opacity:0.8;\"><\/div><\/div><div class=\"vcex-ib-content-wrap wpex-z-10 wpex-w-100 wpex-transition-all wpex-duration-500 wpex-relative wpex-clr\"><div class=\"vcex-ib-content wpex-mx-auto wpex-clr\"><div class=\"vcex-ib-title wpex-heading wpex-inherit-color-important\">PROGRAMME<br \/>\n\u201cD\u00c9VELOPPEMENT PHASE 2\u201d<br \/>\nJUILLET 2018<\/div><div class=\"vcex-ib-caption wpex-text-lg wpex-last-mb-0 wpex-pb-10\">S\u00e9minaire intensif de pratique orchestrale et chorale<\/div><div class=\"vcex-ib-button\"><span class=\"theme-button outline white\" style=\"border-radius:50px;\">D\u00e9couvrez le programme complet<\/span><\/div><\/div><\/div><\/a><\/div>[\/vc_column][vc_column width=\u00a0\u00bb1\/2&Prime;]<div class=\"vcex-module vcex-image-banner wpex-flex wpex-flex-col wpex-justify-center wpex-relative wpex-overflow-hidden wpex-max-w-100 wpex-bg-gray-900 wpex-text-white wpex-text-center vcex-h-zoom wpex-isolate vcex-has-button\" ><a href=\"http:\/\/www.fiestaclasica.org\/fr\/programmes\/programme-developpement-phase-2-juillet-2018\/\" class=\"vcex-ib-link wpex-block wpex-inherit-color-important wpex-no-underline\" title=\"Programme \u201cD\u00e9veloppement phase 2\u201d Juillet 2018\"><span class=\"vcex-ib-img wpex-block wpex-z-1 wpex-transition-all wpex-duration-500 wpex-bg-cover wpex-absolute wpex-inset-0\" style=\"background-image:url(https:\/\/www.fiestaclasica.org\/wp-content\/uploads\/2019\/07\/img_proyecto_509808.jpg);background-position:center center;\"><\/span><div class=\"vcex-ib-overlay wpex-absolute wpex-z-5 wpex-inset-0 wpex-transition-all wpex-duration-500\"><div class=\"vcex-ib-overlay-bg wpex-absolute wpex-inset-0 wpex-bg-black wpex-opacity-30\" style=\"background:#c8b157;opacity:0.8;\"><\/div><\/div><div class=\"vcex-ib-content-wrap wpex-z-10 wpex-w-100 wpex-transition-all wpex-duration-500 wpex-relative wpex-clr\"><div class=\"vcex-ib-content wpex-mx-auto wpex-clr\"><div class=\"vcex-ib-title wpex-heading wpex-inherit-color-important\">PROGRAMME<br \/>\n\u201cDEVELOPPEMENT PHASE 2\u201d<br \/>\nJANVIER 2019<\/div><div class=\"vcex-ib-caption wpex-text-lg wpex-last-mb-0 wpex-pb-10\">Masterclass avec Nemanja Radulovic<\/div><div class=\"vcex-ib-button\"><span class=\"theme-button outline white\" style=\"border-radius:50px;\">D\u00e9couvrez le programme complet<\/span><\/div><\/div><\/div><\/a><\/div>[\/vc_column][\/vc_row][vc_row center_row=\u00a0\u00bbyes\u00a0\u00bb el_class=\u00a0\u00bbbox-prog\u00a0\u00bb][vc_column width=\u00a0\u00bb1\/2&Prime;]<div class=\"vcex-module vcex-image-banner wpex-flex wpex-flex-col wpex-justify-center wpex-relative wpex-overflow-hidden wpex-max-w-100 wpex-bg-gray-900 wpex-text-white wpex-text-center vcex-h-zoom wpex-isolate vcex-has-button\" ><a href=\"http:\/\/www.fiestaclasica.org\/fr\/programmes\/programme-orchestre-de-chambre\/\" class=\"vcex-ib-link wpex-block wpex-inherit-color-important wpex-no-underline\" title=\"Programme \u201cOrchestre de Chambre\u201d\"><span class=\"vcex-ib-img wpex-block wpex-z-1 wpex-transition-all wpex-duration-500 wpex-bg-cover wpex-absolute wpex-inset-0\" style=\"background-image:url(https:\/\/www.fiestaclasica.org\/wp-content\/uploads\/2019\/07\/img_proyecto_cam21.jpg);background-position:center center;\"><\/span><div class=\"vcex-ib-overlay wpex-absolute wpex-z-5 wpex-inset-0 wpex-transition-all wpex-duration-500\"><div class=\"vcex-ib-overlay-bg wpex-absolute wpex-inset-0 wpex-bg-black wpex-opacity-30\" style=\"background:#878787;opacity:0.8;\"><\/div><\/div><div class=\"vcex-ib-content-wrap wpex-z-10 wpex-w-100 wpex-transition-all wpex-duration-500 wpex-relative wpex-clr\"><div class=\"vcex-ib-content wpex-mx-auto wpex-clr\"><div class=\"vcex-ib-title wpex-heading wpex-inherit-color-important\">PROGRAMME<br \/>\n\u201cORCHESTRE DE CHAMBRE\u201d<\/div><div class=\"vcex-ib-caption wpex-text-lg wpex-last-mb-0 wpex-pb-10\">13 jeunes jouant Mozart et Vivaldi<\/div><div class=\"vcex-ib-button\"><span class=\"theme-button outline white\" style=\"border-radius:50px;\">D\u00e9couvrez le programme complet<\/span><\/div><\/div><\/div><\/a><\/div>[\/vc_column][vc_column width=\u00a0\u00bb1\/2&Prime;]<div class=\"vcex-module vcex-image-banner wpex-flex wpex-flex-col wpex-justify-center wpex-relative wpex-overflow-hidden wpex-max-w-100 wpex-bg-gray-900 wpex-text-white wpex-text-center vcex-h-zoom wpex-isolate vcex-has-button\" ><a href=\"http:\/\/www.fiestaclasica.org\/fr\/programmes\/programa-orquesta-sinfonica-infantil\/\" class=\"vcex-ib-link wpex-block wpex-inherit-color-important wpex-no-underline\" title=\"Programme \u201cOrchestre symphonique infantile\u201d\"><span class=\"vcex-ib-img wpex-block wpex-z-1 wpex-transition-all wpex-duration-500 wpex-bg-cover wpex-absolute wpex-inset-0\" style=\"background-image:url(https:\/\/www.fiestaclasica.org\/wp-content\/uploads\/2019\/07\/img_proyecto_instr1.jpg);background-position:center center;\"><\/span><div class=\"vcex-ib-overlay wpex-absolute wpex-z-5 wpex-inset-0 wpex-transition-all wpex-duration-500\"><div class=\"vcex-ib-overlay-bg wpex-absolute wpex-inset-0 wpex-bg-black wpex-opacity-30\" style=\"background:#000000;opacity:0.6;\"><\/div><\/div><div class=\"vcex-ib-content-wrap wpex-z-10 wpex-w-100 wpex-transition-all wpex-duration-500 wpex-relative wpex-clr\"><div class=\"vcex-ib-content wpex-mx-auto wpex-clr\"><div class=\"vcex-ib-title wpex-heading wpex-inherit-color-important\">PROGRAMME<br \/>\n\u201cORCHESTRESYMPHONIQUE JUV\u00c9NIL\u201d<\/div><div class=\"vcex-ib-caption wpex-text-lg wpex-last-mb-0 wpex-pb-10\">Pour les \u00e9l\u00e8ves entre 8 et 13 ans<\/div><div class=\"vcex-ib-button\"><span class=\"theme-button outline white\" style=\"border-radius:50px;\">D\u00e9couvrez le programme complet<\/span><\/div><\/div><\/div><\/a><\/div>[\/vc_column][\/vc_row][vc_row center_row=\u00a0\u00bbyes\u00a0\u00bb el_class=\u00a0\u00bbbox-prog\u00a0\u00bb][vc_column width=\u00a0\u00bb1\/2&Prime;]<div class=\"vcex-module vcex-image-banner wpex-flex wpex-flex-col wpex-justify-center wpex-relative wpex-overflow-hidden wpex-max-w-100 wpex-bg-gray-900 wpex-text-white wpex-text-center vcex-h-zoom wpex-isolate vcex-has-button\" ><a href=\"https:\/\/www.fiestaclasica.org\/fr\/programmes\/programme-virtuoso\/\" class=\"vcex-ib-link wpex-block wpex-inherit-color-important wpex-no-underline\"><span class=\"vcex-ib-img wpex-block wpex-z-1 wpex-transition-all wpex-duration-500 wpex-bg-cover wpex-absolute wpex-inset-0\" style=\"background-image:url(https:\/\/www.fiestaclasica.org\/wp-content\/uploads\/2023\/04\/virtuoso-thumb.jpg);background-position:center center;\"><\/span><div class=\"vcex-ib-overlay wpex-absolute wpex-z-5 wpex-inset-0 wpex-transition-all wpex-duration-500\"><div class=\"vcex-ib-overlay-bg wpex-absolute wpex-inset-0 wpex-bg-black wpex-opacity-30\" style=\"background:#c73f27;opacity:0.8;\"><\/div><\/div><div class=\"vcex-ib-content-wrap wpex-z-10 wpex-w-100 wpex-transition-all wpex-duration-500 wpex-relative wpex-clr\"><div class=\"vcex-ib-content wpex-mx-auto wpex-clr\"><div class=\"vcex-ib-title wpex-heading wpex-inherit-color-important\">PROGRAMME \u201cVIRTUOSO\u201d<\/div><div class=\"vcex-ib-caption wpex-text-lg wpex-last-mb-0 wpex-pb-10\">Recherche de l\u2019excellence musicale<\/div><div class=\"vcex-ib-button\"><span class=\"theme-button outline white\" style=\"border-radius:50px;\">D\u00e9couvrez le programme complet<\/span><\/div><\/div><\/div><\/a><\/div>[\/vc_column][vc_column width=\u00a0\u00bb1\/2&Prime;][\/vc_column][\/vc_row][vc_row remove_bottom_col_margin=\u00a0\u00bbtrue\u00a0\u00bb center_row=\u00a0\u00bbyes\u00a0\u00bb][vc_column el_class=\u00a0\u00bbbottom-call\u00a0\u00bb]<div class=\"templatera_shortcode\">[vc_row el_class=\"bottom-call-inner\"][vc_column width=\"1\/2\" el_class=\"bottom-call-col-txt\"][vc_column_text]\r\n<p style=\"text-align: right;\">AIDEZ NOS \u00c9L\u00c8VES \u00c0 CONSTRUIRE LEUR AVENIR\r\nGR\u00c2CE \u00c0 L\u2019EXCELLENCE MUSICALE<\/p>\r\n[\/vc_column_text][\/vc_column][vc_column width=\"1\/2\" el_class=\"bottom-call-col-bout\"]<a href=\"https:\/\/www.fiestaclasica.org\/fr\/donations-fc\/\" class=\"vcex-button theme-button inline\" style=\"background:#97a9b4;\" data-wpex-hover='{&quot;background&quot;:&quot;#20409a&quot;}'><span class=\"theme-button-inner\">FAIRE UN DON<\/span><\/a> [\/vc_column][\/vc_row]<\/div>[\/vc_column][\/vc_row][vc_row center_row=\u00a0\u00bbyes\u00a0\u00bb el_class=\u00a0\u00bbmypage-bottom\u00a0\u00bb][vc_column]<div class=\"templatera_shortcode\"><style type=\"text\/css\" data-type=\"vc_shortcodes-custom-css\">.vc_custom_1464728684469{margin-bottom: 0px !important;border-bottom-width: 0px !important;padding-bottom: 0px !important;}<\/style>[vc_row el_id=\"newsletter-row\"][vc_column css=\".vc_custom_1464728684469{margin-bottom: 0px !important;border-bottom-width: 0px !important;padding-bottom: 0px !important;}\"][vc_widget_sidebar sidebar_id=\"barralateral\" el_class=\"newsletter-form\"][\/vc_column][\/vc_row]<\/div>[\/vc_column][\/vc_row]\n","protected":false},"excerpt":{"rendered":"<p>[vc_row remove_bottom_col_margin=\u00a0\u00bbtrue\u00a0\u00bb][vc_column][vc_raw_js]JTNDc2NyaXB0JTIwdHlwZSUzRCUyMnRleHQlMkZqYXZhc2NyaXB0JTIyJTNFJTBBZG9jdW1lbnQuZ2V0RWxlbWVudEJ5SWQlMjglMjJvdXRlci13cmFwJTIyJTI5LmNsYXNzTmFtZSUyMCUzRCUyMCUyMnBhZ2UtY3VzdG9tJTIwcGFnZS1wcm95ZWN0b3MlMjBwYWdlLXByb2dyYW1hcyUyMiUzQiUwQSUzQyUyRnNjcmlwdCUzRQ==[\/vc_raw_js][\/vc_column][\/vc_row][vc_row center_row=\u00a0\u00bbyes\u00a0\u00bb el_class=\u00a0\u00bbtxt-intro\u00a0\u00bb][vc_column][vc_column_text]Afin d\u2019assurer son fonctionnement et le d\u00e9veloppement de ses activit\u00e9s au service des enfants de Saint Domingue, la Fondation Fiesta\u00a0Cl\u00e1sica\u00a0g\u00e8re plusieurs programmes th\u00e9matiques qui vont de la cr\u00e9ation d\u2019ensembles musicaux \u00e0 l\u2019achat d\u2019instruments.\u00a0 \u00a0A\u00a0ce\u00a0jour nous\u00a0comptons\u00a0deux\u00a0programmes\u00a0actifs\u00a0et\u00a0plusieurs\u00a0en\u00a0pr\u00e9paration.\u00a0[\/vc_column_text][\/vc_column][\/vc_row][vc_row center_row=\u00a0\u00bbyes\u00a0\u00bb el_class=\u00a0\u00bbbox-prog\u00a0\u00bb][vc_column width=\u00a0\u00bb1\/2&Prime;][\/vc_column][vc_column width=\u00a0\u00bb1\/2&Prime;][\/vc_column][\/vc_row][vc_row center_row=\u00a0\u00bbyes\u00a0\u00bb el_class=\u00a0\u00bbbox-prog\u00a0\u00bb][vc_column width=\u00a0\u00bb1\/2&Prime;][\/vc_column][vc_column width=\u00a0\u00bb1\/2&Prime;][\/vc_column][\/vc_row][vc_row center_row=\u00a0\u00bbyes\u00a0\u00bb el_class=\u00a0\u00bbbox-prog\u00a0\u00bb][vc_column width=\u00a0\u00bb1\/2&Prime;][\/vc_column][vc_column width=\u00a0\u00bb1\/2&Prime;][\/vc_column][\/vc_row][vc_row remove_bottom_col_margin=\u00a0\u00bbtrue\u00a0\u00bb center_row=\u00a0\u00bbyes\u00a0\u00bb][vc_column el_class=\u00a0\u00bbbottom-call\u00a0\u00bb][\/vc_column][\/vc_row][vc_row center_row=\u00a0\u00bbyes\u00a0\u00bb el_class=\u00a0\u00bbmypage-bottom\u00a0\u00bb][vc_column][\/vc_column][\/vc_row]<\/p>\n","protected":false},"author":1,"featured_media":0,"parent":0,"menu_order":0,"comment_status":"closed","ping_status":"closed","template":"","meta":[],"categories":[],"tags":[],"yoast_head":"<!-- This site is optimized with the Yoast SEO plugin v20.7 - https:\/\/yoast.com\/wordpress\/plugins\/seo\/ -->\n<title>Programmes - Fiesta Clasica<\/title>\n<meta name=\"robots\" content=\"index, follow, max-snippet:-1, max-image-preview:large, max-video-preview:-1\" \/>\n<link rel=\"canonical\" href=\"https:\/\/www.fiestaclasica.org\/fr\/programmes\/\" \/>\n<meta property=\"og:locale\" content=\"fr_FR\" \/>\n<meta property=\"og:type\" content=\"article\" \/>\n<meta property=\"og:title\" content=\"Programmes - Fiesta Clasica\" \/>\n<meta property=\"og:description\" content=\"[vc_row remove_bottom_col_margin=\u00a0\u00bbtrue\u00a0\u00bb][vc_column][vc_raw_js]JTNDc2NyaXB0JTIwdHlwZSUzRCUyMnRleHQlMkZqYXZhc2NyaXB0JTIyJTNFJTBBZG9jdW1lbnQuZ2V0RWxlbWVudEJ5SWQlMjglMjJvdXRlci13cmFwJTIyJTI5LmNsYXNzTmFtZSUyMCUzRCUyMCUyMnBhZ2UtY3VzdG9tJTIwcGFnZS1wcm95ZWN0b3MlMjBwYWdlLXByb2dyYW1hcyUyMiUzQiUwQSUzQyUyRnNjcmlwdCUzRQ==[\/vc_raw_js][\/vc_column][\/vc_row][vc_row center_row=\u00a0\u00bbyes\u00a0\u00bb el_class=\u00a0\u00bbtxt-intro\u00a0\u00bb][vc_column][vc_column_text]Afin d\u2019assurer son fonctionnement et le d\u00e9veloppement de ses activit\u00e9s au service des enfants de Saint Domingue, la Fondation Fiesta\u00a0Cl\u00e1sica\u00a0g\u00e8re plusieurs programmes th\u00e9matiques qui vont de la cr\u00e9ation d\u2019ensembles musicaux \u00e0 l\u2019achat d\u2019instruments.\u00a0 \u00a0A\u00a0ce\u00a0jour nous\u00a0comptons\u00a0deux\u00a0programmes\u00a0actifs\u00a0et\u00a0plusieurs\u00a0en\u00a0pr\u00e9paration.\u00a0[\/vc_column_text][\/vc_column][\/vc_row][vc_row center_row=\u00a0\u00bbyes\u00a0\u00bb el_class=\u00a0\u00bbbox-prog\u00a0\u00bb][vc_column width=\u00a0\u00bb1\/2&Prime;][\/vc_column][vc_column width=\u00a0\u00bb1\/2&Prime;][\/vc_column][\/vc_row][vc_row center_row=\u00a0\u00bbyes\u00a0\u00bb el_class=\u00a0\u00bbbox-prog\u00a0\u00bb][vc_column width=\u00a0\u00bb1\/2&Prime;][\/vc_column][vc_column width=\u00a0\u00bb1\/2&Prime;][\/vc_column][\/vc_row][vc_row center_row=\u00a0\u00bbyes\u00a0\u00bb el_class=\u00a0\u00bbbox-prog\u00a0\u00bb][vc_column width=\u00a0\u00bb1\/2&Prime;][\/vc_column][vc_column width=\u00a0\u00bb1\/2&Prime;][\/vc_column][\/vc_row][vc_row remove_bottom_col_margin=\u00a0\u00bbtrue\u00a0\u00bb center_row=\u00a0\u00bbyes\u00a0\u00bb][vc_column el_class=\u00a0\u00bbbottom-call\u00a0\u00bb][\/vc_column][\/vc_row][vc_row center_row=\u00a0\u00bbyes\u00a0\u00bb el_class=\u00a0\u00bbmypage-bottom\u00a0\u00bb][vc_column][\/vc_column][\/vc_row]\" \/>\n<meta property=\"og:url\" content=\"https:\/\/www.fiestaclasica.org\/fr\/programmes\/\" \/>\n<meta property=\"og:site_name\" content=\"Fiesta Clasica\" \/>\n<meta property=\"article:publisher\" content=\"https:\/\/www.facebook.com\/FiestaClasica\/\" \/>\n<meta property=\"article:modified_time\" content=\"2023-04-05T15:40:55+00:00\" \/>\n<meta name=\"twitter:card\" content=\"summary_large_image\" \/>\n<meta name=\"twitter:site\" content=\"@fiestaclasica\" \/>\n<meta name=\"twitter:label1\" content=\"Dur\u00e9e de lecture estim\u00e9e\" \/>\n\t<meta name=\"twitter:data1\" content=\"1 minute\" \/>\n<script type=\"application\/ld+json\" class=\"yoast-schema-graph\">{\"@context\":\"https:\/\/schema.org\",\"@graph\":[{\"@type\":\"WebPage\",\"@id\":\"https:\/\/www.fiestaclasica.org\/fr\/programmes\/\",\"url\":\"https:\/\/www.fiestaclasica.org\/fr\/programmes\/\",\"name\":\"Programmes - Fiesta Clasica\",\"isPartOf\":{\"@id\":\"https:\/\/www.fiestaclasica.org\/#website\"},\"datePublished\":\"2019-05-16T18:33:50+00:00\",\"dateModified\":\"2023-04-05T15:40:55+00:00\",\"breadcrumb\":{\"@id\":\"https:\/\/www.fiestaclasica.org\/fr\/programmes\/#breadcrumb\"},\"inLanguage\":\"fr-FR\",\"potentialAction\":[{\"@type\":\"ReadAction\",\"target\":[\"https:\/\/www.fiestaclasica.org\/fr\/programmes\/\"]}]},{\"@type\":\"BreadcrumbList\",\"@id\":\"https:\/\/www.fiestaclasica.org\/fr\/programmes\/#breadcrumb\",\"itemListElement\":[{\"@type\":\"ListItem\",\"position\":1,\"name\":\"Portada\",\"item\":\"https:\/\/www.fiestaclasica.org\/fr\/\"},{\"@type\":\"ListItem\",\"position\":2,\"name\":\"Programmes\"}]},{\"@type\":\"WebSite\",\"@id\":\"https:\/\/www.fiestaclasica.org\/#website\",\"url\":\"https:\/\/www.fiestaclasica.org\/\",\"name\":\"Fiesta Clasica\",\"description\":\"Fiesta Clasica\",\"publisher\":{\"@id\":\"https:\/\/www.fiestaclasica.org\/#organization\"},\"potentialAction\":[{\"@type\":\"SearchAction\",\"target\":{\"@type\":\"EntryPoint\",\"urlTemplate\":\"https:\/\/www.fiestaclasica.org\/?s={search_term_string}\"},\"query-input\":\"required name=search_term_string\"}],\"inLanguage\":\"fr-FR\"},{\"@type\":\"Organization\",\"@id\":\"https:\/\/www.fiestaclasica.org\/#organization\",\"name\":\"fiesta clasica\",\"url\":\"https:\/\/www.fiestaclasica.org\/\",\"logo\":{\"@type\":\"ImageObject\",\"inLanguage\":\"fr-FR\",\"@id\":\"https:\/\/www.fiestaclasica.org\/#\/schema\/logo\/image\/\",\"url\":\"https:\/\/www.fiestaclasica.org\/wp-content\/uploads\/2016\/04\/logo-FC-prensa.jpg\",\"contentUrl\":\"https:\/\/www.fiestaclasica.org\/wp-content\/uploads\/2016\/04\/logo-FC-prensa.jpg\",\"width\":449,\"height\":261,\"caption\":\"fiesta clasica\"},\"image\":{\"@id\":\"https:\/\/www.fiestaclasica.org\/#\/schema\/logo\/image\/\"},\"sameAs\":[\"https:\/\/www.facebook.com\/FiestaClasica\/\",\"https:\/\/twitter.com\/fiestaclasica\",\"https:\/\/www.instagram.com\/fiestaclasica\/\",\"https:\/\/www.youtube.com\/channel\/UCt82JYKhPM3Th7pNLCA7-xw\"]}]}<\/script>\n<!-- \/ Yoast SEO plugin. -->","yoast_head_json":{"title":"Programmes - Fiesta Clasica","robots":{"index":"index","follow":"follow","max-snippet":"max-snippet:-1","max-image-preview":"max-image-preview:large","max-video-preview":"max-video-preview:-1"},"canonical":"https:\/\/www.fiestaclasica.org\/fr\/programmes\/","og_locale":"fr_FR","og_type":"article","og_title":"Programmes - Fiesta Clasica","og_description":"[vc_row remove_bottom_col_margin=\u00a0\u00bbtrue\u00a0\u00bb][vc_column][vc_raw_js]JTNDc2NyaXB0JTIwdHlwZSUzRCUyMnRleHQlMkZqYXZhc2NyaXB0JTIyJTNFJTBBZG9jdW1lbnQuZ2V0RWxlbWVudEJ5SWQlMjglMjJvdXRlci13cmFwJTIyJTI5LmNsYXNzTmFtZSUyMCUzRCUyMCUyMnBhZ2UtY3VzdG9tJTIwcGFnZS1wcm95ZWN0b3MlMjBwYWdlLXByb2dyYW1hcyUyMiUzQiUwQSUzQyUyRnNjcmlwdCUzRQ==[\/vc_raw_js][\/vc_column][\/vc_row][vc_row center_row=\u00a0\u00bbyes\u00a0\u00bb el_class=\u00a0\u00bbtxt-intro\u00a0\u00bb][vc_column][vc_column_text]Afin d\u2019assurer son fonctionnement et le d\u00e9veloppement de ses activit\u00e9s au service des enfants de Saint Domingue, la Fondation Fiesta\u00a0Cl\u00e1sica\u00a0g\u00e8re plusieurs programmes th\u00e9matiques qui vont de la cr\u00e9ation d\u2019ensembles musicaux \u00e0 l\u2019achat d\u2019instruments.\u00a0 \u00a0A\u00a0ce\u00a0jour nous\u00a0comptons\u00a0deux\u00a0programmes\u00a0actifs\u00a0et\u00a0plusieurs\u00a0en\u00a0pr\u00e9paration.\u00a0[\/vc_column_text][\/vc_column][\/vc_row][vc_row center_row=\u00a0\u00bbyes\u00a0\u00bb el_class=\u00a0\u00bbbox-prog\u00a0\u00bb][vc_column width=\u00a0\u00bb1\/2&Prime;][\/vc_column][vc_column width=\u00a0\u00bb1\/2&Prime;][\/vc_column][\/vc_row][vc_row center_row=\u00a0\u00bbyes\u00a0\u00bb el_class=\u00a0\u00bbbox-prog\u00a0\u00bb][vc_column width=\u00a0\u00bb1\/2&Prime;][\/vc_column][vc_column width=\u00a0\u00bb1\/2&Prime;][\/vc_column][\/vc_row][vc_row center_row=\u00a0\u00bbyes\u00a0\u00bb el_class=\u00a0\u00bbbox-prog\u00a0\u00bb][vc_column width=\u00a0\u00bb1\/2&Prime;][\/vc_column][vc_column width=\u00a0\u00bb1\/2&Prime;][\/vc_column][\/vc_row][vc_row remove_bottom_col_margin=\u00a0\u00bbtrue\u00a0\u00bb center_row=\u00a0\u00bbyes\u00a0\u00bb][vc_column el_class=\u00a0\u00bbbottom-call\u00a0\u00bb][\/vc_column][\/vc_row][vc_row center_row=\u00a0\u00bbyes\u00a0\u00bb el_class=\u00a0\u00bbmypage-bottom\u00a0\u00bb][vc_column][\/vc_column][\/vc_row]","og_url":"https:\/\/www.fiestaclasica.org\/fr\/programmes\/","og_site_name":"Fiesta Clasica","article_publisher":"https:\/\/www.facebook.com\/FiestaClasica\/","article_modified_time":"2023-04-05T15:40:55+00:00","twitter_card":"summary_large_image","twitter_site":"@fiestaclasica","twitter_misc":{"Dur\u00e9e de lecture estim\u00e9e":"1 minute"},"schema":{"@context":"https:\/\/schema.org","@graph":[{"@type":"WebPage","@id":"https:\/\/www.fiestaclasica.org\/fr\/programmes\/","url":"https:\/\/www.fiestaclasica.org\/fr\/programmes\/","name":"Programmes - Fiesta Clasica","isPartOf":{"@id":"https:\/\/www.fiestaclasica.org\/#website"},"datePublished":"2019-05-16T18:33:50+00:00","dateModified":"2023-04-05T15:40:55+00:00","breadcrumb":{"@id":"https:\/\/www.fiestaclasica.org\/fr\/programmes\/#breadcrumb"},"inLanguage":"fr-FR","potentialAction":[{"@type":"ReadAction","target":["https:\/\/www.fiestaclasica.org\/fr\/programmes\/"]}]},{"@type":"BreadcrumbList","@id":"https:\/\/www.fiestaclasica.org\/fr\/programmes\/#breadcrumb","itemListElement":[{"@type":"ListItem","position":1,"name":"Portada","item":"https:\/\/www.fiestaclasica.org\/fr\/"},{"@type":"ListItem","position":2,"name":"Programmes"}]},{"@type":"WebSite","@id":"https:\/\/www.fiestaclasica.org\/#website","url":"https:\/\/www.fiestaclasica.org\/","name":"Fiesta Clasica","description":"Fiesta Clasica","publisher":{"@id":"https:\/\/www.fiestaclasica.org\/#organization"},"potentialAction":[{"@type":"SearchAction","target":{"@type":"EntryPoint","urlTemplate":"https:\/\/www.fiestaclasica.org\/?s={search_term_string}"},"query-input":"required name=search_term_string"}],"inLanguage":"fr-FR"},{"@type":"Organization","@id":"https:\/\/www.fiestaclasica.org\/#organization","name":"fiesta clasica","url":"https:\/\/www.fiestaclasica.org\/","logo":{"@type":"ImageObject","inLanguage":"fr-FR","@id":"https:\/\/www.fiestaclasica.org\/#\/schema\/logo\/image\/","url":"https:\/\/www.fiestaclasica.org\/wp-content\/uploads\/2016\/04\/logo-FC-prensa.jpg","contentUrl":"https:\/\/www.fiestaclasica.org\/wp-content\/uploads\/2016\/04\/logo-FC-prensa.jpg","width":449,"height":261,"caption":"fiesta clasica"},"image":{"@id":"https:\/\/www.fiestaclasica.org\/#\/schema\/logo\/image\/"},"sameAs":["https:\/\/www.facebook.com\/FiestaClasica\/","https:\/\/twitter.com\/fiestaclasica","https:\/\/www.instagram.com\/fiestaclasica\/","https:\/\/www.youtube.com\/channel\/UCt82JYKhPM3Th7pNLCA7-xw"]}]}},"_links":{"self":[{"href":"https:\/\/www.fiestaclasica.org\/fr\/wp-json\/wp\/v2\/pages\/10368\/"}],"collection":[{"href":"https:\/\/www.fiestaclasica.org\/fr\/wp-json\/wp\/v2\/pages\/"}],"about":[{"href":"https:\/\/www.fiestaclasica.org\/fr\/wp-json\/wp\/v2\/types\/page\/"}],"author":[{"embeddable":true,"href":"https:\/\/www.fiestaclasica.org\/fr\/wp-json\/wp\/v2\/users\/1\/"}],"replies":[{"embeddable":true,"href":"https:\/\/www.fiestaclasica.org\/fr\/wp-json\/wp\/v2\/comments\/?post=10368"}],"version-history":[{"count":10,"href":"https:\/\/www.fiestaclasica.org\/fr\/wp-json\/wp\/v2\/pages\/10368\/revisions\/"}],"predecessor-version":[{"id":12257,"href":"https:\/\/www.fiestaclasica.org\/fr\/wp-json\/wp\/v2\/pages\/10368\/revisions\/12257\/"}],"wp:attachment":[{"href":"https:\/\/www.fiestaclasica.org\/fr\/wp-json\/wp\/v2\/media\/?parent=10368"}],"wp:term":[{"taxonomy":"category","embeddable":true,"href":"https:\/\/www.fiestaclasica.org\/fr\/wp-json\/wp\/v2\/categories\/?post=10368"},{"taxonomy":"post_tag","embeddable":true,"href":"https:\/\/www.fiestaclasica.org\/fr\/wp-json\/wp\/v2\/tags\/?post=10368"}],"curies":[{"name":"wp","href":"https:\/\/api.w.org\/{rel}","templated":true}]}}