{"id":10090,"date":"2019-09-05T16:55:21","date_gmt":"2019-09-05T16:55:21","guid":{"rendered":"http:\/\/www.fiestaclasica.org\/?page_id=10090"},"modified":"2019-11-11T18:25:40","modified_gmt":"2019-11-11T18:25:40","slug":"la-mer-de-charles-trenet-23-janvier-2019","status":"publish","type":"page","link":"https:\/\/www.fiestaclasica.org\/fr\/multimedia\/la-mer-de-charles-trenet-23-janvier-2019\/","title":{"rendered":"La Mer de Charles Trenet 23 janvier 2019"},"content":{"rendered":"[vc_row][vc_column el_class=\u00a0\u00bbintro-gallery\u00a0\u00bb][vc_raw_js]JTNDc2NyaXB0JTIwdHlwZSUzRCUyMnRleHQlMkZqYXZhc2NyaXB0JTIyJTNFJTBBZG9jdW1lbnQuZ2V0RWxlbWVudEJ5SWQlMjglMjJvdXRlci13cmFwJTIyJTI5LmNsYXNzTmFtZSUyMCUzRCUyMCUyMnBhZ2UtbWVkaWElMjIlM0IlMEElM0MlMkZzY3JpcHQlM0U=[\/vc_raw_js][vc_column_text]<span style=\"font-weight: 400;\">Le Choeur Infantile de Fiesta Cl\u00e1sica interpr\u00e8te \u201cLa Mer\u201d de Charles Trenet dans le cadre du concert de charit\u00e9 organis\u00e9 le 23 janvier 2019 au Palais des Beaux Arts de Saint Domingue. Direction chorale: Jos\u00e9 Brice\u00f1o et Lucymar Melendez. <\/span>[\/vc_column_text][\/vc_column][\/vc_row][vc_row][vc_column el_class=\u00a0\u00bbblock-gallery\u00a0\u00bb][vc_video link=\u00a0\u00bbhttps:\/\/www.youtube.com\/watch?v=yiL-Wm1JBCg\u00a0\u00bb][\/vc_column][\/vc_row]\n","protected":false},"excerpt":{"rendered":"<p>[vc_row][vc_column el_class=\u00a0\u00bbintro-gallery\u00a0\u00bb][vc_raw_js]JTNDc2NyaXB0JTIwdHlwZSUzRCUyMnRleHQlMkZqYXZhc2NyaXB0JTIyJTNFJTBBZG9jdW1lbnQuZ2V0RWxlbWVudEJ5SWQlMjglMjJvdXRlci13cmFwJTIyJTI5LmNsYXNzTmFtZSUyMCUzRCUyMCUyMnBhZ2UtbWVkaWElMjIlM0IlMEElM0MlMkZzY3JpcHQlM0U=[\/vc_raw_js][vc_column_text]Le Choeur Infantile de Fiesta Cl\u00e1sica interpr\u00e8te \u201cLa Mer\u201d de Charles Trenet dans le cadre du concert de charit\u00e9 organis\u00e9 le 23 janvier 2019 au Palais des Beaux Arts de Saint Domingue. Direction chorale: Jos\u00e9 Brice\u00f1o et Lucymar Melendez. [\/vc_column_text][\/vc_column][\/vc_row][vc_row][vc_column el_class=\u00a0\u00bbblock-gallery\u00a0\u00bb][vc_video link=\u00a0\u00bbhttps:\/\/www.youtube.com\/watch?v=yiL-Wm1JBCg\u00a0\u00bb][\/vc_column][\/vc_row]<\/p>\n","protected":false},"author":1,"featured_media":8470,"parent":2288,"menu_order":0,"comment_status":"closed","ping_status":"closed","template":"","meta":[],"categories":[66],"tags":[],"yoast_head":"<!-- This site is optimized with the Yoast SEO plugin v20.7 - https:\/\/yoast.com\/wordpress\/plugins\/seo\/ -->\n<title>La Mer de Charles Trenet 23 janvier 2019 - Fiesta Clasica<\/title>\n<meta name=\"robots\" content=\"index, follow, max-snippet:-1, max-image-preview:large, max-video-preview:-1\" \/>\n<link rel=\"canonical\" href=\"https:\/\/www.fiestaclasica.org\/fr\/multimedia\/la-mer-de-charles-trenet-23-janvier-2019\/\" \/>\n<meta property=\"og:locale\" content=\"fr_FR\" \/>\n<meta property=\"og:type\" content=\"article\" \/>\n<meta property=\"og:title\" content=\"La Mer de Charles Trenet 23 janvier 2019 - Fiesta Clasica\" \/>\n<meta property=\"og:description\" content=\"[vc_row][vc_column el_class=\u00a0\u00bbintro-gallery\u00a0\u00bb][vc_raw_js]JTNDc2NyaXB0JTIwdHlwZSUzRCUyMnRleHQlMkZqYXZhc2NyaXB0JTIyJTNFJTBBZG9jdW1lbnQuZ2V0RWxlbWVudEJ5SWQlMjglMjJvdXRlci13cmFwJTIyJTI5LmNsYXNzTmFtZSUyMCUzRCUyMCUyMnBhZ2UtbWVkaWElMjIlM0IlMEElM0MlMkZzY3JpcHQlM0U=[\/vc_raw_js][vc_column_text]Le Choeur Infantile de Fiesta Cl\u00e1sica interpr\u00e8te \u201cLa Mer\u201d de Charles Trenet dans le cadre du concert de charit\u00e9 organis\u00e9 le 23 janvier 2019 au Palais des Beaux Arts de Saint Domingue. Direction chorale: Jos\u00e9 Brice\u00f1o et Lucymar Melendez. [\/vc_column_text][\/vc_column][\/vc_row][vc_row][vc_column el_class=\u00a0\u00bbblock-gallery\u00a0\u00bb][vc_video link=\u00a0\u00bbhttps:\/\/www.youtube.com\/watch?v=yiL-Wm1JBCg\u00a0\u00bb][\/vc_column][\/vc_row]\" \/>\n<meta property=\"og:url\" content=\"https:\/\/www.fiestaclasica.org\/fr\/multimedia\/la-mer-de-charles-trenet-23-janvier-2019\/\" \/>\n<meta property=\"og:site_name\" content=\"Fiesta Clasica\" \/>\n<meta property=\"article:publisher\" content=\"https:\/\/www.facebook.com\/FiestaClasica\/\" \/>\n<meta property=\"article:modified_time\" content=\"2019-11-11T18:25:40+00:00\" \/>\n<meta property=\"og:image\" content=\"https:\/\/www.fiestaclasica.org\/wp-content\/uploads\/2019\/05\/Not_concierto_celado_2019_img_49.jpg\" \/>\n\t<meta property=\"og:image:width\" content=\"1280\" \/>\n\t<meta property=\"og:image:height\" content=\"960\" \/>\n\t<meta property=\"og:image:type\" content=\"image\/jpeg\" \/>\n<meta name=\"twitter:card\" content=\"summary_large_image\" \/>\n<meta name=\"twitter:site\" content=\"@fiestaclasica\" \/>\n<meta name=\"twitter:label1\" content=\"Dur\u00e9e de lecture estim\u00e9e\" \/>\n\t<meta name=\"twitter:data1\" content=\"1 minute\" \/>\n<script type=\"application\/ld+json\" class=\"yoast-schema-graph\">{\"@context\":\"https:\/\/schema.org\",\"@graph\":[{\"@type\":\"WebPage\",\"@id\":\"https:\/\/www.fiestaclasica.org\/fr\/multimedia\/la-mer-de-charles-trenet-23-janvier-2019\/\",\"url\":\"https:\/\/www.fiestaclasica.org\/fr\/multimedia\/la-mer-de-charles-trenet-23-janvier-2019\/\",\"name\":\"La Mer de Charles Trenet 23 janvier 2019 - Fiesta Clasica\",\"isPartOf\":{\"@id\":\"https:\/\/www.fiestaclasica.org\/#website\"},\"datePublished\":\"2019-09-05T16:55:21+00:00\",\"dateModified\":\"2019-11-11T18:25:40+00:00\",\"breadcrumb\":{\"@id\":\"https:\/\/www.fiestaclasica.org\/fr\/multimedia\/la-mer-de-charles-trenet-23-janvier-2019\/#breadcrumb\"},\"inLanguage\":\"fr-FR\",\"potentialAction\":[{\"@type\":\"ReadAction\",\"target\":[\"https:\/\/www.fiestaclasica.org\/fr\/multimedia\/la-mer-de-charles-trenet-23-janvier-2019\/\"]}]},{\"@type\":\"BreadcrumbList\",\"@id\":\"https:\/\/www.fiestaclasica.org\/fr\/multimedia\/la-mer-de-charles-trenet-23-janvier-2019\/#breadcrumb\",\"itemListElement\":[{\"@type\":\"ListItem\",\"position\":1,\"name\":\"Portada\",\"item\":\"https:\/\/www.fiestaclasica.org\/fr\/\"},{\"@type\":\"ListItem\",\"position\":2,\"name\":\"Multimedia\",\"item\":\"https:\/\/www.fiestaclasica.org\/fr\/multimedia\/\"},{\"@type\":\"ListItem\",\"position\":3,\"name\":\"La Mer de Charles Trenet 23 janvier 2019\"}]},{\"@type\":\"WebSite\",\"@id\":\"https:\/\/www.fiestaclasica.org\/#website\",\"url\":\"https:\/\/www.fiestaclasica.org\/\",\"name\":\"Fiesta Clasica\",\"description\":\"Fiesta Clasica\",\"publisher\":{\"@id\":\"https:\/\/www.fiestaclasica.org\/#organization\"},\"potentialAction\":[{\"@type\":\"SearchAction\",\"target\":{\"@type\":\"EntryPoint\",\"urlTemplate\":\"https:\/\/www.fiestaclasica.org\/?s={search_term_string}\"},\"query-input\":\"required name=search_term_string\"}],\"inLanguage\":\"fr-FR\"},{\"@type\":\"Organization\",\"@id\":\"https:\/\/www.fiestaclasica.org\/#organization\",\"name\":\"fiesta clasica\",\"url\":\"https:\/\/www.fiestaclasica.org\/\",\"logo\":{\"@type\":\"ImageObject\",\"inLanguage\":\"fr-FR\",\"@id\":\"https:\/\/www.fiestaclasica.org\/#\/schema\/logo\/image\/\",\"url\":\"https:\/\/www.fiestaclasica.org\/wp-content\/uploads\/2016\/04\/logo-FC-prensa.jpg\",\"contentUrl\":\"https:\/\/www.fiestaclasica.org\/wp-content\/uploads\/2016\/04\/logo-FC-prensa.jpg\",\"width\":449,\"height\":261,\"caption\":\"fiesta clasica\"},\"image\":{\"@id\":\"https:\/\/www.fiestaclasica.org\/#\/schema\/logo\/image\/\"},\"sameAs\":[\"https:\/\/www.facebook.com\/FiestaClasica\/\",\"https:\/\/twitter.com\/fiestaclasica\",\"https:\/\/www.instagram.com\/fiestaclasica\/\",\"https:\/\/www.youtube.com\/channel\/UCt82JYKhPM3Th7pNLCA7-xw\"]}]}<\/script>\n<!-- \/ Yoast SEO plugin. -->","yoast_head_json":{"title":"La Mer de Charles Trenet 23 janvier 2019 - Fiesta Clasica","robots":{"index":"index","follow":"follow","max-snippet":"max-snippet:-1","max-image-preview":"max-image-preview:large","max-video-preview":"max-video-preview:-1"},"canonical":"https:\/\/www.fiestaclasica.org\/fr\/multimedia\/la-mer-de-charles-trenet-23-janvier-2019\/","og_locale":"fr_FR","og_type":"article","og_title":"La Mer de Charles Trenet 23 janvier 2019 - Fiesta Clasica","og_description":"[vc_row][vc_column el_class=\u00a0\u00bbintro-gallery\u00a0\u00bb][vc_raw_js]JTNDc2NyaXB0JTIwdHlwZSUzRCUyMnRleHQlMkZqYXZhc2NyaXB0JTIyJTNFJTBBZG9jdW1lbnQuZ2V0RWxlbWVudEJ5SWQlMjglMjJvdXRlci13cmFwJTIyJTI5LmNsYXNzTmFtZSUyMCUzRCUyMCUyMnBhZ2UtbWVkaWElMjIlM0IlMEElM0MlMkZzY3JpcHQlM0U=[\/vc_raw_js][vc_column_text]Le Choeur Infantile de Fiesta Cl\u00e1sica interpr\u00e8te \u201cLa Mer\u201d de Charles Trenet dans le cadre du concert de charit\u00e9 organis\u00e9 le 23 janvier 2019 au Palais des Beaux Arts de Saint Domingue. Direction chorale: Jos\u00e9 Brice\u00f1o et Lucymar Melendez. [\/vc_column_text][\/vc_column][\/vc_row][vc_row][vc_column el_class=\u00a0\u00bbblock-gallery\u00a0\u00bb][vc_video link=\u00a0\u00bbhttps:\/\/www.youtube.com\/watch?v=yiL-Wm1JBCg\u00a0\u00bb][\/vc_column][\/vc_row]","og_url":"https:\/\/www.fiestaclasica.org\/fr\/multimedia\/la-mer-de-charles-trenet-23-janvier-2019\/","og_site_name":"Fiesta Clasica","article_publisher":"https:\/\/www.facebook.com\/FiestaClasica\/","article_modified_time":"2019-11-11T18:25:40+00:00","og_image":[{"width":1280,"height":960,"url":"https:\/\/www.fiestaclasica.org\/wp-content\/uploads\/2019\/05\/Not_concierto_celado_2019_img_49.jpg","type":"image\/jpeg"}],"twitter_card":"summary_large_image","twitter_site":"@fiestaclasica","twitter_misc":{"Dur\u00e9e de lecture estim\u00e9e":"1 minute"},"schema":{"@context":"https:\/\/schema.org","@graph":[{"@type":"WebPage","@id":"https:\/\/www.fiestaclasica.org\/fr\/multimedia\/la-mer-de-charles-trenet-23-janvier-2019\/","url":"https:\/\/www.fiestaclasica.org\/fr\/multimedia\/la-mer-de-charles-trenet-23-janvier-2019\/","name":"La Mer de Charles Trenet 23 janvier 2019 - Fiesta Clasica","isPartOf":{"@id":"https:\/\/www.fiestaclasica.org\/#website"},"datePublished":"2019-09-05T16:55:21+00:00","dateModified":"2019-11-11T18:25:40+00:00","breadcrumb":{"@id":"https:\/\/www.fiestaclasica.org\/fr\/multimedia\/la-mer-de-charles-trenet-23-janvier-2019\/#breadcrumb"},"inLanguage":"fr-FR","potentialAction":[{"@type":"ReadAction","target":["https:\/\/www.fiestaclasica.org\/fr\/multimedia\/la-mer-de-charles-trenet-23-janvier-2019\/"]}]},{"@type":"BreadcrumbList","@id":"https:\/\/www.fiestaclasica.org\/fr\/multimedia\/la-mer-de-charles-trenet-23-janvier-2019\/#breadcrumb","itemListElement":[{"@type":"ListItem","position":1,"name":"Portada","item":"https:\/\/www.fiestaclasica.org\/fr\/"},{"@type":"ListItem","position":2,"name":"Multimedia","item":"https:\/\/www.fiestaclasica.org\/fr\/multimedia\/"},{"@type":"ListItem","position":3,"name":"La Mer de Charles Trenet 23 janvier 2019"}]},{"@type":"WebSite","@id":"https:\/\/www.fiestaclasica.org\/#website","url":"https:\/\/www.fiestaclasica.org\/","name":"Fiesta Clasica","description":"Fiesta Clasica","publisher":{"@id":"https:\/\/www.fiestaclasica.org\/#organization"},"potentialAction":[{"@type":"SearchAction","target":{"@type":"EntryPoint","urlTemplate":"https:\/\/www.fiestaclasica.org\/?s={search_term_string}"},"query-input":"required name=search_term_string"}],"inLanguage":"fr-FR"},{"@type":"Organization","@id":"https:\/\/www.fiestaclasica.org\/#organization","name":"fiesta clasica","url":"https:\/\/www.fiestaclasica.org\/","logo":{"@type":"ImageObject","inLanguage":"fr-FR","@id":"https:\/\/www.fiestaclasica.org\/#\/schema\/logo\/image\/","url":"https:\/\/www.fiestaclasica.org\/wp-content\/uploads\/2016\/04\/logo-FC-prensa.jpg","contentUrl":"https:\/\/www.fiestaclasica.org\/wp-content\/uploads\/2016\/04\/logo-FC-prensa.jpg","width":449,"height":261,"caption":"fiesta clasica"},"image":{"@id":"https:\/\/www.fiestaclasica.org\/#\/schema\/logo\/image\/"},"sameAs":["https:\/\/www.facebook.com\/FiestaClasica\/","https:\/\/twitter.com\/fiestaclasica","https:\/\/www.instagram.com\/fiestaclasica\/","https:\/\/www.youtube.com\/channel\/UCt82JYKhPM3Th7pNLCA7-xw"]}]}},"_links":{"self":[{"href":"https:\/\/www.fiestaclasica.org\/fr\/wp-json\/wp\/v2\/pages\/10090\/"}],"collection":[{"href":"https:\/\/www.fiestaclasica.org\/fr\/wp-json\/wp\/v2\/pages\/"}],"about":[{"href":"https:\/\/www.fiestaclasica.org\/fr\/wp-json\/wp\/v2\/types\/page\/"}],"author":[{"embeddable":true,"href":"https:\/\/www.fiestaclasica.org\/fr\/wp-json\/wp\/v2\/users\/1\/"}],"replies":[{"embeddable":true,"href":"https:\/\/www.fiestaclasica.org\/fr\/wp-json\/wp\/v2\/comments\/?post=10090"}],"version-history":[{"count":4,"href":"https:\/\/www.fiestaclasica.org\/fr\/wp-json\/wp\/v2\/pages\/10090\/revisions\/"}],"predecessor-version":[{"id":10609,"href":"https:\/\/www.fiestaclasica.org\/fr\/wp-json\/wp\/v2\/pages\/10090\/revisions\/10609\/"}],"up":[{"embeddable":true,"href":"https:\/\/www.fiestaclasica.org\/fr\/wp-json\/wp\/v2\/pages\/2288\/"}],"wp:featuredmedia":[{"embeddable":true,"href":"https:\/\/www.fiestaclasica.org\/fr\/wp-json\/wp\/v2\/media\/8470\/"}],"wp:attachment":[{"href":"https:\/\/www.fiestaclasica.org\/fr\/wp-json\/wp\/v2\/media\/?parent=10090"}],"wp:term":[{"taxonomy":"category","embeddable":true,"href":"https:\/\/www.fiestaclasica.org\/fr\/wp-json\/wp\/v2\/categories\/?post=10090"},{"taxonomy":"post_tag","embeddable":true,"href":"https:\/\/www.fiestaclasica.org\/fr\/wp-json\/wp\/v2\/tags\/?post=10090"}],"curies":[{"name":"wp","href":"https:\/\/api.w.org\/{rel}","templated":true}]}}