{"version":"1.0","provider_name":"Fiesta Clasica","provider_url":"https:\/\/www.fiestaclasica.org\/fr\/","author_name":"webzwin","author_url":"https:\/\/www.fiestaclasica.org\/fr\/author\/webzwin\/","title":"Concert Sacr\u00e9 - Fiesta Clasica","type":"rich","width":600,"height":338,"html":"<blockquote class=\"wp-embedded-content\" data-secret=\"N1TJtE8vjQ\"><a href=\"https:\/\/www.fiestaclasica.org\/fr\/concert-sacre\/\">Concert Sacr\u00e9<\/a><\/blockquote><iframe sandbox=\"allow-scripts\" security=\"restricted\" src=\"https:\/\/www.fiestaclasica.org\/fr\/concert-sacre\/embed\/#?secret=N1TJtE8vjQ\" width=\"600\" height=\"338\" title=\"\u00ab\u00a0Concert Sacr\u00e9\u00a0\u00bb &#8212; Fiesta Clasica\" data-secret=\"N1TJtE8vjQ\" frameborder=\"0\" marginwidth=\"0\" marginheight=\"0\" scrolling=\"no\" class=\"wp-embedded-content\"><\/iframe><script>\n\/*! This file is auto-generated *\/\n!function(c,d){\"use strict\";var e=!1,o=!1;if(d.querySelector)if(c.addEventListener)e=!0;if(c.wp=c.wp||{},c.wp.receiveEmbedMessage);else if(c.wp.receiveEmbedMessage=function(e){var t=e.data;if(!t);else if(!(t.secret||t.message||t.value));else if(\/[^a-zA-Z0-9]\/.test(t.secret));else{for(var r,s,a,i=d.querySelectorAll('iframe[data-secret=\"'+t.secret+'\"]'),n=d.querySelectorAll('blockquote[data-secret=\"'+t.secret+'\"]'),o=new RegExp(\"^https?:$\",\"i\"),l=0;l<n.length;l++)n[l].style.display=\"none\";for(l=0;l<i.length;l++)if(r=i[l],e.source!==r.contentWindow);else{if(r.removeAttribute(\"style\"),\"height\"===t.message){if(1e3<(s=parseInt(t.value,10)))s=1e3;else if(~~s<200)s=200;r.height=s}if(\"link\"===t.message)if(s=d.createElement(\"a\"),a=d.createElement(\"a\"),s.href=r.getAttribute(\"src\"),a.href=t.value,!o.test(a.protocol));else if(a.host===s.host)if(d.activeElement===r)c.top.location.href=t.value}}},e)c.addEventListener(\"message\",c.wp.receiveEmbedMessage,!1),d.addEventListener(\"DOMContentLoaded\",t,!1),c.addEventListener(\"load\",t,!1);function t(){if(o);else{o=!0;for(var e,t,r,s=-1!==navigator.appVersion.indexOf(\"MSIE 10\"),a=!!navigator.userAgent.match(\/Trident.*rv:11\\.\/),i=d.querySelectorAll(\"iframe.wp-embedded-content\"),n=0;n<i.length;n++){if(!(r=(t=i[n]).getAttribute(\"data-secret\")))r=Math.random().toString(36).substr(2,10),t.src+=\"#?secret=\"+r,t.setAttribute(\"data-secret\",r);if(s||a)(e=t.cloneNode(!0)).removeAttribute(\"security\"),t.parentNode.replaceChild(e,t);t.contentWindow.postMessage({message:\"ready\",secret:r},\"*\")}}}}(window,document);\n<\/script>\n","thumbnail_url":"https:\/\/www.fiestaclasica.org\/wp-content\/uploads\/2019\/05\/VignetteConcert.jpg","thumbnail_width":1280,"thumbnail_height":853,"description":"[vc_row][vc_column][vc_column_text]Nous revenons sur notre dernier concert donn\u00e9 le mercredi 17 avril (Mercredi Saint) dans l\u2019\u00c9glise Notre Dame de la Alatagracia \u00e0 Saint Domingue. Le public \u00e9tait nombreux pour applaudir notre choeur accompagn\u00e9 par notre orchestre. Le r\u00e9pertoire \u00e9tait bien entendu sacr\u00e9 avec entre autres tr\u00e8s belles interpr\u00e9tations l\u2019\u201dAve Verum Corpus\u201d de Mozart et \u201cPanis Angelicus\u201d&hellip;"}