{"id":3799,"date":"2018-06-29T11:22:13","date_gmt":"2018-06-29T11:22:13","guid":{"rendered":"http:\/\/www.fiestaclasica.org\/?page_id=3799"},"modified":"2021-10-11T20:42:59","modified_gmt":"2021-10-11T20:42:59","slug":"the-fundation","status":"publish","type":"page","link":"https:\/\/www.fiestaclasica.org\/en\/the-fundation\/","title":{"rendered":"The Foundation"},"content":{"rendered":"[vc_row center_row=&#8221;yes&#8221; el_id=&#8221;intro&#8221;][vc_column][vc_raw_js]JTNDc2NyaXB0JTIwdHlwZSUzRCUyMnRleHQlMkZqYXZhc2NyaXB0JTIyJTNFJTBBZG9jdW1lbnQuZ2V0RWxlbWVudEJ5SWQlMjglMjJvdXRlci13cmFwJTIyJTI5LmNsYXNzTmFtZSUyMCUzRCUyMCUyMnBhZ2UtY3VzdG9tJTIwcGFnZS1mdW5kYWNpb24lMjIlM0IlMEElM0MlMkZzY3JpcHQlM0U=[\/vc_raw_js][vc_row_inner][vc_column_inner el_class=&#8221;mytext&#8221;][vc_column_text]\n<p class=\"p1\">The Fiesta Cl\u00e1sica Foundation is a non-profit organization created in Santo Domingo in December of 2015.<\/p>\n<p class=\"p2\">Its goal is to contribute to the development of the Santo Domingo\u2019s Colonial Zone and its residents by offering classical music classes to underprivileged children.<\/p>\n<p class=\"p2\">With the regular classes held at the school, the goal is to train the young children that otherwise do not have the financial means for music classes or that are subject to social exclusion.<\/p>\n<p class=\"p2\">The Fiesta Cl\u00e1sica Foundation has a cultural and educational cooperation agreement with El Sistema. The purpose of this agreement is to apply within the Dominican Republic the successful methodology that has made the institution famous for the last forty years through its symphonic ensembles and choirs.<\/p>\n<p class=\"p2\">Thanks to the philanthropic contribution of its members, to the financial support of its sponsors, and to the organizers of the prestigious concerts, the Fiesta Cl\u00e1sica Foundation manages to collect the funds necessary for the operation of its musical training center for the children of the Santo Domingo\u2019s Colonial Zone.<\/p>\n<p class=\"p2\">Moreover, the Fiesta Cl\u00e1sica Foundation, when given the opportunity, will try to collaborate with the Dominican Republic National Symphonic Orchestra and its director Jos\u00e9 Antonio Molina, as well as with the Sinfonia Foundation or with the Conciertos de la Villa association.<\/p>\n[\/vc_column_text][\/vc_column_inner][\/vc_row_inner]<div class=\"wpex-slider-preloaderimg wpex-relative\"><img width=\"1280\" height=\"850\" src=\"https:\/\/www.fiestaclasica.org\/wp-content\/uploads\/2018\/08\/fund_04.jpg\" class=\"skip-lazy\" alt=\"\" decoding=\"async\" data-no-lazy=\"1\" srcset=\"https:\/\/www.fiestaclasica.org\/wp-content\/uploads\/2018\/08\/fund_04.jpg 1280w, https:\/\/www.fiestaclasica.org\/wp-content\/uploads\/2018\/08\/fund_04-300x199.jpg 300w, https:\/\/www.fiestaclasica.org\/wp-content\/uploads\/2018\/08\/fund_04-768x510.jpg 768w, https:\/\/www.fiestaclasica.org\/wp-content\/uploads\/2018\/08\/fund_04-1024x680.jpg 1024w\" sizes=\"(max-width: 1280px) 100vw, 1280px\" \/><\/div><div class=\"vcex-module wpex-slider slider-pro vcex-image-slider wpex-clr\" data-loop=\"true\" data-auto-play-delay=\"5000\" data-thumbnails=\"true\" data-animation-speed=\"600\" data-height-animation-duration=\"500\" data-thumbnail-height=\"70\" data-thumbnail-width=\"70\"><div class=\"wpex-slider-slides sp-slides\"><div class=\"wpex-slider-slide sp-slide\"><div class=\"wpex-slider-media\"><img width=\"1280\" height=\"850\" src=\"https:\/\/www.fiestaclasica.org\/wp-content\/uploads\/2018\/08\/fund_04.jpg\" class=\"skip-lazy\" alt=\"\" decoding=\"async\" data-no-lazy=\"1\" srcset=\"https:\/\/www.fiestaclasica.org\/wp-content\/uploads\/2018\/08\/fund_04.jpg 1280w, https:\/\/www.fiestaclasica.org\/wp-content\/uploads\/2018\/08\/fund_04-300x199.jpg 300w, https:\/\/www.fiestaclasica.org\/wp-content\/uploads\/2018\/08\/fund_04-768x510.jpg 768w, https:\/\/www.fiestaclasica.org\/wp-content\/uploads\/2018\/08\/fund_04-1024x680.jpg 1024w\" sizes=\"(max-width: 1280px) 100vw, 1280px\" \/><div class=\"wpex-slider-caption sp-layer sp-padding wpex-clr sp-black\"data-position=\"bottomCenter\" data-show-transition=\"up\" data-hide-transition=\"down\" data-width=\"100%\" data-show-delay=\"500\"><p>Eduardo Abi Harb, Carlianna Rodr\u00edguez, Ram\u00f3n Borrero, Corinne Bouygues Gobbi, Johann Montenegro, Rafael Espinoza, Zaireth P\u00e9rez and Lourdes S\u00e1nchez<\/p>\n<\/div><\/div><\/div><div class=\"wpex-slider-slide sp-slide\"><div class=\"wpex-slider-media\"><img width=\"1280\" height=\"850\" src=\"https:\/\/www.fiestaclasica.org\/wp-content\/uploads\/2018\/08\/fund_03.jpg\" class=\"skip-lazy\" alt=\"\" decoding=\"async\" data-no-lazy=\"1\" srcset=\"https:\/\/www.fiestaclasica.org\/wp-content\/uploads\/2018\/08\/fund_03.jpg 1280w, https:\/\/www.fiestaclasica.org\/wp-content\/uploads\/2018\/08\/fund_03-300x199.jpg 300w, https:\/\/www.fiestaclasica.org\/wp-content\/uploads\/2018\/08\/fund_03-768x510.jpg 768w, https:\/\/www.fiestaclasica.org\/wp-content\/uploads\/2018\/08\/fund_03-1024x680.jpg 1024w\" sizes=\"(max-width: 1280px) 100vw, 1280px\" \/><div class=\"wpex-slider-caption sp-layer sp-padding wpex-clr sp-black\"data-position=\"bottomCenter\" data-show-transition=\"up\" data-hide-transition=\"down\" data-width=\"100%\" data-show-delay=\"500\"><p>Johann Montenegro, Zaireth P\u00e9rez, Rafal Espinoza, Nelsi Giacinti, Ram\u00f3n Borrero, Lourdes S\u00e1nchez, Frank Ferandier-Sicard, Corinne Bouygues Gobbi, Carlianna Rodr\u00edguez, Eduardo Abi Harb, Dominique Mey and Pilar Camarero<\/p>\n<\/div><\/div><\/div><div class=\"wpex-slider-slide sp-slide\"><div class=\"wpex-slider-media\"><img width=\"1280\" height=\"850\" src=\"https:\/\/www.fiestaclasica.org\/wp-content\/uploads\/2018\/08\/fund_06.jpg\" class=\"skip-lazy\" alt=\"\" decoding=\"async\" data-no-lazy=\"1\" srcset=\"https:\/\/www.fiestaclasica.org\/wp-content\/uploads\/2018\/08\/fund_06.jpg 1280w, https:\/\/www.fiestaclasica.org\/wp-content\/uploads\/2018\/08\/fund_06-300x199.jpg 300w, https:\/\/www.fiestaclasica.org\/wp-content\/uploads\/2018\/08\/fund_06-768x510.jpg 768w, https:\/\/www.fiestaclasica.org\/wp-content\/uploads\/2018\/08\/fund_06-1024x680.jpg 1024w\" sizes=\"(max-width: 1280px) 100vw, 1280px\" \/><div class=\"wpex-slider-caption sp-layer sp-padding wpex-clr sp-black\"data-position=\"bottomCenter\" data-show-transition=\"up\" data-hide-transition=\"down\" data-width=\"100%\" data-show-delay=\"500\"><p>Dominique Mey, Corinne Bouygues Gobbi and Frank Ferandier-Sicard<\/p>\n<\/div><\/div><\/div><div class=\"wpex-slider-slide sp-slide\"><div class=\"wpex-slider-media\"><img width=\"1280\" height=\"850\" src=\"https:\/\/www.fiestaclasica.org\/wp-content\/uploads\/2018\/08\/fund_05.jpg\" class=\"skip-lazy\" alt=\"\" decoding=\"async\" data-no-lazy=\"1\" srcset=\"https:\/\/www.fiestaclasica.org\/wp-content\/uploads\/2018\/08\/fund_05.jpg 1280w, https:\/\/www.fiestaclasica.org\/wp-content\/uploads\/2018\/08\/fund_05-300x199.jpg 300w, https:\/\/www.fiestaclasica.org\/wp-content\/uploads\/2018\/08\/fund_05-768x510.jpg 768w, https:\/\/www.fiestaclasica.org\/wp-content\/uploads\/2018\/08\/fund_05-1024x680.jpg 1024w\" sizes=\"(max-width: 1280px) 100vw, 1280px\" \/><div class=\"wpex-slider-caption sp-layer sp-padding wpex-clr sp-black\"data-position=\"bottomCenter\" data-show-transition=\"up\" data-hide-transition=\"down\" data-width=\"100%\" data-show-delay=\"500\"><p>Frank Ferandier-Sicard, Corinne Bouygues Gobbi, Pilar Camarero and Dominique Mey<\/p>\n<\/div><\/div><\/div><div class=\"wpex-slider-slide sp-slide\"><div class=\"wpex-slider-media\"><img width=\"1280\" height=\"850\" src=\"https:\/\/www.fiestaclasica.org\/wp-content\/uploads\/2018\/08\/fund_01.jpg\" class=\"skip-lazy\" alt=\"\" decoding=\"async\" data-no-lazy=\"1\" srcset=\"https:\/\/www.fiestaclasica.org\/wp-content\/uploads\/2018\/08\/fund_01.jpg 1280w, https:\/\/www.fiestaclasica.org\/wp-content\/uploads\/2018\/08\/fund_01-300x199.jpg 300w, https:\/\/www.fiestaclasica.org\/wp-content\/uploads\/2018\/08\/fund_01-768x510.jpg 768w, https:\/\/www.fiestaclasica.org\/wp-content\/uploads\/2018\/08\/fund_01-1024x680.jpg 1024w\" sizes=\"(max-width: 1280px) 100vw, 1280px\" \/><div class=\"wpex-slider-caption sp-layer sp-padding wpex-clr sp-black\"data-position=\"bottomCenter\" data-show-transition=\"up\" data-hide-transition=\"down\" data-width=\"100%\" data-show-delay=\"500\"><p>Lodge Cuna de Am\u00e9rica n\u00ba2, First foundation nucleo<\/p>\n<\/div><\/div><\/div><div class=\"wpex-slider-slide sp-slide\"><div class=\"wpex-slider-media\"><img width=\"1280\" height=\"850\" src=\"https:\/\/www.fiestaclasica.org\/wp-content\/uploads\/2018\/08\/fund_02.jpg\" class=\"skip-lazy\" alt=\"\" decoding=\"async\" data-no-lazy=\"1\" srcset=\"https:\/\/www.fiestaclasica.org\/wp-content\/uploads\/2018\/08\/fund_02.jpg 1280w, https:\/\/www.fiestaclasica.org\/wp-content\/uploads\/2018\/08\/fund_02-300x199.jpg 300w, https:\/\/www.fiestaclasica.org\/wp-content\/uploads\/2018\/08\/fund_02-768x510.jpg 768w, https:\/\/www.fiestaclasica.org\/wp-content\/uploads\/2018\/08\/fund_02-1024x680.jpg 1024w\" sizes=\"(max-width: 1280px) 100vw, 1280px\" \/><div class=\"wpex-slider-caption sp-layer sp-padding wpex-clr sp-black\"data-position=\"bottomCenter\" data-show-transition=\"up\" data-hide-transition=\"down\" data-width=\"100%\" data-show-delay=\"500\"><p>Dominique Mey, Corinne Bouygues Gobbi and Frank Ferandier-Sicard<\/p>\n<\/div><\/div><\/div><\/div><div class=\"wpex-slider-thumbnails sp-thumbnails\"><img width=\"1280\" height=\"850\" src=\"https:\/\/www.fiestaclasica.org\/wp-content\/uploads\/2018\/08\/fund_04.jpg\" class=\"wpex-slider-thumbnail sp-thumbnail skip-lazy\" alt=\"\" decoding=\"async\" data-no-lazy=\"1\" srcset=\"https:\/\/www.fiestaclasica.org\/wp-content\/uploads\/2018\/08\/fund_04.jpg 1280w, https:\/\/www.fiestaclasica.org\/wp-content\/uploads\/2018\/08\/fund_04-300x199.jpg 300w, https:\/\/www.fiestaclasica.org\/wp-content\/uploads\/2018\/08\/fund_04-768x510.jpg 768w, https:\/\/www.fiestaclasica.org\/wp-content\/uploads\/2018\/08\/fund_04-1024x680.jpg 1024w\" sizes=\"(max-width: 1280px) 100vw, 1280px\" \/><img width=\"1280\" height=\"850\" src=\"https:\/\/www.fiestaclasica.org\/wp-content\/uploads\/2018\/08\/fund_03.jpg\" class=\"wpex-slider-thumbnail sp-thumbnail skip-lazy\" alt=\"\" decoding=\"async\" data-no-lazy=\"1\" srcset=\"https:\/\/www.fiestaclasica.org\/wp-content\/uploads\/2018\/08\/fund_03.jpg 1280w, https:\/\/www.fiestaclasica.org\/wp-content\/uploads\/2018\/08\/fund_03-300x199.jpg 300w, https:\/\/www.fiestaclasica.org\/wp-content\/uploads\/2018\/08\/fund_03-768x510.jpg 768w, https:\/\/www.fiestaclasica.org\/wp-content\/uploads\/2018\/08\/fund_03-1024x680.jpg 1024w\" sizes=\"(max-width: 1280px) 100vw, 1280px\" \/><img width=\"1280\" height=\"850\" src=\"https:\/\/www.fiestaclasica.org\/wp-content\/uploads\/2018\/08\/fund_06.jpg\" class=\"wpex-slider-thumbnail sp-thumbnail skip-lazy\" alt=\"\" decoding=\"async\" data-no-lazy=\"1\" srcset=\"https:\/\/www.fiestaclasica.org\/wp-content\/uploads\/2018\/08\/fund_06.jpg 1280w, https:\/\/www.fiestaclasica.org\/wp-content\/uploads\/2018\/08\/fund_06-300x199.jpg 300w, https:\/\/www.fiestaclasica.org\/wp-content\/uploads\/2018\/08\/fund_06-768x510.jpg 768w, https:\/\/www.fiestaclasica.org\/wp-content\/uploads\/2018\/08\/fund_06-1024x680.jpg 1024w\" sizes=\"(max-width: 1280px) 100vw, 1280px\" \/><img width=\"1280\" height=\"850\" src=\"https:\/\/www.fiestaclasica.org\/wp-content\/uploads\/2018\/08\/fund_05.jpg\" class=\"wpex-slider-thumbnail sp-thumbnail skip-lazy\" alt=\"\" decoding=\"async\" data-no-lazy=\"1\" srcset=\"https:\/\/www.fiestaclasica.org\/wp-content\/uploads\/2018\/08\/fund_05.jpg 1280w, https:\/\/www.fiestaclasica.org\/wp-content\/uploads\/2018\/08\/fund_05-300x199.jpg 300w, https:\/\/www.fiestaclasica.org\/wp-content\/uploads\/2018\/08\/fund_05-768x510.jpg 768w, https:\/\/www.fiestaclasica.org\/wp-content\/uploads\/2018\/08\/fund_05-1024x680.jpg 1024w\" sizes=\"(max-width: 1280px) 100vw, 1280px\" \/><img width=\"1280\" height=\"850\" src=\"https:\/\/www.fiestaclasica.org\/wp-content\/uploads\/2018\/08\/fund_01.jpg\" class=\"wpex-slider-thumbnail sp-thumbnail skip-lazy\" alt=\"\" decoding=\"async\" data-no-lazy=\"1\" srcset=\"https:\/\/www.fiestaclasica.org\/wp-content\/uploads\/2018\/08\/fund_01.jpg 1280w, https:\/\/www.fiestaclasica.org\/wp-content\/uploads\/2018\/08\/fund_01-300x199.jpg 300w, https:\/\/www.fiestaclasica.org\/wp-content\/uploads\/2018\/08\/fund_01-768x510.jpg 768w, https:\/\/www.fiestaclasica.org\/wp-content\/uploads\/2018\/08\/fund_01-1024x680.jpg 1024w\" sizes=\"(max-width: 1280px) 100vw, 1280px\" \/><img width=\"1280\" height=\"850\" src=\"https:\/\/www.fiestaclasica.org\/wp-content\/uploads\/2018\/08\/fund_02.jpg\" class=\"wpex-slider-thumbnail sp-thumbnail skip-lazy\" alt=\"\" decoding=\"async\" data-no-lazy=\"1\" srcset=\"https:\/\/www.fiestaclasica.org\/wp-content\/uploads\/2018\/08\/fund_02.jpg 1280w, https:\/\/www.fiestaclasica.org\/wp-content\/uploads\/2018\/08\/fund_02-300x199.jpg 300w, https:\/\/www.fiestaclasica.org\/wp-content\/uploads\/2018\/08\/fund_02-768x510.jpg 768w, https:\/\/www.fiestaclasica.org\/wp-content\/uploads\/2018\/08\/fund_02-1024x680.jpg 1024w\" sizes=\"(max-width: 1280px) 100vw, 1280px\" \/><\/div><\/div>[\/vc_column][\/vc_row][vc_row center_row=&#8221;yes&#8221;][vc_column][vc_column_text]\n<h2>EL SISTEMA<\/h2>\n[\/vc_column_text]<div class=\"vcex-image-slider-css-wrap vc_custom_1631861639876\"><div class=\"wpex-slider-preloaderimg wpex-relative\"><img width=\"1280\" height=\"850\" src=\"https:\/\/www.fiestaclasica.org\/wp-content\/uploads\/2018\/06\/Firma-del-convenio-con-El-Sistema.jpg\" class=\"skip-lazy\" alt=\"\" decoding=\"async\" data-no-lazy=\"1\" srcset=\"https:\/\/www.fiestaclasica.org\/wp-content\/uploads\/2018\/06\/Firma-del-convenio-con-El-Sistema.jpg 1280w, https:\/\/www.fiestaclasica.org\/wp-content\/uploads\/2018\/06\/Firma-del-convenio-con-El-Sistema-300x199.jpg 300w\" sizes=\"(max-width: 1280px) 100vw, 1280px\" \/><\/div><div class=\"vcex-module wpex-slider slider-pro vcex-image-slider wpex-clr wpex-lightbox-group\" data-loop=\"true\" data-auto-play-delay=\"5000\" data-thumbnails=\"true\" data-animation-speed=\"600\" data-height-animation-duration=\"500\" data-thumbnail-height=\"70\" data-thumbnail-width=\"70\" data-show_title=\"false\"><div class=\"wpex-slider-slides sp-slides\"><div class=\"wpex-slider-slide sp-slide\"><div class=\"wpex-slider-media\"><a href=\"https:\/\/www.fiestaclasica.org\/wp-content\/uploads\/2018\/06\/Firma-del-convenio-con-El-Sistema.jpg\" class=\"vcex-flexslider-entry-img wpex-slider-media-link wpex-lightbox-group-item\" data-caption=\"Signing of the agreement with El Sistema\"><img width=\"1280\" height=\"850\" src=\"https:\/\/www.fiestaclasica.org\/wp-content\/uploads\/2018\/06\/Firma-del-convenio-con-El-Sistema.jpg\" class=\"skip-lazy\" alt=\"\" decoding=\"async\" data-no-lazy=\"1\" srcset=\"https:\/\/www.fiestaclasica.org\/wp-content\/uploads\/2018\/06\/Firma-del-convenio-con-El-Sistema.jpg 1280w, https:\/\/www.fiestaclasica.org\/wp-content\/uploads\/2018\/06\/Firma-del-convenio-con-El-Sistema-300x199.jpg 300w\" sizes=\"(max-width: 1280px) 100vw, 1280px\" \/><\/a><div class=\"wpex-slider-caption sp-layer sp-padding wpex-clr sp-black\"data-position=\"bottomCenter\" data-show-transition=\"up\" data-hide-transition=\"down\" data-width=\"100%\" data-show-delay=\"500\"><p>Signing of the agreement with El Sistema<\/p>\n<\/div><\/div><\/div><div class=\"wpex-slider-slide sp-slide\"><div class=\"wpex-slider-media\"><a href=\"https:\/\/www.fiestaclasica.org\/wp-content\/uploads\/2021\/09\/JoseAntonioAbreu.jpg\" class=\"vcex-flexslider-entry-img wpex-slider-media-link wpex-lightbox-group-item\" data-caption=\"Jos\u00e9 Antonio Abreu, Founder of El Sistema\"><img width=\"1280\" height=\"850\" src=\"https:\/\/www.fiestaclasica.org\/wp-content\/uploads\/2021\/09\/JoseAntonioAbreu.jpg\" class=\"skip-lazy\" alt=\"\" decoding=\"async\" data-no-lazy=\"1\" srcset=\"https:\/\/www.fiestaclasica.org\/wp-content\/uploads\/2021\/09\/JoseAntonioAbreu.jpg 1280w, https:\/\/www.fiestaclasica.org\/wp-content\/uploads\/2021\/09\/JoseAntonioAbreu-300x199.jpg 300w, https:\/\/www.fiestaclasica.org\/wp-content\/uploads\/2021\/09\/JoseAntonioAbreu-1024x680.jpg 1024w, https:\/\/www.fiestaclasica.org\/wp-content\/uploads\/2021\/09\/JoseAntonioAbreu-768x510.jpg 768w\" sizes=\"(max-width: 1280px) 100vw, 1280px\" \/><\/a><div class=\"wpex-slider-caption sp-layer sp-padding wpex-clr sp-black\"data-position=\"bottomCenter\" data-show-transition=\"up\" data-hide-transition=\"down\" data-width=\"100%\" data-show-delay=\"500\"><p>Jos\u00e9 Antonio Abreu, Founder of El Sistema<\/p>\n<\/div><\/div><\/div><div class=\"wpex-slider-slide sp-slide\"><div class=\"wpex-slider-media\"><a href=\"https:\/\/www.fiestaclasica.org\/wp-content\/uploads\/2021\/09\/GustavoDudamel-y-Jose-Antonio-Abreu.jpg\" class=\"vcex-flexslider-entry-img wpex-slider-media-link wpex-lightbox-group-item\" data-caption=\"Gustavo Dudamel and Jose\u0301 Antonio Abreu\"><img width=\"1280\" height=\"850\" src=\"https:\/\/www.fiestaclasica.org\/wp-content\/uploads\/2021\/09\/GustavoDudamel-y-Jose-Antonio-Abreu.jpg\" class=\"skip-lazy\" alt=\"\" decoding=\"async\" data-no-lazy=\"1\" srcset=\"https:\/\/www.fiestaclasica.org\/wp-content\/uploads\/2021\/09\/GustavoDudamel-y-Jose-Antonio-Abreu.jpg 1280w, https:\/\/www.fiestaclasica.org\/wp-content\/uploads\/2021\/09\/GustavoDudamel-y-Jose-Antonio-Abreu-300x199.jpg 300w, https:\/\/www.fiestaclasica.org\/wp-content\/uploads\/2021\/09\/GustavoDudamel-y-Jose-Antonio-Abreu-1024x680.jpg 1024w, https:\/\/www.fiestaclasica.org\/wp-content\/uploads\/2021\/09\/GustavoDudamel-y-Jose-Antonio-Abreu-768x510.jpg 768w\" sizes=\"(max-width: 1280px) 100vw, 1280px\" \/><\/a><div class=\"wpex-slider-caption sp-layer sp-padding wpex-clr sp-black\"data-position=\"bottomCenter\" data-show-transition=\"up\" data-hide-transition=\"down\" data-width=\"100%\" data-show-delay=\"500\"><p>Gustavo Dudamel and Jose\u0301 Antonio Abreu<\/p>\n<\/div><\/div><\/div><div class=\"wpex-slider-slide sp-slide\"><div class=\"wpex-slider-media\"><a href=\"https:\/\/www.fiestaclasica.org\/wp-content\/uploads\/2018\/06\/GustavoDudamel.jpg\" class=\"vcex-flexslider-entry-img wpex-slider-media-link wpex-lightbox-group-item\" data-caption=\"Gustavo Dudamel, Musical Director of the Los Angeles Philharmonic\"><img width=\"1280\" height=\"850\" src=\"https:\/\/www.fiestaclasica.org\/wp-content\/uploads\/2018\/06\/GustavoDudamel.jpg\" class=\"skip-lazy\" alt=\"\" decoding=\"async\" data-no-lazy=\"1\" srcset=\"https:\/\/www.fiestaclasica.org\/wp-content\/uploads\/2018\/06\/GustavoDudamel.jpg 1280w, https:\/\/www.fiestaclasica.org\/wp-content\/uploads\/2018\/06\/GustavoDudamel-300x199.jpg 300w\" sizes=\"(max-width: 1280px) 100vw, 1280px\" \/><\/a><div class=\"wpex-slider-caption sp-layer sp-padding wpex-clr sp-black\"data-position=\"bottomCenter\" data-show-transition=\"up\" data-hide-transition=\"down\" data-width=\"100%\" data-show-delay=\"500\"><p>Gustavo Dudamel, Musical Director of the Los Angeles Philharmonic<\/p>\n<\/div><\/div><\/div><div class=\"wpex-slider-slide sp-slide\"><div class=\"wpex-slider-media\"><a href=\"https:\/\/www.fiestaclasica.org\/wp-content\/uploads\/2021\/09\/EduardoMendez.jpg\" class=\"vcex-flexslider-entry-img wpex-slider-media-link wpex-lightbox-group-item\" data-caption=\"Eduardo M\u00e9ndez, General Director of El Sistema\"><img width=\"1280\" height=\"850\" src=\"https:\/\/www.fiestaclasica.org\/wp-content\/uploads\/2021\/09\/EduardoMendez.jpg\" class=\"skip-lazy\" alt=\"\" decoding=\"async\" data-no-lazy=\"1\" srcset=\"https:\/\/www.fiestaclasica.org\/wp-content\/uploads\/2021\/09\/EduardoMendez.jpg 1280w, https:\/\/www.fiestaclasica.org\/wp-content\/uploads\/2021\/09\/EduardoMendez-300x199.jpg 300w, https:\/\/www.fiestaclasica.org\/wp-content\/uploads\/2021\/09\/EduardoMendez-1024x680.jpg 1024w, https:\/\/www.fiestaclasica.org\/wp-content\/uploads\/2021\/09\/EduardoMendez-768x510.jpg 768w\" sizes=\"(max-width: 1280px) 100vw, 1280px\" \/><\/a><div class=\"wpex-slider-caption sp-layer sp-padding wpex-clr sp-black\"data-position=\"bottomCenter\" data-show-transition=\"up\" data-hide-transition=\"down\" data-width=\"100%\" data-show-delay=\"500\"><p>Eduardo M\u00e9ndez, General Director of El Sistema<\/p>\n<\/div><\/div><\/div><div class=\"wpex-slider-slide sp-slide\"><div class=\"wpex-slider-media\"><a href=\"https:\/\/www.fiestaclasica.org\/wp-content\/uploads\/2021\/09\/LourdesSanchez.jpg\" class=\"vcex-flexslider-entry-img wpex-slider-media-link wpex-lightbox-group-item\" data-caption=\"Lourdes S\u00e1nchez, Director of los Coros from El Sistema\"><img width=\"1280\" height=\"850\" src=\"https:\/\/www.fiestaclasica.org\/wp-content\/uploads\/2021\/09\/LourdesSanchez.jpg\" class=\"skip-lazy\" alt=\"\" decoding=\"async\" data-no-lazy=\"1\" srcset=\"https:\/\/www.fiestaclasica.org\/wp-content\/uploads\/2021\/09\/LourdesSanchez.jpg 1280w, https:\/\/www.fiestaclasica.org\/wp-content\/uploads\/2021\/09\/LourdesSanchez-300x199.jpg 300w, https:\/\/www.fiestaclasica.org\/wp-content\/uploads\/2021\/09\/LourdesSanchez-1024x680.jpg 1024w, https:\/\/www.fiestaclasica.org\/wp-content\/uploads\/2021\/09\/LourdesSanchez-768x510.jpg 768w\" sizes=\"(max-width: 1280px) 100vw, 1280px\" \/><\/a><div class=\"wpex-slider-caption sp-layer sp-padding wpex-clr sp-black\"data-position=\"bottomCenter\" data-show-transition=\"up\" data-hide-transition=\"down\" data-width=\"100%\" data-show-delay=\"500\"><p>Lourdes S\u00e1nchez, Director of los Coros from El Sistema<\/p>\n<\/div><\/div><\/div><\/div><div class=\"wpex-slider-thumbnails sp-thumbnails\"><img width=\"1280\" height=\"850\" src=\"https:\/\/www.fiestaclasica.org\/wp-content\/uploads\/2018\/06\/Firma-del-convenio-con-El-Sistema.jpg\" class=\"wpex-slider-thumbnail sp-thumbnail skip-lazy\" alt=\"\" decoding=\"async\" data-no-lazy=\"1\" srcset=\"https:\/\/www.fiestaclasica.org\/wp-content\/uploads\/2018\/06\/Firma-del-convenio-con-El-Sistema.jpg 1280w, https:\/\/www.fiestaclasica.org\/wp-content\/uploads\/2018\/06\/Firma-del-convenio-con-El-Sistema-300x199.jpg 300w\" sizes=\"(max-width: 1280px) 100vw, 1280px\" \/><img width=\"1280\" height=\"850\" src=\"https:\/\/www.fiestaclasica.org\/wp-content\/uploads\/2021\/09\/JoseAntonioAbreu.jpg\" class=\"wpex-slider-thumbnail sp-thumbnail skip-lazy\" alt=\"\" decoding=\"async\" data-no-lazy=\"1\" srcset=\"https:\/\/www.fiestaclasica.org\/wp-content\/uploads\/2021\/09\/JoseAntonioAbreu.jpg 1280w, https:\/\/www.fiestaclasica.org\/wp-content\/uploads\/2021\/09\/JoseAntonioAbreu-300x199.jpg 300w, https:\/\/www.fiestaclasica.org\/wp-content\/uploads\/2021\/09\/JoseAntonioAbreu-1024x680.jpg 1024w, https:\/\/www.fiestaclasica.org\/wp-content\/uploads\/2021\/09\/JoseAntonioAbreu-768x510.jpg 768w\" sizes=\"(max-width: 1280px) 100vw, 1280px\" \/><img width=\"1280\" height=\"850\" src=\"https:\/\/www.fiestaclasica.org\/wp-content\/uploads\/2021\/09\/GustavoDudamel-y-Jose-Antonio-Abreu.jpg\" class=\"wpex-slider-thumbnail sp-thumbnail skip-lazy\" alt=\"\" decoding=\"async\" data-no-lazy=\"1\" srcset=\"https:\/\/www.fiestaclasica.org\/wp-content\/uploads\/2021\/09\/GustavoDudamel-y-Jose-Antonio-Abreu.jpg 1280w, https:\/\/www.fiestaclasica.org\/wp-content\/uploads\/2021\/09\/GustavoDudamel-y-Jose-Antonio-Abreu-300x199.jpg 300w, https:\/\/www.fiestaclasica.org\/wp-content\/uploads\/2021\/09\/GustavoDudamel-y-Jose-Antonio-Abreu-1024x680.jpg 1024w, https:\/\/www.fiestaclasica.org\/wp-content\/uploads\/2021\/09\/GustavoDudamel-y-Jose-Antonio-Abreu-768x510.jpg 768w\" sizes=\"(max-width: 1280px) 100vw, 1280px\" \/><img width=\"1280\" height=\"850\" src=\"https:\/\/www.fiestaclasica.org\/wp-content\/uploads\/2018\/06\/GustavoDudamel.jpg\" class=\"wpex-slider-thumbnail sp-thumbnail skip-lazy\" alt=\"\" decoding=\"async\" data-no-lazy=\"1\" srcset=\"https:\/\/www.fiestaclasica.org\/wp-content\/uploads\/2018\/06\/GustavoDudamel.jpg 1280w, https:\/\/www.fiestaclasica.org\/wp-content\/uploads\/2018\/06\/GustavoDudamel-300x199.jpg 300w\" sizes=\"(max-width: 1280px) 100vw, 1280px\" \/><img width=\"1280\" height=\"850\" src=\"https:\/\/www.fiestaclasica.org\/wp-content\/uploads\/2021\/09\/EduardoMendez.jpg\" class=\"wpex-slider-thumbnail sp-thumbnail skip-lazy\" alt=\"\" decoding=\"async\" data-no-lazy=\"1\" srcset=\"https:\/\/www.fiestaclasica.org\/wp-content\/uploads\/2021\/09\/EduardoMendez.jpg 1280w, https:\/\/www.fiestaclasica.org\/wp-content\/uploads\/2021\/09\/EduardoMendez-300x199.jpg 300w, https:\/\/www.fiestaclasica.org\/wp-content\/uploads\/2021\/09\/EduardoMendez-1024x680.jpg 1024w, https:\/\/www.fiestaclasica.org\/wp-content\/uploads\/2021\/09\/EduardoMendez-768x510.jpg 768w\" sizes=\"(max-width: 1280px) 100vw, 1280px\" \/><img width=\"1280\" height=\"850\" src=\"https:\/\/www.fiestaclasica.org\/wp-content\/uploads\/2021\/09\/LourdesSanchez.jpg\" class=\"wpex-slider-thumbnail sp-thumbnail skip-lazy\" alt=\"\" decoding=\"async\" data-no-lazy=\"1\" srcset=\"https:\/\/www.fiestaclasica.org\/wp-content\/uploads\/2021\/09\/LourdesSanchez.jpg 1280w, https:\/\/www.fiestaclasica.org\/wp-content\/uploads\/2021\/09\/LourdesSanchez-300x199.jpg 300w, https:\/\/www.fiestaclasica.org\/wp-content\/uploads\/2021\/09\/LourdesSanchez-1024x680.jpg 1024w, https:\/\/www.fiestaclasica.org\/wp-content\/uploads\/2021\/09\/LourdesSanchez-768x510.jpg 768w\" sizes=\"(max-width: 1280px) 100vw, 1280px\" \/><\/div><\/div><\/div>[vc_row_inner css=&#8221;.vc_custom_1631862397229{margin-top: 30px !important;}&#8221; el_class=&#8221;txt-sistema&#8221;][vc_column_inner width=&#8221;1\/2&#8243;][vc_column_text]<span class=\"\"><span class=\"\"><strong>El Sistema <\/strong>\u00a0 has been founded in 1975 by Maestro \u00a0Jos\u00e9 Antonio Abreu to contribute to the development of \u00a0individual and collective \u00a0teaching and practice of music thanks to the implementation of orchestras and choirs, using this method to help the children in their own development as human beings.\u00a0<\/span><\/span><\/p>\n<p class=\"\"><span class=\"\">This pedagogical approach, art\u00edstica and social, has been implemented in several countries around the world and is considered as a model by many musicians. \u00a0<\/span><\/p>\n[\/vc_column_text][\/vc_column_inner][vc_column_inner width=&#8221;1\/2&#8243;][vc_column_text el_class=&#8221;mytext&#8221;]<span class=\"\">On Jannuary 23rd, 2017, the Fiesta Cl\u00e1sica Foundation has firmed an Academic Agreement with El Sistema that allows the implementation of this pedagogical method for the children of Dominican Republic.<\/span>[\/vc_column_text][vc_single_image image=&#8221;11613&#8243;][\/vc_column_inner][\/vc_row_inner][\/vc_column][\/vc_row][vc_row center_row=&#8221;yes&#8221; css=&#8221;.vc_custom_1530280998634{background-color: #586770 !important;}&#8221; el_class=&#8221;miembros&#8221;][vc_column][vc_column_text]\n<h2 class=\"p1\"><span style=\"color: #ffffff;\"><b>THE HONORS MEMBERS<\/b><\/span><\/h2>\n<p class=\"p1\"><span style=\"color: #ffffff;\">We are proud to count as our honorary members these supporters who have been committed to and contributed towards the foundation\u2019s growth since its inception:<\/span><\/p>\n<p>&nbsp;<\/p>\n[\/vc_column_text]<div class=\"vcex-image-grid-wrap wpex-clr\"><div class=\"vcex-module vcex-image-grid grid-style-default wpex-row wpex-clr wpex-lightbox-group img_grid_member\"><div class=\"id-11620 vcex-image-grid-entry vcex-grid-item textcenter span_1_of_3 col col-1\"><figure class=\"vcex-image-grid-entry-figure wpex-last-mb-0 wpex-clr\"><div class=\"vcex-image-grid-entry-img entry-media wpex-mb-20\"><a href=\"https:\/\/www.fiestaclasica.org\/wp-content\/uploads\/2021\/09\/JoseAntonioCaro3.jpg\" class=\"vcex-image-grid-entry-link wpex-lightbox-group-item\" ><img width=\"430\" height=\"430\" src=\"https:\/\/www.fiestaclasica.org\/wp-content\/uploads\/2021\/09\/JoseAntonioCaro3.jpg\" class=\"wpex-align-middle\" alt=\"\" decoding=\"async\" loading=\"lazy\" srcset=\"https:\/\/www.fiestaclasica.org\/wp-content\/uploads\/2021\/09\/JoseAntonioCaro3.jpg 430w, https:\/\/www.fiestaclasica.org\/wp-content\/uploads\/2021\/09\/JoseAntonioCaro3-300x300.jpg 300w, https:\/\/www.fiestaclasica.org\/wp-content\/uploads\/2021\/09\/JoseAntonioCaro3-150x150.jpg 150w, https:\/\/www.fiestaclasica.org\/wp-content\/uploads\/2021\/09\/JoseAntonioCaro3-125x125.jpg 125w\" sizes=\"(max-width: 430px) 100vw, 430px\" \/><\/a><\/div><figcaption class=\"vcex-image-grid-entry-title wpex-mb-10 wpex-clr\"><div style=\"color:#ffffff;\" class=\"entry-title\">Arq. Jose\u0301 A. Caro Ginebra<\/div><\/figcaption><\/figure><\/div><div class=\"id-11617 vcex-image-grid-entry vcex-grid-item textcenter span_1_of_3 col col-2\"><figure class=\"vcex-image-grid-entry-figure wpex-last-mb-0 wpex-clr\"><div class=\"vcex-image-grid-entry-img entry-media wpex-mb-20\"><a href=\"https:\/\/www.fiestaclasica.org\/wp-content\/uploads\/2021\/09\/NelsidadeGiacinti.jpg\" class=\"vcex-image-grid-entry-link wpex-lightbox-group-item\" ><img width=\"430\" height=\"430\" src=\"https:\/\/www.fiestaclasica.org\/wp-content\/uploads\/2021\/09\/NelsidadeGiacinti.jpg\" class=\"wpex-align-middle\" alt=\"\" decoding=\"async\" loading=\"lazy\" srcset=\"https:\/\/www.fiestaclasica.org\/wp-content\/uploads\/2021\/09\/NelsidadeGiacinti.jpg 430w, https:\/\/www.fiestaclasica.org\/wp-content\/uploads\/2021\/09\/NelsidadeGiacinti-300x300.jpg 300w, https:\/\/www.fiestaclasica.org\/wp-content\/uploads\/2021\/09\/NelsidadeGiacinti-150x150.jpg 150w, https:\/\/www.fiestaclasica.org\/wp-content\/uploads\/2021\/09\/NelsidadeGiacinti-125x125.jpg 125w\" sizes=\"(max-width: 430px) 100vw, 430px\" \/><\/a><\/div><figcaption class=\"vcex-image-grid-entry-title wpex-mb-10 wpex-clr\"><div style=\"color:#ffffff;\" class=\"entry-title\">Ms N\u00e9lsida de Giacinti<\/div><\/figcaption><\/figure><\/div><div class=\"id-5682 vcex-image-grid-entry vcex-grid-item textcenter span_1_of_3 col col-3\"><figure class=\"vcex-image-grid-entry-figure wpex-last-mb-0 wpex-clr\"><div class=\"vcex-image-grid-entry-img entry-media wpex-mb-20\"><a href=\"https:\/\/www.fiestaclasica.org\/wp-content\/uploads\/2018\/06\/AishaSyedCastro.jpg\" class=\"vcex-image-grid-entry-link wpex-lightbox-group-item\" ><img width=\"430\" height=\"430\" src=\"https:\/\/www.fiestaclasica.org\/wp-content\/uploads\/2018\/06\/AishaSyedCastro.jpg\" class=\"wpex-align-middle\" alt=\"\" decoding=\"async\" loading=\"lazy\" srcset=\"https:\/\/www.fiestaclasica.org\/wp-content\/uploads\/2018\/06\/AishaSyedCastro.jpg 430w, https:\/\/www.fiestaclasica.org\/wp-content\/uploads\/2018\/06\/AishaSyedCastro-150x150.jpg 150w, https:\/\/www.fiestaclasica.org\/wp-content\/uploads\/2018\/06\/AishaSyedCastro-300x300.jpg 300w, https:\/\/www.fiestaclasica.org\/wp-content\/uploads\/2018\/06\/AishaSyedCastro-125x125.jpg 125w\" sizes=\"(max-width: 430px) 100vw, 430px\" \/><\/a><\/div><figcaption class=\"vcex-image-grid-entry-title wpex-mb-10 wpex-clr\"><div style=\"color:#ffffff;\" class=\"entry-title\">Aisha Syed Castro<\/div><\/figcaption><\/figure><\/div><div class=\"id-8948 vcex-image-grid-entry vcex-grid-item textcenter span_1_of_3 col col-1\"><figure class=\"vcex-image-grid-entry-figure wpex-last-mb-0 wpex-clr\"><div class=\"vcex-image-grid-entry-img entry-media wpex-mb-20\"><a href=\"https:\/\/www.fiestaclasica.org\/wp-content\/uploads\/2019\/07\/Nemanja.jpg\" class=\"vcex-image-grid-entry-link wpex-lightbox-group-item\" ><img width=\"430\" height=\"430\" src=\"https:\/\/www.fiestaclasica.org\/wp-content\/uploads\/2019\/07\/Nemanja.jpg\" class=\"wpex-align-middle\" alt=\"\" decoding=\"async\" loading=\"lazy\" srcset=\"https:\/\/www.fiestaclasica.org\/wp-content\/uploads\/2019\/07\/Nemanja.jpg 430w, https:\/\/www.fiestaclasica.org\/wp-content\/uploads\/2019\/07\/Nemanja-150x150.jpg 150w, https:\/\/www.fiestaclasica.org\/wp-content\/uploads\/2019\/07\/Nemanja-300x300.jpg 300w, https:\/\/www.fiestaclasica.org\/wp-content\/uploads\/2019\/07\/Nemanja-125x125.jpg 125w\" sizes=\"(max-width: 430px) 100vw, 430px\" \/><\/a><\/div><figcaption class=\"vcex-image-grid-entry-title wpex-mb-10 wpex-clr\"><div style=\"color:#ffffff;\" class=\"entry-title\">Nemanja Radulovic<\/div><\/figcaption><\/figure><\/div><div class=\"id-8936 vcex-image-grid-entry vcex-grid-item textcenter span_1_of_3 col col-2\"><figure class=\"vcex-image-grid-entry-figure wpex-last-mb-0 wpex-clr\"><div class=\"vcex-image-grid-entry-img entry-media wpex-mb-20\"><a href=\"https:\/\/www.fiestaclasica.org\/wp-content\/uploads\/2019\/07\/frederic.jpg\" class=\"vcex-image-grid-entry-link wpex-lightbox-group-item\" ><img width=\"430\" height=\"430\" src=\"https:\/\/www.fiestaclasica.org\/wp-content\/uploads\/2019\/07\/frederic.jpg\" class=\"wpex-align-middle\" alt=\"\" decoding=\"async\" loading=\"lazy\" srcset=\"https:\/\/www.fiestaclasica.org\/wp-content\/uploads\/2019\/07\/frederic.jpg 430w, https:\/\/www.fiestaclasica.org\/wp-content\/uploads\/2019\/07\/frederic-150x150.jpg 150w, https:\/\/www.fiestaclasica.org\/wp-content\/uploads\/2019\/07\/frederic-300x300.jpg 300w, https:\/\/www.fiestaclasica.org\/wp-content\/uploads\/2019\/07\/frederic-125x125.jpg 125w\" sizes=\"(max-width: 430px) 100vw, 430px\" \/><\/a><\/div><figcaption class=\"vcex-image-grid-entry-title wpex-mb-10 wpex-clr\"><div style=\"color:#ffffff;\" class=\"entry-title\">Fr\u00e9d\u00e9ric Dessus<\/div><\/figcaption><\/figure><\/div><div class=\"id-8939 vcex-image-grid-entry vcex-grid-item textcenter span_1_of_3 col col-3\"><figure class=\"vcex-image-grid-entry-figure wpex-last-mb-0 wpex-clr\"><div class=\"vcex-image-grid-entry-img entry-media wpex-mb-20\"><a href=\"https:\/\/www.fiestaclasica.org\/wp-content\/uploads\/2019\/07\/guillaume.jpg\" class=\"vcex-image-grid-entry-link wpex-lightbox-group-item\" ><img width=\"430\" height=\"430\" src=\"https:\/\/www.fiestaclasica.org\/wp-content\/uploads\/2019\/07\/guillaume.jpg\" class=\"wpex-align-middle\" alt=\"\" decoding=\"async\" loading=\"lazy\" srcset=\"https:\/\/www.fiestaclasica.org\/wp-content\/uploads\/2019\/07\/guillaume.jpg 430w, https:\/\/www.fiestaclasica.org\/wp-content\/uploads\/2019\/07\/guillaume-150x150.jpg 150w, https:\/\/www.fiestaclasica.org\/wp-content\/uploads\/2019\/07\/guillaume-300x300.jpg 300w, https:\/\/www.fiestaclasica.org\/wp-content\/uploads\/2019\/07\/guillaume-125x125.jpg 125w\" sizes=\"(max-width: 430px) 100vw, 430px\" \/><\/a><\/div><figcaption class=\"vcex-image-grid-entry-title wpex-mb-10 wpex-clr\"><div style=\"color:#ffffff;\" class=\"entry-title\">Guillaume Fontanarosa<\/div><\/figcaption><\/figure><\/div><div class=\"id-8942 vcex-image-grid-entry vcex-grid-item textcenter span_1_of_3 col col-1\"><figure class=\"vcex-image-grid-entry-figure wpex-last-mb-0 wpex-clr\"><div class=\"vcex-image-grid-entry-img entry-media wpex-mb-20\"><a href=\"https:\/\/www.fiestaclasica.org\/wp-content\/uploads\/2019\/07\/kristina.jpg\" class=\"vcex-image-grid-entry-link wpex-lightbox-group-item\" ><img width=\"430\" height=\"430\" src=\"https:\/\/www.fiestaclasica.org\/wp-content\/uploads\/2019\/07\/kristina.jpg\" class=\"wpex-align-middle\" alt=\"\" decoding=\"async\" loading=\"lazy\" srcset=\"https:\/\/www.fiestaclasica.org\/wp-content\/uploads\/2019\/07\/kristina.jpg 430w, https:\/\/www.fiestaclasica.org\/wp-content\/uploads\/2019\/07\/kristina-150x150.jpg 150w, https:\/\/www.fiestaclasica.org\/wp-content\/uploads\/2019\/07\/kristina-300x300.jpg 300w, https:\/\/www.fiestaclasica.org\/wp-content\/uploads\/2019\/07\/kristina-125x125.jpg 125w\" sizes=\"(max-width: 430px) 100vw, 430px\" \/><\/a><\/div><figcaption class=\"vcex-image-grid-entry-title wpex-mb-10 wpex-clr\"><div style=\"color:#ffffff;\" class=\"entry-title\">Kristina Atanasova<\/div><\/figcaption><\/figure><\/div><div class=\"id-8933 vcex-image-grid-entry vcex-grid-item textcenter span_1_of_3 col col-2\"><figure class=\"vcex-image-grid-entry-figure wpex-last-mb-0 wpex-clr\"><div class=\"vcex-image-grid-entry-img entry-media wpex-mb-20\"><a href=\"https:\/\/www.fiestaclasica.org\/wp-content\/uploads\/2019\/07\/anne.jpg\" class=\"vcex-image-grid-entry-link wpex-lightbox-group-item\" ><img width=\"430\" height=\"430\" src=\"https:\/\/www.fiestaclasica.org\/wp-content\/uploads\/2019\/07\/anne.jpg\" class=\"wpex-align-middle\" alt=\"\" decoding=\"async\" loading=\"lazy\" srcset=\"https:\/\/www.fiestaclasica.org\/wp-content\/uploads\/2019\/07\/anne.jpg 430w, https:\/\/www.fiestaclasica.org\/wp-content\/uploads\/2019\/07\/anne-150x150.jpg 150w, https:\/\/www.fiestaclasica.org\/wp-content\/uploads\/2019\/07\/anne-300x300.jpg 300w, https:\/\/www.fiestaclasica.org\/wp-content\/uploads\/2019\/07\/anne-125x125.jpg 125w\" sizes=\"(max-width: 430px) 100vw, 430px\" \/><\/a><\/div><figcaption class=\"vcex-image-grid-entry-title wpex-mb-10 wpex-clr\"><div style=\"color:#ffffff;\" class=\"entry-title\">Anne Biragnet<\/div><\/figcaption><\/figure><\/div><div class=\"id-8945 vcex-image-grid-entry vcex-grid-item textcenter span_1_of_3 col col-3\"><figure class=\"vcex-image-grid-entry-figure wpex-last-mb-0 wpex-clr\"><div class=\"vcex-image-grid-entry-img entry-media wpex-mb-20\"><a href=\"https:\/\/www.fiestaclasica.org\/wp-content\/uploads\/2019\/07\/nathanael.jpg\" class=\"vcex-image-grid-entry-link wpex-lightbox-group-item\" ><img width=\"430\" height=\"430\" src=\"https:\/\/www.fiestaclasica.org\/wp-content\/uploads\/2019\/07\/nathanael.jpg\" class=\"wpex-align-middle\" alt=\"\" decoding=\"async\" loading=\"lazy\" srcset=\"https:\/\/www.fiestaclasica.org\/wp-content\/uploads\/2019\/07\/nathanael.jpg 430w, https:\/\/www.fiestaclasica.org\/wp-content\/uploads\/2019\/07\/nathanael-150x150.jpg 150w, https:\/\/www.fiestaclasica.org\/wp-content\/uploads\/2019\/07\/nathanael-300x300.jpg 300w, https:\/\/www.fiestaclasica.org\/wp-content\/uploads\/2019\/07\/nathanael-125x125.jpg 125w\" sizes=\"(max-width: 430px) 100vw, 430px\" \/><\/a><\/div><figcaption class=\"vcex-image-grid-entry-title wpex-mb-10 wpex-clr\"><div style=\"color:#ffffff;\" class=\"entry-title\">Nathana\u00ebl Malnoury<\/div><\/figcaption><\/figure><\/div><\/div><\/div>[\/vc_column][\/vc_row][vc_row center_row=&#8221;yes&#8221; el_class=&#8221;mypage-bottom&#8221;][vc_column]<div class=\"templatera_shortcode bottom-page\"><style type=\"text\/css\" data-type=\"vc_shortcodes-custom-css\">.vc_custom_1464728684469{margin-bottom: 0px !important;border-bottom-width: 0px !important;padding-bottom: 0px !important;}<\/style>[vc_row el_id=\"newsletter-row\"][vc_column css=\".vc_custom_1464728684469{margin-bottom: 0px !important;border-bottom-width: 0px !important;padding-bottom: 0px !important;}\"][vc_widget_sidebar sidebar_id=\"barralateral\" el_class=\"newsletter-form\"][\/vc_column][\/vc_row]<\/div>[\/vc_column][\/vc_row][vc_row][vc_column][vc_column_text]\n[\/vc_column_text][\/vc_column][\/vc_row]\n","protected":false},"excerpt":{"rendered":"<p>[vc_row center_row=&#8221;yes&#8221; el_id=&#8221;intro&#8221;][vc_column][vc_raw_js]JTNDc2NyaXB0JTIwdHlwZSUzRCUyMnRleHQlMkZqYXZhc2NyaXB0JTIyJTNFJTBBZG9jdW1lbnQuZ2V0RWxlbWVudEJ5SWQlMjglMjJvdXRlci13cmFwJTIyJTI5LmNsYXNzTmFtZSUyMCUzRCUyMCUyMnBhZ2UtY3VzdG9tJTIwcGFnZS1mdW5kYWNpb24lMjIlM0IlMEElM0MlMkZzY3JpcHQlM0U=[\/vc_raw_js][vc_row_inner][vc_column_inner el_class=&#8221;mytext&#8221;][vc_column_text] The Fiesta Cl\u00e1sica Foundation is a non-profit organization created in Santo Domingo in December of 2015. Its goal is to contribute to the development of the Santo Domingo\u2019s Colonial Zone and its residents by offering classical music classes to underprivileged children. With the regular classes held at the school, the goal&hellip;<\/p>\n","protected":false},"author":1,"featured_media":0,"parent":0,"menu_order":0,"comment_status":"closed","ping_status":"closed","template":"","meta":[],"categories":[],"tags":[],"yoast_head":"<!-- This site is optimized with the Yoast SEO plugin v20.7 - https:\/\/yoast.com\/wordpress\/plugins\/seo\/ -->\n<title>The Foundation - Fiesta Clasica<\/title>\n<meta name=\"robots\" content=\"index, follow, max-snippet:-1, max-image-preview:large, max-video-preview:-1\" \/>\n<link rel=\"canonical\" href=\"https:\/\/www.fiestaclasica.org\/en\/the-fundation\/\" \/>\n<meta property=\"og:locale\" content=\"en_US\" \/>\n<meta property=\"og:type\" content=\"article\" \/>\n<meta property=\"og:title\" content=\"The Foundation - Fiesta Clasica\" \/>\n<meta property=\"og:description\" content=\"[vc_row center_row=&#8221;yes&#8221; el_id=&#8221;intro&#8221;][vc_column][vc_raw_js]JTNDc2NyaXB0JTIwdHlwZSUzRCUyMnRleHQlMkZqYXZhc2NyaXB0JTIyJTNFJTBBZG9jdW1lbnQuZ2V0RWxlbWVudEJ5SWQlMjglMjJvdXRlci13cmFwJTIyJTI5LmNsYXNzTmFtZSUyMCUzRCUyMCUyMnBhZ2UtY3VzdG9tJTIwcGFnZS1mdW5kYWNpb24lMjIlM0IlMEElM0MlMkZzY3JpcHQlM0U=[\/vc_raw_js][vc_row_inner][vc_column_inner el_class=&#8221;mytext&#8221;][vc_column_text] The Fiesta Cl\u00e1sica Foundation is a non-profit organization created in Santo Domingo in December of 2015. Its goal is to contribute to the development of the Santo Domingo\u2019s Colonial Zone and its residents by offering classical music classes to underprivileged children. With the regular classes held at the school, the goal&hellip;\" \/>\n<meta property=\"og:url\" content=\"https:\/\/www.fiestaclasica.org\/en\/the-fundation\/\" \/>\n<meta property=\"og:site_name\" content=\"Fiesta Clasica\" \/>\n<meta property=\"article:publisher\" content=\"https:\/\/www.facebook.com\/FiestaClasica\/\" \/>\n<meta property=\"article:modified_time\" content=\"2021-10-11T20:42:59+00:00\" \/>\n<meta name=\"twitter:card\" content=\"summary_large_image\" \/>\n<meta name=\"twitter:site\" content=\"@fiestaclasica\" \/>\n<meta name=\"twitter:label1\" content=\"Est. reading time\" \/>\n\t<meta name=\"twitter:data1\" content=\"2 minutes\" \/>\n<script type=\"application\/ld+json\" class=\"yoast-schema-graph\">{\"@context\":\"https:\/\/schema.org\",\"@graph\":[{\"@type\":\"WebPage\",\"@id\":\"https:\/\/www.fiestaclasica.org\/en\/the-fundation\/\",\"url\":\"https:\/\/www.fiestaclasica.org\/en\/the-fundation\/\",\"name\":\"The Foundation - Fiesta Clasica\",\"isPartOf\":{\"@id\":\"https:\/\/www.fiestaclasica.org\/#website\"},\"datePublished\":\"2018-06-29T11:22:13+00:00\",\"dateModified\":\"2021-10-11T20:42:59+00:00\",\"breadcrumb\":{\"@id\":\"https:\/\/www.fiestaclasica.org\/en\/the-fundation\/#breadcrumb\"},\"inLanguage\":\"en-US\",\"potentialAction\":[{\"@type\":\"ReadAction\",\"target\":[\"https:\/\/www.fiestaclasica.org\/en\/the-fundation\/\"]}]},{\"@type\":\"BreadcrumbList\",\"@id\":\"https:\/\/www.fiestaclasica.org\/en\/the-fundation\/#breadcrumb\",\"itemListElement\":[{\"@type\":\"ListItem\",\"position\":1,\"name\":\"Portada\",\"item\":\"https:\/\/www.fiestaclasica.org\/en\/\"},{\"@type\":\"ListItem\",\"position\":2,\"name\":\"The Foundation\"}]},{\"@type\":\"WebSite\",\"@id\":\"https:\/\/www.fiestaclasica.org\/#website\",\"url\":\"https:\/\/www.fiestaclasica.org\/\",\"name\":\"Fiesta Clasica\",\"description\":\"Fiesta Clasica\",\"publisher\":{\"@id\":\"https:\/\/www.fiestaclasica.org\/#organization\"},\"potentialAction\":[{\"@type\":\"SearchAction\",\"target\":{\"@type\":\"EntryPoint\",\"urlTemplate\":\"https:\/\/www.fiestaclasica.org\/?s={search_term_string}\"},\"query-input\":\"required name=search_term_string\"}],\"inLanguage\":\"en-US\"},{\"@type\":\"Organization\",\"@id\":\"https:\/\/www.fiestaclasica.org\/#organization\",\"name\":\"fiesta clasica\",\"url\":\"https:\/\/www.fiestaclasica.org\/\",\"logo\":{\"@type\":\"ImageObject\",\"inLanguage\":\"en-US\",\"@id\":\"https:\/\/www.fiestaclasica.org\/#\/schema\/logo\/image\/\",\"url\":\"https:\/\/www.fiestaclasica.org\/wp-content\/uploads\/2016\/04\/logo-FC-prensa.jpg\",\"contentUrl\":\"https:\/\/www.fiestaclasica.org\/wp-content\/uploads\/2016\/04\/logo-FC-prensa.jpg\",\"width\":449,\"height\":261,\"caption\":\"fiesta clasica\"},\"image\":{\"@id\":\"https:\/\/www.fiestaclasica.org\/#\/schema\/logo\/image\/\"},\"sameAs\":[\"https:\/\/www.facebook.com\/FiestaClasica\/\",\"https:\/\/twitter.com\/fiestaclasica\",\"https:\/\/www.instagram.com\/fiestaclasica\/\",\"https:\/\/www.youtube.com\/channel\/UCt82JYKhPM3Th7pNLCA7-xw\"]}]}<\/script>\n<!-- \/ Yoast SEO plugin. -->","yoast_head_json":{"title":"The Foundation - Fiesta Clasica","robots":{"index":"index","follow":"follow","max-snippet":"max-snippet:-1","max-image-preview":"max-image-preview:large","max-video-preview":"max-video-preview:-1"},"canonical":"https:\/\/www.fiestaclasica.org\/en\/the-fundation\/","og_locale":"en_US","og_type":"article","og_title":"The Foundation - Fiesta Clasica","og_description":"[vc_row center_row=&#8221;yes&#8221; el_id=&#8221;intro&#8221;][vc_column][vc_raw_js]JTNDc2NyaXB0JTIwdHlwZSUzRCUyMnRleHQlMkZqYXZhc2NyaXB0JTIyJTNFJTBBZG9jdW1lbnQuZ2V0RWxlbWVudEJ5SWQlMjglMjJvdXRlci13cmFwJTIyJTI5LmNsYXNzTmFtZSUyMCUzRCUyMCUyMnBhZ2UtY3VzdG9tJTIwcGFnZS1mdW5kYWNpb24lMjIlM0IlMEElM0MlMkZzY3JpcHQlM0U=[\/vc_raw_js][vc_row_inner][vc_column_inner el_class=&#8221;mytext&#8221;][vc_column_text] The Fiesta Cl\u00e1sica Foundation is a non-profit organization created in Santo Domingo in December of 2015. Its goal is to contribute to the development of the Santo Domingo\u2019s Colonial Zone and its residents by offering classical music classes to underprivileged children. With the regular classes held at the school, the goal&hellip;","og_url":"https:\/\/www.fiestaclasica.org\/en\/the-fundation\/","og_site_name":"Fiesta Clasica","article_publisher":"https:\/\/www.facebook.com\/FiestaClasica\/","article_modified_time":"2021-10-11T20:42:59+00:00","twitter_card":"summary_large_image","twitter_site":"@fiestaclasica","twitter_misc":{"Est. reading time":"2 minutes"},"schema":{"@context":"https:\/\/schema.org","@graph":[{"@type":"WebPage","@id":"https:\/\/www.fiestaclasica.org\/en\/the-fundation\/","url":"https:\/\/www.fiestaclasica.org\/en\/the-fundation\/","name":"The Foundation - Fiesta Clasica","isPartOf":{"@id":"https:\/\/www.fiestaclasica.org\/#website"},"datePublished":"2018-06-29T11:22:13+00:00","dateModified":"2021-10-11T20:42:59+00:00","breadcrumb":{"@id":"https:\/\/www.fiestaclasica.org\/en\/the-fundation\/#breadcrumb"},"inLanguage":"en-US","potentialAction":[{"@type":"ReadAction","target":["https:\/\/www.fiestaclasica.org\/en\/the-fundation\/"]}]},{"@type":"BreadcrumbList","@id":"https:\/\/www.fiestaclasica.org\/en\/the-fundation\/#breadcrumb","itemListElement":[{"@type":"ListItem","position":1,"name":"Portada","item":"https:\/\/www.fiestaclasica.org\/en\/"},{"@type":"ListItem","position":2,"name":"The Foundation"}]},{"@type":"WebSite","@id":"https:\/\/www.fiestaclasica.org\/#website","url":"https:\/\/www.fiestaclasica.org\/","name":"Fiesta Clasica","description":"Fiesta Clasica","publisher":{"@id":"https:\/\/www.fiestaclasica.org\/#organization"},"potentialAction":[{"@type":"SearchAction","target":{"@type":"EntryPoint","urlTemplate":"https:\/\/www.fiestaclasica.org\/?s={search_term_string}"},"query-input":"required name=search_term_string"}],"inLanguage":"en-US"},{"@type":"Organization","@id":"https:\/\/www.fiestaclasica.org\/#organization","name":"fiesta clasica","url":"https:\/\/www.fiestaclasica.org\/","logo":{"@type":"ImageObject","inLanguage":"en-US","@id":"https:\/\/www.fiestaclasica.org\/#\/schema\/logo\/image\/","url":"https:\/\/www.fiestaclasica.org\/wp-content\/uploads\/2016\/04\/logo-FC-prensa.jpg","contentUrl":"https:\/\/www.fiestaclasica.org\/wp-content\/uploads\/2016\/04\/logo-FC-prensa.jpg","width":449,"height":261,"caption":"fiesta clasica"},"image":{"@id":"https:\/\/www.fiestaclasica.org\/#\/schema\/logo\/image\/"},"sameAs":["https:\/\/www.facebook.com\/FiestaClasica\/","https:\/\/twitter.com\/fiestaclasica","https:\/\/www.instagram.com\/fiestaclasica\/","https:\/\/www.youtube.com\/channel\/UCt82JYKhPM3Th7pNLCA7-xw"]}]}},"_links":{"self":[{"href":"https:\/\/www.fiestaclasica.org\/en\/wp-json\/wp\/v2\/pages\/3799\/"}],"collection":[{"href":"https:\/\/www.fiestaclasica.org\/en\/wp-json\/wp\/v2\/pages\/"}],"about":[{"href":"https:\/\/www.fiestaclasica.org\/en\/wp-json\/wp\/v2\/types\/page\/"}],"author":[{"embeddable":true,"href":"https:\/\/www.fiestaclasica.org\/en\/wp-json\/wp\/v2\/users\/1\/"}],"replies":[{"embeddable":true,"href":"https:\/\/www.fiestaclasica.org\/en\/wp-json\/wp\/v2\/comments\/?post=3799"}],"version-history":[{"count":23,"href":"https:\/\/www.fiestaclasica.org\/en\/wp-json\/wp\/v2\/pages\/3799\/revisions\/"}],"predecessor-version":[{"id":11697,"href":"https:\/\/www.fiestaclasica.org\/en\/wp-json\/wp\/v2\/pages\/3799\/revisions\/11697\/"}],"wp:attachment":[{"href":"https:\/\/www.fiestaclasica.org\/en\/wp-json\/wp\/v2\/media\/?parent=3799"}],"wp:term":[{"taxonomy":"category","embeddable":true,"href":"https:\/\/www.fiestaclasica.org\/en\/wp-json\/wp\/v2\/categories\/?post=3799"},{"taxonomy":"post_tag","embeddable":true,"href":"https:\/\/www.fiestaclasica.org\/en\/wp-json\/wp\/v2\/tags\/?post=3799"}],"curies":[{"name":"wp","href":"https:\/\/api.w.org\/{rel}","templated":true}]}}